{"id":19,"date":"2019-09-07T09:13:51","date_gmt":"2019-09-07T09:13:51","guid":{"rendered":"https:\/\/avadawebsites.wpengine.com\/podcasts\/?page_id=19"},"modified":"2025-12-11T17:55:32","modified_gmt":"2025-12-11T16:55:32","slug":"news","status":"publish","type":"page","link":"https:\/\/studentmag.unipr.it\/index.php\/news\/","title":{"rendered":"NEWS"},"content":{"rendered":"<div class=\"fusion-fullwidth fullwidth-box fusion-builder-row-1 fusion-flex-container hundred-percent-fullwidth non-hundred-percent-height-scrolling\" style=\"--awb-background-position:center top;--awb-border-radius-top-left:0px;--awb-border-radius-top-right:0px;--awb-border-radius-bottom-right:0px;--awb-border-radius-bottom-left:0px;--awb-padding-top:12%;--awb-background-image:linear-gradient(180deg, hsla(var(--awb-color6-h),var(--awb-color6-s),calc(var(--awb-color6-l) - 7%),var(--awb-color6-a)) 46%,var(--awb-color5) 100%);--awb-flex-wrap:wrap;\" ><div class=\"fusion-builder-row fusion-row fusion-flex-align-items-flex-start fusion-flex-content-wrap\" style=\"width:104% !important;max-width:104% !important;margin-left: calc(-4% \/ 2 );margin-right: calc(-4% \/ 2 );\"><div class=\"fusion-layout-column fusion_builder_column fusion-builder-column-0 fusion_builder_column_1_1 1_1 fusion-flex-column\" style=\"--awb-bg-blend:overlay;--awb-bg-size:cover;--awb-width-large:100%;--awb-margin-top-large:0px;--awb-spacing-right-large:1.92%;--awb-margin-bottom-large:30px;--awb-spacing-left-large:1.92%;--awb-width-medium:100%;--awb-spacing-right-medium:1.92%;--awb-spacing-left-medium:1.92%;--awb-width-small:100%;--awb-spacing-right-small:1.92%;--awb-spacing-left-small:1.92%;\"><div class=\"fusion-column-wrapper fusion-column-has-shadow fusion-flex-justify-content-flex-start fusion-content-layout-column\"><div class=\"fusion-title title fusion-title-1 fusion-sep-none fusion-title-center fusion-title-text fusion-title-size-two\" style=\"--awb-text-color:var(--awb-color1);--awb-margin-top:0px;--awb-margin-bottom:0px;--awb-margin-top-small:0px;--awb-margin-bottom-small:0px;--awb-font-size:60px;\"><h2 class=\"fusion-title-heading title-heading-center fusion-responsive-typography-calculated\" style=\"margin:0;letter-spacing:-3px;font-size:1em;--fontSize:60;line-height:var(--awb-typography1-line-height);\">Tutti gli articoli<\/h2><\/div><\/div><\/div><div class=\"fusion-layout-column fusion_builder_column fusion-builder-column-1 fusion_builder_column_1_1 1_1 fusion-flex-column\" style=\"--awb-bg-size:cover;--awb-width-large:100%;--awb-margin-top-large:0px;--awb-spacing-right-large:1.92%;--awb-margin-bottom-large:0px;--awb-spacing-left-large:1.92%;--awb-width-medium:100%;--awb-order-medium:0;--awb-spacing-right-medium:1.92%;--awb-spacing-left-medium:1.92%;--awb-width-small:100%;--awb-order-small:0;--awb-spacing-right-small:1.92%;--awb-spacing-left-small:1.92%;\"><div class=\"fusion-column-wrapper fusion-column-has-shadow fusion-flex-justify-content-flex-start fusion-content-layout-column\"><div class=\"fusion-post-cards fusion-post-cards-1 fusion-delayed-animation fusion-grid-archive fusion-grid-columns-3\" style=\"--awb-column-spacing:30px;--awb-dots-align:center;--awb-columns:3;--awb-filters-color:var(--awb-color1);--awb-filters-hover-color:var(--awb-custom_color_2);--awb-filters-active-color:var(--awb-custom_color_2);--awb-active-filter-border-size:3px;--awb-active-filter-border-color:var(--awb-custom_color_2);--awb-filters-border-color:var(--awb-color3);--awb-filters-height:80px;--awb-filters-alignment:center;--awb-filters-alignment-medium:flex-start;--awb-filters-alignment-small:flex-start;\" data-animationType=\"fadeInUp\" data-animationDuration=\"0.6\" data-animationOffset=\"top-into-view\" data-animation-delay=\"0.3\"><div><ul class=\"fusion-filters\" role=\"menu\" aria-label=\"Post Filters\"><li role=\"presentation\" class=\"fusion-filter fusion-filter-all fusion-active\"><a href=\"#\" data-filter=\"*\" role=\"menuitem\">All<\/a><\/li><li role=\"presentation\" class=\"fusion-filter fusion-hidden\"><a href=\"#\" data-filter=\".cool-tura\" role=\"menuitem\">COOL-tura<\/a><\/li><li role=\"presentation\" class=\"fusion-filter fusion-hidden\"><a href=\"#\" data-filter=\".lungo-parma\" role=\"menuitem\">LUNGO-Parma<\/a><\/li><li role=\"presentation\" class=\"fusion-filter fusion-hidden\"><a href=\"#\" data-filter=\".news\" role=\"menuitem\">News<\/a><\/li><li role=\"presentation\" class=\"fusion-filter fusion-hidden\"><a href=\"#\" data-filter=\".pov-point-of-view\" role=\"menuitem\">POV - Point of View<\/a><\/li><li role=\"presentation\" class=\"fusion-filter fusion-hidden\"><a href=\"#\" data-filter=\".spotlight\" role=\"menuitem\">SPOTLIGHT<\/a><\/li><li role=\"presentation\" class=\"fusion-filter fusion-hidden\"><a href=\"#\" data-filter=\".spotlight-only\" role=\"menuitem\">SPOTLIGHT ONLY<\/a><\/li><li role=\"presentation\" class=\"fusion-filter fusion-hidden\"><a href=\"#\" data-filter=\".uni-verso\" role=\"menuitem\">UNI-verso<\/a><\/li><li role=\"presentation\" class=\"fusion-filter fusion-hidden\"><a href=\"#\" data-filter=\".zona-calda\" role=\"menuitem\">ZONA calda<\/a><\/li><\/ul><\/div><ul class=\"fusion-grid fusion-grid-3 fusion-flex-align-items-flex-start fusion-grid-posts-cards fusion-grid-container-infinite fusion-grid-container-load-more\" data-pages=\"0\"><li class=\"fusion-layout-column fusion_builder_column fusion-builder-column-2 fusion-flex-column post-card fusion-grid-column fusion-post-cards-grid-column cool-tura fusion-animated\" style=\"--awb-bg-position:center top;--awb-bg-size:cover;--awb-flex-grow:0;--awb-flex-shrink:0;--awb-flex-grow-medium:0;--awb-flex-shrink-medium:0;--awb-flex-grow-small:0;--awb-flex-shrink-small:0;\"><div class=\"fusion-column-wrapper fusion-column-has-shadow fusion-flex-justify-content-flex-start fusion-content-layout-column\"><div class=\"fusion-classic-product-image-wrapper fusion-woo-product-image fusion-post-card-image fusion-post-card-image-1\" data-layout=\"static\" style=\"--awb-margin-bottom:15px;--awb-border-radius-top-left:8px;--awb-border-radius-top-right:8px;--awb-border-radius-bottom-right:8px;--awb-border-radius-bottom-left:8px;\"><div  class=\"fusion-image-wrapper\" aria-haspopup=\"true\">\n\t\t\t\t\t\t\t<a href=\"https:\/\/studentmag.unipr.it\/index.php\/2026\/04\/29\/la-terra-in-passerella-i-suoi-outfit-piu-iconici\/\" aria-label=\"La Terra in passerella: i suoi outfit pi\u00f9 iconici\">\n\t\t\t\t\t\t\t<img decoding=\"async\" width=\"1200\" height=\"675\" src=\"data:image\/svg+xml,%3Csvg%20xmlns%3D%27http%3A%2F%2Fwww.w3.org%2F2000%2Fsvg%27%20width%3D%271200%27%20height%3D%27675%27%20viewBox%3D%270%200%201200%20675%27%3E%3Crect%20width%3D%271200%27%20height%3D%27675%27%20fill-opacity%3D%220%22%2F%3E%3C%2Fsvg%3E\" class=\"attachment-full size-full lazyload wp-post-image\" alt=\"\" data-orig-src=\"https:\/\/studentmag.unipr.it\/wp-content\/uploads\/2026\/04\/Terra-DvP-e1777415976405.jpg\" \/>\t\t\t<\/a>\n\t\t\t\t\t\t\t<\/div>\n<\/div><div class=\"fusion-title title fusion-title-2 fusion-sep-none fusion-title-text fusion-title-size-two\" style=\"--awb-margin-right:5%;--awb-margin-bottom:10px;--awb-margin-left:5%;--awb-margin-left-small:5%;--awb-link-color:hsla(var(--awb-color3-h),var(--awb-color3-s),calc(var(--awb-color3-l) + 10%),var(--awb-color3-a));--awb-link-hover-color:var(--awb-color1);--awb-font-size:25px;\"><h2 class=\"fusion-title-heading title-heading-left fusion-responsive-typography-calculated\" style=\"margin:0;font-size:1em;--fontSize:25;--minFontSize:25;line-height:1.4;\"><a href=\"https:\/\/studentmag.unipr.it\/index.php\/2026\/04\/29\/la-terra-in-passerella-i-suoi-outfit-piu-iconici\/\" class=\"awb-custom-text-color awb-custom-text-hover-color\" target=\"_self\">La Terra in passerella: i suoi outfit pi\u00f9 iconici<\/a><\/h2><\/div><div class=\"fusion-meta-tb fusion-meta-tb-1 floated\" style=\"--awb-border-bottom:0px;--awb-border-top:0px;--awb-height:36px;--awb-font-size:14px;--awb-margin-bottom:20px;--awb-margin-left:5%;--awb-margin-right:5%;--awb-text-color:var(--awb-color1);--awb-alignment-medium:flex-start;--awb-alignment-small:flex-start;\"><span class=\"fusion-tb-published-date\">Published On: 29 Aprile 2026<\/span><span class=\"fusion-meta-tb-sep\"><\/span><\/div><div class=\"fusion-text fusion-text-1\" style=\"--awb-text-color:hsla(var(--awb-color1-h),var(--awb-color1-s),var(--awb-color1-l),calc(var(--awb-color1-a) - 20%));--awb-margin-right:5%;--awb-margin-left:5%;\"><p>Per l\u2019uscita de 'Il diavolo veste Prada 2' abbiamo esplorato i look del nostro pianeta<\/p>\n<\/div><\/div><\/li>\n<li class=\"fusion-layout-column fusion_builder_column fusion-builder-column-3 fusion-flex-column post-card fusion-grid-column fusion-post-cards-grid-column cool-tura spotlight-only fusion-animated\" style=\"--awb-bg-position:center top;--awb-bg-size:cover;--awb-flex-grow:0;--awb-flex-shrink:0;--awb-flex-grow-medium:0;--awb-flex-shrink-medium:0;--awb-flex-grow-small:0;--awb-flex-shrink-small:0;\"><div class=\"fusion-column-wrapper fusion-column-has-shadow fusion-flex-justify-content-flex-start fusion-content-layout-column\"><div class=\"fusion-classic-product-image-wrapper fusion-woo-product-image fusion-post-card-image fusion-post-card-image-1\" data-layout=\"static\" style=\"--awb-margin-bottom:15px;--awb-border-radius-top-left:8px;--awb-border-radius-top-right:8px;--awb-border-radius-bottom-right:8px;--awb-border-radius-bottom-left:8px;\"><div  class=\"fusion-image-wrapper\" aria-haspopup=\"true\">\n\t\t\t\t\t\t\t<a href=\"https:\/\/studentmag.unipr.it\/index.php\/2026\/04\/29\/sul-palco-del-regio-siamo-tutti-morricone\/\" aria-label=\"Sul palco del Regio \u201csiamo tutti Morricone\u201d\">\n\t\t\t\t\t\t\t<img decoding=\"async\" width=\"1920\" height=\"1280\" src=\"https:\/\/studentmag.unipr.it\/wp-content\/uploads\/2026\/04\/Notte-Morricone-copertina.jpg\" class=\"attachment-full size-full lazyload wp-post-image\" alt=\"\" srcset=\"data:image\/svg+xml,%3Csvg%20xmlns%3D%27http%3A%2F%2Fwww.w3.org%2F2000%2Fsvg%27%20width%3D%271920%27%20height%3D%271280%27%20viewBox%3D%270%200%201920%201280%27%3E%3Crect%20width%3D%271920%27%20height%3D%271280%27%20fill-opacity%3D%220%22%2F%3E%3C%2Fsvg%3E\" data-orig-src=\"https:\/\/studentmag.unipr.it\/wp-content\/uploads\/2026\/04\/Notte-Morricone-copertina.jpg\" data-srcset=\"https:\/\/studentmag.unipr.it\/wp-content\/uploads\/2026\/04\/Notte-Morricone-copertina-200x133.jpg 200w, https:\/\/studentmag.unipr.it\/wp-content\/uploads\/2026\/04\/Notte-Morricone-copertina-400x267.jpg 400w, https:\/\/studentmag.unipr.it\/wp-content\/uploads\/2026\/04\/Notte-Morricone-copertina-600x400.jpg 600w, https:\/\/studentmag.unipr.it\/wp-content\/uploads\/2026\/04\/Notte-Morricone-copertina-800x533.jpg 800w, https:\/\/studentmag.unipr.it\/wp-content\/uploads\/2026\/04\/Notte-Morricone-copertina-1200x800.jpg 1200w, https:\/\/studentmag.unipr.it\/wp-content\/uploads\/2026\/04\/Notte-Morricone-copertina.jpg 1920w\" data-sizes=\"auto\" \/>\t\t\t<\/a>\n\t\t\t\t\t\t\t<\/div>\n<\/div><div class=\"fusion-title title fusion-title-3 fusion-sep-none fusion-title-text fusion-title-size-two\" style=\"--awb-margin-right:5%;--awb-margin-bottom:10px;--awb-margin-left:5%;--awb-margin-left-small:5%;--awb-link-color:hsla(var(--awb-color3-h),var(--awb-color3-s),calc(var(--awb-color3-l) + 10%),var(--awb-color3-a));--awb-link-hover-color:var(--awb-color1);--awb-font-size:25px;\"><h2 class=\"fusion-title-heading title-heading-left fusion-responsive-typography-calculated\" style=\"margin:0;font-size:1em;--fontSize:25;--minFontSize:25;line-height:1.4;\"><a href=\"https:\/\/studentmag.unipr.it\/index.php\/2026\/04\/29\/sul-palco-del-regio-siamo-tutti-morricone\/\" class=\"awb-custom-text-color awb-custom-text-hover-color\" target=\"_self\">Sul palco del Regio \u201csiamo tutti Morricone\u201d<\/a><\/h2><\/div><div class=\"fusion-meta-tb fusion-meta-tb-2 floated\" style=\"--awb-border-bottom:0px;--awb-border-top:0px;--awb-height:36px;--awb-font-size:14px;--awb-margin-bottom:20px;--awb-margin-left:5%;--awb-margin-right:5%;--awb-text-color:var(--awb-color1);--awb-alignment-medium:flex-start;--awb-alignment-small:flex-start;\"><span class=\"fusion-tb-published-date\">Published On: 29 Aprile 2026<\/span><span class=\"fusion-meta-tb-sep\"><\/span><\/div><div class=\"fusion-text fusion-text-2\" style=\"--awb-text-color:hsla(var(--awb-color1-h),var(--awb-color1-s),var(--awb-color1-l),calc(var(--awb-color1-a) - 20%));--awb-margin-right:5%;--awb-margin-left:5%;\"><p>'Notte Morricone': il leggendario compositore visto con gli occhi del coreografo Morau e di Aterballetto<\/p>\n<\/div><\/div><\/li>\n<li class=\"fusion-layout-column fusion_builder_column fusion-builder-column-4 fusion-flex-column post-card fusion-grid-column fusion-post-cards-grid-column pov-point-of-view spotlight-only fusion-animated\" style=\"--awb-bg-position:center top;--awb-bg-size:cover;--awb-flex-grow:0;--awb-flex-shrink:0;--awb-flex-grow-medium:0;--awb-flex-shrink-medium:0;--awb-flex-grow-small:0;--awb-flex-shrink-small:0;\"><div class=\"fusion-column-wrapper fusion-column-has-shadow fusion-flex-justify-content-flex-start fusion-content-layout-column\"><div class=\"fusion-classic-product-image-wrapper fusion-woo-product-image fusion-post-card-image fusion-post-card-image-1\" data-layout=\"static\" style=\"--awb-margin-bottom:15px;--awb-border-radius-top-left:8px;--awb-border-radius-top-right:8px;--awb-border-radius-bottom-right:8px;--awb-border-radius-bottom-left:8px;\"><div  class=\"fusion-image-wrapper\" aria-haspopup=\"true\">\n\t\t\t\t\t\t\t<a href=\"https:\/\/studentmag.unipr.it\/index.php\/2026\/04\/29\/storie-dalla-liberazione-frank-il-pilota-che-viaggio-nel-tempo\/\" aria-label=\"Storie dalla Liberazione: Frank, il pilota che viaggi\u00f2 nel tempo\">\n\t\t\t\t\t\t\t<img decoding=\"async\" width=\"1156\" height=\"653\" src=\"https:\/\/studentmag.unipr.it\/wp-content\/uploads\/2026\/04\/Pilota-Reggiolo.jpg\" class=\"attachment-full size-full lazyload wp-post-image\" alt=\"\" srcset=\"data:image\/svg+xml,%3Csvg%20xmlns%3D%27http%3A%2F%2Fwww.w3.org%2F2000%2Fsvg%27%20width%3D%271156%27%20height%3D%27653%27%20viewBox%3D%270%200%201156%20653%27%3E%3Crect%20width%3D%271156%27%20height%3D%27653%27%20fill-opacity%3D%220%22%2F%3E%3C%2Fsvg%3E\" data-orig-src=\"https:\/\/studentmag.unipr.it\/wp-content\/uploads\/2026\/04\/Pilota-Reggiolo.jpg\" data-srcset=\"https:\/\/studentmag.unipr.it\/wp-content\/uploads\/2026\/04\/Pilota-Reggiolo-200x113.jpg 200w, https:\/\/studentmag.unipr.it\/wp-content\/uploads\/2026\/04\/Pilota-Reggiolo-400x226.jpg 400w, https:\/\/studentmag.unipr.it\/wp-content\/uploads\/2026\/04\/Pilota-Reggiolo-600x339.jpg 600w, https:\/\/studentmag.unipr.it\/wp-content\/uploads\/2026\/04\/Pilota-Reggiolo-800x452.jpg 800w, https:\/\/studentmag.unipr.it\/wp-content\/uploads\/2026\/04\/Pilota-Reggiolo.jpg 1156w\" data-sizes=\"auto\" \/>\t\t\t<\/a>\n\t\t\t\t\t\t\t<\/div>\n<\/div><div class=\"fusion-title title fusion-title-4 fusion-sep-none fusion-title-text fusion-title-size-two\" style=\"--awb-margin-right:5%;--awb-margin-bottom:10px;--awb-margin-left:5%;--awb-margin-left-small:5%;--awb-link-color:hsla(var(--awb-color3-h),var(--awb-color3-s),calc(var(--awb-color3-l) + 10%),var(--awb-color3-a));--awb-link-hover-color:var(--awb-color1);--awb-font-size:25px;\"><h2 class=\"fusion-title-heading title-heading-left fusion-responsive-typography-calculated\" style=\"margin:0;font-size:1em;--fontSize:25;--minFontSize:25;line-height:1.4;\"><a href=\"https:\/\/studentmag.unipr.it\/index.php\/2026\/04\/29\/storie-dalla-liberazione-frank-il-pilota-che-viaggio-nel-tempo\/\" class=\"awb-custom-text-color awb-custom-text-hover-color\" target=\"_self\">Storie dalla Liberazione: Frank, il pilota che viaggi\u00f2 nel tempo<\/a><\/h2><\/div><div class=\"fusion-meta-tb fusion-meta-tb-3 floated\" style=\"--awb-border-bottom:0px;--awb-border-top:0px;--awb-height:36px;--awb-font-size:14px;--awb-margin-bottom:20px;--awb-margin-left:5%;--awb-margin-right:5%;--awb-text-color:var(--awb-color1);--awb-alignment-medium:flex-start;--awb-alignment-small:flex-start;\"><span class=\"fusion-tb-published-date\">Published On: 29 Aprile 2026<\/span><span class=\"fusion-meta-tb-sep\"><\/span><\/div><div class=\"fusion-text fusion-text-3\" style=\"--awb-text-color:hsla(var(--awb-color1-h),var(--awb-color1-s),var(--awb-color1-l),calc(var(--awb-color1-a) - 20%));--awb-margin-right:5%;--awb-margin-left:5%;\"><p>Dal Texas a Reggiolo: una storia di sacrificio e memoria<\/p>\n<\/div><\/div><\/li>\n<li class=\"fusion-layout-column fusion_builder_column fusion-builder-column-5 fusion-flex-column post-card fusion-grid-column fusion-post-cards-grid-column cool-tura fusion-animated\" style=\"--awb-bg-position:center top;--awb-bg-size:cover;--awb-flex-grow:0;--awb-flex-shrink:0;--awb-flex-grow-medium:0;--awb-flex-shrink-medium:0;--awb-flex-grow-small:0;--awb-flex-shrink-small:0;\"><div class=\"fusion-column-wrapper fusion-column-has-shadow fusion-flex-justify-content-flex-start fusion-content-layout-column\"><div class=\"fusion-classic-product-image-wrapper fusion-woo-product-image fusion-post-card-image fusion-post-card-image-1\" data-layout=\"static\" style=\"--awb-margin-bottom:15px;--awb-border-radius-top-left:8px;--awb-border-radius-top-right:8px;--awb-border-radius-bottom-right:8px;--awb-border-radius-bottom-left:8px;\"><div  class=\"fusion-image-wrapper\" aria-haspopup=\"true\">\n\t\t\t\t\t\t\t<a href=\"https:\/\/studentmag.unipr.it\/index.php\/2026\/04\/28\/bertolucci-al-cubo\/\" aria-label=\"Bertolucci al cubo\">\n\t\t\t\t\t\t\t<img decoding=\"async\" width=\"536\" height=\"761\" src=\"https:\/\/studentmag.unipr.it\/wp-content\/uploads\/2026\/04\/Bertolucci-copertina.jpg\" class=\"attachment-full size-full lazyload wp-post-image\" alt=\"\" srcset=\"data:image\/svg+xml,%3Csvg%20xmlns%3D%27http%3A%2F%2Fwww.w3.org%2F2000%2Fsvg%27%20width%3D%27536%27%20height%3D%27761%27%20viewBox%3D%270%200%20536%20761%27%3E%3Crect%20width%3D%27536%27%20height%3D%27761%27%20fill-opacity%3D%220%22%2F%3E%3C%2Fsvg%3E\" data-orig-src=\"https:\/\/studentmag.unipr.it\/wp-content\/uploads\/2026\/04\/Bertolucci-copertina.jpg\" data-srcset=\"https:\/\/studentmag.unipr.it\/wp-content\/uploads\/2026\/04\/Bertolucci-copertina-200x284.jpg 200w, https:\/\/studentmag.unipr.it\/wp-content\/uploads\/2026\/04\/Bertolucci-copertina-400x568.jpg 400w, https:\/\/studentmag.unipr.it\/wp-content\/uploads\/2026\/04\/Bertolucci-copertina.jpg 536w\" data-sizes=\"auto\" \/>\t\t\t<\/a>\n\t\t\t\t\t\t\t<\/div>\n<\/div><div class=\"fusion-title title fusion-title-5 fusion-sep-none fusion-title-text fusion-title-size-two\" style=\"--awb-margin-right:5%;--awb-margin-bottom:10px;--awb-margin-left:5%;--awb-margin-left-small:5%;--awb-link-color:hsla(var(--awb-color3-h),var(--awb-color3-s),calc(var(--awb-color3-l) + 10%),var(--awb-color3-a));--awb-link-hover-color:var(--awb-color1);--awb-font-size:25px;\"><h2 class=\"fusion-title-heading title-heading-left fusion-responsive-typography-calculated\" style=\"margin:0;font-size:1em;--fontSize:25;--minFontSize:25;line-height:1.4;\"><a href=\"https:\/\/studentmag.unipr.it\/index.php\/2026\/04\/28\/bertolucci-al-cubo\/\" class=\"awb-custom-text-color awb-custom-text-hover-color\" target=\"_self\">Bertolucci al cubo<\/a><\/h2><\/div><div class=\"fusion-meta-tb fusion-meta-tb-4 floated\" style=\"--awb-border-bottom:0px;--awb-border-top:0px;--awb-height:36px;--awb-font-size:14px;--awb-margin-bottom:20px;--awb-margin-left:5%;--awb-margin-right:5%;--awb-text-color:var(--awb-color1);--awb-alignment-medium:flex-start;--awb-alignment-small:flex-start;\"><span class=\"fusion-tb-published-date\">Published On: 28 Aprile 2026<\/span><span class=\"fusion-meta-tb-sep\"><\/span><\/div><div class=\"fusion-text fusion-text-4\" style=\"--awb-text-color:hsla(var(--awb-color1-h),var(--awb-color1-s),var(--awb-color1-l),calc(var(--awb-color1-a) - 20%));--awb-margin-right:5%;--awb-margin-left:5%;\"><p>Il volume curato da Michele Guerra racconta il prismatico immaginario di Attilio, Bernardo e Giuseppe<\/p>\n<\/div><\/div><\/li>\n<li class=\"fusion-layout-column fusion_builder_column fusion-builder-column-6 fusion-flex-column post-card fusion-grid-column fusion-post-cards-grid-column news fusion-animated\" style=\"--awb-bg-position:center top;--awb-bg-size:cover;--awb-flex-grow:0;--awb-flex-shrink:0;--awb-flex-grow-medium:0;--awb-flex-shrink-medium:0;--awb-flex-grow-small:0;--awb-flex-shrink-small:0;\"><div class=\"fusion-column-wrapper fusion-column-has-shadow fusion-flex-justify-content-flex-start fusion-content-layout-column\"><div class=\"fusion-classic-product-image-wrapper fusion-woo-product-image fusion-post-card-image fusion-post-card-image-1\" data-layout=\"static\" style=\"--awb-margin-bottom:15px;--awb-border-radius-top-left:8px;--awb-border-radius-top-right:8px;--awb-border-radius-bottom-right:8px;--awb-border-radius-bottom-left:8px;\"><div  class=\"fusion-image-wrapper\" aria-haspopup=\"true\">\n\t\t\t\t\t\t\t<a href=\"https:\/\/studentmag.unipr.it\/index.php\/2026\/04\/27\/una-fiaba-a-teatro-regio-la-cenerentola-di-leo-mujic\/\" aria-label=\"Una fiaba a Teatro Regio: la &#8216;Cenerentola&#8217; di Leo Muji\u0107\">\n\t\t\t\t\t\t\t<img decoding=\"async\" width=\"2560\" height=\"1691\" src=\"https:\/\/studentmag.unipr.it\/wp-content\/uploads\/2026\/04\/Cenerentola-7-1-scaled.jpg\" class=\"attachment-full size-full lazyload wp-post-image\" alt=\"\" srcset=\"data:image\/svg+xml,%3Csvg%20xmlns%3D%27http%3A%2F%2Fwww.w3.org%2F2000%2Fsvg%27%20width%3D%272560%27%20height%3D%271691%27%20viewBox%3D%270%200%202560%201691%27%3E%3Crect%20width%3D%272560%27%20height%3D%271691%27%20fill-opacity%3D%220%22%2F%3E%3C%2Fsvg%3E\" data-orig-src=\"https:\/\/studentmag.unipr.it\/wp-content\/uploads\/2026\/04\/Cenerentola-7-1-scaled.jpg\" data-srcset=\"https:\/\/studentmag.unipr.it\/wp-content\/uploads\/2026\/04\/Cenerentola-7-1-200x132.jpg 200w, https:\/\/studentmag.unipr.it\/wp-content\/uploads\/2026\/04\/Cenerentola-7-1-400x264.jpg 400w, https:\/\/studentmag.unipr.it\/wp-content\/uploads\/2026\/04\/Cenerentola-7-1-600x396.jpg 600w, https:\/\/studentmag.unipr.it\/wp-content\/uploads\/2026\/04\/Cenerentola-7-1-800x528.jpg 800w, https:\/\/studentmag.unipr.it\/wp-content\/uploads\/2026\/04\/Cenerentola-7-1-1200x793.jpg 1200w, https:\/\/studentmag.unipr.it\/wp-content\/uploads\/2026\/04\/Cenerentola-7-1-scaled.jpg 2560w\" data-sizes=\"auto\" \/>\t\t\t<\/a>\n\t\t\t\t\t\t\t<\/div>\n<\/div><div class=\"fusion-title title fusion-title-6 fusion-sep-none fusion-title-text fusion-title-size-two\" style=\"--awb-margin-right:5%;--awb-margin-bottom:10px;--awb-margin-left:5%;--awb-margin-left-small:5%;--awb-link-color:hsla(var(--awb-color3-h),var(--awb-color3-s),calc(var(--awb-color3-l) + 10%),var(--awb-color3-a));--awb-link-hover-color:var(--awb-color1);--awb-font-size:25px;\"><h2 class=\"fusion-title-heading title-heading-left fusion-responsive-typography-calculated\" style=\"margin:0;font-size:1em;--fontSize:25;--minFontSize:25;line-height:1.4;\"><a href=\"https:\/\/studentmag.unipr.it\/index.php\/2026\/04\/27\/una-fiaba-a-teatro-regio-la-cenerentola-di-leo-mujic\/\" class=\"awb-custom-text-color awb-custom-text-hover-color\" target=\"_self\">Una fiaba a Teatro Regio: la &#8216;Cenerentola&#8217; di Leo Muji\u0107<\/a><\/h2><\/div><div class=\"fusion-meta-tb fusion-meta-tb-5 floated\" style=\"--awb-border-bottom:0px;--awb-border-top:0px;--awb-height:36px;--awb-font-size:14px;--awb-margin-bottom:20px;--awb-margin-left:5%;--awb-margin-right:5%;--awb-text-color:var(--awb-color1);--awb-alignment-medium:flex-start;--awb-alignment-small:flex-start;\"><span class=\"fusion-tb-published-date\">Published On: 27 Aprile 2026<\/span><span class=\"fusion-meta-tb-sep\"><\/span><\/div><div class=\"fusion-text fusion-text-5\" style=\"--awb-text-color:hsla(var(--awb-color1-h),var(--awb-color1-s),var(--awb-color1-l),calc(var(--awb-color1-a) - 20%));--awb-margin-right:5%;--awb-margin-left:5%;\"><p>L'Ensemble del Balletto del Teatro Nazionale Ivan Zajc di Fiume ha riproposto la 'Cenerentola' di Sergej Prokofjev sotto nuova veste<\/p>\n<\/div><\/div><\/li>\n<li class=\"fusion-layout-column fusion_builder_column fusion-builder-column-7 fusion-flex-column post-card fusion-grid-column fusion-post-cards-grid-column zona-calda fusion-animated\" style=\"--awb-bg-position:center top;--awb-bg-size:cover;--awb-flex-grow:0;--awb-flex-shrink:0;--awb-flex-grow-medium:0;--awb-flex-shrink-medium:0;--awb-flex-grow-small:0;--awb-flex-shrink-small:0;\"><div class=\"fusion-column-wrapper fusion-column-has-shadow fusion-flex-justify-content-flex-start fusion-content-layout-column\"><div class=\"fusion-classic-product-image-wrapper fusion-woo-product-image fusion-post-card-image fusion-post-card-image-1\" data-layout=\"static\" style=\"--awb-margin-bottom:15px;--awb-border-radius-top-left:8px;--awb-border-radius-top-right:8px;--awb-border-radius-bottom-right:8px;--awb-border-radius-bottom-left:8px;\"><div  class=\"fusion-image-wrapper\" aria-haspopup=\"true\">\n\t\t\t\t\t\t\t<a href=\"https:\/\/studentmag.unipr.it\/index.php\/2026\/04\/26\/leclissi-azzurra-4-324-giorni-senza-mondiali\/\" aria-label=\"L&#8217;eclissi azzurra: 4.324 giorni senza Mondiali\">\n\t\t\t\t\t\t\t<img decoding=\"async\" width=\"1920\" height=\"1372\" src=\"https:\/\/studentmag.unipr.it\/wp-content\/uploads\/2026\/04\/Coppa-del-Mondo.jpg\" class=\"attachment-full size-full lazyload wp-post-image\" alt=\"\" srcset=\"data:image\/svg+xml,%3Csvg%20xmlns%3D%27http%3A%2F%2Fwww.w3.org%2F2000%2Fsvg%27%20width%3D%271920%27%20height%3D%271372%27%20viewBox%3D%270%200%201920%201372%27%3E%3Crect%20width%3D%271920%27%20height%3D%271372%27%20fill-opacity%3D%220%22%2F%3E%3C%2Fsvg%3E\" data-orig-src=\"https:\/\/studentmag.unipr.it\/wp-content\/uploads\/2026\/04\/Coppa-del-Mondo.jpg\" data-srcset=\"https:\/\/studentmag.unipr.it\/wp-content\/uploads\/2026\/04\/Coppa-del-Mondo-200x143.jpg 200w, https:\/\/studentmag.unipr.it\/wp-content\/uploads\/2026\/04\/Coppa-del-Mondo-400x286.jpg 400w, https:\/\/studentmag.unipr.it\/wp-content\/uploads\/2026\/04\/Coppa-del-Mondo-600x429.jpg 600w, https:\/\/studentmag.unipr.it\/wp-content\/uploads\/2026\/04\/Coppa-del-Mondo-800x572.jpg 800w, https:\/\/studentmag.unipr.it\/wp-content\/uploads\/2026\/04\/Coppa-del-Mondo-1200x858.jpg 1200w, https:\/\/studentmag.unipr.it\/wp-content\/uploads\/2026\/04\/Coppa-del-Mondo.jpg 1920w\" data-sizes=\"auto\" \/>\t\t\t<\/a>\n\t\t\t\t\t\t\t<\/div>\n<\/div><div class=\"fusion-title title fusion-title-7 fusion-sep-none fusion-title-text fusion-title-size-two\" style=\"--awb-margin-right:5%;--awb-margin-bottom:10px;--awb-margin-left:5%;--awb-margin-left-small:5%;--awb-link-color:hsla(var(--awb-color3-h),var(--awb-color3-s),calc(var(--awb-color3-l) + 10%),var(--awb-color3-a));--awb-link-hover-color:var(--awb-color1);--awb-font-size:25px;\"><h2 class=\"fusion-title-heading title-heading-left fusion-responsive-typography-calculated\" style=\"margin:0;font-size:1em;--fontSize:25;--minFontSize:25;line-height:1.4;\"><a href=\"https:\/\/studentmag.unipr.it\/index.php\/2026\/04\/26\/leclissi-azzurra-4-324-giorni-senza-mondiali\/\" class=\"awb-custom-text-color awb-custom-text-hover-color\" target=\"_self\">L&#8217;eclissi azzurra: 4.324 giorni senza Mondiali<\/a><\/h2><\/div><div class=\"fusion-meta-tb fusion-meta-tb-6 floated\" style=\"--awb-border-bottom:0px;--awb-border-top:0px;--awb-height:36px;--awb-font-size:14px;--awb-margin-bottom:20px;--awb-margin-left:5%;--awb-margin-right:5%;--awb-text-color:var(--awb-color1);--awb-alignment-medium:flex-start;--awb-alignment-small:flex-start;\"><span class=\"fusion-tb-published-date\">Published On: 26 Aprile 2026<\/span><span class=\"fusion-meta-tb-sep\"><\/span><\/div><div class=\"fusion-text fusion-text-6\" style=\"--awb-text-color:hsla(var(--awb-color1-h),var(--awb-color1-s),var(--awb-color1-l),calc(var(--awb-color1-a) - 20%));--awb-margin-right:5%;--awb-margin-left:5%;\"><p>La lunga crisi del calcio italiano dopo l\u2019ennesima esclusione dalla Coppa del Mondo<\/p>\n<\/div><\/div><\/li>\n<li class=\"fusion-layout-column fusion_builder_column fusion-builder-column-8 fusion-flex-column post-card fusion-grid-column fusion-post-cards-grid-column cool-tura fusion-animated\" style=\"--awb-bg-position:center top;--awb-bg-size:cover;--awb-flex-grow:0;--awb-flex-shrink:0;--awb-flex-grow-medium:0;--awb-flex-shrink-medium:0;--awb-flex-grow-small:0;--awb-flex-shrink-small:0;\"><div class=\"fusion-column-wrapper fusion-column-has-shadow fusion-flex-justify-content-flex-start fusion-content-layout-column\"><div class=\"fusion-classic-product-image-wrapper fusion-woo-product-image fusion-post-card-image fusion-post-card-image-1\" data-layout=\"static\" style=\"--awb-margin-bottom:15px;--awb-border-radius-top-left:8px;--awb-border-radius-top-right:8px;--awb-border-radius-bottom-right:8px;--awb-border-radius-bottom-left:8px;\"><div  class=\"fusion-image-wrapper\" aria-haspopup=\"true\">\n\t\t\t\t\t\t\t<a href=\"https:\/\/studentmag.unipr.it\/index.php\/2026\/04\/25\/25-aprile-la-liberta-non-e-una-formalita\/\" aria-label=\"25 aprile: la libert\u00e0 non \u00e8 una formalit\u00e0\">\n\t\t\t\t\t\t\t<img decoding=\"async\" width=\"1818\" height=\"2423\" src=\"https:\/\/studentmag.unipr.it\/wp-content\/uploads\/2026\/04\/20260424_202522-1_11zon-scaled-e1777064851530.webp\" class=\"attachment-full size-full lazyload wp-post-image\" alt=\"\" srcset=\"data:image\/svg+xml,%3Csvg%20xmlns%3D%27http%3A%2F%2Fwww.w3.org%2F2000%2Fsvg%27%20width%3D%271818%27%20height%3D%272423%27%20viewBox%3D%270%200%201818%202423%27%3E%3Crect%20width%3D%271818%27%20height%3D%272423%27%20fill-opacity%3D%220%22%2F%3E%3C%2Fsvg%3E\" data-orig-src=\"https:\/\/studentmag.unipr.it\/wp-content\/uploads\/2026\/04\/20260424_202522-1_11zon-scaled-e1777064851530.webp\" data-srcset=\"https:\/\/studentmag.unipr.it\/wp-content\/uploads\/2026\/04\/20260424_202522-1_11zon-scaled-e1777064851530-200x267.webp 200w, https:\/\/studentmag.unipr.it\/wp-content\/uploads\/2026\/04\/20260424_202522-1_11zon-scaled-e1777064851530-225x300.webp 225w, https:\/\/studentmag.unipr.it\/wp-content\/uploads\/2026\/04\/20260424_202522-1_11zon-scaled-e1777064851530-400x533.webp 400w, https:\/\/studentmag.unipr.it\/wp-content\/uploads\/2026\/04\/20260424_202522-1_11zon-scaled-e1777064851530-600x800.webp 600w, https:\/\/studentmag.unipr.it\/wp-content\/uploads\/2026\/04\/20260424_202522-1_11zon-scaled-e1777064851530-768x1024.webp 768w, https:\/\/studentmag.unipr.it\/wp-content\/uploads\/2026\/04\/20260424_202522-1_11zon-scaled-e1777064851530-800x1066.webp 800w, https:\/\/studentmag.unipr.it\/wp-content\/uploads\/2026\/04\/20260424_202522-1_11zon-scaled-e1777064851530-1152x1536.webp 1152w, https:\/\/studentmag.unipr.it\/wp-content\/uploads\/2026\/04\/20260424_202522-1_11zon-scaled-e1777064851530-1200x1599.webp 1200w, https:\/\/studentmag.unipr.it\/wp-content\/uploads\/2026\/04\/20260424_202522-1_11zon-scaled-e1777064851530-1537x2048.webp 1537w, https:\/\/studentmag.unipr.it\/wp-content\/uploads\/2026\/04\/20260424_202522-1_11zon-scaled-e1777064851530.webp 1818w\" data-sizes=\"auto\" \/>\t\t\t<\/a>\n\t\t\t\t\t\t\t<\/div>\n<\/div><div class=\"fusion-title title fusion-title-8 fusion-sep-none fusion-title-text fusion-title-size-two\" style=\"--awb-margin-right:5%;--awb-margin-bottom:10px;--awb-margin-left:5%;--awb-margin-left-small:5%;--awb-link-color:hsla(var(--awb-color3-h),var(--awb-color3-s),calc(var(--awb-color3-l) + 10%),var(--awb-color3-a));--awb-link-hover-color:var(--awb-color1);--awb-font-size:25px;\"><h2 class=\"fusion-title-heading title-heading-left fusion-responsive-typography-calculated\" style=\"margin:0;font-size:1em;--fontSize:25;--minFontSize:25;line-height:1.4;\"><a href=\"https:\/\/studentmag.unipr.it\/index.php\/2026\/04\/25\/25-aprile-la-liberta-non-e-una-formalita\/\" class=\"awb-custom-text-color awb-custom-text-hover-color\" target=\"_self\">25 aprile: la libert\u00e0 non \u00e8 una formalit\u00e0<\/a><\/h2><\/div><div class=\"fusion-meta-tb fusion-meta-tb-7 floated\" style=\"--awb-border-bottom:0px;--awb-border-top:0px;--awb-height:36px;--awb-font-size:14px;--awb-margin-bottom:20px;--awb-margin-left:5%;--awb-margin-right:5%;--awb-text-color:var(--awb-color1);--awb-alignment-medium:flex-start;--awb-alignment-small:flex-start;\"><span class=\"fusion-tb-published-date\">Published On: 25 Aprile 2026<\/span><span class=\"fusion-meta-tb-sep\"><\/span><\/div><div class=\"fusion-text fusion-text-7\" style=\"--awb-text-color:hsla(var(--awb-color1-h),var(--awb-color1-s),var(--awb-color1-l),calc(var(--awb-color1-a) - 20%));--awb-margin-right:5%;--awb-margin-left:5%;\"><p>Dentro la Resistenza: dalle montagne partigiane alle pagine dei libri<\/p>\n<\/div><\/div><\/li>\n<li class=\"fusion-layout-column fusion_builder_column fusion-builder-column-9 fusion-flex-column post-card fusion-grid-column fusion-post-cards-grid-column cool-tura lungo-parma fusion-animated\" style=\"--awb-bg-position:center top;--awb-bg-size:cover;--awb-flex-grow:0;--awb-flex-shrink:0;--awb-flex-grow-medium:0;--awb-flex-shrink-medium:0;--awb-flex-grow-small:0;--awb-flex-shrink-small:0;\"><div class=\"fusion-column-wrapper fusion-column-has-shadow fusion-flex-justify-content-flex-start fusion-content-layout-column\"><div class=\"fusion-classic-product-image-wrapper fusion-woo-product-image fusion-post-card-image fusion-post-card-image-1\" data-layout=\"static\" style=\"--awb-margin-bottom:15px;--awb-border-radius-top-left:8px;--awb-border-radius-top-right:8px;--awb-border-radius-bottom-right:8px;--awb-border-radius-bottom-left:8px;\"><div  class=\"fusion-image-wrapper\" aria-haspopup=\"true\">\n\t\t\t\t\t\t\t<a href=\"https:\/\/studentmag.unipr.it\/index.php\/2026\/04\/24\/novecento-un-film-lungo-un-secolo\/\" aria-label=\"Novecento: un film lungo un secolo\">\n\t\t\t\t\t\t\t<img decoding=\"async\" width=\"2560\" height=\"1706\" src=\"https:\/\/studentmag.unipr.it\/wp-content\/uploads\/2026\/04\/Copertina-1-scaled.jpg\" class=\"attachment-full size-full lazyload wp-post-image\" alt=\"\" srcset=\"data:image\/svg+xml,%3Csvg%20xmlns%3D%27http%3A%2F%2Fwww.w3.org%2F2000%2Fsvg%27%20width%3D%272560%27%20height%3D%271706%27%20viewBox%3D%270%200%202560%201706%27%3E%3Crect%20width%3D%272560%27%20height%3D%271706%27%20fill-opacity%3D%220%22%2F%3E%3C%2Fsvg%3E\" data-orig-src=\"https:\/\/studentmag.unipr.it\/wp-content\/uploads\/2026\/04\/Copertina-1-scaled.jpg\" data-srcset=\"https:\/\/studentmag.unipr.it\/wp-content\/uploads\/2026\/04\/Copertina-1-200x133.jpg 200w, https:\/\/studentmag.unipr.it\/wp-content\/uploads\/2026\/04\/Copertina-1-400x267.jpg 400w, https:\/\/studentmag.unipr.it\/wp-content\/uploads\/2026\/04\/Copertina-1-600x400.jpg 600w, https:\/\/studentmag.unipr.it\/wp-content\/uploads\/2026\/04\/Copertina-1-800x533.jpg 800w, https:\/\/studentmag.unipr.it\/wp-content\/uploads\/2026\/04\/Copertina-1-1200x800.jpg 1200w, https:\/\/studentmag.unipr.it\/wp-content\/uploads\/2026\/04\/Copertina-1-scaled.jpg 2560w\" data-sizes=\"auto\" \/>\t\t\t<\/a>\n\t\t\t\t\t\t\t<\/div>\n<\/div><div class=\"fusion-title title fusion-title-9 fusion-sep-none fusion-title-text fusion-title-size-two\" style=\"--awb-margin-right:5%;--awb-margin-bottom:10px;--awb-margin-left:5%;--awb-margin-left-small:5%;--awb-link-color:hsla(var(--awb-color3-h),var(--awb-color3-s),calc(var(--awb-color3-l) + 10%),var(--awb-color3-a));--awb-link-hover-color:var(--awb-color1);--awb-font-size:25px;\"><h2 class=\"fusion-title-heading title-heading-left fusion-responsive-typography-calculated\" style=\"margin:0;font-size:1em;--fontSize:25;--minFontSize:25;line-height:1.4;\"><a href=\"https:\/\/studentmag.unipr.it\/index.php\/2026\/04\/24\/novecento-un-film-lungo-un-secolo\/\" class=\"awb-custom-text-color awb-custom-text-hover-color\" target=\"_self\">Novecento: un film lungo un secolo<\/a><\/h2><\/div><div class=\"fusion-meta-tb fusion-meta-tb-8 floated\" style=\"--awb-border-bottom:0px;--awb-border-top:0px;--awb-height:36px;--awb-font-size:14px;--awb-margin-bottom:20px;--awb-margin-left:5%;--awb-margin-right:5%;--awb-text-color:var(--awb-color1);--awb-alignment-medium:flex-start;--awb-alignment-small:flex-start;\"><span class=\"fusion-tb-published-date\">Published On: 24 Aprile 2026<\/span><span class=\"fusion-meta-tb-sep\"><\/span><\/div><div class=\"fusion-text fusion-text-8\" style=\"--awb-text-color:hsla(var(--awb-color1-h),var(--awb-color1-s),var(--awb-color1-l),calc(var(--awb-color1-a) - 20%));--awb-margin-right:5%;--awb-margin-left:5%;\"><p>Per il cinquantesimo anniversario del film l\u2019attrice Dominique Sanda si racconta al pubblico e inaugura la mostra \u201cBernardo Bertolucci. Il Novecento\u201d<\/p>\n<\/div><\/div><\/li>\n<li class=\"fusion-layout-column fusion_builder_column fusion-builder-column-10 fusion-flex-column post-card fusion-grid-column fusion-post-cards-grid-column pov-point-of-view zona-calda fusion-animated\" style=\"--awb-bg-position:center top;--awb-bg-size:cover;--awb-flex-grow:0;--awb-flex-shrink:0;--awb-flex-grow-medium:0;--awb-flex-shrink-medium:0;--awb-flex-grow-small:0;--awb-flex-shrink-small:0;\"><div class=\"fusion-column-wrapper fusion-column-has-shadow fusion-flex-justify-content-flex-start fusion-content-layout-column\"><div class=\"fusion-classic-product-image-wrapper fusion-woo-product-image fusion-post-card-image fusion-post-card-image-1\" data-layout=\"static\" style=\"--awb-margin-bottom:15px;--awb-border-radius-top-left:8px;--awb-border-radius-top-right:8px;--awb-border-radius-bottom-right:8px;--awb-border-radius-bottom-left:8px;\"><div  class=\"fusion-image-wrapper\" aria-haspopup=\"true\">\n\t\t\t\t\t\t\t<a href=\"https:\/\/studentmag.unipr.it\/index.php\/2026\/04\/23\/artemis-ii-dal-pc-di-casa\/\" aria-label=\"Artemis II dal pc di casa\">\n\t\t\t\t\t\t\t<img decoding=\"async\" width=\"1920\" height=\"1440\" src=\"https:\/\/studentmag.unipr.it\/wp-content\/uploads\/2026\/04\/Viso-e-Terra.jpg\" class=\"attachment-full size-full lazyload wp-post-image\" alt=\"\" srcset=\"data:image\/svg+xml,%3Csvg%20xmlns%3D%27http%3A%2F%2Fwww.w3.org%2F2000%2Fsvg%27%20width%3D%271920%27%20height%3D%271440%27%20viewBox%3D%270%200%201920%201440%27%3E%3Crect%20width%3D%271920%27%20height%3D%271440%27%20fill-opacity%3D%220%22%2F%3E%3C%2Fsvg%3E\" data-orig-src=\"https:\/\/studentmag.unipr.it\/wp-content\/uploads\/2026\/04\/Viso-e-Terra.jpg\" data-srcset=\"https:\/\/studentmag.unipr.it\/wp-content\/uploads\/2026\/04\/Viso-e-Terra-200x150.jpg 200w, https:\/\/studentmag.unipr.it\/wp-content\/uploads\/2026\/04\/Viso-e-Terra-400x300.jpg 400w, https:\/\/studentmag.unipr.it\/wp-content\/uploads\/2026\/04\/Viso-e-Terra-600x450.jpg 600w, https:\/\/studentmag.unipr.it\/wp-content\/uploads\/2026\/04\/Viso-e-Terra-800x600.jpg 800w, https:\/\/studentmag.unipr.it\/wp-content\/uploads\/2026\/04\/Viso-e-Terra-1200x900.jpg 1200w, https:\/\/studentmag.unipr.it\/wp-content\/uploads\/2026\/04\/Viso-e-Terra.jpg 1920w\" data-sizes=\"auto\" \/>\t\t\t<\/a>\n\t\t\t\t\t\t\t<\/div>\n<\/div><div class=\"fusion-title title fusion-title-10 fusion-sep-none fusion-title-text fusion-title-size-two\" style=\"--awb-margin-right:5%;--awb-margin-bottom:10px;--awb-margin-left:5%;--awb-margin-left-small:5%;--awb-link-color:hsla(var(--awb-color3-h),var(--awb-color3-s),calc(var(--awb-color3-l) + 10%),var(--awb-color3-a));--awb-link-hover-color:var(--awb-color1);--awb-font-size:25px;\"><h2 class=\"fusion-title-heading title-heading-left fusion-responsive-typography-calculated\" style=\"margin:0;font-size:1em;--fontSize:25;--minFontSize:25;line-height:1.4;\"><a href=\"https:\/\/studentmag.unipr.it\/index.php\/2026\/04\/23\/artemis-ii-dal-pc-di-casa\/\" class=\"awb-custom-text-color awb-custom-text-hover-color\" target=\"_self\">Artemis II dal pc di casa<\/a><\/h2><\/div><div class=\"fusion-meta-tb fusion-meta-tb-9 floated\" style=\"--awb-border-bottom:0px;--awb-border-top:0px;--awb-height:36px;--awb-font-size:14px;--awb-margin-bottom:20px;--awb-margin-left:5%;--awb-margin-right:5%;--awb-text-color:var(--awb-color1);--awb-alignment-medium:flex-start;--awb-alignment-small:flex-start;\"><span class=\"fusion-tb-published-date\">Published On: 23 Aprile 2026<\/span><span class=\"fusion-meta-tb-sep\"><\/span><\/div><div class=\"fusion-text fusion-text-9\" style=\"--awb-text-color:hsla(var(--awb-color1-h),var(--awb-color1-s),var(--awb-color1-l),calc(var(--awb-color1-a) - 20%));--awb-margin-right:5%;--awb-margin-left:5%;\"><p>Come uno studente fuorisede assiste a un pezzo di storia dell\u2019esplorazione spaziale<\/p>\n<\/div><\/div><\/li>\n<li class=\"fusion-layout-column fusion_builder_column fusion-builder-column-11 fusion-flex-column post-card fusion-grid-column fusion-post-cards-grid-column pov-point-of-view zona-calda fusion-animated\" style=\"--awb-bg-position:center top;--awb-bg-size:cover;--awb-flex-grow:0;--awb-flex-shrink:0;--awb-flex-grow-medium:0;--awb-flex-shrink-medium:0;--awb-flex-grow-small:0;--awb-flex-shrink-small:0;\"><div class=\"fusion-column-wrapper fusion-column-has-shadow fusion-flex-justify-content-flex-start fusion-content-layout-column\"><div class=\"fusion-classic-product-image-wrapper fusion-woo-product-image fusion-post-card-image fusion-post-card-image-1\" data-layout=\"static\" style=\"--awb-margin-bottom:15px;--awb-border-radius-top-left:8px;--awb-border-radius-top-right:8px;--awb-border-radius-bottom-right:8px;--awb-border-radius-bottom-left:8px;\"><div  class=\"fusion-image-wrapper\" aria-haspopup=\"true\">\n\t\t\t\t\t\t\t<a href=\"https:\/\/studentmag.unipr.it\/index.php\/2026\/04\/22\/azzurro-tenebra\/\" aria-label=\"Azzurro Tenebra\">\n\t\t\t\t\t\t\t<img decoding=\"async\" width=\"1080\" height=\"719\" src=\"https:\/\/studentmag.unipr.it\/wp-content\/uploads\/2026\/04\/Nazionale-ITA.jpg\" class=\"attachment-full size-full lazyload wp-post-image\" alt=\"\" srcset=\"data:image\/svg+xml,%3Csvg%20xmlns%3D%27http%3A%2F%2Fwww.w3.org%2F2000%2Fsvg%27%20width%3D%271080%27%20height%3D%27719%27%20viewBox%3D%270%200%201080%20719%27%3E%3Crect%20width%3D%271080%27%20height%3D%27719%27%20fill-opacity%3D%220%22%2F%3E%3C%2Fsvg%3E\" data-orig-src=\"https:\/\/studentmag.unipr.it\/wp-content\/uploads\/2026\/04\/Nazionale-ITA.jpg\" data-srcset=\"https:\/\/studentmag.unipr.it\/wp-content\/uploads\/2026\/04\/Nazionale-ITA-200x133.jpg 200w, https:\/\/studentmag.unipr.it\/wp-content\/uploads\/2026\/04\/Nazionale-ITA-400x266.jpg 400w, https:\/\/studentmag.unipr.it\/wp-content\/uploads\/2026\/04\/Nazionale-ITA-600x399.jpg 600w, https:\/\/studentmag.unipr.it\/wp-content\/uploads\/2026\/04\/Nazionale-ITA-800x533.jpg 800w, https:\/\/studentmag.unipr.it\/wp-content\/uploads\/2026\/04\/Nazionale-ITA.jpg 1080w\" data-sizes=\"auto\" \/>\t\t\t<\/a>\n\t\t\t\t\t\t\t<\/div>\n<\/div><div class=\"fusion-title title fusion-title-11 fusion-sep-none fusion-title-text fusion-title-size-two\" style=\"--awb-margin-right:5%;--awb-margin-bottom:10px;--awb-margin-left:5%;--awb-margin-left-small:5%;--awb-link-color:hsla(var(--awb-color3-h),var(--awb-color3-s),calc(var(--awb-color3-l) + 10%),var(--awb-color3-a));--awb-link-hover-color:var(--awb-color1);--awb-font-size:25px;\"><h2 class=\"fusion-title-heading title-heading-left fusion-responsive-typography-calculated\" style=\"margin:0;font-size:1em;--fontSize:25;--minFontSize:25;line-height:1.4;\"><a href=\"https:\/\/studentmag.unipr.it\/index.php\/2026\/04\/22\/azzurro-tenebra\/\" class=\"awb-custom-text-color awb-custom-text-hover-color\" target=\"_self\">Azzurro Tenebra<\/a><\/h2><\/div><div class=\"fusion-meta-tb fusion-meta-tb-10 floated\" style=\"--awb-border-bottom:0px;--awb-border-top:0px;--awb-height:36px;--awb-font-size:14px;--awb-margin-bottom:20px;--awb-margin-left:5%;--awb-margin-right:5%;--awb-text-color:var(--awb-color1);--awb-alignment-medium:flex-start;--awb-alignment-small:flex-start;\"><span class=\"fusion-tb-published-date\">Published On: 22 Aprile 2026<\/span><span class=\"fusion-meta-tb-sep\"><\/span><\/div><div class=\"fusion-text fusion-text-10\" style=\"--awb-text-color:hsla(var(--awb-color1-h),var(--awb-color1-s),var(--awb-color1-l),calc(var(--awb-color1-a) - 20%));--awb-margin-right:5%;--awb-margin-left:5%;\"><p>Le interviste agli studenti di Unipr e ai tifosi di vecchia data certificano la frattura con la maglia azzurra<\/p>\n<\/div><\/div><\/li>\n<li class=\"fusion-layout-column fusion_builder_column fusion-builder-column-12 fusion-flex-column post-card fusion-grid-column fusion-post-cards-grid-column cool-tura fusion-animated\" style=\"--awb-bg-position:center top;--awb-bg-size:cover;--awb-flex-grow:0;--awb-flex-shrink:0;--awb-flex-grow-medium:0;--awb-flex-shrink-medium:0;--awb-flex-grow-small:0;--awb-flex-shrink-small:0;\"><div class=\"fusion-column-wrapper fusion-column-has-shadow fusion-flex-justify-content-flex-start fusion-content-layout-column\"><div class=\"fusion-classic-product-image-wrapper fusion-woo-product-image fusion-post-card-image fusion-post-card-image-1\" data-layout=\"static\" style=\"--awb-margin-bottom:15px;--awb-border-radius-top-left:8px;--awb-border-radius-top-right:8px;--awb-border-radius-bottom-right:8px;--awb-border-radius-bottom-left:8px;\"><div  class=\"fusion-image-wrapper\" aria-haspopup=\"true\">\n\t\t\t\t\t\t\t<a href=\"https:\/\/studentmag.unipr.it\/index.php\/2026\/04\/21\/peaky-blinders-dal-piccolo-al-grande-schermo\/\" aria-label=\"&#8216;Peaky Blinders&#8217;: dal piccolo al grande schermo\">\n\t\t\t\t\t\t\t<img decoding=\"async\" width=\"2560\" height=\"1440\" src=\"https:\/\/studentmag.unipr.it\/wp-content\/uploads\/2026\/04\/Peaky-Blinders-The-Immortal-Man.jpg\" class=\"attachment-full size-full lazyload wp-post-image\" alt=\"\" srcset=\"data:image\/svg+xml,%3Csvg%20xmlns%3D%27http%3A%2F%2Fwww.w3.org%2F2000%2Fsvg%27%20width%3D%272560%27%20height%3D%271440%27%20viewBox%3D%270%200%202560%201440%27%3E%3Crect%20width%3D%272560%27%20height%3D%271440%27%20fill-opacity%3D%220%22%2F%3E%3C%2Fsvg%3E\" data-orig-src=\"https:\/\/studentmag.unipr.it\/wp-content\/uploads\/2026\/04\/Peaky-Blinders-The-Immortal-Man.jpg\" data-srcset=\"https:\/\/studentmag.unipr.it\/wp-content\/uploads\/2026\/04\/Peaky-Blinders-The-Immortal-Man-200x113.jpg 200w, https:\/\/studentmag.unipr.it\/wp-content\/uploads\/2026\/04\/Peaky-Blinders-The-Immortal-Man-400x225.jpg 400w, https:\/\/studentmag.unipr.it\/wp-content\/uploads\/2026\/04\/Peaky-Blinders-The-Immortal-Man-600x338.jpg 600w, https:\/\/studentmag.unipr.it\/wp-content\/uploads\/2026\/04\/Peaky-Blinders-The-Immortal-Man-800x450.jpg 800w, https:\/\/studentmag.unipr.it\/wp-content\/uploads\/2026\/04\/Peaky-Blinders-The-Immortal-Man-1200x675.jpg 1200w, https:\/\/studentmag.unipr.it\/wp-content\/uploads\/2026\/04\/Peaky-Blinders-The-Immortal-Man.jpg 2560w\" data-sizes=\"auto\" \/>\t\t\t<\/a>\n\t\t\t\t\t\t\t<\/div>\n<\/div><div class=\"fusion-title title fusion-title-12 fusion-sep-none fusion-title-text fusion-title-size-two\" style=\"--awb-margin-right:5%;--awb-margin-bottom:10px;--awb-margin-left:5%;--awb-margin-left-small:5%;--awb-link-color:hsla(var(--awb-color3-h),var(--awb-color3-s),calc(var(--awb-color3-l) + 10%),var(--awb-color3-a));--awb-link-hover-color:var(--awb-color1);--awb-font-size:25px;\"><h2 class=\"fusion-title-heading title-heading-left fusion-responsive-typography-calculated\" style=\"margin:0;font-size:1em;--fontSize:25;--minFontSize:25;line-height:1.4;\"><a href=\"https:\/\/studentmag.unipr.it\/index.php\/2026\/04\/21\/peaky-blinders-dal-piccolo-al-grande-schermo\/\" class=\"awb-custom-text-color awb-custom-text-hover-color\" target=\"_self\">&#8216;Peaky Blinders&#8217;: dal piccolo al grande schermo<\/a><\/h2><\/div><div class=\"fusion-meta-tb fusion-meta-tb-11 floated\" style=\"--awb-border-bottom:0px;--awb-border-top:0px;--awb-height:36px;--awb-font-size:14px;--awb-margin-bottom:20px;--awb-margin-left:5%;--awb-margin-right:5%;--awb-text-color:var(--awb-color1);--awb-alignment-medium:flex-start;--awb-alignment-small:flex-start;\"><span class=\"fusion-tb-published-date\">Published On: 21 Aprile 2026<\/span><span class=\"fusion-meta-tb-sep\"><\/span><\/div><div class=\"fusion-text fusion-text-11\" style=\"--awb-text-color:hsla(var(--awb-color1-h),var(--awb-color1-s),var(--awb-color1-l),calc(var(--awb-color1-a) - 20%));--awb-margin-right:5%;--awb-margin-left:5%;\"><p>Quando il passato ritorna: Tommy Shelby in \u2018The Immortal Man\u2019<\/p>\n<\/div><\/div><\/li>\n<li class=\"fusion-layout-column fusion_builder_column fusion-builder-column-13 fusion-flex-column post-card fusion-grid-column fusion-post-cards-grid-column lungo-parma uni-verso fusion-animated\" style=\"--awb-bg-position:center top;--awb-bg-size:cover;--awb-flex-grow:0;--awb-flex-shrink:0;--awb-flex-grow-medium:0;--awb-flex-shrink-medium:0;--awb-flex-grow-small:0;--awb-flex-shrink-small:0;\"><div class=\"fusion-column-wrapper fusion-column-has-shadow fusion-flex-justify-content-flex-start fusion-content-layout-column\"><div class=\"fusion-classic-product-image-wrapper fusion-woo-product-image fusion-post-card-image fusion-post-card-image-1\" data-layout=\"static\" style=\"--awb-margin-bottom:15px;--awb-border-radius-top-left:8px;--awb-border-radius-top-right:8px;--awb-border-radius-bottom-right:8px;--awb-border-radius-bottom-left:8px;\"><div  class=\"fusion-image-wrapper\" aria-haspopup=\"true\">\n\t\t\t\t\t\t\t<a href=\"https:\/\/studentmag.unipr.it\/index.php\/2026\/04\/20\/passi-di-benessere-sotto-lo-sguardo-del-castello\/\" aria-label=\"Passi di Benessere sotto lo sguardo del castello\">\n\t\t\t\t\t\t\t<img decoding=\"async\" width=\"1920\" height=\"2560\" src=\"https:\/\/studentmag.unipr.it\/wp-content\/uploads\/2026\/04\/Camminata-Torrechiara-5-scaled.jpg\" class=\"attachment-full size-full lazyload wp-post-image\" alt=\"\" srcset=\"data:image\/svg+xml,%3Csvg%20xmlns%3D%27http%3A%2F%2Fwww.w3.org%2F2000%2Fsvg%27%20width%3D%271920%27%20height%3D%272560%27%20viewBox%3D%270%200%201920%202560%27%3E%3Crect%20width%3D%271920%27%20height%3D%272560%27%20fill-opacity%3D%220%22%2F%3E%3C%2Fsvg%3E\" data-orig-src=\"https:\/\/studentmag.unipr.it\/wp-content\/uploads\/2026\/04\/Camminata-Torrechiara-5-scaled.jpg\" data-srcset=\"https:\/\/studentmag.unipr.it\/wp-content\/uploads\/2026\/04\/Camminata-Torrechiara-5-200x267.jpg 200w, https:\/\/studentmag.unipr.it\/wp-content\/uploads\/2026\/04\/Camminata-Torrechiara-5-400x533.jpg 400w, https:\/\/studentmag.unipr.it\/wp-content\/uploads\/2026\/04\/Camminata-Torrechiara-5-600x800.jpg 600w, https:\/\/studentmag.unipr.it\/wp-content\/uploads\/2026\/04\/Camminata-Torrechiara-5-800x1067.jpg 800w, https:\/\/studentmag.unipr.it\/wp-content\/uploads\/2026\/04\/Camminata-Torrechiara-5-1200x1600.jpg 1200w, https:\/\/studentmag.unipr.it\/wp-content\/uploads\/2026\/04\/Camminata-Torrechiara-5-scaled.jpg 1920w\" data-sizes=\"auto\" \/>\t\t\t<\/a>\n\t\t\t\t\t\t\t<\/div>\n<\/div><div class=\"fusion-title title fusion-title-13 fusion-sep-none fusion-title-text fusion-title-size-two\" style=\"--awb-margin-right:5%;--awb-margin-bottom:10px;--awb-margin-left:5%;--awb-margin-left-small:5%;--awb-link-color:hsla(var(--awb-color3-h),var(--awb-color3-s),calc(var(--awb-color3-l) + 10%),var(--awb-color3-a));--awb-link-hover-color:var(--awb-color1);--awb-font-size:25px;\"><h2 class=\"fusion-title-heading title-heading-left fusion-responsive-typography-calculated\" style=\"margin:0;font-size:1em;--fontSize:25;--minFontSize:25;line-height:1.4;\"><a href=\"https:\/\/studentmag.unipr.it\/index.php\/2026\/04\/20\/passi-di-benessere-sotto-lo-sguardo-del-castello\/\" class=\"awb-custom-text-color awb-custom-text-hover-color\" target=\"_self\">Passi di Benessere sotto lo sguardo del castello<\/a><\/h2><\/div><div class=\"fusion-meta-tb fusion-meta-tb-12 floated\" style=\"--awb-border-bottom:0px;--awb-border-top:0px;--awb-height:36px;--awb-font-size:14px;--awb-margin-bottom:20px;--awb-margin-left:5%;--awb-margin-right:5%;--awb-text-color:var(--awb-color1);--awb-alignment-medium:flex-start;--awb-alignment-small:flex-start;\"><span class=\"fusion-tb-published-date\">Published On: 20 Aprile 2026<\/span><span class=\"fusion-meta-tb-sep\"><\/span><\/div><div class=\"fusion-text fusion-text-12\" style=\"--awb-text-color:hsla(var(--awb-color1-h),var(--awb-color1-s),var(--awb-color1-l),calc(var(--awb-color1-a) - 20%));--awb-margin-right:5%;--awb-margin-left:5%;\"><p>(Ri)scoprire Torrechiara in consapevolezza<\/p>\n<\/div><\/div><\/li>\n<li class=\"fusion-layout-column fusion_builder_column fusion-builder-column-14 fusion-flex-column post-card fusion-grid-column fusion-post-cards-grid-column cool-tura zona-calda fusion-animated\" style=\"--awb-bg-position:center top;--awb-bg-size:cover;--awb-flex-grow:0;--awb-flex-shrink:0;--awb-flex-grow-medium:0;--awb-flex-shrink-medium:0;--awb-flex-grow-small:0;--awb-flex-shrink-small:0;\"><div class=\"fusion-column-wrapper fusion-column-has-shadow fusion-flex-justify-content-flex-start fusion-content-layout-column\"><div class=\"fusion-classic-product-image-wrapper fusion-woo-product-image fusion-post-card-image fusion-post-card-image-1\" data-layout=\"static\" style=\"--awb-margin-bottom:15px;--awb-border-radius-top-left:8px;--awb-border-radius-top-right:8px;--awb-border-radius-bottom-right:8px;--awb-border-radius-bottom-left:8px;\"><div  class=\"fusion-image-wrapper\" aria-haspopup=\"true\">\n\t\t\t\t\t\t\t<a href=\"https:\/\/studentmag.unipr.it\/index.php\/2026\/04\/19\/programma-artemis-si-torna-sulla-luna\/\" aria-label=\"Programma Artemis: si torna sulla Luna\">\n\t\t\t\t\t\t\t<img decoding=\"async\" width=\"2560\" height=\"1718\" src=\"https:\/\/studentmag.unipr.it\/wp-content\/uploads\/2026\/04\/Artemis-II-lancio-2-scaled.jpg\" class=\"attachment-full size-full lazyload wp-post-image\" alt=\"\" srcset=\"data:image\/svg+xml,%3Csvg%20xmlns%3D%27http%3A%2F%2Fwww.w3.org%2F2000%2Fsvg%27%20width%3D%272560%27%20height%3D%271718%27%20viewBox%3D%270%200%202560%201718%27%3E%3Crect%20width%3D%272560%27%20height%3D%271718%27%20fill-opacity%3D%220%22%2F%3E%3C%2Fsvg%3E\" data-orig-src=\"https:\/\/studentmag.unipr.it\/wp-content\/uploads\/2026\/04\/Artemis-II-lancio-2-scaled.jpg\" data-srcset=\"https:\/\/studentmag.unipr.it\/wp-content\/uploads\/2026\/04\/Artemis-II-lancio-2-200x134.jpg 200w, https:\/\/studentmag.unipr.it\/wp-content\/uploads\/2026\/04\/Artemis-II-lancio-2-400x268.jpg 400w, https:\/\/studentmag.unipr.it\/wp-content\/uploads\/2026\/04\/Artemis-II-lancio-2-600x403.jpg 600w, https:\/\/studentmag.unipr.it\/wp-content\/uploads\/2026\/04\/Artemis-II-lancio-2-800x537.jpg 800w, https:\/\/studentmag.unipr.it\/wp-content\/uploads\/2026\/04\/Artemis-II-lancio-2-1200x805.jpg 1200w, https:\/\/studentmag.unipr.it\/wp-content\/uploads\/2026\/04\/Artemis-II-lancio-2-scaled.jpg 2560w\" data-sizes=\"auto\" \/>\t\t\t<\/a>\n\t\t\t\t\t\t\t<\/div>\n<\/div><div class=\"fusion-title title fusion-title-14 fusion-sep-none fusion-title-text fusion-title-size-two\" style=\"--awb-margin-right:5%;--awb-margin-bottom:10px;--awb-margin-left:5%;--awb-margin-left-small:5%;--awb-link-color:hsla(var(--awb-color3-h),var(--awb-color3-s),calc(var(--awb-color3-l) + 10%),var(--awb-color3-a));--awb-link-hover-color:var(--awb-color1);--awb-font-size:25px;\"><h2 class=\"fusion-title-heading title-heading-left fusion-responsive-typography-calculated\" style=\"margin:0;font-size:1em;--fontSize:25;--minFontSize:25;line-height:1.4;\"><a href=\"https:\/\/studentmag.unipr.it\/index.php\/2026\/04\/19\/programma-artemis-si-torna-sulla-luna\/\" class=\"awb-custom-text-color awb-custom-text-hover-color\" target=\"_self\">Programma Artemis: si torna sulla Luna<\/a><\/h2><\/div><div class=\"fusion-meta-tb fusion-meta-tb-13 floated\" style=\"--awb-border-bottom:0px;--awb-border-top:0px;--awb-height:36px;--awb-font-size:14px;--awb-margin-bottom:20px;--awb-margin-left:5%;--awb-margin-right:5%;--awb-text-color:var(--awb-color1);--awb-alignment-medium:flex-start;--awb-alignment-small:flex-start;\"><span class=\"fusion-tb-published-date\">Published On: 19 Aprile 2026<\/span><span class=\"fusion-meta-tb-sep\"><\/span><\/div><div class=\"fusion-text fusion-text-13\" style=\"--awb-text-color:hsla(var(--awb-color1-h),var(--awb-color1-s),var(--awb-color1-l),calc(var(--awb-color1-a) - 20%));--awb-margin-right:5%;--awb-margin-left:5%;\"><p>Dopo quasi 60 anni, si riaccendono i riflettori sul nostro satellite col nuovo (e pi\u00f9 ambizioso) programma spaziale della NASA<\/p>\n<\/div><\/div><\/li>\n<li class=\"fusion-layout-column fusion_builder_column fusion-builder-column-15 fusion-flex-column post-card fusion-grid-column fusion-post-cards-grid-column cool-tura fusion-animated\" style=\"--awb-bg-position:center top;--awb-bg-size:cover;--awb-flex-grow:0;--awb-flex-shrink:0;--awb-flex-grow-medium:0;--awb-flex-shrink-medium:0;--awb-flex-grow-small:0;--awb-flex-shrink-small:0;\"><div class=\"fusion-column-wrapper fusion-column-has-shadow fusion-flex-justify-content-flex-start fusion-content-layout-column\"><div class=\"fusion-classic-product-image-wrapper fusion-woo-product-image fusion-post-card-image fusion-post-card-image-1\" data-layout=\"static\" style=\"--awb-margin-bottom:15px;--awb-border-radius-top-left:8px;--awb-border-radius-top-right:8px;--awb-border-radius-bottom-right:8px;--awb-border-radius-bottom-left:8px;\"><div  class=\"fusion-image-wrapper\" aria-haspopup=\"true\">\n\t\t\t\t\t\t\t<a href=\"https:\/\/studentmag.unipr.it\/index.php\/2026\/04\/15\/perche-recuperare-le-libere-donne-su-rai-play\/\" aria-label=\"Perch\u00e9 recuperare &#8216;Le libere donne&#8217; su Rai Play\">\n\t\t\t\t\t\t\t<img decoding=\"async\" width=\"960\" height=\"601\" src=\"https:\/\/studentmag.unipr.it\/wp-content\/uploads\/2026\/04\/Tobino-fogli-in-mano.webp\" class=\"attachment-full size-full lazyload wp-post-image\" alt=\"Lo psichiatra Mario Tobino (intepretato da Lino Guanciale) tra le donne dell&#039;istituto psichiatrico di Maggiano\" srcset=\"data:image\/svg+xml,%3Csvg%20xmlns%3D%27http%3A%2F%2Fwww.w3.org%2F2000%2Fsvg%27%20width%3D%27960%27%20height%3D%27601%27%20viewBox%3D%270%200%20960%20601%27%3E%3Crect%20width%3D%27960%27%20height%3D%27601%27%20fill-opacity%3D%220%22%2F%3E%3C%2Fsvg%3E\" data-orig-src=\"https:\/\/studentmag.unipr.it\/wp-content\/uploads\/2026\/04\/Tobino-fogli-in-mano.webp\" data-srcset=\"https:\/\/studentmag.unipr.it\/wp-content\/uploads\/2026\/04\/Tobino-fogli-in-mano-200x125.webp 200w, https:\/\/studentmag.unipr.it\/wp-content\/uploads\/2026\/04\/Tobino-fogli-in-mano-300x188.webp 300w, https:\/\/studentmag.unipr.it\/wp-content\/uploads\/2026\/04\/Tobino-fogli-in-mano-400x250.webp 400w, https:\/\/studentmag.unipr.it\/wp-content\/uploads\/2026\/04\/Tobino-fogli-in-mano-600x376.webp 600w, https:\/\/studentmag.unipr.it\/wp-content\/uploads\/2026\/04\/Tobino-fogli-in-mano-768x481.webp 768w, https:\/\/studentmag.unipr.it\/wp-content\/uploads\/2026\/04\/Tobino-fogli-in-mano-800x501.webp 800w, https:\/\/studentmag.unipr.it\/wp-content\/uploads\/2026\/04\/Tobino-fogli-in-mano.webp 960w\" data-sizes=\"auto\" \/>\t\t\t<\/a>\n\t\t\t\t\t\t\t<\/div>\n<\/div><div class=\"fusion-title title fusion-title-15 fusion-sep-none fusion-title-text fusion-title-size-two\" style=\"--awb-margin-right:5%;--awb-margin-bottom:10px;--awb-margin-left:5%;--awb-margin-left-small:5%;--awb-link-color:hsla(var(--awb-color3-h),var(--awb-color3-s),calc(var(--awb-color3-l) + 10%),var(--awb-color3-a));--awb-link-hover-color:var(--awb-color1);--awb-font-size:25px;\"><h2 class=\"fusion-title-heading title-heading-left fusion-responsive-typography-calculated\" style=\"margin:0;font-size:1em;--fontSize:25;--minFontSize:25;line-height:1.4;\"><a href=\"https:\/\/studentmag.unipr.it\/index.php\/2026\/04\/15\/perche-recuperare-le-libere-donne-su-rai-play\/\" class=\"awb-custom-text-color awb-custom-text-hover-color\" target=\"_self\">Perch\u00e9 recuperare &#8216;Le libere donne&#8217; su Rai Play<\/a><\/h2><\/div><div class=\"fusion-meta-tb fusion-meta-tb-14 floated\" style=\"--awb-border-bottom:0px;--awb-border-top:0px;--awb-height:36px;--awb-font-size:14px;--awb-margin-bottom:20px;--awb-margin-left:5%;--awb-margin-right:5%;--awb-text-color:var(--awb-color1);--awb-alignment-medium:flex-start;--awb-alignment-small:flex-start;\"><span class=\"fusion-tb-published-date\">Published On: 15 Aprile 2026<\/span><span class=\"fusion-meta-tb-sep\"><\/span><\/div><div class=\"fusion-text fusion-text-14\" style=\"--awb-text-color:hsla(var(--awb-color1-h),var(--awb-color1-s),var(--awb-color1-l),calc(var(--awb-color1-a) - 20%));--awb-margin-right:5%;--awb-margin-left:5%;\"><p>Dal romanzo di Mario Tobino, la miniserie racconta la situazione femminile tra repressione e rivolta<\/p>\n<\/div><\/div><\/li>\n<li class=\"fusion-layout-column fusion_builder_column fusion-builder-column-16 fusion-flex-column post-card fusion-grid-column fusion-post-cards-grid-column cool-tura fusion-animated\" style=\"--awb-bg-position:center top;--awb-bg-size:cover;--awb-flex-grow:0;--awb-flex-shrink:0;--awb-flex-grow-medium:0;--awb-flex-shrink-medium:0;--awb-flex-grow-small:0;--awb-flex-shrink-small:0;\"><div class=\"fusion-column-wrapper fusion-column-has-shadow fusion-flex-justify-content-flex-start fusion-content-layout-column\"><div class=\"fusion-classic-product-image-wrapper fusion-woo-product-image fusion-post-card-image fusion-post-card-image-1\" data-layout=\"static\" style=\"--awb-margin-bottom:15px;--awb-border-radius-top-left:8px;--awb-border-radius-top-right:8px;--awb-border-radius-bottom-right:8px;--awb-border-radius-bottom-left:8px;\"><div  class=\"fusion-image-wrapper\" aria-haspopup=\"true\">\n\t\t\t\t\t\t\t<a href=\"https:\/\/studentmag.unipr.it\/index.php\/2026\/04\/10\/euphoria-i-momenti-che-ci-hanno-segnato\/\" aria-label=\"&#8216;Euphoria&#8217;, i momenti che ci hanno segnato\">\n\t\t\t\t\t\t\t<img decoding=\"async\" width=\"1040\" height=\"585\" src=\"https:\/\/studentmag.unipr.it\/wp-content\/uploads\/2026\/04\/Euphoria.jpg\" class=\"attachment-full size-full lazyload wp-post-image\" alt=\"\" srcset=\"data:image\/svg+xml,%3Csvg%20xmlns%3D%27http%3A%2F%2Fwww.w3.org%2F2000%2Fsvg%27%20width%3D%271040%27%20height%3D%27585%27%20viewBox%3D%270%200%201040%20585%27%3E%3Crect%20width%3D%271040%27%20height%3D%27585%27%20fill-opacity%3D%220%22%2F%3E%3C%2Fsvg%3E\" data-orig-src=\"https:\/\/studentmag.unipr.it\/wp-content\/uploads\/2026\/04\/Euphoria.jpg\" data-srcset=\"https:\/\/studentmag.unipr.it\/wp-content\/uploads\/2026\/04\/Euphoria-200x113.jpg 200w, https:\/\/studentmag.unipr.it\/wp-content\/uploads\/2026\/04\/Euphoria-400x225.jpg 400w, https:\/\/studentmag.unipr.it\/wp-content\/uploads\/2026\/04\/Euphoria-600x338.jpg 600w, https:\/\/studentmag.unipr.it\/wp-content\/uploads\/2026\/04\/Euphoria-800x450.jpg 800w, https:\/\/studentmag.unipr.it\/wp-content\/uploads\/2026\/04\/Euphoria.jpg 1040w\" data-sizes=\"auto\" \/>\t\t\t<\/a>\n\t\t\t\t\t\t\t<\/div>\n<\/div><div class=\"fusion-title title fusion-title-16 fusion-sep-none fusion-title-text fusion-title-size-two\" style=\"--awb-margin-right:5%;--awb-margin-bottom:10px;--awb-margin-left:5%;--awb-margin-left-small:5%;--awb-link-color:hsla(var(--awb-color3-h),var(--awb-color3-s),calc(var(--awb-color3-l) + 10%),var(--awb-color3-a));--awb-link-hover-color:var(--awb-color1);--awb-font-size:25px;\"><h2 class=\"fusion-title-heading title-heading-left fusion-responsive-typography-calculated\" style=\"margin:0;font-size:1em;--fontSize:25;--minFontSize:25;line-height:1.4;\"><a href=\"https:\/\/studentmag.unipr.it\/index.php\/2026\/04\/10\/euphoria-i-momenti-che-ci-hanno-segnato\/\" class=\"awb-custom-text-color awb-custom-text-hover-color\" target=\"_self\">&#8216;Euphoria&#8217;, i momenti che ci hanno segnato<\/a><\/h2><\/div><div class=\"fusion-meta-tb fusion-meta-tb-15 floated\" style=\"--awb-border-bottom:0px;--awb-border-top:0px;--awb-height:36px;--awb-font-size:14px;--awb-margin-bottom:20px;--awb-margin-left:5%;--awb-margin-right:5%;--awb-text-color:var(--awb-color1);--awb-alignment-medium:flex-start;--awb-alignment-small:flex-start;\"><span class=\"fusion-tb-published-date\">Published On: 10 Aprile 2026<\/span><span class=\"fusion-meta-tb-sep\"><\/span><\/div><div class=\"fusion-text fusion-text-15\" style=\"--awb-text-color:hsla(var(--awb-color1-h),var(--awb-color1-s),var(--awb-color1-l),calc(var(--awb-color1-a) - 20%));--awb-margin-right:5%;--awb-margin-left:5%;\"><p>La nostra top 10 delle scene da ricordare delle precedenti due stagioni<\/p>\n<\/div><\/div><\/li>\n<li class=\"fusion-layout-column fusion_builder_column fusion-builder-column-17 fusion-flex-column post-card fusion-grid-column fusion-post-cards-grid-column cool-tura zona-calda fusion-animated\" style=\"--awb-bg-position:center top;--awb-bg-size:cover;--awb-flex-grow:0;--awb-flex-shrink:0;--awb-flex-grow-medium:0;--awb-flex-shrink-medium:0;--awb-flex-grow-small:0;--awb-flex-shrink-small:0;\"><div class=\"fusion-column-wrapper fusion-column-has-shadow fusion-flex-justify-content-flex-start fusion-content-layout-column\"><div class=\"fusion-classic-product-image-wrapper fusion-woo-product-image fusion-post-card-image fusion-post-card-image-1\" data-layout=\"static\" style=\"--awb-margin-bottom:15px;--awb-border-radius-top-left:8px;--awb-border-radius-top-right:8px;--awb-border-radius-bottom-right:8px;--awb-border-radius-bottom-left:8px;\"><div  class=\"fusion-image-wrapper\" aria-haspopup=\"true\">\n\t\t\t\t\t\t\t<a href=\"https:\/\/studentmag.unipr.it\/index.php\/2026\/04\/04\/fenomenologia-di-don-matteo\/\" aria-label=\"Fenomenologia di Don Matteo\">\n\t\t\t\t\t\t\t<img decoding=\"async\" width=\"1477\" height=\"923\" src=\"https:\/\/studentmag.unipr.it\/wp-content\/uploads\/2026\/04\/Don-Matteo.jpg\" class=\"attachment-full size-full lazyload wp-post-image\" alt=\"\" srcset=\"data:image\/svg+xml,%3Csvg%20xmlns%3D%27http%3A%2F%2Fwww.w3.org%2F2000%2Fsvg%27%20width%3D%271477%27%20height%3D%27923%27%20viewBox%3D%270%200%201477%20923%27%3E%3Crect%20width%3D%271477%27%20height%3D%27923%27%20fill-opacity%3D%220%22%2F%3E%3C%2Fsvg%3E\" data-orig-src=\"https:\/\/studentmag.unipr.it\/wp-content\/uploads\/2026\/04\/Don-Matteo.jpg\" data-srcset=\"https:\/\/studentmag.unipr.it\/wp-content\/uploads\/2026\/04\/Don-Matteo-200x125.jpg 200w, https:\/\/studentmag.unipr.it\/wp-content\/uploads\/2026\/04\/Don-Matteo-400x250.jpg 400w, https:\/\/studentmag.unipr.it\/wp-content\/uploads\/2026\/04\/Don-Matteo-600x375.jpg 600w, https:\/\/studentmag.unipr.it\/wp-content\/uploads\/2026\/04\/Don-Matteo-800x500.jpg 800w, https:\/\/studentmag.unipr.it\/wp-content\/uploads\/2026\/04\/Don-Matteo-1200x750.jpg 1200w, https:\/\/studentmag.unipr.it\/wp-content\/uploads\/2026\/04\/Don-Matteo.jpg 1477w\" data-sizes=\"auto\" \/>\t\t\t<\/a>\n\t\t\t\t\t\t\t<\/div>\n<\/div><div class=\"fusion-title title fusion-title-17 fusion-sep-none fusion-title-text fusion-title-size-two\" style=\"--awb-margin-right:5%;--awb-margin-bottom:10px;--awb-margin-left:5%;--awb-margin-left-small:5%;--awb-link-color:hsla(var(--awb-color3-h),var(--awb-color3-s),calc(var(--awb-color3-l) + 10%),var(--awb-color3-a));--awb-link-hover-color:var(--awb-color1);--awb-font-size:25px;\"><h2 class=\"fusion-title-heading title-heading-left fusion-responsive-typography-calculated\" style=\"margin:0;font-size:1em;--fontSize:25;--minFontSize:25;line-height:1.4;\"><a href=\"https:\/\/studentmag.unipr.it\/index.php\/2026\/04\/04\/fenomenologia-di-don-matteo\/\" class=\"awb-custom-text-color awb-custom-text-hover-color\" target=\"_self\">Fenomenologia di Don Matteo<\/a><\/h2><\/div><div class=\"fusion-meta-tb fusion-meta-tb-16 floated\" style=\"--awb-border-bottom:0px;--awb-border-top:0px;--awb-height:36px;--awb-font-size:14px;--awb-margin-bottom:20px;--awb-margin-left:5%;--awb-margin-right:5%;--awb-text-color:var(--awb-color1);--awb-alignment-medium:flex-start;--awb-alignment-small:flex-start;\"><span class=\"fusion-tb-published-date\">Published On: 4 Aprile 2026<\/span><span class=\"fusion-meta-tb-sep\"><\/span><\/div><div class=\"fusion-text fusion-text-16\" style=\"--awb-text-color:hsla(var(--awb-color1-h),var(--awb-color1-s),var(--awb-color1-l),calc(var(--awb-color1-a) - 20%));--awb-margin-right:5%;--awb-margin-left:5%;\"><p>Il successo di una serie che non invecchia mai: la fiction pi\u00f9 longeva della tv italiana continua a conquistare milioni di spettatori<\/p>\n<\/div><\/div><\/li>\n<li class=\"fusion-layout-column fusion_builder_column fusion-builder-column-18 fusion-flex-column post-card fusion-grid-column fusion-post-cards-grid-column uni-verso fusion-animated\" style=\"--awb-bg-position:center top;--awb-bg-size:cover;--awb-flex-grow:0;--awb-flex-shrink:0;--awb-flex-grow-medium:0;--awb-flex-shrink-medium:0;--awb-flex-grow-small:0;--awb-flex-shrink-small:0;\"><div class=\"fusion-column-wrapper fusion-column-has-shadow fusion-flex-justify-content-flex-start fusion-content-layout-column\"><div class=\"fusion-classic-product-image-wrapper fusion-woo-product-image fusion-post-card-image fusion-post-card-image-1\" data-layout=\"static\" style=\"--awb-margin-bottom:15px;--awb-border-radius-top-left:8px;--awb-border-radius-top-right:8px;--awb-border-radius-bottom-right:8px;--awb-border-radius-bottom-left:8px;\"><div  class=\"fusion-image-wrapper\" aria-haspopup=\"true\">\n\t\t\t\t\t\t\t<a href=\"https:\/\/studentmag.unipr.it\/index.php\/2026\/04\/02\/mettete-dei-fiori-nei-vostri-cannoni-della-laurea\/\" aria-label=\"Mettete dei fiori nei vostri cannoni (della laurea)\">\n\t\t\t\t\t\t\t<img decoding=\"async\" width=\"490\" height=\"213\" src=\"https:\/\/studentmag.unipr.it\/wp-content\/uploads\/2026\/04\/SPARADISIACO-cannone.jpg\" class=\"attachment-full size-full lazyload wp-post-image\" alt=\"\" srcset=\"data:image\/svg+xml,%3Csvg%20xmlns%3D%27http%3A%2F%2Fwww.w3.org%2F2000%2Fsvg%27%20width%3D%27490%27%20height%3D%27213%27%20viewBox%3D%270%200%20490%20213%27%3E%3Crect%20width%3D%27490%27%20height%3D%27213%27%20fill-opacity%3D%220%22%2F%3E%3C%2Fsvg%3E\" data-orig-src=\"https:\/\/studentmag.unipr.it\/wp-content\/uploads\/2026\/04\/SPARADISIACO-cannone.jpg\" data-srcset=\"https:\/\/studentmag.unipr.it\/wp-content\/uploads\/2026\/04\/SPARADISIACO-cannone-200x87.jpg 200w, https:\/\/studentmag.unipr.it\/wp-content\/uploads\/2026\/04\/SPARADISIACO-cannone-400x174.jpg 400w, https:\/\/studentmag.unipr.it\/wp-content\/uploads\/2026\/04\/SPARADISIACO-cannone.jpg 490w\" data-sizes=\"auto\" \/>\t\t\t<\/a>\n\t\t\t\t\t\t\t<\/div>\n<\/div><div class=\"fusion-title title fusion-title-18 fusion-sep-none fusion-title-text fusion-title-size-two\" style=\"--awb-margin-right:5%;--awb-margin-bottom:10px;--awb-margin-left:5%;--awb-margin-left-small:5%;--awb-link-color:hsla(var(--awb-color3-h),var(--awb-color3-s),calc(var(--awb-color3-l) + 10%),var(--awb-color3-a));--awb-link-hover-color:var(--awb-color1);--awb-font-size:25px;\"><h2 class=\"fusion-title-heading title-heading-left fusion-responsive-typography-calculated\" style=\"margin:0;font-size:1em;--fontSize:25;--minFontSize:25;line-height:1.4;\"><a href=\"https:\/\/studentmag.unipr.it\/index.php\/2026\/04\/02\/mettete-dei-fiori-nei-vostri-cannoni-della-laurea\/\" class=\"awb-custom-text-color awb-custom-text-hover-color\" target=\"_self\">Mettete dei fiori nei vostri cannoni (della laurea)<\/a><\/h2><\/div><div class=\"fusion-meta-tb fusion-meta-tb-17 floated\" style=\"--awb-border-bottom:0px;--awb-border-top:0px;--awb-height:36px;--awb-font-size:14px;--awb-margin-bottom:20px;--awb-margin-left:5%;--awb-margin-right:5%;--awb-text-color:var(--awb-color1);--awb-alignment-medium:flex-start;--awb-alignment-small:flex-start;\"><span class=\"fusion-tb-published-date\">Published On: 2 Aprile 2026<\/span><span class=\"fusion-meta-tb-sep\"><\/span><\/div><div class=\"fusion-text fusion-text-17\" style=\"--awb-text-color:hsla(var(--awb-color1-h),var(--awb-color1-s),var(--awb-color1-l),calc(var(--awb-color1-a) - 20%));--awb-margin-right:5%;--awb-margin-left:5%;\"><p>SPARADISIACO \u00e8 un dispositivo progettato da Elena Nardiello e Matteo Di Febo che sostituisce, ai coriandoli in plastica \u201csparati\u201d il giorno della proclamazione, semi e foglie secche: li abbiamo incontrati<\/p>\n<\/div><\/div><\/li>\n<li class=\"fusion-layout-column fusion_builder_column fusion-builder-column-19 fusion-flex-column post-card fusion-grid-column fusion-post-cards-grid-column uni-verso fusion-animated\" style=\"--awb-bg-position:center top;--awb-bg-size:cover;--awb-flex-grow:0;--awb-flex-shrink:0;--awb-flex-grow-medium:0;--awb-flex-shrink-medium:0;--awb-flex-grow-small:0;--awb-flex-shrink-small:0;\"><div class=\"fusion-column-wrapper fusion-column-has-shadow fusion-flex-justify-content-flex-start fusion-content-layout-column\"><div class=\"fusion-classic-product-image-wrapper fusion-woo-product-image fusion-post-card-image fusion-post-card-image-1\" data-layout=\"static\" style=\"--awb-margin-bottom:15px;--awb-border-radius-top-left:8px;--awb-border-radius-top-right:8px;--awb-border-radius-bottom-right:8px;--awb-border-radius-bottom-left:8px;\"><div  class=\"fusion-image-wrapper\" aria-haspopup=\"true\">\n\t\t\t\t\t\t\t<a href=\"https:\/\/studentmag.unipr.it\/index.php\/2026\/04\/01\/30-e-lode-garantito-il-ceag-e-realta\/\" aria-label=\"30 e Lode garantito: il CEAG \u00e8 realt\u00e0!\">\n\t\t\t\t\t\t\t<img decoding=\"async\" width=\"1920\" height=\"1506\" src=\"https:\/\/studentmag.unipr.it\/wp-content\/uploads\/2026\/03\/30-e-lode-scaled-e1774989264848.jpg\" class=\"attachment-full size-full lazyload wp-post-image\" alt=\"\" srcset=\"data:image\/svg+xml,%3Csvg%20xmlns%3D%27http%3A%2F%2Fwww.w3.org%2F2000%2Fsvg%27%20width%3D%271920%27%20height%3D%271506%27%20viewBox%3D%270%200%201920%201506%27%3E%3Crect%20width%3D%271920%27%20height%3D%271506%27%20fill-opacity%3D%220%22%2F%3E%3C%2Fsvg%3E\" data-orig-src=\"https:\/\/studentmag.unipr.it\/wp-content\/uploads\/2026\/03\/30-e-lode-scaled-e1774989264848.jpg\" data-srcset=\"https:\/\/studentmag.unipr.it\/wp-content\/uploads\/2026\/03\/30-e-lode-scaled-e1774989264848-200x157.jpg 200w, https:\/\/studentmag.unipr.it\/wp-content\/uploads\/2026\/03\/30-e-lode-scaled-e1774989264848-400x314.jpg 400w, https:\/\/studentmag.unipr.it\/wp-content\/uploads\/2026\/03\/30-e-lode-scaled-e1774989264848-600x471.jpg 600w, https:\/\/studentmag.unipr.it\/wp-content\/uploads\/2026\/03\/30-e-lode-scaled-e1774989264848-800x628.jpg 800w, https:\/\/studentmag.unipr.it\/wp-content\/uploads\/2026\/03\/30-e-lode-scaled-e1774989264848-1200x941.jpg 1200w, https:\/\/studentmag.unipr.it\/wp-content\/uploads\/2026\/03\/30-e-lode-scaled-e1774989264848.jpg 1920w\" data-sizes=\"auto\" \/>\t\t\t<\/a>\n\t\t\t\t\t\t\t<\/div>\n<\/div><div class=\"fusion-title title fusion-title-19 fusion-sep-none fusion-title-text fusion-title-size-two\" style=\"--awb-margin-right:5%;--awb-margin-bottom:10px;--awb-margin-left:5%;--awb-margin-left-small:5%;--awb-link-color:hsla(var(--awb-color3-h),var(--awb-color3-s),calc(var(--awb-color3-l) + 10%),var(--awb-color3-a));--awb-link-hover-color:var(--awb-color1);--awb-font-size:25px;\"><h2 class=\"fusion-title-heading title-heading-left fusion-responsive-typography-calculated\" style=\"margin:0;font-size:1em;--fontSize:25;--minFontSize:25;line-height:1.4;\"><a href=\"https:\/\/studentmag.unipr.it\/index.php\/2026\/04\/01\/30-e-lode-garantito-il-ceag-e-realta\/\" class=\"awb-custom-text-color awb-custom-text-hover-color\" target=\"_self\">30 e Lode garantito: il CEAG \u00e8 realt\u00e0!<\/a><\/h2><\/div><div class=\"fusion-meta-tb fusion-meta-tb-18 floated\" style=\"--awb-border-bottom:0px;--awb-border-top:0px;--awb-height:36px;--awb-font-size:14px;--awb-margin-bottom:20px;--awb-margin-left:5%;--awb-margin-right:5%;--awb-text-color:var(--awb-color1);--awb-alignment-medium:flex-start;--awb-alignment-small:flex-start;\"><span class=\"fusion-tb-published-date\">Published On: 1 Aprile 2026<\/span><span class=\"fusion-meta-tb-sep\"><\/span><\/div><div class=\"fusion-text fusion-text-18\" style=\"--awb-text-color:hsla(var(--awb-color1-h),var(--awb-color1-s),var(--awb-color1-l),calc(var(--awb-color1-a) - 20%));--awb-margin-right:5%;--awb-margin-left:5%;\"><p>Dopo quasi 3 anni di iter, il Senato Accademico e il Consiglio di Amministrazione approvano il Credito di Eccellenza Accademica Garantita<\/p>\n<\/div><\/div><\/li>\n<li class=\"fusion-layout-column fusion_builder_column fusion-builder-column-20 fusion-flex-column post-card fusion-grid-column fusion-post-cards-grid-column uni-verso fusion-animated\" style=\"--awb-bg-position:center top;--awb-bg-size:cover;--awb-flex-grow:0;--awb-flex-shrink:0;--awb-flex-grow-medium:0;--awb-flex-shrink-medium:0;--awb-flex-grow-small:0;--awb-flex-shrink-small:0;\"><div class=\"fusion-column-wrapper fusion-column-has-shadow fusion-flex-justify-content-flex-start fusion-content-layout-column\"><div class=\"fusion-classic-product-image-wrapper fusion-woo-product-image fusion-post-card-image fusion-post-card-image-1\" data-layout=\"static\" style=\"--awb-margin-bottom:15px;--awb-border-radius-top-left:8px;--awb-border-radius-top-right:8px;--awb-border-radius-bottom-right:8px;--awb-border-radius-bottom-left:8px;\"><div  class=\"fusion-image-wrapper\" aria-haspopup=\"true\">\n\t\t\t\t\t\t\t<a href=\"https:\/\/studentmag.unipr.it\/index.php\/2026\/04\/01\/parma-centro-di-innovazione\/\" aria-label=\"Parma: centro di innovazione\">\n\t\t\t\t\t\t\t<img decoding=\"async\" width=\"1709\" height=\"1532\" src=\"https:\/\/studentmag.unipr.it\/wp-content\/uploads\/2026\/03\/Persone-in-strada-scaled-e1774990796291.jpg\" class=\"attachment-full size-full lazyload wp-post-image\" alt=\"\" srcset=\"data:image\/svg+xml,%3Csvg%20xmlns%3D%27http%3A%2F%2Fwww.w3.org%2F2000%2Fsvg%27%20width%3D%271709%27%20height%3D%271532%27%20viewBox%3D%270%200%201709%201532%27%3E%3Crect%20width%3D%271709%27%20height%3D%271532%27%20fill-opacity%3D%220%22%2F%3E%3C%2Fsvg%3E\" data-orig-src=\"https:\/\/studentmag.unipr.it\/wp-content\/uploads\/2026\/03\/Persone-in-strada-scaled-e1774990796291.jpg\" data-srcset=\"https:\/\/studentmag.unipr.it\/wp-content\/uploads\/2026\/03\/Persone-in-strada-scaled-e1774990796291-200x179.jpg 200w, https:\/\/studentmag.unipr.it\/wp-content\/uploads\/2026\/03\/Persone-in-strada-scaled-e1774990796291-400x359.jpg 400w, https:\/\/studentmag.unipr.it\/wp-content\/uploads\/2026\/03\/Persone-in-strada-scaled-e1774990796291-600x538.jpg 600w, https:\/\/studentmag.unipr.it\/wp-content\/uploads\/2026\/03\/Persone-in-strada-scaled-e1774990796291-800x717.jpg 800w, https:\/\/studentmag.unipr.it\/wp-content\/uploads\/2026\/03\/Persone-in-strada-scaled-e1774990796291-1200x1076.jpg 1200w, https:\/\/studentmag.unipr.it\/wp-content\/uploads\/2026\/03\/Persone-in-strada-scaled-e1774990796291.jpg 1709w\" data-sizes=\"auto\" \/>\t\t\t<\/a>\n\t\t\t\t\t\t\t<\/div>\n<\/div><div class=\"fusion-title title fusion-title-20 fusion-sep-none fusion-title-text fusion-title-size-two\" style=\"--awb-margin-right:5%;--awb-margin-bottom:10px;--awb-margin-left:5%;--awb-margin-left-small:5%;--awb-link-color:hsla(var(--awb-color3-h),var(--awb-color3-s),calc(var(--awb-color3-l) + 10%),var(--awb-color3-a));--awb-link-hover-color:var(--awb-color1);--awb-font-size:25px;\"><h2 class=\"fusion-title-heading title-heading-left fusion-responsive-typography-calculated\" style=\"margin:0;font-size:1em;--fontSize:25;--minFontSize:25;line-height:1.4;\"><a href=\"https:\/\/studentmag.unipr.it\/index.php\/2026\/04\/01\/parma-centro-di-innovazione\/\" class=\"awb-custom-text-color awb-custom-text-hover-color\" target=\"_self\">Parma: centro di innovazione<\/a><\/h2><\/div><div class=\"fusion-meta-tb fusion-meta-tb-19 floated\" style=\"--awb-border-bottom:0px;--awb-border-top:0px;--awb-height:36px;--awb-font-size:14px;--awb-margin-bottom:20px;--awb-margin-left:5%;--awb-margin-right:5%;--awb-text-color:var(--awb-color1);--awb-alignment-medium:flex-start;--awb-alignment-small:flex-start;\"><span class=\"fusion-tb-published-date\">Published On: 1 Aprile 2026<\/span><span class=\"fusion-meta-tb-sep\"><\/span><\/div><div class=\"fusion-text fusion-text-19\" style=\"--awb-text-color:hsla(var(--awb-color1-h),var(--awb-color1-s),var(--awb-color1-l),calc(var(--awb-color1-a) - 20%));--awb-margin-right:5%;--awb-margin-left:5%;\"><p>Un'iniziativa dalla portata nazionale ridisegna il modo di vivere l'universit\u00e0<\/p>\n<\/div><\/div><\/li>\n<li class=\"fusion-layout-column fusion_builder_column fusion-builder-column-21 fusion-flex-column post-card fusion-grid-column fusion-post-cards-grid-column cool-tura fusion-animated\" style=\"--awb-bg-position:center top;--awb-bg-size:cover;--awb-flex-grow:0;--awb-flex-shrink:0;--awb-flex-grow-medium:0;--awb-flex-shrink-medium:0;--awb-flex-grow-small:0;--awb-flex-shrink-small:0;\"><div class=\"fusion-column-wrapper fusion-column-has-shadow fusion-flex-justify-content-flex-start fusion-content-layout-column\"><div class=\"fusion-classic-product-image-wrapper fusion-woo-product-image fusion-post-card-image fusion-post-card-image-1\" data-layout=\"static\" style=\"--awb-margin-bottom:15px;--awb-border-radius-top-left:8px;--awb-border-radius-top-right:8px;--awb-border-radius-bottom-right:8px;--awb-border-radius-bottom-left:8px;\"><div  class=\"fusion-image-wrapper\" aria-haspopup=\"true\">\n\t\t\t\t\t\t\t<a href=\"https:\/\/studentmag.unipr.it\/index.php\/2026\/03\/31\/quando-i-libri-salvano-le-persone\/\" aria-label=\"Quando i libri salvano le persone\">\n\t\t\t\t\t\t\t<img decoding=\"async\" width=\"838\" height=\"651\" src=\"https:\/\/studentmag.unipr.it\/wp-content\/uploads\/2026\/02\/La-libreria-sulla-collina.jpg\" class=\"attachment-full size-full lazyload wp-post-image\" alt=\"\" srcset=\"data:image\/svg+xml,%3Csvg%20xmlns%3D%27http%3A%2F%2Fwww.w3.org%2F2000%2Fsvg%27%20width%3D%27838%27%20height%3D%27651%27%20viewBox%3D%270%200%20838%20651%27%3E%3Crect%20width%3D%27838%27%20height%3D%27651%27%20fill-opacity%3D%220%22%2F%3E%3C%2Fsvg%3E\" data-orig-src=\"https:\/\/studentmag.unipr.it\/wp-content\/uploads\/2026\/02\/La-libreria-sulla-collina.jpg\" data-srcset=\"https:\/\/studentmag.unipr.it\/wp-content\/uploads\/2026\/02\/La-libreria-sulla-collina-200x155.jpg 200w, https:\/\/studentmag.unipr.it\/wp-content\/uploads\/2026\/02\/La-libreria-sulla-collina-400x311.jpg 400w, https:\/\/studentmag.unipr.it\/wp-content\/uploads\/2026\/02\/La-libreria-sulla-collina-600x466.jpg 600w, https:\/\/studentmag.unipr.it\/wp-content\/uploads\/2026\/02\/La-libreria-sulla-collina-800x621.jpg 800w, https:\/\/studentmag.unipr.it\/wp-content\/uploads\/2026\/02\/La-libreria-sulla-collina.jpg 838w\" data-sizes=\"auto\" \/>\t\t\t<\/a>\n\t\t\t\t\t\t\t<\/div>\n<\/div><div class=\"fusion-title title fusion-title-21 fusion-sep-none fusion-title-text fusion-title-size-two\" style=\"--awb-margin-right:5%;--awb-margin-bottom:10px;--awb-margin-left:5%;--awb-margin-left-small:5%;--awb-link-color:hsla(var(--awb-color3-h),var(--awb-color3-s),calc(var(--awb-color3-l) + 10%),var(--awb-color3-a));--awb-link-hover-color:var(--awb-color1);--awb-font-size:25px;\"><h2 class=\"fusion-title-heading title-heading-left fusion-responsive-typography-calculated\" style=\"margin:0;font-size:1em;--fontSize:25;--minFontSize:25;line-height:1.4;\"><a href=\"https:\/\/studentmag.unipr.it\/index.php\/2026\/03\/31\/quando-i-libri-salvano-le-persone\/\" class=\"awb-custom-text-color awb-custom-text-hover-color\" target=\"_self\">Quando i libri salvano le persone<\/a><\/h2><\/div><div class=\"fusion-meta-tb fusion-meta-tb-20 floated\" style=\"--awb-border-bottom:0px;--awb-border-top:0px;--awb-height:36px;--awb-font-size:14px;--awb-margin-bottom:20px;--awb-margin-left:5%;--awb-margin-right:5%;--awb-text-color:var(--awb-color1);--awb-alignment-medium:flex-start;--awb-alignment-small:flex-start;\"><span class=\"fusion-tb-published-date\">Published On: 31 Marzo 2026<\/span><span class=\"fusion-meta-tb-sep\"><\/span><\/div><div class=\"fusion-text fusion-text-20\" style=\"--awb-text-color:hsla(var(--awb-color1-h),var(--awb-color1-s),var(--awb-color1-l),calc(var(--awb-color1-a) - 20%));--awb-margin-right:5%;--awb-margin-left:5%;\"><p>Abbiamo letto Alba Donati e la sua \u201a\u2018Libreria sulla collina\u2018<\/p>\n<\/div><\/div><\/li>\n<li class=\"fusion-layout-column fusion_builder_column fusion-builder-column-22 fusion-flex-column post-card fusion-grid-column fusion-post-cards-grid-column pov-point-of-view fusion-animated\" style=\"--awb-bg-position:center top;--awb-bg-size:cover;--awb-flex-grow:0;--awb-flex-shrink:0;--awb-flex-grow-medium:0;--awb-flex-shrink-medium:0;--awb-flex-grow-small:0;--awb-flex-shrink-small:0;\"><div class=\"fusion-column-wrapper fusion-column-has-shadow fusion-flex-justify-content-flex-start fusion-content-layout-column\"><div class=\"fusion-classic-product-image-wrapper fusion-woo-product-image fusion-post-card-image fusion-post-card-image-1\" data-layout=\"static\" style=\"--awb-margin-bottom:15px;--awb-border-radius-top-left:8px;--awb-border-radius-top-right:8px;--awb-border-radius-bottom-right:8px;--awb-border-radius-bottom-left:8px;\"><div  class=\"fusion-image-wrapper\" aria-haspopup=\"true\">\n\t\t\t\t\t\t\t<a href=\"https:\/\/studentmag.unipr.it\/index.php\/2026\/03\/30\/franscesca-gabrielli-la-musica-di-insieme-e-educazione-alla-societa\/\" aria-label=\"Francesca Gabrielli: la musica d&#8217;insieme \u00e8 educazione alla societ\u00e0\">\n\t\t\t\t\t\t\t<img decoding=\"async\" width=\"416\" height=\"765\" src=\"https:\/\/studentmag.unipr.it\/wp-content\/uploads\/2026\/03\/Francesca-Gabrielli-e1773847095640.jpeg\" class=\"attachment-full size-full lazyload wp-post-image\" alt=\"\" srcset=\"data:image\/svg+xml,%3Csvg%20xmlns%3D%27http%3A%2F%2Fwww.w3.org%2F2000%2Fsvg%27%20width%3D%27416%27%20height%3D%27765%27%20viewBox%3D%270%200%20416%20765%27%3E%3Crect%20width%3D%27416%27%20height%3D%27765%27%20fill-opacity%3D%220%22%2F%3E%3C%2Fsvg%3E\" data-orig-src=\"https:\/\/studentmag.unipr.it\/wp-content\/uploads\/2026\/03\/Francesca-Gabrielli-e1773847095640.jpeg\" data-srcset=\"https:\/\/studentmag.unipr.it\/wp-content\/uploads\/2026\/03\/Francesca-Gabrielli-e1773847095640-200x368.jpeg 200w, https:\/\/studentmag.unipr.it\/wp-content\/uploads\/2026\/03\/Francesca-Gabrielli-e1773847095640-400x736.jpeg 400w, https:\/\/studentmag.unipr.it\/wp-content\/uploads\/2026\/03\/Francesca-Gabrielli-e1773847095640.jpeg 416w\" data-sizes=\"auto\" \/>\t\t\t<\/a>\n\t\t\t\t\t\t\t<\/div>\n<\/div><div class=\"fusion-title title fusion-title-22 fusion-sep-none fusion-title-text fusion-title-size-two\" style=\"--awb-margin-right:5%;--awb-margin-bottom:10px;--awb-margin-left:5%;--awb-margin-left-small:5%;--awb-link-color:hsla(var(--awb-color3-h),var(--awb-color3-s),calc(var(--awb-color3-l) + 10%),var(--awb-color3-a));--awb-link-hover-color:var(--awb-color1);--awb-font-size:25px;\"><h2 class=\"fusion-title-heading title-heading-left fusion-responsive-typography-calculated\" style=\"margin:0;font-size:1em;--fontSize:25;--minFontSize:25;line-height:1.4;\"><a href=\"https:\/\/studentmag.unipr.it\/index.php\/2026\/03\/30\/franscesca-gabrielli-la-musica-di-insieme-e-educazione-alla-societa\/\" class=\"awb-custom-text-color awb-custom-text-hover-color\" target=\"_self\">Francesca Gabrielli: la musica d&#8217;insieme \u00e8 educazione alla societ\u00e0<\/a><\/h2><\/div><div class=\"fusion-meta-tb fusion-meta-tb-21 floated\" style=\"--awb-border-bottom:0px;--awb-border-top:0px;--awb-height:36px;--awb-font-size:14px;--awb-margin-bottom:20px;--awb-margin-left:5%;--awb-margin-right:5%;--awb-text-color:var(--awb-color1);--awb-alignment-medium:flex-start;--awb-alignment-small:flex-start;\"><span class=\"fusion-tb-published-date\">Published On: 30 Marzo 2026<\/span><span class=\"fusion-meta-tb-sep\"><\/span><\/div><div class=\"fusion-text fusion-text-21\" style=\"--awb-text-color:hsla(var(--awb-color1-h),var(--awb-color1-s),var(--awb-color1-l),calc(var(--awb-color1-a) - 20%));--awb-margin-right:5%;--awb-margin-left:5%;\"><p>Intervista alla fondatrice dell\u2019associazione Rapsody<\/p>\n<\/div><\/div><\/li>\n<li class=\"fusion-layout-column fusion_builder_column fusion-builder-column-23 fusion-flex-column post-card fusion-grid-column fusion-post-cards-grid-column cool-tura fusion-animated\" style=\"--awb-bg-position:center top;--awb-bg-size:cover;--awb-flex-grow:0;--awb-flex-shrink:0;--awb-flex-grow-medium:0;--awb-flex-shrink-medium:0;--awb-flex-grow-small:0;--awb-flex-shrink-small:0;\"><div class=\"fusion-column-wrapper fusion-column-has-shadow fusion-flex-justify-content-flex-start fusion-content-layout-column\"><div class=\"fusion-classic-product-image-wrapper fusion-woo-product-image fusion-post-card-image fusion-post-card-image-1\" data-layout=\"static\" style=\"--awb-margin-bottom:15px;--awb-border-radius-top-left:8px;--awb-border-radius-top-right:8px;--awb-border-radius-bottom-right:8px;--awb-border-radius-bottom-left:8px;\"><div  class=\"fusion-image-wrapper\" aria-haspopup=\"true\">\n\t\t\t\t\t\t\t<a href=\"https:\/\/studentmag.unipr.it\/index.php\/2026\/03\/29\/quella-camera-in-via-margutta\/\" aria-label=\"Quella camera in via Margutta\">\n\t\t\t\t\t\t\t<img decoding=\"async\" width=\"502\" height=\"800\" src=\"https:\/\/studentmag.unipr.it\/wp-content\/uploads\/2026\/02\/Roma-Capovolta.jpg\" class=\"attachment-full size-full lazyload wp-post-image\" alt=\"\" srcset=\"data:image\/svg+xml,%3Csvg%20xmlns%3D%27http%3A%2F%2Fwww.w3.org%2F2000%2Fsvg%27%20width%3D%27502%27%20height%3D%27800%27%20viewBox%3D%270%200%20502%20800%27%3E%3Crect%20width%3D%27502%27%20height%3D%27800%27%20fill-opacity%3D%220%22%2F%3E%3C%2Fsvg%3E\" data-orig-src=\"https:\/\/studentmag.unipr.it\/wp-content\/uploads\/2026\/02\/Roma-Capovolta.jpg\" data-srcset=\"https:\/\/studentmag.unipr.it\/wp-content\/uploads\/2026\/02\/Roma-Capovolta-200x319.jpg 200w, https:\/\/studentmag.unipr.it\/wp-content\/uploads\/2026\/02\/Roma-Capovolta-400x637.jpg 400w, https:\/\/studentmag.unipr.it\/wp-content\/uploads\/2026\/02\/Roma-Capovolta.jpg 502w\" data-sizes=\"auto\" \/>\t\t\t<\/a>\n\t\t\t\t\t\t\t<\/div>\n<\/div><div class=\"fusion-title title fusion-title-23 fusion-sep-none fusion-title-text fusion-title-size-two\" style=\"--awb-margin-right:5%;--awb-margin-bottom:10px;--awb-margin-left:5%;--awb-margin-left-small:5%;--awb-link-color:hsla(var(--awb-color3-h),var(--awb-color3-s),calc(var(--awb-color3-l) + 10%),var(--awb-color3-a));--awb-link-hover-color:var(--awb-color1);--awb-font-size:25px;\"><h2 class=\"fusion-title-heading title-heading-left fusion-responsive-typography-calculated\" style=\"margin:0;font-size:1em;--fontSize:25;--minFontSize:25;line-height:1.4;\"><a href=\"https:\/\/studentmag.unipr.it\/index.php\/2026\/03\/29\/quella-camera-in-via-margutta\/\" class=\"awb-custom-text-color awb-custom-text-hover-color\" target=\"_self\">Quella camera in via Margutta<\/a><\/h2><\/div><div class=\"fusion-meta-tb fusion-meta-tb-22 floated\" style=\"--awb-border-bottom:0px;--awb-border-top:0px;--awb-height:36px;--awb-font-size:14px;--awb-margin-bottom:20px;--awb-margin-left:5%;--awb-margin-right:5%;--awb-text-color:var(--awb-color1);--awb-alignment-medium:flex-start;--awb-alignment-small:flex-start;\"><span class=\"fusion-tb-published-date\">Published On: 29 Marzo 2026<\/span><span class=\"fusion-meta-tb-sep\"><\/span><\/div><div class=\"fusion-text fusion-text-22\" style=\"--awb-text-color:hsla(var(--awb-color1-h),var(--awb-color1-s),var(--awb-color1-l),calc(var(--awb-color1-a) - 20%));--awb-margin-right:5%;--awb-margin-left:5%;\"><p>In \u2018Roma capovolta\u2019, Gi\u00f2 Stajano rivendica il diritto all\u2019autodeterminazione sessuale<\/p>\n<\/div><\/div><\/li>\n<li class=\"fusion-layout-column fusion_builder_column fusion-builder-column-24 fusion-flex-column post-card fusion-grid-column fusion-post-cards-grid-column uni-verso fusion-animated\" style=\"--awb-bg-position:center top;--awb-bg-size:cover;--awb-flex-grow:0;--awb-flex-shrink:0;--awb-flex-grow-medium:0;--awb-flex-shrink-medium:0;--awb-flex-grow-small:0;--awb-flex-shrink-small:0;\"><div class=\"fusion-column-wrapper fusion-column-has-shadow fusion-flex-justify-content-flex-start fusion-content-layout-column\"><div class=\"fusion-classic-product-image-wrapper fusion-woo-product-image fusion-post-card-image fusion-post-card-image-1\" data-layout=\"static\" style=\"--awb-margin-bottom:15px;--awb-border-radius-top-left:8px;--awb-border-radius-top-right:8px;--awb-border-radius-bottom-right:8px;--awb-border-radius-bottom-left:8px;\"><div  class=\"fusion-image-wrapper\" aria-haspopup=\"true\">\n\t\t\t\t\t\t\t<a href=\"https:\/\/studentmag.unipr.it\/index.php\/2026\/03\/28\/dove-mongolia-e-parma-si-incontrano\/\" aria-label=\"Dove Mongolia e Parma si incontrano\">\n\t\t\t\t\t\t\t<img decoding=\"async\" width=\"1473\" height=\"1105\" src=\"https:\/\/studentmag.unipr.it\/wp-content\/uploads\/2026\/03\/Mongolia-copertina.jpg\" class=\"attachment-full size-full lazyload wp-post-image\" alt=\"\" srcset=\"data:image\/svg+xml,%3Csvg%20xmlns%3D%27http%3A%2F%2Fwww.w3.org%2F2000%2Fsvg%27%20width%3D%271473%27%20height%3D%271105%27%20viewBox%3D%270%200%201473%201105%27%3E%3Crect%20width%3D%271473%27%20height%3D%271105%27%20fill-opacity%3D%220%22%2F%3E%3C%2Fsvg%3E\" data-orig-src=\"https:\/\/studentmag.unipr.it\/wp-content\/uploads\/2026\/03\/Mongolia-copertina.jpg\" data-srcset=\"https:\/\/studentmag.unipr.it\/wp-content\/uploads\/2026\/03\/Mongolia-copertina-200x150.jpg 200w, https:\/\/studentmag.unipr.it\/wp-content\/uploads\/2026\/03\/Mongolia-copertina-400x300.jpg 400w, https:\/\/studentmag.unipr.it\/wp-content\/uploads\/2026\/03\/Mongolia-copertina-600x450.jpg 600w, https:\/\/studentmag.unipr.it\/wp-content\/uploads\/2026\/03\/Mongolia-copertina-800x600.jpg 800w, https:\/\/studentmag.unipr.it\/wp-content\/uploads\/2026\/03\/Mongolia-copertina-1200x900.jpg 1200w, https:\/\/studentmag.unipr.it\/wp-content\/uploads\/2026\/03\/Mongolia-copertina.jpg 1473w\" data-sizes=\"auto\" \/>\t\t\t<\/a>\n\t\t\t\t\t\t\t<\/div>\n<\/div><div class=\"fusion-title title fusion-title-24 fusion-sep-none fusion-title-text fusion-title-size-two\" style=\"--awb-margin-right:5%;--awb-margin-bottom:10px;--awb-margin-left:5%;--awb-margin-left-small:5%;--awb-link-color:hsla(var(--awb-color3-h),var(--awb-color3-s),calc(var(--awb-color3-l) + 10%),var(--awb-color3-a));--awb-link-hover-color:var(--awb-color1);--awb-font-size:25px;\"><h2 class=\"fusion-title-heading title-heading-left fusion-responsive-typography-calculated\" style=\"margin:0;font-size:1em;--fontSize:25;--minFontSize:25;line-height:1.4;\"><a href=\"https:\/\/studentmag.unipr.it\/index.php\/2026\/03\/28\/dove-mongolia-e-parma-si-incontrano\/\" class=\"awb-custom-text-color awb-custom-text-hover-color\" target=\"_self\">Dove Mongolia e Parma si incontrano<\/a><\/h2><\/div><div class=\"fusion-meta-tb fusion-meta-tb-23 floated\" style=\"--awb-border-bottom:0px;--awb-border-top:0px;--awb-height:36px;--awb-font-size:14px;--awb-margin-bottom:20px;--awb-margin-left:5%;--awb-margin-right:5%;--awb-text-color:var(--awb-color1);--awb-alignment-medium:flex-start;--awb-alignment-small:flex-start;\"><span class=\"fusion-tb-published-date\">Published On: 28 Marzo 2026<\/span><span class=\"fusion-meta-tb-sep\"><\/span><\/div><div class=\"fusion-text fusion-text-23\" style=\"--awb-text-color:hsla(var(--awb-color1-h),var(--awb-color1-s),var(--awb-color1-l),calc(var(--awb-color1-a) - 20%));--awb-margin-right:5%;--awb-margin-left:5%;\"><p>La professoressa Tosi Cambini racconta il centro naMec<\/p>\n<\/div><\/div><\/li>\n<li class=\"fusion-layout-column fusion_builder_column fusion-builder-column-25 fusion-flex-column post-card fusion-grid-column fusion-post-cards-grid-column uni-verso fusion-animated\" style=\"--awb-bg-position:center top;--awb-bg-size:cover;--awb-flex-grow:0;--awb-flex-shrink:0;--awb-flex-grow-medium:0;--awb-flex-shrink-medium:0;--awb-flex-grow-small:0;--awb-flex-shrink-small:0;\"><div class=\"fusion-column-wrapper fusion-column-has-shadow fusion-flex-justify-content-flex-start fusion-content-layout-column\"><div class=\"fusion-classic-product-image-wrapper fusion-woo-product-image fusion-post-card-image fusion-post-card-image-1\" data-layout=\"static\" style=\"--awb-margin-bottom:15px;--awb-border-radius-top-left:8px;--awb-border-radius-top-right:8px;--awb-border-radius-bottom-right:8px;--awb-border-radius-bottom-left:8px;\"><div  class=\"fusion-image-wrapper\" aria-haspopup=\"true\">\n\t\t\t\t\t\t\t<a href=\"https:\/\/studentmag.unipr.it\/index.php\/2026\/03\/27\/connessi-sempre-insight\/\" aria-label=\"Connessi sempre: \u2018Insight\u2019\">\n\t\t\t\t\t\t\t<img decoding=\"async\" width=\"1618\" height=\"1120\" src=\"https:\/\/studentmag.unipr.it\/wp-content\/uploads\/2026\/03\/Insight-copertina-e1774560527284.jpg\" class=\"attachment-full size-full lazyload wp-post-image\" alt=\"\" srcset=\"data:image\/svg+xml,%3Csvg%20xmlns%3D%27http%3A%2F%2Fwww.w3.org%2F2000%2Fsvg%27%20width%3D%271618%27%20height%3D%271120%27%20viewBox%3D%270%200%201618%201120%27%3E%3Crect%20width%3D%271618%27%20height%3D%271120%27%20fill-opacity%3D%220%22%2F%3E%3C%2Fsvg%3E\" data-orig-src=\"https:\/\/studentmag.unipr.it\/wp-content\/uploads\/2026\/03\/Insight-copertina-e1774560527284.jpg\" data-srcset=\"https:\/\/studentmag.unipr.it\/wp-content\/uploads\/2026\/03\/Insight-copertina-e1774560527284-200x138.jpg 200w, https:\/\/studentmag.unipr.it\/wp-content\/uploads\/2026\/03\/Insight-copertina-e1774560527284-400x277.jpg 400w, https:\/\/studentmag.unipr.it\/wp-content\/uploads\/2026\/03\/Insight-copertina-e1774560527284-600x415.jpg 600w, https:\/\/studentmag.unipr.it\/wp-content\/uploads\/2026\/03\/Insight-copertina-e1774560527284-800x554.jpg 800w, https:\/\/studentmag.unipr.it\/wp-content\/uploads\/2026\/03\/Insight-copertina-e1774560527284-1200x831.jpg 1200w, https:\/\/studentmag.unipr.it\/wp-content\/uploads\/2026\/03\/Insight-copertina-e1774560527284.jpg 1618w\" data-sizes=\"auto\" \/>\t\t\t<\/a>\n\t\t\t\t\t\t\t<\/div>\n<\/div><div class=\"fusion-title title fusion-title-25 fusion-sep-none fusion-title-text fusion-title-size-two\" style=\"--awb-margin-right:5%;--awb-margin-bottom:10px;--awb-margin-left:5%;--awb-margin-left-small:5%;--awb-link-color:hsla(var(--awb-color3-h),var(--awb-color3-s),calc(var(--awb-color3-l) + 10%),var(--awb-color3-a));--awb-link-hover-color:var(--awb-color1);--awb-font-size:25px;\"><h2 class=\"fusion-title-heading title-heading-left fusion-responsive-typography-calculated\" style=\"margin:0;font-size:1em;--fontSize:25;--minFontSize:25;line-height:1.4;\"><a href=\"https:\/\/studentmag.unipr.it\/index.php\/2026\/03\/27\/connessi-sempre-insight\/\" class=\"awb-custom-text-color awb-custom-text-hover-color\" target=\"_self\">Connessi sempre: \u2018Insight\u2019<\/a><\/h2><\/div><div class=\"fusion-meta-tb fusion-meta-tb-24 floated\" style=\"--awb-border-bottom:0px;--awb-border-top:0px;--awb-height:36px;--awb-font-size:14px;--awb-margin-bottom:20px;--awb-margin-left:5%;--awb-margin-right:5%;--awb-text-color:var(--awb-color1);--awb-alignment-medium:flex-start;--awb-alignment-small:flex-start;\"><span class=\"fusion-tb-published-date\">Published On: 27 Marzo 2026<\/span><span class=\"fusion-meta-tb-sep\"><\/span><\/div><div class=\"fusion-text fusion-text-24\" style=\"--awb-text-color:hsla(var(--awb-color1-h),var(--awb-color1-s),var(--awb-color1-l),calc(var(--awb-color1-a) - 20%));--awb-margin-right:5%;--awb-margin-left:5%;\"><p>Lo spettacolo del CUT (Centro Universitario Teatrale) andato in scena venerd\u00ec scorso in Aula Magna<\/p>\n<\/div><\/div><\/li>\n<li class=\"fusion-layout-column fusion_builder_column fusion-builder-column-26 fusion-flex-column post-card fusion-grid-column fusion-post-cards-grid-column cool-tura fusion-animated\" style=\"--awb-bg-position:center top;--awb-bg-size:cover;--awb-flex-grow:0;--awb-flex-shrink:0;--awb-flex-grow-medium:0;--awb-flex-shrink-medium:0;--awb-flex-grow-small:0;--awb-flex-shrink-small:0;\"><div class=\"fusion-column-wrapper fusion-column-has-shadow fusion-flex-justify-content-flex-start fusion-content-layout-column\"><div class=\"fusion-classic-product-image-wrapper fusion-woo-product-image fusion-post-card-image fusion-post-card-image-1\" data-layout=\"static\" style=\"--awb-margin-bottom:15px;--awb-border-radius-top-left:8px;--awb-border-radius-top-right:8px;--awb-border-radius-bottom-right:8px;--awb-border-radius-bottom-left:8px;\"><div  class=\"fusion-image-wrapper\" aria-haspopup=\"true\">\n\t\t\t\t\t\t\t<a href=\"https:\/\/studentmag.unipr.it\/index.php\/2026\/03\/26\/happy-birthday-mr-president\/\" aria-label=\"Happy birthday, Mr President\">\n\t\t\t\t\t\t\t<img decoding=\"async\" width=\"1340\" height=\"616\" src=\"https:\/\/studentmag.unipr.it\/wp-content\/uploads\/2026\/03\/Happy-Birthday-Mr-President-copertina.jpg\" class=\"attachment-full size-full lazyload wp-post-image\" alt=\"\" srcset=\"data:image\/svg+xml,%3Csvg%20xmlns%3D%27http%3A%2F%2Fwww.w3.org%2F2000%2Fsvg%27%20width%3D%271340%27%20height%3D%27616%27%20viewBox%3D%270%200%201340%20616%27%3E%3Crect%20width%3D%271340%27%20height%3D%27616%27%20fill-opacity%3D%220%22%2F%3E%3C%2Fsvg%3E\" data-orig-src=\"https:\/\/studentmag.unipr.it\/wp-content\/uploads\/2026\/03\/Happy-Birthday-Mr-President-copertina.jpg\" data-srcset=\"https:\/\/studentmag.unipr.it\/wp-content\/uploads\/2026\/03\/Happy-Birthday-Mr-President-copertina-200x92.jpg 200w, https:\/\/studentmag.unipr.it\/wp-content\/uploads\/2026\/03\/Happy-Birthday-Mr-President-copertina-400x184.jpg 400w, https:\/\/studentmag.unipr.it\/wp-content\/uploads\/2026\/03\/Happy-Birthday-Mr-President-copertina-600x276.jpg 600w, https:\/\/studentmag.unipr.it\/wp-content\/uploads\/2026\/03\/Happy-Birthday-Mr-President-copertina-800x368.jpg 800w, https:\/\/studentmag.unipr.it\/wp-content\/uploads\/2026\/03\/Happy-Birthday-Mr-President-copertina-1200x552.jpg 1200w, https:\/\/studentmag.unipr.it\/wp-content\/uploads\/2026\/03\/Happy-Birthday-Mr-President-copertina.jpg 1340w\" data-sizes=\"auto\" \/>\t\t\t<\/a>\n\t\t\t\t\t\t\t<\/div>\n<\/div><div class=\"fusion-title title fusion-title-26 fusion-sep-none fusion-title-text fusion-title-size-two\" style=\"--awb-margin-right:5%;--awb-margin-bottom:10px;--awb-margin-left:5%;--awb-margin-left-small:5%;--awb-link-color:hsla(var(--awb-color3-h),var(--awb-color3-s),calc(var(--awb-color3-l) + 10%),var(--awb-color3-a));--awb-link-hover-color:var(--awb-color1);--awb-font-size:25px;\"><h2 class=\"fusion-title-heading title-heading-left fusion-responsive-typography-calculated\" style=\"margin:0;font-size:1em;--fontSize:25;--minFontSize:25;line-height:1.4;\"><a href=\"https:\/\/studentmag.unipr.it\/index.php\/2026\/03\/26\/happy-birthday-mr-president\/\" class=\"awb-custom-text-color awb-custom-text-hover-color\" target=\"_self\">Happy birthday, Mr President<\/a><\/h2><\/div><div class=\"fusion-meta-tb fusion-meta-tb-25 floated\" style=\"--awb-border-bottom:0px;--awb-border-top:0px;--awb-height:36px;--awb-font-size:14px;--awb-margin-bottom:20px;--awb-margin-left:5%;--awb-margin-right:5%;--awb-text-color:var(--awb-color1);--awb-alignment-medium:flex-start;--awb-alignment-small:flex-start;\"><span class=\"fusion-tb-published-date\">Published On: 26 Marzo 2026<\/span><span class=\"fusion-meta-tb-sep\"><\/span><\/div><div class=\"fusion-text fusion-text-25\" style=\"--awb-text-color:hsla(var(--awb-color1-h),var(--awb-color1-s),var(--awb-color1-l),calc(var(--awb-color1-a) - 20%));--awb-margin-right:5%;--awb-margin-left:5%;\"><p>\u2018La torta del presidente\u2019 \u00e8 un\u2019avventura rocambolesca nelle ombre dell\u2019Iraq degli anni Novanta<\/p>\n<\/div><\/div><\/li>\n<li class=\"fusion-layout-column fusion_builder_column fusion-builder-column-27 fusion-flex-column post-card fusion-grid-column fusion-post-cards-grid-column cool-tura fusion-animated\" style=\"--awb-bg-position:center top;--awb-bg-size:cover;--awb-flex-grow:0;--awb-flex-shrink:0;--awb-flex-grow-medium:0;--awb-flex-shrink-medium:0;--awb-flex-grow-small:0;--awb-flex-shrink-small:0;\"><div class=\"fusion-column-wrapper fusion-column-has-shadow fusion-flex-justify-content-flex-start fusion-content-layout-column\"><div class=\"fusion-classic-product-image-wrapper fusion-woo-product-image fusion-post-card-image fusion-post-card-image-1\" data-layout=\"static\" style=\"--awb-margin-bottom:15px;--awb-border-radius-top-left:8px;--awb-border-radius-top-right:8px;--awb-border-radius-bottom-right:8px;--awb-border-radius-bottom-left:8px;\"><div  class=\"fusion-image-wrapper\" aria-haspopup=\"true\">\n\t\t\t\t\t\t\t<a href=\"https:\/\/studentmag.unipr.it\/index.php\/2026\/03\/25\/harry-styles-ci-fa-ballare-e-commuovere\/\" aria-label=\"Harry Styles ci fa ballare\u2026 e commuovere\">\n\t\t\t\t\t\t\t<img decoding=\"async\" width=\"1080\" height=\"640\" src=\"https:\/\/studentmag.unipr.it\/wp-content\/uploads\/2026\/03\/Kiss-All-The-Time-e1774385921870.jpg\" class=\"attachment-full size-full lazyload wp-post-image\" alt=\"\" srcset=\"data:image\/svg+xml,%3Csvg%20xmlns%3D%27http%3A%2F%2Fwww.w3.org%2F2000%2Fsvg%27%20width%3D%271080%27%20height%3D%27640%27%20viewBox%3D%270%200%201080%20640%27%3E%3Crect%20width%3D%271080%27%20height%3D%27640%27%20fill-opacity%3D%220%22%2F%3E%3C%2Fsvg%3E\" data-orig-src=\"https:\/\/studentmag.unipr.it\/wp-content\/uploads\/2026\/03\/Kiss-All-The-Time-e1774385921870.jpg\" data-srcset=\"https:\/\/studentmag.unipr.it\/wp-content\/uploads\/2026\/03\/Kiss-All-The-Time-e1774385921870-200x119.jpg 200w, https:\/\/studentmag.unipr.it\/wp-content\/uploads\/2026\/03\/Kiss-All-The-Time-e1774385921870-400x237.jpg 400w, https:\/\/studentmag.unipr.it\/wp-content\/uploads\/2026\/03\/Kiss-All-The-Time-e1774385921870-600x356.jpg 600w, https:\/\/studentmag.unipr.it\/wp-content\/uploads\/2026\/03\/Kiss-All-The-Time-e1774385921870-800x474.jpg 800w, https:\/\/studentmag.unipr.it\/wp-content\/uploads\/2026\/03\/Kiss-All-The-Time-e1774385921870.jpg 1080w\" data-sizes=\"auto\" \/>\t\t\t<\/a>\n\t\t\t\t\t\t\t<\/div>\n<\/div><div class=\"fusion-title title fusion-title-27 fusion-sep-none fusion-title-text fusion-title-size-two\" style=\"--awb-margin-right:5%;--awb-margin-bottom:10px;--awb-margin-left:5%;--awb-margin-left-small:5%;--awb-link-color:hsla(var(--awb-color3-h),var(--awb-color3-s),calc(var(--awb-color3-l) + 10%),var(--awb-color3-a));--awb-link-hover-color:var(--awb-color1);--awb-font-size:25px;\"><h2 class=\"fusion-title-heading title-heading-left fusion-responsive-typography-calculated\" style=\"margin:0;font-size:1em;--fontSize:25;--minFontSize:25;line-height:1.4;\"><a href=\"https:\/\/studentmag.unipr.it\/index.php\/2026\/03\/25\/harry-styles-ci-fa-ballare-e-commuovere\/\" class=\"awb-custom-text-color awb-custom-text-hover-color\" target=\"_self\">Harry Styles ci fa ballare\u2026 e commuovere<\/a><\/h2><\/div><div class=\"fusion-meta-tb fusion-meta-tb-26 floated\" style=\"--awb-border-bottom:0px;--awb-border-top:0px;--awb-height:36px;--awb-font-size:14px;--awb-margin-bottom:20px;--awb-margin-left:5%;--awb-margin-right:5%;--awb-text-color:var(--awb-color1);--awb-alignment-medium:flex-start;--awb-alignment-small:flex-start;\"><span class=\"fusion-tb-published-date\">Published On: 25 Marzo 2026<\/span><span class=\"fusion-meta-tb-sep\"><\/span><\/div><div class=\"fusion-text fusion-text-26\" style=\"--awb-text-color:hsla(var(--awb-color1-h),var(--awb-color1-s),var(--awb-color1-l),calc(var(--awb-color1-a) - 20%));--awb-margin-right:5%;--awb-margin-left:5%;\"><p>Il suo nuovo album si allontana dal pop pi\u00f9 prevedibile, rivolgendosi verso un desiderio di sperimentazione, senza per\u00f2 rompere i legami col passato<\/p>\n<\/div><\/div><\/li>\n<li class=\"fusion-layout-column fusion_builder_column fusion-builder-column-28 fusion-flex-column post-card fusion-grid-column fusion-post-cards-grid-column cool-tura fusion-animated\" style=\"--awb-bg-position:center top;--awb-bg-size:cover;--awb-flex-grow:0;--awb-flex-shrink:0;--awb-flex-grow-medium:0;--awb-flex-shrink-medium:0;--awb-flex-grow-small:0;--awb-flex-shrink-small:0;\"><div class=\"fusion-column-wrapper fusion-column-has-shadow fusion-flex-justify-content-flex-start fusion-content-layout-column\"><div class=\"fusion-classic-product-image-wrapper fusion-woo-product-image fusion-post-card-image fusion-post-card-image-1\" data-layout=\"static\" style=\"--awb-margin-bottom:15px;--awb-border-radius-top-left:8px;--awb-border-radius-top-right:8px;--awb-border-radius-bottom-right:8px;--awb-border-radius-bottom-left:8px;\"><div  class=\"fusion-image-wrapper\" aria-haspopup=\"true\">\n\t\t\t\t\t\t\t<a href=\"https:\/\/studentmag.unipr.it\/index.php\/2026\/03\/23\/liberate-quei-matti\/\" aria-label=\"Liberate quei matti\">\n\t\t\t\t\t\t\t<img decoding=\"async\" width=\"468\" height=\"662\" src=\"https:\/\/studentmag.unipr.it\/wp-content\/uploads\/2026\/03\/Manicomio-1-1-e1773850573257.jpg\" class=\"attachment-full size-full lazyload wp-post-image\" alt=\"\" srcset=\"data:image\/svg+xml,%3Csvg%20xmlns%3D%27http%3A%2F%2Fwww.w3.org%2F2000%2Fsvg%27%20width%3D%27468%27%20height%3D%27662%27%20viewBox%3D%270%200%20468%20662%27%3E%3Crect%20width%3D%27468%27%20height%3D%27662%27%20fill-opacity%3D%220%22%2F%3E%3C%2Fsvg%3E\" data-orig-src=\"https:\/\/studentmag.unipr.it\/wp-content\/uploads\/2026\/03\/Manicomio-1-1-e1773850573257.jpg\" data-srcset=\"https:\/\/studentmag.unipr.it\/wp-content\/uploads\/2026\/03\/Manicomio-1-1-e1773850573257-200x283.jpg 200w, https:\/\/studentmag.unipr.it\/wp-content\/uploads\/2026\/03\/Manicomio-1-1-e1773850573257-400x566.jpg 400w, https:\/\/studentmag.unipr.it\/wp-content\/uploads\/2026\/03\/Manicomio-1-1-e1773850573257.jpg 468w\" data-sizes=\"auto\" \/>\t\t\t<\/a>\n\t\t\t\t\t\t\t<\/div>\n<\/div><div class=\"fusion-title title fusion-title-28 fusion-sep-none fusion-title-text fusion-title-size-two\" style=\"--awb-margin-right:5%;--awb-margin-bottom:10px;--awb-margin-left:5%;--awb-margin-left-small:5%;--awb-link-color:hsla(var(--awb-color3-h),var(--awb-color3-s),calc(var(--awb-color3-l) + 10%),var(--awb-color3-a));--awb-link-hover-color:var(--awb-color1);--awb-font-size:25px;\"><h2 class=\"fusion-title-heading title-heading-left fusion-responsive-typography-calculated\" style=\"margin:0;font-size:1em;--fontSize:25;--minFontSize:25;line-height:1.4;\"><a href=\"https:\/\/studentmag.unipr.it\/index.php\/2026\/03\/23\/liberate-quei-matti\/\" class=\"awb-custom-text-color awb-custom-text-hover-color\" target=\"_self\">Liberate quei matti<\/a><\/h2><\/div><div class=\"fusion-meta-tb fusion-meta-tb-27 floated\" style=\"--awb-border-bottom:0px;--awb-border-top:0px;--awb-height:36px;--awb-font-size:14px;--awb-margin-bottom:20px;--awb-margin-left:5%;--awb-margin-right:5%;--awb-text-color:var(--awb-color1);--awb-alignment-medium:flex-start;--awb-alignment-small:flex-start;\"><span class=\"fusion-tb-published-date\">Published On: 23 Marzo 2026<\/span><span class=\"fusion-meta-tb-sep\"><\/span><\/div><div class=\"fusion-text fusion-text-27\" style=\"--awb-text-color:hsla(var(--awb-color1-h),var(--awb-color1-s),var(--awb-color1-l),calc(var(--awb-color1-a) - 20%));--awb-margin-right:5%;--awb-margin-left:5%;\"><p>Abbiamo visitato la mostra all\u2019APE Museo sull\u2019occupazione del manicomio di Colorno del 1969<\/p>\n<\/div><\/div><\/li>\n<li class=\"fusion-layout-column fusion_builder_column fusion-builder-column-29 fusion-flex-column post-card fusion-grid-column fusion-post-cards-grid-column cool-tura fusion-animated\" style=\"--awb-bg-position:center top;--awb-bg-size:cover;--awb-flex-grow:0;--awb-flex-shrink:0;--awb-flex-grow-medium:0;--awb-flex-shrink-medium:0;--awb-flex-grow-small:0;--awb-flex-shrink-small:0;\"><div class=\"fusion-column-wrapper fusion-column-has-shadow fusion-flex-justify-content-flex-start fusion-content-layout-column\"><div class=\"fusion-classic-product-image-wrapper fusion-woo-product-image fusion-post-card-image fusion-post-card-image-1\" data-layout=\"static\" style=\"--awb-margin-bottom:15px;--awb-border-radius-top-left:8px;--awb-border-radius-top-right:8px;--awb-border-radius-bottom-right:8px;--awb-border-radius-bottom-left:8px;\"><div  class=\"fusion-image-wrapper\" aria-haspopup=\"true\">\n\t\t\t\t\t\t\t<a href=\"https:\/\/studentmag.unipr.it\/index.php\/2026\/03\/22\/marco-martinelli-medium-tra-il-testo-antico-e-la-vitalita-furibonda-degli-adolescenti\/\" aria-label=\"Marco Martinelli, medium tra il testo antico e la vitalit\u00e0 furibonda degli adolescenti\">\n\t\t\t\t\t\t\t<img decoding=\"async\" width=\"1920\" height=\"1080\" src=\"https:\/\/studentmag.unipr.it\/wp-content\/uploads\/2026\/03\/Memory-and-Perfromance.png\" class=\"attachment-full size-full lazyload wp-post-image\" alt=\"\" srcset=\"data:image\/svg+xml,%3Csvg%20xmlns%3D%27http%3A%2F%2Fwww.w3.org%2F2000%2Fsvg%27%20width%3D%271920%27%20height%3D%271080%27%20viewBox%3D%270%200%201920%201080%27%3E%3Crect%20width%3D%271920%27%20height%3D%271080%27%20fill-opacity%3D%220%22%2F%3E%3C%2Fsvg%3E\" data-orig-src=\"https:\/\/studentmag.unipr.it\/wp-content\/uploads\/2026\/03\/Memory-and-Perfromance.png\" data-srcset=\"https:\/\/studentmag.unipr.it\/wp-content\/uploads\/2026\/03\/Memory-and-Perfromance-200x113.png 200w, https:\/\/studentmag.unipr.it\/wp-content\/uploads\/2026\/03\/Memory-and-Perfromance-400x225.png 400w, https:\/\/studentmag.unipr.it\/wp-content\/uploads\/2026\/03\/Memory-and-Perfromance-600x338.png 600w, https:\/\/studentmag.unipr.it\/wp-content\/uploads\/2026\/03\/Memory-and-Perfromance-800x450.png 800w, https:\/\/studentmag.unipr.it\/wp-content\/uploads\/2026\/03\/Memory-and-Perfromance-1200x675.png 1200w, https:\/\/studentmag.unipr.it\/wp-content\/uploads\/2026\/03\/Memory-and-Perfromance.png 1920w\" data-sizes=\"auto\" \/>\t\t\t<\/a>\n\t\t\t\t\t\t\t<\/div>\n<\/div><div class=\"fusion-title title fusion-title-29 fusion-sep-none fusion-title-text fusion-title-size-two\" style=\"--awb-margin-right:5%;--awb-margin-bottom:10px;--awb-margin-left:5%;--awb-margin-left-small:5%;--awb-link-color:hsla(var(--awb-color3-h),var(--awb-color3-s),calc(var(--awb-color3-l) + 10%),var(--awb-color3-a));--awb-link-hover-color:var(--awb-color1);--awb-font-size:25px;\"><h2 class=\"fusion-title-heading title-heading-left fusion-responsive-typography-calculated\" style=\"margin:0;font-size:1em;--fontSize:25;--minFontSize:25;line-height:1.4;\"><a href=\"https:\/\/studentmag.unipr.it\/index.php\/2026\/03\/22\/marco-martinelli-medium-tra-il-testo-antico-e-la-vitalita-furibonda-degli-adolescenti\/\" class=\"awb-custom-text-color awb-custom-text-hover-color\" target=\"_self\">Marco Martinelli, medium tra il testo antico e la vitalit\u00e0 furibonda degli adolescenti<\/a><\/h2><\/div><div class=\"fusion-meta-tb fusion-meta-tb-28 floated\" style=\"--awb-border-bottom:0px;--awb-border-top:0px;--awb-height:36px;--awb-font-size:14px;--awb-margin-bottom:20px;--awb-margin-left:5%;--awb-margin-right:5%;--awb-text-color:var(--awb-color1);--awb-alignment-medium:flex-start;--awb-alignment-small:flex-start;\"><span class=\"fusion-tb-published-date\">Published On: 22 Marzo 2026<\/span><span class=\"fusion-meta-tb-sep\"><\/span><\/div><div class=\"fusion-text fusion-text-28\" style=\"--awb-text-color:hsla(var(--awb-color1-h),var(--awb-color1-s),var(--awb-color1-l),calc(var(--awb-color1-a) - 20%));--awb-margin-right:5%;--awb-margin-left:5%;\"><p>Il pluripremiato regista racconta i processi della \u201cmessa in vita\u201d, quel dionisiaco che invade l\u2019anima per sempre. \u00abDa qualcosa dovremo pur dipendere, o no?\u00bb<\/p>\n<\/div><\/div><\/li>\n<li class=\"fusion-layout-column fusion_builder_column fusion-builder-column-30 fusion-flex-column post-card fusion-grid-column fusion-post-cards-grid-column cool-tura fusion-animated\" style=\"--awb-bg-position:center top;--awb-bg-size:cover;--awb-flex-grow:0;--awb-flex-shrink:0;--awb-flex-grow-medium:0;--awb-flex-shrink-medium:0;--awb-flex-grow-small:0;--awb-flex-shrink-small:0;\"><div class=\"fusion-column-wrapper fusion-column-has-shadow fusion-flex-justify-content-flex-start fusion-content-layout-column\"><div class=\"fusion-classic-product-image-wrapper fusion-woo-product-image fusion-post-card-image fusion-post-card-image-1\" data-layout=\"static\" style=\"--awb-margin-bottom:15px;--awb-border-radius-top-left:8px;--awb-border-radius-top-right:8px;--awb-border-radius-bottom-right:8px;--awb-border-radius-bottom-left:8px;\"><div  class=\"fusion-image-wrapper\" aria-haspopup=\"true\">\n\t\t\t\t\t\t\t<a href=\"https:\/\/studentmag.unipr.it\/index.php\/2026\/03\/21\/le-cose-non-dette-il-ritratto-magnetico-di-una-borghesia-al-collasso\/\" aria-label=\"&#8216;Le cose non dette&#8217;: ritratto magnetico di una borghesia al collasso\">\n\t\t\t\t\t\t\t<img decoding=\"async\" width=\"512\" height=\"341\" src=\"https:\/\/studentmag.unipr.it\/wp-content\/uploads\/2026\/03\/Le-cose-non-dette.jpg\" class=\"attachment-full size-full lazyload wp-post-image\" alt=\"\" srcset=\"data:image\/svg+xml,%3Csvg%20xmlns%3D%27http%3A%2F%2Fwww.w3.org%2F2000%2Fsvg%27%20width%3D%27512%27%20height%3D%27341%27%20viewBox%3D%270%200%20512%20341%27%3E%3Crect%20width%3D%27512%27%20height%3D%27341%27%20fill-opacity%3D%220%22%2F%3E%3C%2Fsvg%3E\" data-orig-src=\"https:\/\/studentmag.unipr.it\/wp-content\/uploads\/2026\/03\/Le-cose-non-dette.jpg\" data-srcset=\"https:\/\/studentmag.unipr.it\/wp-content\/uploads\/2026\/03\/Le-cose-non-dette-200x133.jpg 200w, https:\/\/studentmag.unipr.it\/wp-content\/uploads\/2026\/03\/Le-cose-non-dette-400x266.jpg 400w, https:\/\/studentmag.unipr.it\/wp-content\/uploads\/2026\/03\/Le-cose-non-dette.jpg 512w\" data-sizes=\"auto\" \/>\t\t\t<\/a>\n\t\t\t\t\t\t\t<\/div>\n<\/div><div class=\"fusion-title title fusion-title-30 fusion-sep-none fusion-title-text fusion-title-size-two\" style=\"--awb-margin-right:5%;--awb-margin-bottom:10px;--awb-margin-left:5%;--awb-margin-left-small:5%;--awb-link-color:hsla(var(--awb-color3-h),var(--awb-color3-s),calc(var(--awb-color3-l) + 10%),var(--awb-color3-a));--awb-link-hover-color:var(--awb-color1);--awb-font-size:25px;\"><h2 class=\"fusion-title-heading title-heading-left fusion-responsive-typography-calculated\" style=\"margin:0;font-size:1em;--fontSize:25;--minFontSize:25;line-height:1.4;\"><a href=\"https:\/\/studentmag.unipr.it\/index.php\/2026\/03\/21\/le-cose-non-dette-il-ritratto-magnetico-di-una-borghesia-al-collasso\/\" class=\"awb-custom-text-color awb-custom-text-hover-color\" target=\"_self\">&#8216;Le cose non dette&#8217;: ritratto magnetico di una borghesia al collasso<\/a><\/h2><\/div><div class=\"fusion-meta-tb fusion-meta-tb-29 floated\" style=\"--awb-border-bottom:0px;--awb-border-top:0px;--awb-height:36px;--awb-font-size:14px;--awb-margin-bottom:20px;--awb-margin-left:5%;--awb-margin-right:5%;--awb-text-color:var(--awb-color1);--awb-alignment-medium:flex-start;--awb-alignment-small:flex-start;\"><span class=\"fusion-tb-published-date\">Published On: 21 Marzo 2026<\/span><span class=\"fusion-meta-tb-sep\"><\/span><\/div><div class=\"fusion-text fusion-text-29\" style=\"--awb-text-color:hsla(var(--awb-color1-h),var(--awb-color1-s),var(--awb-color1-l),calc(var(--awb-color1-a) - 20%));--awb-margin-right:5%;--awb-margin-left:5%;\"><p>Tra atmosfere da thriller psicologico e ottime interpretazioni, Muccino esplora le fragilit\u00e0 umane lasciando allo spettatore la libert\u00e0 di interpretazione<\/p>\n<\/div><\/div><\/li>\n<li class=\"fusion-layout-column fusion_builder_column fusion-builder-column-31 fusion-flex-column post-card fusion-grid-column fusion-post-cards-grid-column lungo-parma fusion-animated\" style=\"--awb-bg-position:center top;--awb-bg-size:cover;--awb-flex-grow:0;--awb-flex-shrink:0;--awb-flex-grow-medium:0;--awb-flex-shrink-medium:0;--awb-flex-grow-small:0;--awb-flex-shrink-small:0;\"><div class=\"fusion-column-wrapper fusion-column-has-shadow fusion-flex-justify-content-flex-start fusion-content-layout-column\"><div class=\"fusion-classic-product-image-wrapper fusion-woo-product-image fusion-post-card-image fusion-post-card-image-1\" data-layout=\"static\" style=\"--awb-margin-bottom:15px;--awb-border-radius-top-left:8px;--awb-border-radius-top-right:8px;--awb-border-radius-bottom-right:8px;--awb-border-radius-bottom-left:8px;\"><div  class=\"fusion-image-wrapper\" aria-haspopup=\"true\">\n\t\t\t\t\t\t\t<a href=\"https:\/\/studentmag.unipr.it\/index.php\/2026\/03\/20\/un-villaggio-intorno-alla-persona\/\" aria-label=\"\u00abUn villaggio intorno alla persona\u00bb\">\n\t\t\t\t\t\t\t<img decoding=\"async\" width=\"534\" height=\"400\" src=\"https:\/\/studentmag.unipr.it\/wp-content\/uploads\/2026\/03\/Centro-vs-discrimazioni-LGBTQI-e1772383638345.jpg\" class=\"attachment-full size-full lazyload wp-post-image\" alt=\"\" srcset=\"data:image\/svg+xml,%3Csvg%20xmlns%3D%27http%3A%2F%2Fwww.w3.org%2F2000%2Fsvg%27%20width%3D%27534%27%20height%3D%27400%27%20viewBox%3D%270%200%20534%20400%27%3E%3Crect%20width%3D%27534%27%20height%3D%27400%27%20fill-opacity%3D%220%22%2F%3E%3C%2Fsvg%3E\" data-orig-src=\"https:\/\/studentmag.unipr.it\/wp-content\/uploads\/2026\/03\/Centro-vs-discrimazioni-LGBTQI-e1772383638345.jpg\" data-srcset=\"https:\/\/studentmag.unipr.it\/wp-content\/uploads\/2026\/03\/Centro-vs-discrimazioni-LGBTQI-e1772383638345-200x150.jpg 200w, https:\/\/studentmag.unipr.it\/wp-content\/uploads\/2026\/03\/Centro-vs-discrimazioni-LGBTQI-e1772383638345-400x300.jpg 400w, https:\/\/studentmag.unipr.it\/wp-content\/uploads\/2026\/03\/Centro-vs-discrimazioni-LGBTQI-e1772383638345.jpg 534w\" data-sizes=\"auto\" \/>\t\t\t<\/a>\n\t\t\t\t\t\t\t<\/div>\n<\/div><div class=\"fusion-title title fusion-title-31 fusion-sep-none fusion-title-text fusion-title-size-two\" style=\"--awb-margin-right:5%;--awb-margin-bottom:10px;--awb-margin-left:5%;--awb-margin-left-small:5%;--awb-link-color:hsla(var(--awb-color3-h),var(--awb-color3-s),calc(var(--awb-color3-l) + 10%),var(--awb-color3-a));--awb-link-hover-color:var(--awb-color1);--awb-font-size:25px;\"><h2 class=\"fusion-title-heading title-heading-left fusion-responsive-typography-calculated\" style=\"margin:0;font-size:1em;--fontSize:25;--minFontSize:25;line-height:1.4;\"><a href=\"https:\/\/studentmag.unipr.it\/index.php\/2026\/03\/20\/un-villaggio-intorno-alla-persona\/\" class=\"awb-custom-text-color awb-custom-text-hover-color\" target=\"_self\">\u00abUn villaggio intorno alla persona\u00bb<\/a><\/h2><\/div><div class=\"fusion-meta-tb fusion-meta-tb-30 floated\" style=\"--awb-border-bottom:0px;--awb-border-top:0px;--awb-height:36px;--awb-font-size:14px;--awb-margin-bottom:20px;--awb-margin-left:5%;--awb-margin-right:5%;--awb-text-color:var(--awb-color1);--awb-alignment-medium:flex-start;--awb-alignment-small:flex-start;\"><span class=\"fusion-tb-published-date\">Published On: 20 Marzo 2026<\/span><span class=\"fusion-meta-tb-sep\"><\/span><\/div><div class=\"fusion-text fusion-text-30\" style=\"--awb-text-color:hsla(var(--awb-color1-h),var(--awb-color1-s),var(--awb-color1-l),calc(var(--awb-color1-a) - 20%));--awb-margin-right:5%;--awb-margin-left:5%;\"><p>Un arcobaleno per Parma: da tre anni il CAD tutela la comunit\u00e0 LGBTQIA+. Siamo andati a trovarli.<\/p>\n<\/div><\/div><\/li>\n<li class=\"fusion-layout-column fusion_builder_column fusion-builder-column-32 fusion-flex-column post-card fusion-grid-column fusion-post-cards-grid-column cool-tura fusion-animated\" style=\"--awb-bg-position:center top;--awb-bg-size:cover;--awb-flex-grow:0;--awb-flex-shrink:0;--awb-flex-grow-medium:0;--awb-flex-shrink-medium:0;--awb-flex-grow-small:0;--awb-flex-shrink-small:0;\"><div class=\"fusion-column-wrapper fusion-column-has-shadow fusion-flex-justify-content-flex-start fusion-content-layout-column\"><div class=\"fusion-classic-product-image-wrapper fusion-woo-product-image fusion-post-card-image fusion-post-card-image-1\" data-layout=\"static\" style=\"--awb-margin-bottom:15px;--awb-border-radius-top-left:8px;--awb-border-radius-top-right:8px;--awb-border-radius-bottom-right:8px;--awb-border-radius-bottom-left:8px;\"><div  class=\"fusion-image-wrapper\" aria-haspopup=\"true\">\n\t\t\t\t\t\t\t<a href=\"https:\/\/studentmag.unipr.it\/index.php\/2026\/03\/19\/una-manon-lescaut-cinematografica-e-un-po-spicy\/\" aria-label=\"Una \u2018Manon Lescaut\u2019 cinematografica e un po\u2019 &#8220;spicy&#8221;\">\n\t\t\t\t\t\t\t<img decoding=\"async\" width=\"792\" height=\"550\" src=\"https:\/\/studentmag.unipr.it\/wp-content\/uploads\/2026\/03\/Manon-Lescaut-copertina-ridotta-e1773837047119.jpg\" class=\"attachment-full size-full lazyload wp-post-image\" alt=\"\" srcset=\"data:image\/svg+xml,%3Csvg%20xmlns%3D%27http%3A%2F%2Fwww.w3.org%2F2000%2Fsvg%27%20width%3D%27792%27%20height%3D%27550%27%20viewBox%3D%270%200%20792%20550%27%3E%3Crect%20width%3D%27792%27%20height%3D%27550%27%20fill-opacity%3D%220%22%2F%3E%3C%2Fsvg%3E\" data-orig-src=\"https:\/\/studentmag.unipr.it\/wp-content\/uploads\/2026\/03\/Manon-Lescaut-copertina-ridotta-e1773837047119.jpg\" data-srcset=\"https:\/\/studentmag.unipr.it\/wp-content\/uploads\/2026\/03\/Manon-Lescaut-copertina-ridotta-e1773837047119-200x139.jpg 200w, https:\/\/studentmag.unipr.it\/wp-content\/uploads\/2026\/03\/Manon-Lescaut-copertina-ridotta-e1773837047119-400x278.jpg 400w, https:\/\/studentmag.unipr.it\/wp-content\/uploads\/2026\/03\/Manon-Lescaut-copertina-ridotta-e1773837047119-600x417.jpg 600w, https:\/\/studentmag.unipr.it\/wp-content\/uploads\/2026\/03\/Manon-Lescaut-copertina-ridotta-e1773837047119.jpg 792w\" data-sizes=\"auto\" \/>\t\t\t<\/a>\n\t\t\t\t\t\t\t<\/div>\n<\/div><div class=\"fusion-title title fusion-title-32 fusion-sep-none fusion-title-text fusion-title-size-two\" style=\"--awb-margin-right:5%;--awb-margin-bottom:10px;--awb-margin-left:5%;--awb-margin-left-small:5%;--awb-link-color:hsla(var(--awb-color3-h),var(--awb-color3-s),calc(var(--awb-color3-l) + 10%),var(--awb-color3-a));--awb-link-hover-color:var(--awb-color1);--awb-font-size:25px;\"><h2 class=\"fusion-title-heading title-heading-left fusion-responsive-typography-calculated\" style=\"margin:0;font-size:1em;--fontSize:25;--minFontSize:25;line-height:1.4;\"><a href=\"https:\/\/studentmag.unipr.it\/index.php\/2026\/03\/19\/una-manon-lescaut-cinematografica-e-un-po-spicy\/\" class=\"awb-custom-text-color awb-custom-text-hover-color\" target=\"_self\">Una \u2018Manon Lescaut\u2019 cinematografica e un po\u2019 &#8220;spicy&#8221;<\/a><\/h2><\/div><div class=\"fusion-meta-tb fusion-meta-tb-31 floated\" style=\"--awb-border-bottom:0px;--awb-border-top:0px;--awb-height:36px;--awb-font-size:14px;--awb-margin-bottom:20px;--awb-margin-left:5%;--awb-margin-right:5%;--awb-text-color:var(--awb-color1);--awb-alignment-medium:flex-start;--awb-alignment-small:flex-start;\"><span class=\"fusion-tb-published-date\">Published On: 19 Marzo 2026<\/span><span class=\"fusion-meta-tb-sep\"><\/span><\/div><div class=\"fusion-text fusion-text-31\" style=\"--awb-text-color:hsla(var(--awb-color1-h),var(--awb-color1-s),var(--awb-color1-l),calc(var(--awb-color1-a) - 20%));--awb-margin-right:5%;--awb-margin-left:5%;\"><p>Al Regio, la prova under 30 tra neoclassicismo e le scelte audaci del regista<\/p>\n<\/div><\/div><\/li>\n<li class=\"fusion-layout-column fusion_builder_column fusion-builder-column-33 fusion-flex-column post-card fusion-grid-column fusion-post-cards-grid-column zona-calda fusion-animated\" style=\"--awb-bg-position:center top;--awb-bg-size:cover;--awb-flex-grow:0;--awb-flex-shrink:0;--awb-flex-grow-medium:0;--awb-flex-shrink-medium:0;--awb-flex-grow-small:0;--awb-flex-shrink-small:0;\"><div class=\"fusion-column-wrapper fusion-column-has-shadow fusion-flex-justify-content-flex-start fusion-content-layout-column\"><div class=\"fusion-classic-product-image-wrapper fusion-woo-product-image fusion-post-card-image fusion-post-card-image-1\" data-layout=\"static\" style=\"--awb-margin-bottom:15px;--awb-border-radius-top-left:8px;--awb-border-radius-top-right:8px;--awb-border-radius-bottom-right:8px;--awb-border-radius-bottom-left:8px;\"><div  class=\"fusion-image-wrapper\" aria-haspopup=\"true\">\n\t\t\t\t\t\t\t<a href=\"https:\/\/studentmag.unipr.it\/index.php\/2026\/03\/18\/referendum-giustizia-2026-la-guida-pratica\/\" aria-label=\"Referendum Giustizia 2026: la guida pratica\">\n\t\t\t\t\t\t\t<img decoding=\"async\" width=\"400\" height=\"600\" src=\"data:image\/svg+xml,%3Csvg%20xmlns%3D%27http%3A%2F%2Fwww.w3.org%2F2000%2Fsvg%27%20width%3D%27400%27%20height%3D%27600%27%20viewBox%3D%270%200%20400%20600%27%3E%3Crect%20width%3D%27400%27%20height%3D%27600%27%20fill-opacity%3D%220%22%2F%3E%3C%2Fsvg%3E\" class=\"attachment-full size-full lazyload wp-post-image\" alt=\"\" data-orig-src=\"https:\/\/studentmag.unipr.it\/wp-content\/uploads\/2026\/03\/Martelletto-scaled-e1773792900126.jpg\" \/>\t\t\t<\/a>\n\t\t\t\t\t\t\t<\/div>\n<\/div><div class=\"fusion-title title fusion-title-33 fusion-sep-none fusion-title-text fusion-title-size-two\" style=\"--awb-margin-right:5%;--awb-margin-bottom:10px;--awb-margin-left:5%;--awb-margin-left-small:5%;--awb-link-color:hsla(var(--awb-color3-h),var(--awb-color3-s),calc(var(--awb-color3-l) + 10%),var(--awb-color3-a));--awb-link-hover-color:var(--awb-color1);--awb-font-size:25px;\"><h2 class=\"fusion-title-heading title-heading-left fusion-responsive-typography-calculated\" style=\"margin:0;font-size:1em;--fontSize:25;--minFontSize:25;line-height:1.4;\"><a href=\"https:\/\/studentmag.unipr.it\/index.php\/2026\/03\/18\/referendum-giustizia-2026-la-guida-pratica\/\" class=\"awb-custom-text-color awb-custom-text-hover-color\" target=\"_self\">Referendum Giustizia 2026: la guida pratica<\/a><\/h2><\/div><div class=\"fusion-meta-tb fusion-meta-tb-32 floated\" style=\"--awb-border-bottom:0px;--awb-border-top:0px;--awb-height:36px;--awb-font-size:14px;--awb-margin-bottom:20px;--awb-margin-left:5%;--awb-margin-right:5%;--awb-text-color:var(--awb-color1);--awb-alignment-medium:flex-start;--awb-alignment-small:flex-start;\"><span class=\"fusion-tb-published-date\">Published On: 18 Marzo 2026<\/span><span class=\"fusion-meta-tb-sep\"><\/span><\/div><div class=\"fusion-text fusion-text-32\" style=\"--awb-text-color:hsla(var(--awb-color1-h),var(--awb-color1-s),var(--awb-color1-l),calc(var(--awb-color1-a) - 20%));--awb-margin-right:5%;--awb-margin-left:5%;\"><p>SI o No? Il bignami (con riassunto finale) sul referendum di domenica 22 e luned\u00ec 23 marzo<\/p>\n<\/div><\/div><\/li>\n<li class=\"fusion-layout-column fusion_builder_column fusion-builder-column-34 fusion-flex-column post-card fusion-grid-column fusion-post-cards-grid-column cool-tura fusion-animated\" style=\"--awb-bg-position:center top;--awb-bg-size:cover;--awb-flex-grow:0;--awb-flex-shrink:0;--awb-flex-grow-medium:0;--awb-flex-shrink-medium:0;--awb-flex-grow-small:0;--awb-flex-shrink-small:0;\"><div class=\"fusion-column-wrapper fusion-column-has-shadow fusion-flex-justify-content-flex-start fusion-content-layout-column\"><div class=\"fusion-classic-product-image-wrapper fusion-woo-product-image fusion-post-card-image fusion-post-card-image-1\" data-layout=\"static\" style=\"--awb-margin-bottom:15px;--awb-border-radius-top-left:8px;--awb-border-radius-top-right:8px;--awb-border-radius-bottom-right:8px;--awb-border-radius-bottom-left:8px;\"><div  class=\"fusion-image-wrapper\" aria-haspopup=\"true\">\n\t\t\t\t\t\t\t<a href=\"https:\/\/studentmag.unipr.it\/index.php\/2026\/03\/17\/helga-schneider-esorcizzare-lolocausto-con-la-scrittura\/\" aria-label=\"Helga Schneider, esorcizzare l\u2019Olocausto con la scrittura\">\n\t\t\t\t\t\t\t<img decoding=\"async\" width=\"642\" height=\"856\" src=\"https:\/\/studentmag.unipr.it\/wp-content\/uploads\/2026\/03\/Helga-Schneider.jpg\" class=\"attachment-full size-full lazyload wp-post-image\" alt=\"\" srcset=\"data:image\/svg+xml,%3Csvg%20xmlns%3D%27http%3A%2F%2Fwww.w3.org%2F2000%2Fsvg%27%20width%3D%27642%27%20height%3D%27856%27%20viewBox%3D%270%200%20642%20856%27%3E%3Crect%20width%3D%27642%27%20height%3D%27856%27%20fill-opacity%3D%220%22%2F%3E%3C%2Fsvg%3E\" data-orig-src=\"https:\/\/studentmag.unipr.it\/wp-content\/uploads\/2026\/03\/Helga-Schneider.jpg\" data-srcset=\"https:\/\/studentmag.unipr.it\/wp-content\/uploads\/2026\/03\/Helga-Schneider-200x267.jpg 200w, https:\/\/studentmag.unipr.it\/wp-content\/uploads\/2026\/03\/Helga-Schneider-400x533.jpg 400w, https:\/\/studentmag.unipr.it\/wp-content\/uploads\/2026\/03\/Helga-Schneider-600x800.jpg 600w, https:\/\/studentmag.unipr.it\/wp-content\/uploads\/2026\/03\/Helga-Schneider.jpg 642w\" data-sizes=\"auto\" \/>\t\t\t<\/a>\n\t\t\t\t\t\t\t<\/div>\n<\/div><div class=\"fusion-title title fusion-title-34 fusion-sep-none fusion-title-text fusion-title-size-two\" style=\"--awb-margin-right:5%;--awb-margin-bottom:10px;--awb-margin-left:5%;--awb-margin-left-small:5%;--awb-link-color:hsla(var(--awb-color3-h),var(--awb-color3-s),calc(var(--awb-color3-l) + 10%),var(--awb-color3-a));--awb-link-hover-color:var(--awb-color1);--awb-font-size:25px;\"><h2 class=\"fusion-title-heading title-heading-left fusion-responsive-typography-calculated\" style=\"margin:0;font-size:1em;--fontSize:25;--minFontSize:25;line-height:1.4;\"><a href=\"https:\/\/studentmag.unipr.it\/index.php\/2026\/03\/17\/helga-schneider-esorcizzare-lolocausto-con-la-scrittura\/\" class=\"awb-custom-text-color awb-custom-text-hover-color\" target=\"_self\">Helga Schneider, esorcizzare l\u2019Olocausto con la scrittura<\/a><\/h2><\/div><div class=\"fusion-meta-tb fusion-meta-tb-33 floated\" style=\"--awb-border-bottom:0px;--awb-border-top:0px;--awb-height:36px;--awb-font-size:14px;--awb-margin-bottom:20px;--awb-margin-left:5%;--awb-margin-right:5%;--awb-text-color:var(--awb-color1);--awb-alignment-medium:flex-start;--awb-alignment-small:flex-start;\"><span class=\"fusion-tb-published-date\">Published On: 17 Marzo 2026<\/span><span class=\"fusion-meta-tb-sep\"><\/span><\/div><div class=\"fusion-text fusion-text-33\" style=\"--awb-text-color:hsla(var(--awb-color1-h),var(--awb-color1-s),var(--awb-color1-l),calc(var(--awb-color1-a) - 20%));--awb-margin-right:5%;--awb-margin-left:5%;\"><p>Qualche riflessione con la scrittrice in occasione della presentazione del suo ultimo libro sulla compagna di Hitler: \u2018Eva . Un divano per l\u2019eternit\u00e0\u2019<\/p>\n<\/div><\/div><\/li>\n<li class=\"fusion-layout-column fusion_builder_column fusion-builder-column-35 fusion-flex-column post-card fusion-grid-column fusion-post-cards-grid-column zona-calda fusion-animated\" style=\"--awb-bg-position:center top;--awb-bg-size:cover;--awb-flex-grow:0;--awb-flex-shrink:0;--awb-flex-grow-medium:0;--awb-flex-shrink-medium:0;--awb-flex-grow-small:0;--awb-flex-shrink-small:0;\"><div class=\"fusion-column-wrapper fusion-column-has-shadow fusion-flex-justify-content-flex-start fusion-content-layout-column\"><div class=\"fusion-classic-product-image-wrapper fusion-woo-product-image fusion-post-card-image fusion-post-card-image-1\" data-layout=\"static\" style=\"--awb-margin-bottom:15px;--awb-border-radius-top-left:8px;--awb-border-radius-top-right:8px;--awb-border-radius-bottom-right:8px;--awb-border-radius-bottom-left:8px;\"><div  class=\"fusion-image-wrapper\" aria-haspopup=\"true\">\n\t\t\t\t\t\t\t<a href=\"https:\/\/studentmag.unipr.it\/index.php\/2026\/03\/16\/referendum-giustizia-2026-fuorigioco-i-fuorisede\/\" aria-label=\"Referendum Giustizia 2026: fuorigioco i fuorisede\">\n\t\t\t\t\t\t\t<img decoding=\"async\" width=\"1920\" height=\"1280\" src=\"https:\/\/studentmag.unipr.it\/wp-content\/uploads\/2026\/03\/Voto-bianco-e-nero.jpg\" class=\"attachment-full size-full lazyload wp-post-image\" alt=\"\" srcset=\"data:image\/svg+xml,%3Csvg%20xmlns%3D%27http%3A%2F%2Fwww.w3.org%2F2000%2Fsvg%27%20width%3D%271920%27%20height%3D%271280%27%20viewBox%3D%270%200%201920%201280%27%3E%3Crect%20width%3D%271920%27%20height%3D%271280%27%20fill-opacity%3D%220%22%2F%3E%3C%2Fsvg%3E\" data-orig-src=\"https:\/\/studentmag.unipr.it\/wp-content\/uploads\/2026\/03\/Voto-bianco-e-nero.jpg\" data-srcset=\"https:\/\/studentmag.unipr.it\/wp-content\/uploads\/2026\/03\/Voto-bianco-e-nero-200x133.jpg 200w, https:\/\/studentmag.unipr.it\/wp-content\/uploads\/2026\/03\/Voto-bianco-e-nero-400x267.jpg 400w, https:\/\/studentmag.unipr.it\/wp-content\/uploads\/2026\/03\/Voto-bianco-e-nero-600x400.jpg 600w, https:\/\/studentmag.unipr.it\/wp-content\/uploads\/2026\/03\/Voto-bianco-e-nero-800x533.jpg 800w, https:\/\/studentmag.unipr.it\/wp-content\/uploads\/2026\/03\/Voto-bianco-e-nero-1200x800.jpg 1200w, https:\/\/studentmag.unipr.it\/wp-content\/uploads\/2026\/03\/Voto-bianco-e-nero.jpg 1920w\" data-sizes=\"auto\" \/>\t\t\t<\/a>\n\t\t\t\t\t\t\t<\/div>\n<\/div><div class=\"fusion-title title fusion-title-35 fusion-sep-none fusion-title-text fusion-title-size-two\" style=\"--awb-margin-right:5%;--awb-margin-bottom:10px;--awb-margin-left:5%;--awb-margin-left-small:5%;--awb-link-color:hsla(var(--awb-color3-h),var(--awb-color3-s),calc(var(--awb-color3-l) + 10%),var(--awb-color3-a));--awb-link-hover-color:var(--awb-color1);--awb-font-size:25px;\"><h2 class=\"fusion-title-heading title-heading-left fusion-responsive-typography-calculated\" style=\"margin:0;font-size:1em;--fontSize:25;--minFontSize:25;line-height:1.4;\"><a href=\"https:\/\/studentmag.unipr.it\/index.php\/2026\/03\/16\/referendum-giustizia-2026-fuorigioco-i-fuorisede\/\" class=\"awb-custom-text-color awb-custom-text-hover-color\" target=\"_self\">Referendum Giustizia 2026: fuorigioco i fuorisede<\/a><\/h2><\/div><div class=\"fusion-meta-tb fusion-meta-tb-34 floated\" style=\"--awb-border-bottom:0px;--awb-border-top:0px;--awb-height:36px;--awb-font-size:14px;--awb-margin-bottom:20px;--awb-margin-left:5%;--awb-margin-right:5%;--awb-text-color:var(--awb-color1);--awb-alignment-medium:flex-start;--awb-alignment-small:flex-start;\"><span class=\"fusion-tb-published-date\">Published On: 16 Marzo 2026<\/span><span class=\"fusion-meta-tb-sep\"><\/span><\/div><div class=\"fusion-text fusion-text-34\" style=\"--awb-text-color:hsla(var(--awb-color1-h),var(--awb-color1-s),var(--awb-color1-l),calc(var(--awb-color1-a) - 20%));--awb-margin-right:5%;--awb-margin-left:5%;\"><p>La solita Odissea del voto per noi studenti fuorisede, dove una proposta di legge esiste ma rimane un'Itaca distante<\/p>\n<\/div><\/div><\/li>\n<li class=\"fusion-layout-column fusion_builder_column fusion-builder-column-36 fusion-flex-column post-card fusion-grid-column fusion-post-cards-grid-column cool-tura fusion-animated\" style=\"--awb-bg-position:center top;--awb-bg-size:cover;--awb-flex-grow:0;--awb-flex-shrink:0;--awb-flex-grow-medium:0;--awb-flex-shrink-medium:0;--awb-flex-grow-small:0;--awb-flex-shrink-small:0;\"><div class=\"fusion-column-wrapper fusion-column-has-shadow fusion-flex-justify-content-flex-start fusion-content-layout-column\"><div class=\"fusion-classic-product-image-wrapper fusion-woo-product-image fusion-post-card-image fusion-post-card-image-1\" data-layout=\"static\" style=\"--awb-margin-bottom:15px;--awb-border-radius-top-left:8px;--awb-border-radius-top-right:8px;--awb-border-radius-bottom-right:8px;--awb-border-radius-bottom-left:8px;\"><div  class=\"fusion-image-wrapper\" aria-haspopup=\"true\">\n\t\t\t\t\t\t\t<a href=\"https:\/\/studentmag.unipr.it\/index.php\/2026\/03\/15\/sentimental-value-le-crepe-di-una-famiglia\/\" aria-label=\"\u2018Sentimental Value\u2019: le crepe di una famiglia\">\n\t\t\t\t\t\t\t<img decoding=\"async\" width=\"1990\" height=\"1076\" src=\"https:\/\/studentmag.unipr.it\/wp-content\/uploads\/2026\/03\/Sentimental-Value-foto.webp\" class=\"attachment-full size-full lazyload wp-post-image\" alt=\"\" srcset=\"data:image\/svg+xml,%3Csvg%20xmlns%3D%27http%3A%2F%2Fwww.w3.org%2F2000%2Fsvg%27%20width%3D%271990%27%20height%3D%271076%27%20viewBox%3D%270%200%201990%201076%27%3E%3Crect%20width%3D%271990%27%20height%3D%271076%27%20fill-opacity%3D%220%22%2F%3E%3C%2Fsvg%3E\" data-orig-src=\"https:\/\/studentmag.unipr.it\/wp-content\/uploads\/2026\/03\/Sentimental-Value-foto.webp\" data-srcset=\"https:\/\/studentmag.unipr.it\/wp-content\/uploads\/2026\/03\/Sentimental-Value-foto-200x108.webp 200w, https:\/\/studentmag.unipr.it\/wp-content\/uploads\/2026\/03\/Sentimental-Value-foto-300x162.webp 300w, https:\/\/studentmag.unipr.it\/wp-content\/uploads\/2026\/03\/Sentimental-Value-foto-400x216.webp 400w, https:\/\/studentmag.unipr.it\/wp-content\/uploads\/2026\/03\/Sentimental-Value-foto-600x324.webp 600w, https:\/\/studentmag.unipr.it\/wp-content\/uploads\/2026\/03\/Sentimental-Value-foto-768x415.webp 768w, https:\/\/studentmag.unipr.it\/wp-content\/uploads\/2026\/03\/Sentimental-Value-foto-800x433.webp 800w, https:\/\/studentmag.unipr.it\/wp-content\/uploads\/2026\/03\/Sentimental-Value-foto-1024x554.webp 1024w, https:\/\/studentmag.unipr.it\/wp-content\/uploads\/2026\/03\/Sentimental-Value-foto-1200x649.webp 1200w, https:\/\/studentmag.unipr.it\/wp-content\/uploads\/2026\/03\/Sentimental-Value-foto-1536x831.webp 1536w, https:\/\/studentmag.unipr.it\/wp-content\/uploads\/2026\/03\/Sentimental-Value-foto.webp 1990w\" data-sizes=\"auto\" \/>\t\t\t<\/a>\n\t\t\t\t\t\t\t<\/div>\n<\/div><div class=\"fusion-title title fusion-title-36 fusion-sep-none fusion-title-text fusion-title-size-two\" style=\"--awb-margin-right:5%;--awb-margin-bottom:10px;--awb-margin-left:5%;--awb-margin-left-small:5%;--awb-link-color:hsla(var(--awb-color3-h),var(--awb-color3-s),calc(var(--awb-color3-l) + 10%),var(--awb-color3-a));--awb-link-hover-color:var(--awb-color1);--awb-font-size:25px;\"><h2 class=\"fusion-title-heading title-heading-left fusion-responsive-typography-calculated\" style=\"margin:0;font-size:1em;--fontSize:25;--minFontSize:25;line-height:1.4;\"><a href=\"https:\/\/studentmag.unipr.it\/index.php\/2026\/03\/15\/sentimental-value-le-crepe-di-una-famiglia\/\" class=\"awb-custom-text-color awb-custom-text-hover-color\" target=\"_self\">\u2018Sentimental Value\u2019: le crepe di una famiglia<\/a><\/h2><\/div><div class=\"fusion-meta-tb fusion-meta-tb-35 floated\" style=\"--awb-border-bottom:0px;--awb-border-top:0px;--awb-height:36px;--awb-font-size:14px;--awb-margin-bottom:20px;--awb-margin-left:5%;--awb-margin-right:5%;--awb-text-color:var(--awb-color1);--awb-alignment-medium:flex-start;--awb-alignment-small:flex-start;\"><span class=\"fusion-tb-published-date\">Published On: 15 Marzo 2026<\/span><span class=\"fusion-meta-tb-sep\"><\/span><\/div><div class=\"fusion-text fusion-text-35\" style=\"--awb-text-color:hsla(var(--awb-color1-h),var(--awb-color1-s),var(--awb-color1-l),calc(var(--awb-color1-a) - 20%));--awb-margin-right:5%;--awb-margin-left:5%;\"><p>La pellicola europea che se la gioca stanotte agli Oscar 2026 come Miglior Film<\/p>\n<\/div><\/div><\/li>\n<li class=\"fusion-layout-column fusion_builder_column fusion-builder-column-37 fusion-flex-column post-card fusion-grid-column fusion-post-cards-grid-column zona-calda fusion-animated\" style=\"--awb-bg-position:center top;--awb-bg-size:cover;--awb-flex-grow:0;--awb-flex-shrink:0;--awb-flex-grow-medium:0;--awb-flex-shrink-medium:0;--awb-flex-grow-small:0;--awb-flex-shrink-small:0;\"><div class=\"fusion-column-wrapper fusion-column-has-shadow fusion-flex-justify-content-flex-start fusion-content-layout-column\"><div class=\"fusion-classic-product-image-wrapper fusion-woo-product-image fusion-post-card-image fusion-post-card-image-1\" data-layout=\"static\" style=\"--awb-margin-bottom:15px;--awb-border-radius-top-left:8px;--awb-border-radius-top-right:8px;--awb-border-radius-bottom-right:8px;--awb-border-radius-bottom-left:8px;\"><div  class=\"fusion-image-wrapper\" aria-haspopup=\"true\">\n\t\t\t\t\t\t\t<a href=\"https:\/\/studentmag.unipr.it\/index.php\/2026\/03\/14\/milano-cortina-2026-una-gara-ancora-in-salita\/\" aria-label=\"Milano Cortina 2026: una gara ancora in salita\">\n\t\t\t\t\t\t\t<img decoding=\"async\" width=\"1200\" height=\"900\" src=\"data:image\/svg+xml,%3Csvg%20xmlns%3D%27http%3A%2F%2Fwww.w3.org%2F2000%2Fsvg%27%20width%3D%271200%27%20height%3D%27900%27%20viewBox%3D%270%200%201200%20900%27%3E%3Crect%20width%3D%271200%27%20height%3D%27900%27%20fill-opacity%3D%220%22%2F%3E%3C%2Fsvg%3E\" class=\"attachment-full size-full lazyload wp-post-image\" alt=\"\" data-orig-src=\"https:\/\/studentmag.unipr.it\/wp-content\/uploads\/2026\/03\/Montagna-salita-neve-e1773269729532.jpg\" \/>\t\t\t<\/a>\n\t\t\t\t\t\t\t<\/div>\n<\/div><div class=\"fusion-title title fusion-title-37 fusion-sep-none fusion-title-text fusion-title-size-two\" style=\"--awb-margin-right:5%;--awb-margin-bottom:10px;--awb-margin-left:5%;--awb-margin-left-small:5%;--awb-link-color:hsla(var(--awb-color3-h),var(--awb-color3-s),calc(var(--awb-color3-l) + 10%),var(--awb-color3-a));--awb-link-hover-color:var(--awb-color1);--awb-font-size:25px;\"><h2 class=\"fusion-title-heading title-heading-left fusion-responsive-typography-calculated\" style=\"margin:0;font-size:1em;--fontSize:25;--minFontSize:25;line-height:1.4;\"><a href=\"https:\/\/studentmag.unipr.it\/index.php\/2026\/03\/14\/milano-cortina-2026-una-gara-ancora-in-salita\/\" class=\"awb-custom-text-color awb-custom-text-hover-color\" target=\"_self\">Milano Cortina 2026: una gara ancora in salita<\/a><\/h2><\/div><div class=\"fusion-meta-tb fusion-meta-tb-36 floated\" style=\"--awb-border-bottom:0px;--awb-border-top:0px;--awb-height:36px;--awb-font-size:14px;--awb-margin-bottom:20px;--awb-margin-left:5%;--awb-margin-right:5%;--awb-text-color:var(--awb-color1);--awb-alignment-medium:flex-start;--awb-alignment-small:flex-start;\"><span class=\"fusion-tb-published-date\">Published On: 14 Marzo 2026<\/span><span class=\"fusion-meta-tb-sep\"><\/span><\/div><div class=\"fusion-text fusion-text-36\" style=\"--awb-text-color:hsla(var(--awb-color1-h),var(--awb-color1-s),var(--awb-color1-l),calc(var(--awb-color1-a) - 20%));--awb-margin-right:5%;--awb-margin-left:5%;\"><p>Storico medagliere al femminile ma ancora con luci, ombre.. e Paralimpiadi completamente al buio<\/p>\n<\/div><\/div><\/li>\n<li class=\"fusion-layout-column fusion_builder_column fusion-builder-column-38 fusion-flex-column post-card fusion-grid-column fusion-post-cards-grid-column uni-verso zona-calda fusion-animated\" style=\"--awb-bg-position:center top;--awb-bg-size:cover;--awb-flex-grow:0;--awb-flex-shrink:0;--awb-flex-grow-medium:0;--awb-flex-shrink-medium:0;--awb-flex-grow-small:0;--awb-flex-shrink-small:0;\"><div class=\"fusion-column-wrapper fusion-column-has-shadow fusion-flex-justify-content-flex-start fusion-content-layout-column\"><div class=\"fusion-classic-product-image-wrapper fusion-woo-product-image fusion-post-card-image fusion-post-card-image-1\" data-layout=\"static\" style=\"--awb-margin-bottom:15px;--awb-border-radius-top-left:8px;--awb-border-radius-top-right:8px;--awb-border-radius-bottom-right:8px;--awb-border-radius-bottom-left:8px;\"><div  class=\"fusion-image-wrapper\" aria-haspopup=\"true\">\n\t\t\t\t\t\t\t<a href=\"https:\/\/studentmag.unipr.it\/index.php\/2026\/03\/13\/una-giornata-nel-futuro-energetico\/\" aria-label=\"Una giornata nel futuro energetico\">\n\t\t\t\t\t\t\t<img decoding=\"async\" width=\"1600\" height=\"1200\" src=\"https:\/\/studentmag.unipr.it\/wp-content\/uploads\/2026\/03\/Fiera-KEY-Rimini-2.jpg\" class=\"attachment-full size-full lazyload wp-post-image\" alt=\"\" srcset=\"data:image\/svg+xml,%3Csvg%20xmlns%3D%27http%3A%2F%2Fwww.w3.org%2F2000%2Fsvg%27%20width%3D%271600%27%20height%3D%271200%27%20viewBox%3D%270%200%201600%201200%27%3E%3Crect%20width%3D%271600%27%20height%3D%271200%27%20fill-opacity%3D%220%22%2F%3E%3C%2Fsvg%3E\" data-orig-src=\"https:\/\/studentmag.unipr.it\/wp-content\/uploads\/2026\/03\/Fiera-KEY-Rimini-2.jpg\" data-srcset=\"https:\/\/studentmag.unipr.it\/wp-content\/uploads\/2026\/03\/Fiera-KEY-Rimini-2-200x150.jpg 200w, https:\/\/studentmag.unipr.it\/wp-content\/uploads\/2026\/03\/Fiera-KEY-Rimini-2-400x300.jpg 400w, https:\/\/studentmag.unipr.it\/wp-content\/uploads\/2026\/03\/Fiera-KEY-Rimini-2-600x450.jpg 600w, https:\/\/studentmag.unipr.it\/wp-content\/uploads\/2026\/03\/Fiera-KEY-Rimini-2-800x600.jpg 800w, https:\/\/studentmag.unipr.it\/wp-content\/uploads\/2026\/03\/Fiera-KEY-Rimini-2-1200x900.jpg 1200w, https:\/\/studentmag.unipr.it\/wp-content\/uploads\/2026\/03\/Fiera-KEY-Rimini-2.jpg 1600w\" data-sizes=\"auto\" \/>\t\t\t<\/a>\n\t\t\t\t\t\t\t<\/div>\n<\/div><div class=\"fusion-title title fusion-title-38 fusion-sep-none fusion-title-text fusion-title-size-two\" style=\"--awb-margin-right:5%;--awb-margin-bottom:10px;--awb-margin-left:5%;--awb-margin-left-small:5%;--awb-link-color:hsla(var(--awb-color3-h),var(--awb-color3-s),calc(var(--awb-color3-l) + 10%),var(--awb-color3-a));--awb-link-hover-color:var(--awb-color1);--awb-font-size:25px;\"><h2 class=\"fusion-title-heading title-heading-left fusion-responsive-typography-calculated\" style=\"margin:0;font-size:1em;--fontSize:25;--minFontSize:25;line-height:1.4;\"><a href=\"https:\/\/studentmag.unipr.it\/index.php\/2026\/03\/13\/una-giornata-nel-futuro-energetico\/\" class=\"awb-custom-text-color awb-custom-text-hover-color\" target=\"_self\">Una giornata nel futuro energetico<\/a><\/h2><\/div><div class=\"fusion-meta-tb fusion-meta-tb-37 floated\" style=\"--awb-border-bottom:0px;--awb-border-top:0px;--awb-height:36px;--awb-font-size:14px;--awb-margin-bottom:20px;--awb-margin-left:5%;--awb-margin-right:5%;--awb-text-color:var(--awb-color1);--awb-alignment-medium:flex-start;--awb-alignment-small:flex-start;\"><span class=\"fusion-tb-published-date\">Published On: 13 Marzo 2026<\/span><span class=\"fusion-meta-tb-sep\"><\/span><\/div><div class=\"fusion-text fusion-text-37\" style=\"--awb-text-color:hsla(var(--awb-color1-h),var(--awb-color1-s),var(--awb-color1-l),calc(var(--awb-color1-a) - 20%));--awb-margin-right:5%;--awb-margin-left:5%;\"><p>Siamo stati con un altro gruppo di studenti Unipr alla fiera KEY (The Energy Transition Expo) di Rimini<\/p>\n<\/div><\/div><\/li>\n<li class=\"fusion-layout-column fusion_builder_column fusion-builder-column-39 fusion-flex-column post-card fusion-grid-column fusion-post-cards-grid-column uni-verso zona-calda fusion-animated\" style=\"--awb-bg-position:center top;--awb-bg-size:cover;--awb-flex-grow:0;--awb-flex-shrink:0;--awb-flex-grow-medium:0;--awb-flex-shrink-medium:0;--awb-flex-grow-small:0;--awb-flex-shrink-small:0;\"><div class=\"fusion-column-wrapper fusion-column-has-shadow fusion-flex-justify-content-flex-start fusion-content-layout-column\"><div class=\"fusion-classic-product-image-wrapper fusion-woo-product-image fusion-post-card-image fusion-post-card-image-1\" data-layout=\"static\" style=\"--awb-margin-bottom:15px;--awb-border-radius-top-left:8px;--awb-border-radius-top-right:8px;--awb-border-radius-bottom-right:8px;--awb-border-radius-bottom-left:8px;\"><div  class=\"fusion-image-wrapper\" aria-haspopup=\"true\">\n\t\t\t\t\t\t\t<a href=\"https:\/\/studentmag.unipr.it\/index.php\/2026\/03\/11\/marta-cartabia-in-democrazia-non-esistono-poteri-assoluti\/\" aria-label=\"Marta Cartabia: \u00abIn democrazia non esistono poteri assoluti\u00bb\">\n\t\t\t\t\t\t\t<img decoding=\"async\" width=\"2560\" height=\"1707\" src=\"https:\/\/studentmag.unipr.it\/wp-content\/uploads\/2026\/03\/Marta-Cartabia-2-scaled.jpg\" class=\"attachment-full size-full lazyload wp-post-image\" alt=\"\" srcset=\"data:image\/svg+xml,%3Csvg%20xmlns%3D%27http%3A%2F%2Fwww.w3.org%2F2000%2Fsvg%27%20width%3D%272560%27%20height%3D%271707%27%20viewBox%3D%270%200%202560%201707%27%3E%3Crect%20width%3D%272560%27%20height%3D%271707%27%20fill-opacity%3D%220%22%2F%3E%3C%2Fsvg%3E\" data-orig-src=\"https:\/\/studentmag.unipr.it\/wp-content\/uploads\/2026\/03\/Marta-Cartabia-2-scaled.jpg\" data-srcset=\"https:\/\/studentmag.unipr.it\/wp-content\/uploads\/2026\/03\/Marta-Cartabia-2-200x133.jpg 200w, https:\/\/studentmag.unipr.it\/wp-content\/uploads\/2026\/03\/Marta-Cartabia-2-400x267.jpg 400w, https:\/\/studentmag.unipr.it\/wp-content\/uploads\/2026\/03\/Marta-Cartabia-2-600x400.jpg 600w, https:\/\/studentmag.unipr.it\/wp-content\/uploads\/2026\/03\/Marta-Cartabia-2-800x533.jpg 800w, https:\/\/studentmag.unipr.it\/wp-content\/uploads\/2026\/03\/Marta-Cartabia-2-1200x800.jpg 1200w, https:\/\/studentmag.unipr.it\/wp-content\/uploads\/2026\/03\/Marta-Cartabia-2-scaled.jpg 2560w\" data-sizes=\"auto\" \/>\t\t\t<\/a>\n\t\t\t\t\t\t\t<\/div>\n<\/div><div class=\"fusion-title title fusion-title-39 fusion-sep-none fusion-title-text fusion-title-size-two\" style=\"--awb-margin-right:5%;--awb-margin-bottom:10px;--awb-margin-left:5%;--awb-margin-left-small:5%;--awb-link-color:hsla(var(--awb-color3-h),var(--awb-color3-s),calc(var(--awb-color3-l) + 10%),var(--awb-color3-a));--awb-link-hover-color:var(--awb-color1);--awb-font-size:25px;\"><h2 class=\"fusion-title-heading title-heading-left fusion-responsive-typography-calculated\" style=\"margin:0;font-size:1em;--fontSize:25;--minFontSize:25;line-height:1.4;\"><a href=\"https:\/\/studentmag.unipr.it\/index.php\/2026\/03\/11\/marta-cartabia-in-democrazia-non-esistono-poteri-assoluti\/\" class=\"awb-custom-text-color awb-custom-text-hover-color\" target=\"_self\">Marta Cartabia: \u00abIn democrazia non esistono poteri assoluti\u00bb<\/a><\/h2><\/div><div class=\"fusion-meta-tb fusion-meta-tb-38 floated\" style=\"--awb-border-bottom:0px;--awb-border-top:0px;--awb-height:36px;--awb-font-size:14px;--awb-margin-bottom:20px;--awb-margin-left:5%;--awb-margin-right:5%;--awb-text-color:var(--awb-color1);--awb-alignment-medium:flex-start;--awb-alignment-small:flex-start;\"><span class=\"fusion-tb-published-date\">Published On: 11 Marzo 2026<\/span><span class=\"fusion-meta-tb-sep\"><\/span><\/div><div class=\"fusion-text fusion-text-38\" style=\"--awb-text-color:hsla(var(--awb-color1-h),var(--awb-color1-s),var(--awb-color1-l),calc(var(--awb-color1-a) - 20%));--awb-margin-right:5%;--awb-margin-left:5%;\"><p>All\u2019inaugurazione dell\u2019anno accademico, la prolusione della Presidente emerita della Corte costituzionale<\/p>\n<\/div><\/div><\/li>\n<li class=\"fusion-layout-column fusion_builder_column fusion-builder-column-40 fusion-flex-column post-card fusion-grid-column fusion-post-cards-grid-column pov-point-of-view fusion-animated\" style=\"--awb-bg-position:center top;--awb-bg-size:cover;--awb-flex-grow:0;--awb-flex-shrink:0;--awb-flex-grow-medium:0;--awb-flex-shrink-medium:0;--awb-flex-grow-small:0;--awb-flex-shrink-small:0;\"><div class=\"fusion-column-wrapper fusion-column-has-shadow fusion-flex-justify-content-flex-start fusion-content-layout-column\"><div class=\"fusion-classic-product-image-wrapper fusion-woo-product-image fusion-post-card-image fusion-post-card-image-1\" data-layout=\"static\" style=\"--awb-margin-bottom:15px;--awb-border-radius-top-left:8px;--awb-border-radius-top-right:8px;--awb-border-radius-bottom-right:8px;--awb-border-radius-bottom-left:8px;\"><div  class=\"fusion-image-wrapper\" aria-haspopup=\"true\">\n\t\t\t\t\t\t\t<a href=\"https:\/\/studentmag.unipr.it\/index.php\/2026\/03\/11\/il-mio-coinquilino-va-in-erasmus\/\" aria-label=\"Il mio coinquilino va in Erasmus\">\n\t\t\t\t\t\t\t<img decoding=\"async\" width=\"690\" height=\"800\" src=\"data:image\/svg+xml,%3Csvg%20xmlns%3D%27http%3A%2F%2Fwww.w3.org%2F2000%2Fsvg%27%20width%3D%27690%27%20height%3D%27800%27%20viewBox%3D%270%200%20690%20800%27%3E%3Crect%20width%3D%27690%27%20height%3D%27800%27%20fill-opacity%3D%220%22%2F%3E%3C%2Fsvg%3E\" class=\"attachment-full size-full lazyload wp-post-image\" alt=\"\" data-orig-src=\"https:\/\/studentmag.unipr.it\/wp-content\/uploads\/2026\/01\/Emanuele-Martino-e1773238029476.jpeg\" \/>\t\t\t<\/a>\n\t\t\t\t\t\t\t<\/div>\n<\/div><div class=\"fusion-title title fusion-title-40 fusion-sep-none fusion-title-text fusion-title-size-two\" style=\"--awb-margin-right:5%;--awb-margin-bottom:10px;--awb-margin-left:5%;--awb-margin-left-small:5%;--awb-link-color:hsla(var(--awb-color3-h),var(--awb-color3-s),calc(var(--awb-color3-l) + 10%),var(--awb-color3-a));--awb-link-hover-color:var(--awb-color1);--awb-font-size:25px;\"><h2 class=\"fusion-title-heading title-heading-left fusion-responsive-typography-calculated\" style=\"margin:0;font-size:1em;--fontSize:25;--minFontSize:25;line-height:1.4;\"><a href=\"https:\/\/studentmag.unipr.it\/index.php\/2026\/03\/11\/il-mio-coinquilino-va-in-erasmus\/\" class=\"awb-custom-text-color awb-custom-text-hover-color\" target=\"_self\">Il mio coinquilino va in Erasmus<\/a><\/h2><\/div><div class=\"fusion-meta-tb fusion-meta-tb-39 floated\" style=\"--awb-border-bottom:0px;--awb-border-top:0px;--awb-height:36px;--awb-font-size:14px;--awb-margin-bottom:20px;--awb-margin-left:5%;--awb-margin-right:5%;--awb-text-color:var(--awb-color1);--awb-alignment-medium:flex-start;--awb-alignment-small:flex-start;\"><span class=\"fusion-tb-published-date\">Published On: 11 Marzo 2026<\/span><span class=\"fusion-meta-tb-sep\"><\/span><\/div><div class=\"fusion-text fusion-text-39\" style=\"--awb-text-color:hsla(var(--awb-color1-h),var(--awb-color1-s),var(--awb-color1-l),calc(var(--awb-color1-a) - 20%));--awb-margin-right:5%;--awb-margin-left:5%;\"><p>Da Parma alla Polonia: come si gestisce un\u2019azienda a 22 anni mentre si prepara la valigia per un semestre all\u2019estero<\/p>\n<\/div><\/div><\/li>\n<li class=\"fusion-layout-column fusion_builder_column fusion-builder-column-41 fusion-flex-column post-card fusion-grid-column fusion-post-cards-grid-column cool-tura fusion-animated\" style=\"--awb-bg-position:center top;--awb-bg-size:cover;--awb-flex-grow:0;--awb-flex-shrink:0;--awb-flex-grow-medium:0;--awb-flex-shrink-medium:0;--awb-flex-grow-small:0;--awb-flex-shrink-small:0;\"><div class=\"fusion-column-wrapper fusion-column-has-shadow fusion-flex-justify-content-flex-start fusion-content-layout-column\"><div class=\"fusion-classic-product-image-wrapper fusion-woo-product-image fusion-post-card-image fusion-post-card-image-1\" data-layout=\"static\" style=\"--awb-margin-bottom:15px;--awb-border-radius-top-left:8px;--awb-border-radius-top-right:8px;--awb-border-radius-bottom-right:8px;--awb-border-radius-bottom-left:8px;\"><div  class=\"fusion-image-wrapper\" aria-haspopup=\"true\">\n\t\t\t\t\t\t\t<a href=\"https:\/\/studentmag.unipr.it\/index.php\/2026\/03\/10\/impressioni-dallamaro-in-bocca\/\" aria-label=\"Impressioni\u2026 dall\u2019amaro in bocca\">\n\t\t\t\t\t\t\t<img decoding=\"async\" width=\"650\" height=\"597\" src=\"https:\/\/studentmag.unipr.it\/wp-content\/uploads\/2026\/03\/Impressionisti-e1772638839838.jpg\" class=\"attachment-full size-full lazyload wp-post-image\" alt=\"\" srcset=\"data:image\/svg+xml,%3Csvg%20xmlns%3D%27http%3A%2F%2Fwww.w3.org%2F2000%2Fsvg%27%20width%3D%27650%27%20height%3D%27597%27%20viewBox%3D%270%200%20650%20597%27%3E%3Crect%20width%3D%27650%27%20height%3D%27597%27%20fill-opacity%3D%220%22%2F%3E%3C%2Fsvg%3E\" data-orig-src=\"https:\/\/studentmag.unipr.it\/wp-content\/uploads\/2026\/03\/Impressionisti-e1772638839838.jpg\" data-srcset=\"https:\/\/studentmag.unipr.it\/wp-content\/uploads\/2026\/03\/Impressionisti-e1772638839838-200x184.jpg 200w, https:\/\/studentmag.unipr.it\/wp-content\/uploads\/2026\/03\/Impressionisti-e1772638839838-400x367.jpg 400w, https:\/\/studentmag.unipr.it\/wp-content\/uploads\/2026\/03\/Impressionisti-e1772638839838-600x551.jpg 600w, https:\/\/studentmag.unipr.it\/wp-content\/uploads\/2026\/03\/Impressionisti-e1772638839838.jpg 650w\" data-sizes=\"auto\" \/>\t\t\t<\/a>\n\t\t\t\t\t\t\t<\/div>\n<\/div><div class=\"fusion-title title fusion-title-41 fusion-sep-none fusion-title-text fusion-title-size-two\" style=\"--awb-margin-right:5%;--awb-margin-bottom:10px;--awb-margin-left:5%;--awb-margin-left-small:5%;--awb-link-color:hsla(var(--awb-color3-h),var(--awb-color3-s),calc(var(--awb-color3-l) + 10%),var(--awb-color3-a));--awb-link-hover-color:var(--awb-color1);--awb-font-size:25px;\"><h2 class=\"fusion-title-heading title-heading-left fusion-responsive-typography-calculated\" style=\"margin:0;font-size:1em;--fontSize:25;--minFontSize:25;line-height:1.4;\"><a href=\"https:\/\/studentmag.unipr.it\/index.php\/2026\/03\/10\/impressioni-dallamaro-in-bocca\/\" class=\"awb-custom-text-color awb-custom-text-hover-color\" target=\"_self\">Impressioni\u2026 dall\u2019amaro in bocca<\/a><\/h2><\/div><div class=\"fusion-meta-tb fusion-meta-tb-40 floated\" style=\"--awb-border-bottom:0px;--awb-border-top:0px;--awb-height:36px;--awb-font-size:14px;--awb-margin-bottom:20px;--awb-margin-left:5%;--awb-margin-right:5%;--awb-text-color:var(--awb-color1);--awb-alignment-medium:flex-start;--awb-alignment-small:flex-start;\"><span class=\"fusion-tb-published-date\">Published On: 10 Marzo 2026<\/span><span class=\"fusion-meta-tb-sep\"><\/span><\/div><div class=\"fusion-text fusion-text-40\" style=\"--awb-text-color:hsla(var(--awb-color1-h),var(--awb-color1-s),var(--awb-color1-l),calc(var(--awb-color1-a) - 20%));--awb-margin-right:5%;--awb-margin-left:5%;\"><p>Siamo stati alla nuova mostra sugli Impressionisti di Palazzo Tarasconi<\/p>\n<\/div><\/div><\/li>\n<li class=\"fusion-layout-column fusion_builder_column fusion-builder-column-42 fusion-flex-column post-card fusion-grid-column fusion-post-cards-grid-column cool-tura fusion-animated\" style=\"--awb-bg-position:center top;--awb-bg-size:cover;--awb-flex-grow:0;--awb-flex-shrink:0;--awb-flex-grow-medium:0;--awb-flex-shrink-medium:0;--awb-flex-grow-small:0;--awb-flex-shrink-small:0;\"><div class=\"fusion-column-wrapper fusion-column-has-shadow fusion-flex-justify-content-flex-start fusion-content-layout-column\"><div class=\"fusion-classic-product-image-wrapper fusion-woo-product-image fusion-post-card-image fusion-post-card-image-1\" data-layout=\"static\" style=\"--awb-margin-bottom:15px;--awb-border-radius-top-left:8px;--awb-border-radius-top-right:8px;--awb-border-radius-bottom-right:8px;--awb-border-radius-bottom-left:8px;\"><div  class=\"fusion-image-wrapper\" aria-haspopup=\"true\">\n\t\t\t\t\t\t\t<a href=\"https:\/\/studentmag.unipr.it\/index.php\/2026\/03\/09\/giorni-di-guerra-uno-sguardo-che-non-ti-aspetti\/\" aria-label=\"&#8216;Giorni di guerra&#8217;: uno sguardo che non ti aspetti\">\n\t\t\t\t\t\t\t<img decoding=\"async\" width=\"702\" height=\"1000\" src=\"data:image\/svg+xml,%3Csvg%20xmlns%3D%27http%3A%2F%2Fwww.w3.org%2F2000%2Fsvg%27%20width%3D%27702%27%20height%3D%271000%27%20viewBox%3D%270%200%20702%201000%27%3E%3Crect%20width%3D%27702%27%20height%3D%271000%27%20fill-opacity%3D%220%22%2F%3E%3C%2Fsvg%3E\" class=\"attachment-full size-full lazyload wp-post-image\" alt=\"\" data-orig-src=\"https:\/\/studentmag.unipr.it\/wp-content\/uploads\/2026\/01\/Comisso_Giorni-di-guerra-e1768945815903.jpg\" \/>\t\t\t<\/a>\n\t\t\t\t\t\t\t<\/div>\n<\/div><div class=\"fusion-title title fusion-title-42 fusion-sep-none fusion-title-text fusion-title-size-two\" style=\"--awb-margin-right:5%;--awb-margin-bottom:10px;--awb-margin-left:5%;--awb-margin-left-small:5%;--awb-link-color:hsla(var(--awb-color3-h),var(--awb-color3-s),calc(var(--awb-color3-l) + 10%),var(--awb-color3-a));--awb-link-hover-color:var(--awb-color1);--awb-font-size:25px;\"><h2 class=\"fusion-title-heading title-heading-left fusion-responsive-typography-calculated\" style=\"margin:0;font-size:1em;--fontSize:25;--minFontSize:25;line-height:1.4;\"><a href=\"https:\/\/studentmag.unipr.it\/index.php\/2026\/03\/09\/giorni-di-guerra-uno-sguardo-che-non-ti-aspetti\/\" class=\"awb-custom-text-color awb-custom-text-hover-color\" target=\"_self\">&#8216;Giorni di guerra&#8217;: uno sguardo che non ti aspetti<\/a><\/h2><\/div><div class=\"fusion-meta-tb fusion-meta-tb-41 floated\" style=\"--awb-border-bottom:0px;--awb-border-top:0px;--awb-height:36px;--awb-font-size:14px;--awb-margin-bottom:20px;--awb-margin-left:5%;--awb-margin-right:5%;--awb-text-color:var(--awb-color1);--awb-alignment-medium:flex-start;--awb-alignment-small:flex-start;\"><span class=\"fusion-tb-published-date\">Published On: 9 Marzo 2026<\/span><span class=\"fusion-meta-tb-sep\"><\/span><\/div><div class=\"fusion-text fusion-text-41\" style=\"--awb-text-color:hsla(var(--awb-color1-h),var(--awb-color1-s),var(--awb-color1-l),calc(var(--awb-color1-a) - 20%));--awb-margin-right:5%;--awb-margin-left:5%;\"><p>Giovanni Comisso racconta con momenti di spensieratezza la sua esperienza da soldato nella Grande Guerra<\/p>\n<\/div><\/div><\/li>\n<li class=\"fusion-layout-column fusion_builder_column fusion-builder-column-43 fusion-flex-column post-card fusion-grid-column fusion-post-cards-grid-column uni-verso zona-calda fusion-animated\" style=\"--awb-bg-position:center top;--awb-bg-size:cover;--awb-flex-grow:0;--awb-flex-shrink:0;--awb-flex-grow-medium:0;--awb-flex-shrink-medium:0;--awb-flex-grow-small:0;--awb-flex-shrink-small:0;\"><div class=\"fusion-column-wrapper fusion-column-has-shadow fusion-flex-justify-content-flex-start fusion-content-layout-column\"><div class=\"fusion-classic-product-image-wrapper fusion-woo-product-image fusion-post-card-image fusion-post-card-image-1\" data-layout=\"static\" style=\"--awb-margin-bottom:15px;--awb-border-radius-top-left:8px;--awb-border-radius-top-right:8px;--awb-border-radius-bottom-right:8px;--awb-border-radius-bottom-left:8px;\"><div  class=\"fusion-image-wrapper\" aria-haspopup=\"true\">\n\t\t\t\t\t\t\t<a href=\"https:\/\/studentmag.unipr.it\/index.php\/2026\/03\/08\/eu-green-student-conference-ununiversita-a-misura-del-pianeta\/\" aria-label=\"EU GREEN Student Conference: un\u2019universit\u00e0 a misura del pianeta\">\n\t\t\t\t\t\t\t<img decoding=\"async\" width=\"2560\" height=\"1707\" src=\"https:\/\/studentmag.unipr.it\/wp-content\/uploads\/2026\/03\/EU-GREEN-Student-Conference-29-scaled.jpg\" class=\"attachment-full size-full lazyload wp-post-image\" alt=\"\" srcset=\"data:image\/svg+xml,%3Csvg%20xmlns%3D%27http%3A%2F%2Fwww.w3.org%2F2000%2Fsvg%27%20width%3D%272560%27%20height%3D%271707%27%20viewBox%3D%270%200%202560%201707%27%3E%3Crect%20width%3D%272560%27%20height%3D%271707%27%20fill-opacity%3D%220%22%2F%3E%3C%2Fsvg%3E\" data-orig-src=\"https:\/\/studentmag.unipr.it\/wp-content\/uploads\/2026\/03\/EU-GREEN-Student-Conference-29-scaled.jpg\" data-srcset=\"https:\/\/studentmag.unipr.it\/wp-content\/uploads\/2026\/03\/EU-GREEN-Student-Conference-29-200x133.jpg 200w, https:\/\/studentmag.unipr.it\/wp-content\/uploads\/2026\/03\/EU-GREEN-Student-Conference-29-400x267.jpg 400w, https:\/\/studentmag.unipr.it\/wp-content\/uploads\/2026\/03\/EU-GREEN-Student-Conference-29-600x400.jpg 600w, https:\/\/studentmag.unipr.it\/wp-content\/uploads\/2026\/03\/EU-GREEN-Student-Conference-29-800x533.jpg 800w, https:\/\/studentmag.unipr.it\/wp-content\/uploads\/2026\/03\/EU-GREEN-Student-Conference-29-1200x800.jpg 1200w, https:\/\/studentmag.unipr.it\/wp-content\/uploads\/2026\/03\/EU-GREEN-Student-Conference-29-scaled.jpg 2560w\" data-sizes=\"auto\" \/>\t\t\t<\/a>\n\t\t\t\t\t\t\t<\/div>\n<\/div><div class=\"fusion-title title fusion-title-43 fusion-sep-none fusion-title-text fusion-title-size-two\" style=\"--awb-margin-right:5%;--awb-margin-bottom:10px;--awb-margin-left:5%;--awb-margin-left-small:5%;--awb-link-color:hsla(var(--awb-color3-h),var(--awb-color3-s),calc(var(--awb-color3-l) + 10%),var(--awb-color3-a));--awb-link-hover-color:var(--awb-color1);--awb-font-size:25px;\"><h2 class=\"fusion-title-heading title-heading-left fusion-responsive-typography-calculated\" style=\"margin:0;font-size:1em;--fontSize:25;--minFontSize:25;line-height:1.4;\"><a href=\"https:\/\/studentmag.unipr.it\/index.php\/2026\/03\/08\/eu-green-student-conference-ununiversita-a-misura-del-pianeta\/\" class=\"awb-custom-text-color awb-custom-text-hover-color\" target=\"_self\">EU GREEN Student Conference: un\u2019universit\u00e0 a misura del pianeta<\/a><\/h2><\/div><div class=\"fusion-meta-tb fusion-meta-tb-42 floated\" style=\"--awb-border-bottom:0px;--awb-border-top:0px;--awb-height:36px;--awb-font-size:14px;--awb-margin-bottom:20px;--awb-margin-left:5%;--awb-margin-right:5%;--awb-text-color:var(--awb-color1);--awb-alignment-medium:flex-start;--awb-alignment-small:flex-start;\"><span class=\"fusion-tb-published-date\">Published On: 8 Marzo 2026<\/span><span class=\"fusion-meta-tb-sep\"><\/span><\/div><div class=\"fusion-text fusion-text-42\" style=\"--awb-text-color:hsla(var(--awb-color1-h),var(--awb-color1-s),var(--awb-color1-l),calc(var(--awb-color1-a) - 20%));--awb-margin-right:5%;--awb-margin-left:5%;\"><p>L\u2019ultima giornata della kermesse ha portato a Parma i progetti degli studenti europei<\/p>\n<\/div><\/div><\/li>\n<li class=\"fusion-layout-column fusion_builder_column fusion-builder-column-44 fusion-flex-column post-card fusion-grid-column fusion-post-cards-grid-column uni-verso zona-calda fusion-animated\" style=\"--awb-bg-position:center top;--awb-bg-size:cover;--awb-flex-grow:0;--awb-flex-shrink:0;--awb-flex-grow-medium:0;--awb-flex-shrink-medium:0;--awb-flex-grow-small:0;--awb-flex-shrink-small:0;\"><div class=\"fusion-column-wrapper fusion-column-has-shadow fusion-flex-justify-content-flex-start fusion-content-layout-column\"><div class=\"fusion-classic-product-image-wrapper fusion-woo-product-image fusion-post-card-image fusion-post-card-image-1\" data-layout=\"static\" style=\"--awb-margin-bottom:15px;--awb-border-radius-top-left:8px;--awb-border-radius-top-right:8px;--awb-border-radius-bottom-right:8px;--awb-border-radius-bottom-left:8px;\"><div  class=\"fusion-image-wrapper\" aria-haspopup=\"true\">\n\t\t\t\t\t\t\t<a href=\"https:\/\/studentmag.unipr.it\/index.php\/2026\/03\/07\/eu-green-student-conference-si-comincia\/\" aria-label=\"EU GREEN Student Conference: si comincia!\">\n\t\t\t\t\t\t\t<img decoding=\"async\" width=\"2560\" height=\"1707\" src=\"https:\/\/studentmag.unipr.it\/wp-content\/uploads\/2026\/03\/EU-GREEN-Student-Conference-47-scaled.jpg\" class=\"attachment-full size-full lazyload wp-post-image\" alt=\"\" srcset=\"data:image\/svg+xml,%3Csvg%20xmlns%3D%27http%3A%2F%2Fwww.w3.org%2F2000%2Fsvg%27%20width%3D%272560%27%20height%3D%271707%27%20viewBox%3D%270%200%202560%201707%27%3E%3Crect%20width%3D%272560%27%20height%3D%271707%27%20fill-opacity%3D%220%22%2F%3E%3C%2Fsvg%3E\" data-orig-src=\"https:\/\/studentmag.unipr.it\/wp-content\/uploads\/2026\/03\/EU-GREEN-Student-Conference-47-scaled.jpg\" data-srcset=\"https:\/\/studentmag.unipr.it\/wp-content\/uploads\/2026\/03\/EU-GREEN-Student-Conference-47-200x133.jpg 200w, https:\/\/studentmag.unipr.it\/wp-content\/uploads\/2026\/03\/EU-GREEN-Student-Conference-47-400x267.jpg 400w, https:\/\/studentmag.unipr.it\/wp-content\/uploads\/2026\/03\/EU-GREEN-Student-Conference-47-600x400.jpg 600w, https:\/\/studentmag.unipr.it\/wp-content\/uploads\/2026\/03\/EU-GREEN-Student-Conference-47-800x533.jpg 800w, https:\/\/studentmag.unipr.it\/wp-content\/uploads\/2026\/03\/EU-GREEN-Student-Conference-47-1200x800.jpg 1200w, https:\/\/studentmag.unipr.it\/wp-content\/uploads\/2026\/03\/EU-GREEN-Student-Conference-47-scaled.jpg 2560w\" data-sizes=\"auto\" \/>\t\t\t<\/a>\n\t\t\t\t\t\t\t<\/div>\n<\/div><div class=\"fusion-title title fusion-title-44 fusion-sep-none fusion-title-text fusion-title-size-two\" style=\"--awb-margin-right:5%;--awb-margin-bottom:10px;--awb-margin-left:5%;--awb-margin-left-small:5%;--awb-link-color:hsla(var(--awb-color3-h),var(--awb-color3-s),calc(var(--awb-color3-l) + 10%),var(--awb-color3-a));--awb-link-hover-color:var(--awb-color1);--awb-font-size:25px;\"><h2 class=\"fusion-title-heading title-heading-left fusion-responsive-typography-calculated\" style=\"margin:0;font-size:1em;--fontSize:25;--minFontSize:25;line-height:1.4;\"><a href=\"https:\/\/studentmag.unipr.it\/index.php\/2026\/03\/07\/eu-green-student-conference-si-comincia\/\" class=\"awb-custom-text-color awb-custom-text-hover-color\" target=\"_self\">EU GREEN Student Conference: si comincia!<\/a><\/h2><\/div><div class=\"fusion-meta-tb fusion-meta-tb-43 floated\" style=\"--awb-border-bottom:0px;--awb-border-top:0px;--awb-height:36px;--awb-font-size:14px;--awb-margin-bottom:20px;--awb-margin-left:5%;--awb-margin-right:5%;--awb-text-color:var(--awb-color1);--awb-alignment-medium:flex-start;--awb-alignment-small:flex-start;\"><span class=\"fusion-tb-published-date\">Published On: 7 Marzo 2026<\/span><span class=\"fusion-meta-tb-sep\"><\/span><\/div><div class=\"fusion-text fusion-text-43\" style=\"--awb-text-color:hsla(var(--awb-color1-h),var(--awb-color1-s),var(--awb-color1-l),calc(var(--awb-color1-a) - 20%));--awb-margin-right:5%;--awb-margin-left:5%;\"><p>Al via la prima conferenza degli studenti per gli studenti appartenenti alla EU GREEN Alliance  <\/p>\n<\/div><\/div><\/li>\n<li class=\"fusion-layout-column fusion_builder_column fusion-builder-column-45 fusion-flex-column post-card fusion-grid-column fusion-post-cards-grid-column cool-tura fusion-animated\" style=\"--awb-bg-position:center top;--awb-bg-size:cover;--awb-flex-grow:0;--awb-flex-shrink:0;--awb-flex-grow-medium:0;--awb-flex-shrink-medium:0;--awb-flex-grow-small:0;--awb-flex-shrink-small:0;\"><div class=\"fusion-column-wrapper fusion-column-has-shadow fusion-flex-justify-content-flex-start fusion-content-layout-column\"><div class=\"fusion-classic-product-image-wrapper fusion-woo-product-image fusion-post-card-image fusion-post-card-image-1\" data-layout=\"static\" style=\"--awb-margin-bottom:15px;--awb-border-radius-top-left:8px;--awb-border-radius-top-right:8px;--awb-border-radius-bottom-right:8px;--awb-border-radius-bottom-left:8px;\"><div  class=\"fusion-image-wrapper\" aria-haspopup=\"true\">\n\t\t\t\t\t\t\t<a href=\"https:\/\/studentmag.unipr.it\/index.php\/2026\/03\/06\/the-romantic-teneramente-romanticamente-latino-e-lentino\/\" aria-label=\"&#8216;The Romantic&#8217;: teneramente, romanticamente latino (e lentino)\">\n\t\t\t\t\t\t\t<img decoding=\"async\" width=\"1200\" height=\"1200\" src=\"data:image\/svg+xml,%3Csvg%20xmlns%3D%27http%3A%2F%2Fwww.w3.org%2F2000%2Fsvg%27%20width%3D%271200%27%20height%3D%271200%27%20viewBox%3D%270%200%201200%201200%27%3E%3Crect%20width%3D%271200%27%20height%3D%271200%27%20fill-opacity%3D%220%22%2F%3E%3C%2Fsvg%3E\" class=\"attachment-full size-full lazyload wp-post-image\" alt=\"\" data-orig-src=\"https:\/\/studentmag.unipr.it\/wp-content\/uploads\/2026\/03\/Bruno-Mars-The-Romantic-jpg-scaled-e1772749677686.jpg\" \/>\t\t\t<\/a>\n\t\t\t\t\t\t\t<\/div>\n<\/div><div class=\"fusion-title title fusion-title-45 fusion-sep-none fusion-title-text fusion-title-size-two\" style=\"--awb-margin-right:5%;--awb-margin-bottom:10px;--awb-margin-left:5%;--awb-margin-left-small:5%;--awb-link-color:hsla(var(--awb-color3-h),var(--awb-color3-s),calc(var(--awb-color3-l) + 10%),var(--awb-color3-a));--awb-link-hover-color:var(--awb-color1);--awb-font-size:25px;\"><h2 class=\"fusion-title-heading title-heading-left fusion-responsive-typography-calculated\" style=\"margin:0;font-size:1em;--fontSize:25;--minFontSize:25;line-height:1.4;\"><a href=\"https:\/\/studentmag.unipr.it\/index.php\/2026\/03\/06\/the-romantic-teneramente-romanticamente-latino-e-lentino\/\" class=\"awb-custom-text-color awb-custom-text-hover-color\" target=\"_self\">&#8216;The Romantic&#8217;: teneramente, romanticamente latino (e lentino)<\/a><\/h2><\/div><div class=\"fusion-meta-tb fusion-meta-tb-44 floated\" style=\"--awb-border-bottom:0px;--awb-border-top:0px;--awb-height:36px;--awb-font-size:14px;--awb-margin-bottom:20px;--awb-margin-left:5%;--awb-margin-right:5%;--awb-text-color:var(--awb-color1);--awb-alignment-medium:flex-start;--awb-alignment-small:flex-start;\"><span class=\"fusion-tb-published-date\">Published On: 6 Marzo 2026<\/span><span class=\"fusion-meta-tb-sep\"><\/span><\/div><div class=\"fusion-text fusion-text-44\" style=\"--awb-text-color:hsla(var(--awb-color1-h),var(--awb-color1-s),var(--awb-color1-l),calc(var(--awb-color1-a) - 20%));--awb-margin-right:5%;--awb-margin-left:5%;\"><p>Il nuovo album di Bruno Mars: tra bachate, rumbe e testi dolcemente scontati, il cuore si scioglie ma non esplode<\/p>\n<\/div><\/div><\/li>\n<li class=\"fusion-layout-column fusion_builder_column fusion-builder-column-46 fusion-flex-column post-card fusion-grid-column fusion-post-cards-grid-column cool-tura fusion-animated\" style=\"--awb-bg-position:center top;--awb-bg-size:cover;--awb-flex-grow:0;--awb-flex-shrink:0;--awb-flex-grow-medium:0;--awb-flex-shrink-medium:0;--awb-flex-grow-small:0;--awb-flex-shrink-small:0;\"><div class=\"fusion-column-wrapper fusion-column-has-shadow fusion-flex-justify-content-flex-start fusion-content-layout-column\"><div class=\"fusion-classic-product-image-wrapper fusion-woo-product-image fusion-post-card-image fusion-post-card-image-1\" data-layout=\"static\" style=\"--awb-margin-bottom:15px;--awb-border-radius-top-left:8px;--awb-border-radius-top-right:8px;--awb-border-radius-bottom-right:8px;--awb-border-radius-bottom-left:8px;\"><div  class=\"fusion-image-wrapper\" aria-haspopup=\"true\">\n\t\t\t\t\t\t\t<a href=\"https:\/\/studentmag.unipr.it\/index.php\/2026\/03\/05\/un-romeo-et-juliette-che-ribalta-il-finale\/\" aria-label=\"Un \u2018Rom\u00e9o et Juliette\u2019 che ribalta il finale\">\n\t\t\t\t\t\t\t<img decoding=\"async\" width=\"2560\" height=\"1691\" src=\"https:\/\/studentmag.unipr.it\/wp-content\/uploads\/2026\/03\/1399_LesBalletsDeMonteCarlo2026-7-1-scaled.jpg\" class=\"attachment-full size-full lazyload wp-post-image\" alt=\"\" srcset=\"data:image\/svg+xml,%3Csvg%20xmlns%3D%27http%3A%2F%2Fwww.w3.org%2F2000%2Fsvg%27%20width%3D%272560%27%20height%3D%271691%27%20viewBox%3D%270%200%202560%201691%27%3E%3Crect%20width%3D%272560%27%20height%3D%271691%27%20fill-opacity%3D%220%22%2F%3E%3C%2Fsvg%3E\" data-orig-src=\"https:\/\/studentmag.unipr.it\/wp-content\/uploads\/2026\/03\/1399_LesBalletsDeMonteCarlo2026-7-1-scaled.jpg\" data-srcset=\"https:\/\/studentmag.unipr.it\/wp-content\/uploads\/2026\/03\/1399_LesBalletsDeMonteCarlo2026-7-1-200x132.jpg 200w, https:\/\/studentmag.unipr.it\/wp-content\/uploads\/2026\/03\/1399_LesBalletsDeMonteCarlo2026-7-1-400x264.jpg 400w, https:\/\/studentmag.unipr.it\/wp-content\/uploads\/2026\/03\/1399_LesBalletsDeMonteCarlo2026-7-1-600x396.jpg 600w, https:\/\/studentmag.unipr.it\/wp-content\/uploads\/2026\/03\/1399_LesBalletsDeMonteCarlo2026-7-1-800x528.jpg 800w, https:\/\/studentmag.unipr.it\/wp-content\/uploads\/2026\/03\/1399_LesBalletsDeMonteCarlo2026-7-1-1200x793.jpg 1200w, https:\/\/studentmag.unipr.it\/wp-content\/uploads\/2026\/03\/1399_LesBalletsDeMonteCarlo2026-7-1-scaled.jpg 2560w\" data-sizes=\"auto\" \/>\t\t\t<\/a>\n\t\t\t\t\t\t\t<\/div>\n<\/div><div class=\"fusion-title title fusion-title-46 fusion-sep-none fusion-title-text fusion-title-size-two\" style=\"--awb-margin-right:5%;--awb-margin-bottom:10px;--awb-margin-left:5%;--awb-margin-left-small:5%;--awb-link-color:hsla(var(--awb-color3-h),var(--awb-color3-s),calc(var(--awb-color3-l) + 10%),var(--awb-color3-a));--awb-link-hover-color:var(--awb-color1);--awb-font-size:25px;\"><h2 class=\"fusion-title-heading title-heading-left fusion-responsive-typography-calculated\" style=\"margin:0;font-size:1em;--fontSize:25;--minFontSize:25;line-height:1.4;\"><a href=\"https:\/\/studentmag.unipr.it\/index.php\/2026\/03\/05\/un-romeo-et-juliette-che-ribalta-il-finale\/\" class=\"awb-custom-text-color awb-custom-text-hover-color\" target=\"_self\">Un \u2018Rom\u00e9o et Juliette\u2019 che ribalta il finale<\/a><\/h2><\/div><div class=\"fusion-meta-tb fusion-meta-tb-45 floated\" style=\"--awb-border-bottom:0px;--awb-border-top:0px;--awb-height:36px;--awb-font-size:14px;--awb-margin-bottom:20px;--awb-margin-left:5%;--awb-margin-right:5%;--awb-text-color:var(--awb-color1);--awb-alignment-medium:flex-start;--awb-alignment-small:flex-start;\"><span class=\"fusion-tb-published-date\">Published On: 5 Marzo 2026<\/span><span class=\"fusion-meta-tb-sep\"><\/span><\/div><div class=\"fusion-text fusion-text-45\" style=\"--awb-text-color:hsla(var(--awb-color1-h),var(--awb-color1-s),var(--awb-color1-l),calc(var(--awb-color1-a) - 20%));--awb-margin-right:5%;--awb-margin-left:5%;\"><p>Al Regio, Les Ballets de Monte-Carlo tra tradizione e contemporaneit\u00e0, nell\u2019atletismo dei corpi e nelle scelte audaci del regista Jean-Christophe Maillot<\/p>\n<\/div><\/div><\/li>\n<li class=\"fusion-layout-column fusion_builder_column fusion-builder-column-47 fusion-flex-column post-card fusion-grid-column fusion-post-cards-grid-column cool-tura fusion-animated\" style=\"--awb-bg-position:center top;--awb-bg-size:cover;--awb-flex-grow:0;--awb-flex-shrink:0;--awb-flex-grow-medium:0;--awb-flex-shrink-medium:0;--awb-flex-grow-small:0;--awb-flex-shrink-small:0;\"><div class=\"fusion-column-wrapper fusion-column-has-shadow fusion-flex-justify-content-flex-start fusion-content-layout-column\"><div class=\"fusion-classic-product-image-wrapper fusion-woo-product-image fusion-post-card-image fusion-post-card-image-1\" data-layout=\"static\" style=\"--awb-margin-bottom:15px;--awb-border-radius-top-left:8px;--awb-border-radius-top-right:8px;--awb-border-radius-bottom-right:8px;--awb-border-radius-bottom-left:8px;\"><div  class=\"fusion-image-wrapper\" aria-haspopup=\"true\">\n\t\t\t\t\t\t\t<a href=\"https:\/\/studentmag.unipr.it\/index.php\/2026\/03\/04\/cime-tempestose-molto-jacob-poca-bronte\/\" aria-label=\"&#8220;Cime Tempestose&#8221;: molto Jacob, poca Bront\u00eb\">\n\t\t\t\t\t\t\t<img decoding=\"async\" width=\"1200\" height=\"630\" src=\"https:\/\/studentmag.unipr.it\/wp-content\/uploads\/2026\/03\/Cime-Tempestose.png\" class=\"attachment-full size-full lazyload wp-post-image\" alt=\"\" srcset=\"data:image\/svg+xml,%3Csvg%20xmlns%3D%27http%3A%2F%2Fwww.w3.org%2F2000%2Fsvg%27%20width%3D%271200%27%20height%3D%27630%27%20viewBox%3D%270%200%201200%20630%27%3E%3Crect%20width%3D%271200%27%20height%3D%27630%27%20fill-opacity%3D%220%22%2F%3E%3C%2Fsvg%3E\" data-orig-src=\"https:\/\/studentmag.unipr.it\/wp-content\/uploads\/2026\/03\/Cime-Tempestose.png\" data-srcset=\"https:\/\/studentmag.unipr.it\/wp-content\/uploads\/2026\/03\/Cime-Tempestose-200x105.png 200w, https:\/\/studentmag.unipr.it\/wp-content\/uploads\/2026\/03\/Cime-Tempestose-400x210.png 400w, https:\/\/studentmag.unipr.it\/wp-content\/uploads\/2026\/03\/Cime-Tempestose-600x315.png 600w, https:\/\/studentmag.unipr.it\/wp-content\/uploads\/2026\/03\/Cime-Tempestose-800x420.png 800w, https:\/\/studentmag.unipr.it\/wp-content\/uploads\/2026\/03\/Cime-Tempestose.png 1200w\" data-sizes=\"auto\" \/>\t\t\t<\/a>\n\t\t\t\t\t\t\t<\/div>\n<\/div><div class=\"fusion-title title fusion-title-47 fusion-sep-none fusion-title-text fusion-title-size-two\" style=\"--awb-margin-right:5%;--awb-margin-bottom:10px;--awb-margin-left:5%;--awb-margin-left-small:5%;--awb-link-color:hsla(var(--awb-color3-h),var(--awb-color3-s),calc(var(--awb-color3-l) + 10%),var(--awb-color3-a));--awb-link-hover-color:var(--awb-color1);--awb-font-size:25px;\"><h2 class=\"fusion-title-heading title-heading-left fusion-responsive-typography-calculated\" style=\"margin:0;font-size:1em;--fontSize:25;--minFontSize:25;line-height:1.4;\"><a href=\"https:\/\/studentmag.unipr.it\/index.php\/2026\/03\/04\/cime-tempestose-molto-jacob-poca-bronte\/\" class=\"awb-custom-text-color awb-custom-text-hover-color\" target=\"_self\">&#8220;Cime Tempestose&#8221;: molto Jacob, poca Bront\u00eb<\/a><\/h2><\/div><div class=\"fusion-meta-tb fusion-meta-tb-46 floated\" style=\"--awb-border-bottom:0px;--awb-border-top:0px;--awb-height:36px;--awb-font-size:14px;--awb-margin-bottom:20px;--awb-margin-left:5%;--awb-margin-right:5%;--awb-text-color:var(--awb-color1);--awb-alignment-medium:flex-start;--awb-alignment-small:flex-start;\"><span class=\"fusion-tb-published-date\">Published On: 4 Marzo 2026<\/span><span class=\"fusion-meta-tb-sep\"><\/span><\/div><div class=\"fusion-text fusion-text-46\" style=\"--awb-text-color:hsla(var(--awb-color1-h),var(--awb-color1-s),var(--awb-color1-l),calc(var(--awb-color1-a) - 20%));--awb-margin-right:5%;--awb-margin-left:5%;\"><p>Che film andate a vedere? Cime tempestose, solo perch\u00e9 c\u2019\u00e8 Jacob Elordi!<\/p>\n<\/div><\/div><\/li>\n<li class=\"fusion-layout-column fusion_builder_column fusion-builder-column-48 fusion-flex-column post-card fusion-grid-column fusion-post-cards-grid-column uni-verso fusion-animated\" style=\"--awb-bg-position:center top;--awb-bg-size:cover;--awb-flex-grow:0;--awb-flex-shrink:0;--awb-flex-grow-medium:0;--awb-flex-shrink-medium:0;--awb-flex-grow-small:0;--awb-flex-shrink-small:0;\"><div class=\"fusion-column-wrapper fusion-column-has-shadow fusion-flex-justify-content-flex-start fusion-content-layout-column\"><div class=\"fusion-classic-product-image-wrapper fusion-woo-product-image fusion-post-card-image fusion-post-card-image-1\" data-layout=\"static\" style=\"--awb-margin-bottom:15px;--awb-border-radius-top-left:8px;--awb-border-radius-top-right:8px;--awb-border-radius-bottom-right:8px;--awb-border-radius-bottom-left:8px;\"><div  class=\"fusion-image-wrapper\" aria-haspopup=\"true\">\n\t\t\t\t\t\t\t<a href=\"https:\/\/studentmag.unipr.it\/index.php\/2026\/03\/03\/eu-green-la-conferenza-degli-studenti-per-gli-studenti\/\" aria-label=\"EU GREEN, la conferenza degli studenti per gli studenti\">\n\t\t\t\t\t\t\t<img decoding=\"async\" width=\"355\" height=\"444\" src=\"https:\/\/studentmag.unipr.it\/wp-content\/uploads\/2026\/03\/EU-GREEN-student-conference.png.webp\" class=\"attachment-full size-full lazyload wp-post-image\" alt=\"\" srcset=\"data:image\/svg+xml,%3Csvg%20xmlns%3D%27http%3A%2F%2Fwww.w3.org%2F2000%2Fsvg%27%20width%3D%27355%27%20height%3D%27444%27%20viewBox%3D%270%200%20355%20444%27%3E%3Crect%20width%3D%27355%27%20height%3D%27444%27%20fill-opacity%3D%220%22%2F%3E%3C%2Fsvg%3E\" data-orig-src=\"https:\/\/studentmag.unipr.it\/wp-content\/uploads\/2026\/03\/EU-GREEN-student-conference.png.webp\" data-srcset=\"https:\/\/studentmag.unipr.it\/wp-content\/uploads\/2026\/03\/EU-GREEN-student-conference.png-200x250.webp 200w, https:\/\/studentmag.unipr.it\/wp-content\/uploads\/2026\/03\/EU-GREEN-student-conference.png-240x300.webp 240w, https:\/\/studentmag.unipr.it\/wp-content\/uploads\/2026\/03\/EU-GREEN-student-conference.png.webp 355w\" data-sizes=\"auto\" \/>\t\t\t<\/a>\n\t\t\t\t\t\t\t<\/div>\n<\/div><div class=\"fusion-title title fusion-title-48 fusion-sep-none fusion-title-text fusion-title-size-two\" style=\"--awb-margin-right:5%;--awb-margin-bottom:10px;--awb-margin-left:5%;--awb-margin-left-small:5%;--awb-link-color:hsla(var(--awb-color3-h),var(--awb-color3-s),calc(var(--awb-color3-l) + 10%),var(--awb-color3-a));--awb-link-hover-color:var(--awb-color1);--awb-font-size:25px;\"><h2 class=\"fusion-title-heading title-heading-left fusion-responsive-typography-calculated\" style=\"margin:0;font-size:1em;--fontSize:25;--minFontSize:25;line-height:1.4;\"><a href=\"https:\/\/studentmag.unipr.it\/index.php\/2026\/03\/03\/eu-green-la-conferenza-degli-studenti-per-gli-studenti\/\" class=\"awb-custom-text-color awb-custom-text-hover-color\" target=\"_self\">EU GREEN, la conferenza degli studenti per gli studenti<\/a><\/h2><\/div><div class=\"fusion-meta-tb fusion-meta-tb-47 floated\" style=\"--awb-border-bottom:0px;--awb-border-top:0px;--awb-height:36px;--awb-font-size:14px;--awb-margin-bottom:20px;--awb-margin-left:5%;--awb-margin-right:5%;--awb-text-color:var(--awb-color1);--awb-alignment-medium:flex-start;--awb-alignment-small:flex-start;\"><span class=\"fusion-tb-published-date\">Published On: 3 Marzo 2026<\/span><span class=\"fusion-meta-tb-sep\"><\/span><\/div><div class=\"fusion-text fusion-text-47\" style=\"--awb-text-color:hsla(var(--awb-color1-h),var(--awb-color1-s),var(--awb-color1-l),calc(var(--awb-color1-a) - 20%));--awb-margin-right:5%;--awb-margin-left:5%;\"><p>Il 6 e il 7 marzo a Parma 150 ragazzi da 9 universit\u00e0 europee.<\/p>\n<\/div><\/div><\/li>\n<li class=\"fusion-layout-column fusion_builder_column fusion-builder-column-49 fusion-flex-column post-card fusion-grid-column fusion-post-cards-grid-column uni-verso fusion-animated\" style=\"--awb-bg-position:center top;--awb-bg-size:cover;--awb-flex-grow:0;--awb-flex-shrink:0;--awb-flex-grow-medium:0;--awb-flex-shrink-medium:0;--awb-flex-grow-small:0;--awb-flex-shrink-small:0;\"><div class=\"fusion-column-wrapper fusion-column-has-shadow fusion-flex-justify-content-flex-start fusion-content-layout-column\"><div class=\"fusion-classic-product-image-wrapper fusion-woo-product-image fusion-post-card-image fusion-post-card-image-1\" data-layout=\"static\" style=\"--awb-margin-bottom:15px;--awb-border-radius-top-left:8px;--awb-border-radius-top-right:8px;--awb-border-radius-bottom-right:8px;--awb-border-radius-bottom-left:8px;\"><div  class=\"fusion-image-wrapper\" aria-haspopup=\"true\">\n\t\t\t\t\t\t\t<a href=\"https:\/\/studentmag.unipr.it\/index.php\/2026\/03\/02\/non-sei-solo-il-counseling-psicologico-unipr-a-misura-di-studente\/\" aria-label=\"Non sei sol\u0259. Il counseling psicologico UniPr a misura di studente\">\n\t\t\t\t\t\t\t<img decoding=\"async\" width=\"484\" height=\"538\" src=\"https:\/\/studentmag.unipr.it\/wp-content\/uploads\/2019\/10\/Counseling.jpeg\" class=\"attachment-full size-full lazyload wp-post-image\" alt=\"\" srcset=\"data:image\/svg+xml,%3Csvg%20xmlns%3D%27http%3A%2F%2Fwww.w3.org%2F2000%2Fsvg%27%20width%3D%27484%27%20height%3D%27538%27%20viewBox%3D%270%200%20484%20538%27%3E%3Crect%20width%3D%27484%27%20height%3D%27538%27%20fill-opacity%3D%220%22%2F%3E%3C%2Fsvg%3E\" data-orig-src=\"https:\/\/studentmag.unipr.it\/wp-content\/uploads\/2019\/10\/Counseling.jpeg\" data-srcset=\"https:\/\/studentmag.unipr.it\/wp-content\/uploads\/2019\/10\/Counseling-200x222.jpeg 200w, https:\/\/studentmag.unipr.it\/wp-content\/uploads\/2019\/10\/Counseling-400x445.jpeg 400w, https:\/\/studentmag.unipr.it\/wp-content\/uploads\/2019\/10\/Counseling.jpeg 484w\" data-sizes=\"auto\" \/>\t\t\t<\/a>\n\t\t\t\t\t\t\t<\/div>\n<\/div><div class=\"fusion-title title fusion-title-49 fusion-sep-none fusion-title-text fusion-title-size-two\" style=\"--awb-margin-right:5%;--awb-margin-bottom:10px;--awb-margin-left:5%;--awb-margin-left-small:5%;--awb-link-color:hsla(var(--awb-color3-h),var(--awb-color3-s),calc(var(--awb-color3-l) + 10%),var(--awb-color3-a));--awb-link-hover-color:var(--awb-color1);--awb-font-size:25px;\"><h2 class=\"fusion-title-heading title-heading-left fusion-responsive-typography-calculated\" style=\"margin:0;font-size:1em;--fontSize:25;--minFontSize:25;line-height:1.4;\"><a href=\"https:\/\/studentmag.unipr.it\/index.php\/2026\/03\/02\/non-sei-solo-il-counseling-psicologico-unipr-a-misura-di-studente\/\" class=\"awb-custom-text-color awb-custom-text-hover-color\" target=\"_self\">Non sei sol\u0259. Il counseling psicologico UniPr a misura di studente<\/a><\/h2><\/div><div class=\"fusion-meta-tb fusion-meta-tb-48 floated\" style=\"--awb-border-bottom:0px;--awb-border-top:0px;--awb-height:36px;--awb-font-size:14px;--awb-margin-bottom:20px;--awb-margin-left:5%;--awb-margin-right:5%;--awb-text-color:var(--awb-color1);--awb-alignment-medium:flex-start;--awb-alignment-small:flex-start;\"><span class=\"fusion-tb-published-date\">Published On: 2 Marzo 2026<\/span><span class=\"fusion-meta-tb-sep\"><\/span><\/div><div class=\"fusion-text fusion-text-48\" style=\"--awb-text-color:hsla(var(--awb-color1-h),var(--awb-color1-s),var(--awb-color1-l),calc(var(--awb-color1-a) - 20%));--awb-margin-right:5%;--awb-margin-left:5%;\"><p>Intervista a Dolores Rollo, professoressa associata di Psicologia dello Sviluppo e dell\u2019Educazione e Delegata del Rettore per il Counseling Psicologico<\/p>\n<\/div><\/div><\/li>\n<li class=\"fusion-layout-column fusion_builder_column fusion-builder-column-50 fusion-flex-column post-card fusion-grid-column fusion-post-cards-grid-column zona-calda fusion-animated\" style=\"--awb-bg-position:center top;--awb-bg-size:cover;--awb-flex-grow:0;--awb-flex-shrink:0;--awb-flex-grow-medium:0;--awb-flex-shrink-medium:0;--awb-flex-grow-small:0;--awb-flex-shrink-small:0;\"><div class=\"fusion-column-wrapper fusion-column-has-shadow fusion-flex-justify-content-flex-start fusion-content-layout-column\"><div class=\"fusion-classic-product-image-wrapper fusion-woo-product-image fusion-post-card-image fusion-post-card-image-1\" data-layout=\"static\" style=\"--awb-margin-bottom:15px;--awb-border-radius-top-left:8px;--awb-border-radius-top-right:8px;--awb-border-radius-bottom-right:8px;--awb-border-radius-bottom-left:8px;\"><div  class=\"fusion-image-wrapper\" aria-haspopup=\"true\">\n\t\t\t\t\t\t\t<a href=\"https:\/\/studentmag.unipr.it\/index.php\/2026\/03\/01\/sanremo-2026-a-conti-fatti\/\" aria-label=\"Sanremo 2026: a Conti fatti\">\n\t\t\t\t\t\t\t<img decoding=\"async\" width=\"1920\" height=\"1080\" src=\"https:\/\/studentmag.unipr.it\/wp-content\/uploads\/2026\/03\/Sal-Da-Vinci.png\" class=\"attachment-full size-full lazyload wp-post-image\" alt=\"\" srcset=\"data:image\/svg+xml,%3Csvg%20xmlns%3D%27http%3A%2F%2Fwww.w3.org%2F2000%2Fsvg%27%20width%3D%271920%27%20height%3D%271080%27%20viewBox%3D%270%200%201920%201080%27%3E%3Crect%20width%3D%271920%27%20height%3D%271080%27%20fill-opacity%3D%220%22%2F%3E%3C%2Fsvg%3E\" data-orig-src=\"https:\/\/studentmag.unipr.it\/wp-content\/uploads\/2026\/03\/Sal-Da-Vinci.png\" data-srcset=\"https:\/\/studentmag.unipr.it\/wp-content\/uploads\/2026\/03\/Sal-Da-Vinci-200x113.png 200w, https:\/\/studentmag.unipr.it\/wp-content\/uploads\/2026\/03\/Sal-Da-Vinci-400x225.png 400w, https:\/\/studentmag.unipr.it\/wp-content\/uploads\/2026\/03\/Sal-Da-Vinci-600x338.png 600w, https:\/\/studentmag.unipr.it\/wp-content\/uploads\/2026\/03\/Sal-Da-Vinci-800x450.png 800w, https:\/\/studentmag.unipr.it\/wp-content\/uploads\/2026\/03\/Sal-Da-Vinci-1200x675.png 1200w, https:\/\/studentmag.unipr.it\/wp-content\/uploads\/2026\/03\/Sal-Da-Vinci.png 1920w\" data-sizes=\"auto\" \/>\t\t\t<\/a>\n\t\t\t\t\t\t\t<\/div>\n<\/div><div class=\"fusion-title title fusion-title-50 fusion-sep-none fusion-title-text fusion-title-size-two\" style=\"--awb-margin-right:5%;--awb-margin-bottom:10px;--awb-margin-left:5%;--awb-margin-left-small:5%;--awb-link-color:hsla(var(--awb-color3-h),var(--awb-color3-s),calc(var(--awb-color3-l) + 10%),var(--awb-color3-a));--awb-link-hover-color:var(--awb-color1);--awb-font-size:25px;\"><h2 class=\"fusion-title-heading title-heading-left fusion-responsive-typography-calculated\" style=\"margin:0;font-size:1em;--fontSize:25;--minFontSize:25;line-height:1.4;\"><a href=\"https:\/\/studentmag.unipr.it\/index.php\/2026\/03\/01\/sanremo-2026-a-conti-fatti\/\" class=\"awb-custom-text-color awb-custom-text-hover-color\" target=\"_self\">Sanremo 2026: a Conti fatti<\/a><\/h2><\/div><div class=\"fusion-meta-tb fusion-meta-tb-49 floated\" style=\"--awb-border-bottom:0px;--awb-border-top:0px;--awb-height:36px;--awb-font-size:14px;--awb-margin-bottom:20px;--awb-margin-left:5%;--awb-margin-right:5%;--awb-text-color:var(--awb-color1);--awb-alignment-medium:flex-start;--awb-alignment-small:flex-start;\"><span class=\"fusion-tb-published-date\">Published On: 1 Marzo 2026<\/span><span class=\"fusion-meta-tb-sep\"><\/span><\/div><div class=\"fusion-text fusion-text-49\" style=\"--awb-text-color:hsla(var(--awb-color1-h),var(--awb-color1-s),var(--awb-color1-l),calc(var(--awb-color1-a) - 20%));--awb-margin-right:5%;--awb-margin-left:5%;\"><p>Anche noi al \"televoto\": cosa rester\u00e0 di questo Sanremo?<\/p>\n<\/div><\/div><\/li>\n<li class=\"fusion-layout-column fusion_builder_column fusion-builder-column-51 fusion-flex-column post-card fusion-grid-column fusion-post-cards-grid-column zona-calda fusion-animated\" style=\"--awb-bg-position:center top;--awb-bg-size:cover;--awb-flex-grow:0;--awb-flex-shrink:0;--awb-flex-grow-medium:0;--awb-flex-shrink-medium:0;--awb-flex-grow-small:0;--awb-flex-shrink-small:0;\"><div class=\"fusion-column-wrapper fusion-column-has-shadow fusion-flex-justify-content-flex-start fusion-content-layout-column\"><div class=\"fusion-classic-product-image-wrapper fusion-woo-product-image fusion-post-card-image fusion-post-card-image-1\" data-layout=\"static\" style=\"--awb-margin-bottom:15px;--awb-border-radius-top-left:8px;--awb-border-radius-top-right:8px;--awb-border-radius-bottom-right:8px;--awb-border-radius-bottom-left:8px;\"><div  class=\"fusion-image-wrapper\" aria-haspopup=\"true\">\n\t\t\t\t\t\t\t<a href=\"https:\/\/studentmag.unipr.it\/index.php\/2026\/02\/28\/sanremo-2026-la-top-ten-della-serata-cover\/\" aria-label=\"Sanremo 2026: la top ten della serata cover\">\n\t\t\t\t\t\t\t<img decoding=\"async\" width=\"924\" height=\"534\" src=\"https:\/\/studentmag.unipr.it\/wp-content\/uploads\/2026\/02\/Ditonellapiaga-e-TonyPitony.jpg\" class=\"attachment-full size-full lazyload wp-post-image\" alt=\"\" srcset=\"data:image\/svg+xml,%3Csvg%20xmlns%3D%27http%3A%2F%2Fwww.w3.org%2F2000%2Fsvg%27%20width%3D%27924%27%20height%3D%27534%27%20viewBox%3D%270%200%20924%20534%27%3E%3Crect%20width%3D%27924%27%20height%3D%27534%27%20fill-opacity%3D%220%22%2F%3E%3C%2Fsvg%3E\" data-orig-src=\"https:\/\/studentmag.unipr.it\/wp-content\/uploads\/2026\/02\/Ditonellapiaga-e-TonyPitony.jpg\" data-srcset=\"https:\/\/studentmag.unipr.it\/wp-content\/uploads\/2026\/02\/Ditonellapiaga-e-TonyPitony-200x116.jpg 200w, https:\/\/studentmag.unipr.it\/wp-content\/uploads\/2026\/02\/Ditonellapiaga-e-TonyPitony-400x231.jpg 400w, https:\/\/studentmag.unipr.it\/wp-content\/uploads\/2026\/02\/Ditonellapiaga-e-TonyPitony-600x347.jpg 600w, https:\/\/studentmag.unipr.it\/wp-content\/uploads\/2026\/02\/Ditonellapiaga-e-TonyPitony-800x462.jpg 800w, https:\/\/studentmag.unipr.it\/wp-content\/uploads\/2026\/02\/Ditonellapiaga-e-TonyPitony.jpg 924w\" data-sizes=\"auto\" \/>\t\t\t<\/a>\n\t\t\t\t\t\t\t<\/div>\n<\/div><div class=\"fusion-title title fusion-title-51 fusion-sep-none fusion-title-text fusion-title-size-two\" style=\"--awb-margin-right:5%;--awb-margin-bottom:10px;--awb-margin-left:5%;--awb-margin-left-small:5%;--awb-link-color:hsla(var(--awb-color3-h),var(--awb-color3-s),calc(var(--awb-color3-l) + 10%),var(--awb-color3-a));--awb-link-hover-color:var(--awb-color1);--awb-font-size:25px;\"><h2 class=\"fusion-title-heading title-heading-left fusion-responsive-typography-calculated\" style=\"margin:0;font-size:1em;--fontSize:25;--minFontSize:25;line-height:1.4;\"><a href=\"https:\/\/studentmag.unipr.it\/index.php\/2026\/02\/28\/sanremo-2026-la-top-ten-della-serata-cover\/\" class=\"awb-custom-text-color awb-custom-text-hover-color\" target=\"_self\">Sanremo 2026: la top ten della serata cover<\/a><\/h2><\/div><div class=\"fusion-meta-tb fusion-meta-tb-50 floated\" style=\"--awb-border-bottom:0px;--awb-border-top:0px;--awb-height:36px;--awb-font-size:14px;--awb-margin-bottom:20px;--awb-margin-left:5%;--awb-margin-right:5%;--awb-text-color:var(--awb-color1);--awb-alignment-medium:flex-start;--awb-alignment-small:flex-start;\"><span class=\"fusion-tb-published-date\">Published On: 28 Febbraio 2026<\/span><span class=\"fusion-meta-tb-sep\"><\/span><\/div><div class=\"fusion-text fusion-text-50\" style=\"--awb-text-color:hsla(var(--awb-color1-h),var(--awb-color1-s),var(--awb-color1-l),calc(var(--awb-color1-a) - 20%));--awb-margin-right:5%;--awb-margin-left:5%;\"><p>Tra baci censurati, cachi e figli di pap\u00e0 (e mamma), le dieci performance che ricorderemo di questa edizione.<\/p>\n<\/div><\/div><\/li>\n<li class=\"fusion-layout-column fusion_builder_column fusion-builder-column-52 fusion-flex-column post-card fusion-grid-column fusion-post-cards-grid-column zona-calda fusion-animated\" style=\"--awb-bg-position:center top;--awb-bg-size:cover;--awb-flex-grow:0;--awb-flex-shrink:0;--awb-flex-grow-medium:0;--awb-flex-shrink-medium:0;--awb-flex-grow-small:0;--awb-flex-shrink-small:0;\"><div class=\"fusion-column-wrapper fusion-column-has-shadow fusion-flex-justify-content-flex-start fusion-content-layout-column\"><div class=\"fusion-classic-product-image-wrapper fusion-woo-product-image fusion-post-card-image fusion-post-card-image-1\" data-layout=\"static\" style=\"--awb-margin-bottom:15px;--awb-border-radius-top-left:8px;--awb-border-radius-top-right:8px;--awb-border-radius-bottom-right:8px;--awb-border-radius-bottom-left:8px;\"><div  class=\"fusion-image-wrapper\" aria-haspopup=\"true\">\n\t\t\t\t\t\t\t<a href=\"https:\/\/studentmag.unipr.it\/index.php\/2026\/02\/27\/sanremo-2026-tra-piattezza-e-outfit-discutibili\/\" aria-label=\"Sanremo 2026: tra piattezza e outfit discutibili\">\n\t\t\t\t\t\t\t<img decoding=\"async\" width=\"1920\" height=\"1080\" src=\"https:\/\/studentmag.unipr.it\/wp-content\/uploads\/2026\/02\/Sanremo-3-serata-giallo.jpg\" class=\"attachment-full size-full lazyload wp-post-image\" alt=\"\" srcset=\"data:image\/svg+xml,%3Csvg%20xmlns%3D%27http%3A%2F%2Fwww.w3.org%2F2000%2Fsvg%27%20width%3D%271920%27%20height%3D%271080%27%20viewBox%3D%270%200%201920%201080%27%3E%3Crect%20width%3D%271920%27%20height%3D%271080%27%20fill-opacity%3D%220%22%2F%3E%3C%2Fsvg%3E\" data-orig-src=\"https:\/\/studentmag.unipr.it\/wp-content\/uploads\/2026\/02\/Sanremo-3-serata-giallo.jpg\" data-srcset=\"https:\/\/studentmag.unipr.it\/wp-content\/uploads\/2026\/02\/Sanremo-3-serata-giallo-200x113.jpg 200w, https:\/\/studentmag.unipr.it\/wp-content\/uploads\/2026\/02\/Sanremo-3-serata-giallo-400x225.jpg 400w, https:\/\/studentmag.unipr.it\/wp-content\/uploads\/2026\/02\/Sanremo-3-serata-giallo-600x338.jpg 600w, https:\/\/studentmag.unipr.it\/wp-content\/uploads\/2026\/02\/Sanremo-3-serata-giallo-800x450.jpg 800w, https:\/\/studentmag.unipr.it\/wp-content\/uploads\/2026\/02\/Sanremo-3-serata-giallo-1200x675.jpg 1200w, https:\/\/studentmag.unipr.it\/wp-content\/uploads\/2026\/02\/Sanremo-3-serata-giallo.jpg 1920w\" data-sizes=\"auto\" \/>\t\t\t<\/a>\n\t\t\t\t\t\t\t<\/div>\n<\/div><div class=\"fusion-title title fusion-title-52 fusion-sep-none fusion-title-text fusion-title-size-two\" style=\"--awb-margin-right:5%;--awb-margin-bottom:10px;--awb-margin-left:5%;--awb-margin-left-small:5%;--awb-link-color:hsla(var(--awb-color3-h),var(--awb-color3-s),calc(var(--awb-color3-l) + 10%),var(--awb-color3-a));--awb-link-hover-color:var(--awb-color1);--awb-font-size:25px;\"><h2 class=\"fusion-title-heading title-heading-left fusion-responsive-typography-calculated\" style=\"margin:0;font-size:1em;--fontSize:25;--minFontSize:25;line-height:1.4;\"><a href=\"https:\/\/studentmag.unipr.it\/index.php\/2026\/02\/27\/sanremo-2026-tra-piattezza-e-outfit-discutibili\/\" class=\"awb-custom-text-color awb-custom-text-hover-color\" target=\"_self\">Sanremo 2026: tra piattezza e outfit discutibili<\/a><\/h2><\/div><div class=\"fusion-meta-tb fusion-meta-tb-51 floated\" style=\"--awb-border-bottom:0px;--awb-border-top:0px;--awb-height:36px;--awb-font-size:14px;--awb-margin-bottom:20px;--awb-margin-left:5%;--awb-margin-right:5%;--awb-text-color:var(--awb-color1);--awb-alignment-medium:flex-start;--awb-alignment-small:flex-start;\"><span class=\"fusion-tb-published-date\">Published On: 27 Febbraio 2026<\/span><span class=\"fusion-meta-tb-sep\"><\/span><\/div><div class=\"fusion-text fusion-text-51\" style=\"--awb-text-color:hsla(var(--awb-color1-h),var(--awb-color1-s),var(--awb-color1-l),calc(var(--awb-color1-a) - 20%));--awb-margin-right:5%;--awb-margin-left:5%;\"><p>Il Festival si assesta su una linea piatta. Sono pochi i momenti che ci tengono sull'attenti.<\/p>\n<\/div><\/div><\/li>\n<li class=\"fusion-layout-column fusion_builder_column fusion-builder-column-53 fusion-flex-column post-card fusion-grid-column fusion-post-cards-grid-column zona-calda fusion-animated\" style=\"--awb-bg-position:center top;--awb-bg-size:cover;--awb-flex-grow:0;--awb-flex-shrink:0;--awb-flex-grow-medium:0;--awb-flex-shrink-medium:0;--awb-flex-grow-small:0;--awb-flex-shrink-small:0;\"><div class=\"fusion-column-wrapper fusion-column-has-shadow fusion-flex-justify-content-flex-start fusion-content-layout-column\"><div class=\"fusion-classic-product-image-wrapper fusion-woo-product-image fusion-post-card-image fusion-post-card-image-1\" data-layout=\"static\" style=\"--awb-margin-bottom:15px;--awb-border-radius-top-left:8px;--awb-border-radius-top-right:8px;--awb-border-radius-bottom-right:8px;--awb-border-radius-bottom-left:8px;\"><div  class=\"fusion-image-wrapper\" aria-haspopup=\"true\">\n\t\t\t\t\t\t\t<a href=\"https:\/\/studentmag.unipr.it\/index.php\/2026\/02\/26\/sanremo-2026-oltre-lariston\/\" aria-label=\"Sanremo 2026: oltre l\u2019Ariston\">\n\t\t\t\t\t\t\t<img decoding=\"async\" width=\"1280\" height=\"1066\" src=\"https:\/\/studentmag.unipr.it\/wp-content\/uploads\/2026\/02\/TV-gialla-e1772064037166.jpg\" class=\"attachment-full size-full lazyload wp-post-image\" alt=\"\" srcset=\"data:image\/svg+xml,%3Csvg%20xmlns%3D%27http%3A%2F%2Fwww.w3.org%2F2000%2Fsvg%27%20width%3D%271280%27%20height%3D%271066%27%20viewBox%3D%270%200%201280%201066%27%3E%3Crect%20width%3D%271280%27%20height%3D%271066%27%20fill-opacity%3D%220%22%2F%3E%3C%2Fsvg%3E\" data-orig-src=\"https:\/\/studentmag.unipr.it\/wp-content\/uploads\/2026\/02\/TV-gialla-e1772064037166.jpg\" data-srcset=\"https:\/\/studentmag.unipr.it\/wp-content\/uploads\/2026\/02\/TV-gialla-e1772064037166-200x167.jpg 200w, https:\/\/studentmag.unipr.it\/wp-content\/uploads\/2026\/02\/TV-gialla-e1772064037166-400x333.jpg 400w, https:\/\/studentmag.unipr.it\/wp-content\/uploads\/2026\/02\/TV-gialla-e1772064037166-600x500.jpg 600w, https:\/\/studentmag.unipr.it\/wp-content\/uploads\/2026\/02\/TV-gialla-e1772064037166-800x666.jpg 800w, https:\/\/studentmag.unipr.it\/wp-content\/uploads\/2026\/02\/TV-gialla-e1772064037166-1200x999.jpg 1200w, https:\/\/studentmag.unipr.it\/wp-content\/uploads\/2026\/02\/TV-gialla-e1772064037166.jpg 1280w\" data-sizes=\"auto\" \/>\t\t\t<\/a>\n\t\t\t\t\t\t\t<\/div>\n<\/div><div class=\"fusion-title title fusion-title-53 fusion-sep-none fusion-title-text fusion-title-size-two\" style=\"--awb-margin-right:5%;--awb-margin-bottom:10px;--awb-margin-left:5%;--awb-margin-left-small:5%;--awb-link-color:hsla(var(--awb-color3-h),var(--awb-color3-s),calc(var(--awb-color3-l) + 10%),var(--awb-color3-a));--awb-link-hover-color:var(--awb-color1);--awb-font-size:25px;\"><h2 class=\"fusion-title-heading title-heading-left fusion-responsive-typography-calculated\" style=\"margin:0;font-size:1em;--fontSize:25;--minFontSize:25;line-height:1.4;\"><a href=\"https:\/\/studentmag.unipr.it\/index.php\/2026\/02\/26\/sanremo-2026-oltre-lariston\/\" class=\"awb-custom-text-color awb-custom-text-hover-color\" target=\"_self\">Sanremo 2026: oltre l\u2019Ariston<\/a><\/h2><\/div><div class=\"fusion-meta-tb fusion-meta-tb-52 floated\" style=\"--awb-border-bottom:0px;--awb-border-top:0px;--awb-height:36px;--awb-font-size:14px;--awb-margin-bottom:20px;--awb-margin-left:5%;--awb-margin-right:5%;--awb-text-color:var(--awb-color1);--awb-alignment-medium:flex-start;--awb-alignment-small:flex-start;\"><span class=\"fusion-tb-published-date\">Published On: 26 Febbraio 2026<\/span><span class=\"fusion-meta-tb-sep\"><\/span><\/div><div class=\"fusion-text fusion-text-52\" style=\"--awb-text-color:hsla(var(--awb-color1-h),var(--awb-color1-s),var(--awb-color1-l),calc(var(--awb-color1-a) - 20%));--awb-margin-right:5%;--awb-margin-left:5%;\"><p>Viaggio nell\u2019universo parallelo di chi non segue il Festival, tra appelli universitari, serie tv e giochi da tavolo<\/p>\n<\/div><\/div><\/li>\n<li class=\"fusion-layout-column fusion_builder_column fusion-builder-column-54 fusion-flex-column post-card fusion-grid-column fusion-post-cards-grid-column zona-calda fusion-animated\" style=\"--awb-bg-position:center top;--awb-bg-size:cover;--awb-flex-grow:0;--awb-flex-shrink:0;--awb-flex-grow-medium:0;--awb-flex-shrink-medium:0;--awb-flex-grow-small:0;--awb-flex-shrink-small:0;\"><div class=\"fusion-column-wrapper fusion-column-has-shadow fusion-flex-justify-content-flex-start fusion-content-layout-column\"><div class=\"fusion-classic-product-image-wrapper fusion-woo-product-image fusion-post-card-image fusion-post-card-image-1\" data-layout=\"static\" style=\"--awb-margin-bottom:15px;--awb-border-radius-top-left:8px;--awb-border-radius-top-right:8px;--awb-border-radius-bottom-right:8px;--awb-border-radius-bottom-left:8px;\"><div  class=\"fusion-image-wrapper\" aria-haspopup=\"true\">\n\t\t\t\t\t\t\t<a href=\"https:\/\/studentmag.unipr.it\/index.php\/2026\/02\/25\/pagella-al-primo-ascolto-voti-a-caldo-ai-brani-di-sanremo-2026\/\" aria-label=\"Sanremo 2026: pagella al primo ascolto\">\n\t\t\t\t\t\t\t<img decoding=\"async\" width=\"1118\" height=\"622\" src=\"https:\/\/studentmag.unipr.it\/wp-content\/uploads\/2026\/02\/Schermata-2026-02-25-alle-08.33.28-1-e1772005024812.png\" class=\"attachment-full size-full lazyload wp-post-image\" alt=\"\" srcset=\"data:image\/svg+xml,%3Csvg%20xmlns%3D%27http%3A%2F%2Fwww.w3.org%2F2000%2Fsvg%27%20width%3D%271118%27%20height%3D%27622%27%20viewBox%3D%270%200%201118%20622%27%3E%3Crect%20width%3D%271118%27%20height%3D%27622%27%20fill-opacity%3D%220%22%2F%3E%3C%2Fsvg%3E\" data-orig-src=\"https:\/\/studentmag.unipr.it\/wp-content\/uploads\/2026\/02\/Schermata-2026-02-25-alle-08.33.28-1-e1772005024812.png\" data-srcset=\"https:\/\/studentmag.unipr.it\/wp-content\/uploads\/2026\/02\/Schermata-2026-02-25-alle-08.33.28-1-e1772005024812-200x111.png 200w, https:\/\/studentmag.unipr.it\/wp-content\/uploads\/2026\/02\/Schermata-2026-02-25-alle-08.33.28-1-e1772005024812-400x223.png 400w, https:\/\/studentmag.unipr.it\/wp-content\/uploads\/2026\/02\/Schermata-2026-02-25-alle-08.33.28-1-e1772005024812-600x334.png 600w, https:\/\/studentmag.unipr.it\/wp-content\/uploads\/2026\/02\/Schermata-2026-02-25-alle-08.33.28-1-e1772005024812-800x445.png 800w, https:\/\/studentmag.unipr.it\/wp-content\/uploads\/2026\/02\/Schermata-2026-02-25-alle-08.33.28-1-e1772005024812.png 1118w\" data-sizes=\"auto\" \/>\t\t\t<\/a>\n\t\t\t\t\t\t\t<\/div>\n<\/div><div class=\"fusion-title title fusion-title-54 fusion-sep-none fusion-title-text fusion-title-size-two\" style=\"--awb-margin-right:5%;--awb-margin-bottom:10px;--awb-margin-left:5%;--awb-margin-left-small:5%;--awb-link-color:hsla(var(--awb-color3-h),var(--awb-color3-s),calc(var(--awb-color3-l) + 10%),var(--awb-color3-a));--awb-link-hover-color:var(--awb-color1);--awb-font-size:25px;\"><h2 class=\"fusion-title-heading title-heading-left fusion-responsive-typography-calculated\" style=\"margin:0;font-size:1em;--fontSize:25;--minFontSize:25;line-height:1.4;\"><a href=\"https:\/\/studentmag.unipr.it\/index.php\/2026\/02\/25\/pagella-al-primo-ascolto-voti-a-caldo-ai-brani-di-sanremo-2026\/\" class=\"awb-custom-text-color awb-custom-text-hover-color\" target=\"_self\">Sanremo 2026: pagella al primo ascolto<\/a><\/h2><\/div><div class=\"fusion-meta-tb fusion-meta-tb-53 floated\" style=\"--awb-border-bottom:0px;--awb-border-top:0px;--awb-height:36px;--awb-font-size:14px;--awb-margin-bottom:20px;--awb-margin-left:5%;--awb-margin-right:5%;--awb-text-color:var(--awb-color1);--awb-alignment-medium:flex-start;--awb-alignment-small:flex-start;\"><span class=\"fusion-tb-published-date\">Published On: 25 Febbraio 2026<\/span><span class=\"fusion-meta-tb-sep\"><\/span><\/div><div class=\"fusion-text fusion-text-53\" style=\"--awb-text-color:hsla(var(--awb-color1-h),var(--awb-color1-s),var(--awb-color1-l),calc(var(--awb-color1-a) - 20%));--awb-margin-right:5%;--awb-margin-left:5%;\"><p>La prima serata tra chi convince, chi passa in sordina e chi chiede un bis<\/p>\n<\/div><\/div><\/li>\n<li class=\"fusion-layout-column fusion_builder_column fusion-builder-column-55 fusion-flex-column post-card fusion-grid-column fusion-post-cards-grid-column zona-calda fusion-animated\" style=\"--awb-bg-position:center top;--awb-bg-size:cover;--awb-flex-grow:0;--awb-flex-shrink:0;--awb-flex-grow-medium:0;--awb-flex-shrink-medium:0;--awb-flex-grow-small:0;--awb-flex-shrink-small:0;\"><div class=\"fusion-column-wrapper fusion-column-has-shadow fusion-flex-justify-content-flex-start fusion-content-layout-column\"><div class=\"fusion-classic-product-image-wrapper fusion-woo-product-image fusion-post-card-image fusion-post-card-image-1\" data-layout=\"static\" style=\"--awb-margin-bottom:15px;--awb-border-radius-top-left:8px;--awb-border-radius-top-right:8px;--awb-border-radius-bottom-right:8px;--awb-border-radius-bottom-left:8px;\"><div  class=\"fusion-image-wrapper\" aria-haspopup=\"true\">\n\t\t\t\t\t\t\t<a href=\"https:\/\/studentmag.unipr.it\/index.php\/2026\/02\/24\/hisam-allawi-da-voce-al-dolore-della-siria\/\" aria-label=\"Hisam Allawi d\u00e0 voce al dolore della Siria\">\n\t\t\t\t\t\t\t<img decoding=\"async\" width=\"946\" height=\"630\" src=\"https:\/\/studentmag.unipr.it\/wp-content\/uploads\/2026\/02\/Schermata-2026-02-05-alle-15.55.16-e1770303578709.webp\" class=\"attachment-full size-full lazyload wp-post-image\" alt=\"\" srcset=\"data:image\/svg+xml,%3Csvg%20xmlns%3D%27http%3A%2F%2Fwww.w3.org%2F2000%2Fsvg%27%20width%3D%27946%27%20height%3D%27630%27%20viewBox%3D%270%200%20946%20630%27%3E%3Crect%20width%3D%27946%27%20height%3D%27630%27%20fill-opacity%3D%220%22%2F%3E%3C%2Fsvg%3E\" data-orig-src=\"https:\/\/studentmag.unipr.it\/wp-content\/uploads\/2026\/02\/Schermata-2026-02-05-alle-15.55.16-e1770303578709.webp\" data-srcset=\"https:\/\/studentmag.unipr.it\/wp-content\/uploads\/2026\/02\/Schermata-2026-02-05-alle-15.55.16-e1770303578709-200x133.webp 200w, https:\/\/studentmag.unipr.it\/wp-content\/uploads\/2026\/02\/Schermata-2026-02-05-alle-15.55.16-e1770303578709-300x200.webp 300w, https:\/\/studentmag.unipr.it\/wp-content\/uploads\/2026\/02\/Schermata-2026-02-05-alle-15.55.16-e1770303578709-400x266.webp 400w, https:\/\/studentmag.unipr.it\/wp-content\/uploads\/2026\/02\/Schermata-2026-02-05-alle-15.55.16-e1770303578709-600x400.webp 600w, https:\/\/studentmag.unipr.it\/wp-content\/uploads\/2026\/02\/Schermata-2026-02-05-alle-15.55.16-e1770303578709-768x511.webp 768w, https:\/\/studentmag.unipr.it\/wp-content\/uploads\/2026\/02\/Schermata-2026-02-05-alle-15.55.16-e1770303578709-800x533.webp 800w, https:\/\/studentmag.unipr.it\/wp-content\/uploads\/2026\/02\/Schermata-2026-02-05-alle-15.55.16-e1770303578709.webp 946w\" data-sizes=\"auto\" \/>\t\t\t<\/a>\n\t\t\t\t\t\t\t<\/div>\n<\/div><div class=\"fusion-title title fusion-title-55 fusion-sep-none fusion-title-text fusion-title-size-two\" style=\"--awb-margin-right:5%;--awb-margin-bottom:10px;--awb-margin-left:5%;--awb-margin-left-small:5%;--awb-link-color:hsla(var(--awb-color3-h),var(--awb-color3-s),calc(var(--awb-color3-l) + 10%),var(--awb-color3-a));--awb-link-hover-color:var(--awb-color1);--awb-font-size:25px;\"><h2 class=\"fusion-title-heading title-heading-left fusion-responsive-typography-calculated\" style=\"margin:0;font-size:1em;--fontSize:25;--minFontSize:25;line-height:1.4;\"><a href=\"https:\/\/studentmag.unipr.it\/index.php\/2026\/02\/24\/hisam-allawi-da-voce-al-dolore-della-siria\/\" class=\"awb-custom-text-color awb-custom-text-hover-color\" target=\"_self\">Hisam Allawi d\u00e0 voce al dolore della Siria<\/a><\/h2><\/div><div class=\"fusion-meta-tb fusion-meta-tb-54 floated\" style=\"--awb-border-bottom:0px;--awb-border-top:0px;--awb-height:36px;--awb-font-size:14px;--awb-margin-bottom:20px;--awb-margin-left:5%;--awb-margin-right:5%;--awb-text-color:var(--awb-color1);--awb-alignment-medium:flex-start;--awb-alignment-small:flex-start;\"><span class=\"fusion-tb-published-date\">Published On: 24 Febbraio 2026<\/span><span class=\"fusion-meta-tb-sep\"><\/span><\/div><div class=\"fusion-text fusion-text-54\" style=\"--awb-text-color:hsla(var(--awb-color1-h),var(--awb-color1-s),var(--awb-color1-l),calc(var(--awb-color1-a) - 20%));--awb-margin-right:5%;--awb-margin-left:5%;\"><p>\u00abIl mio popolo curdo come i poveri di don Milani\u00bb<\/p>\n<\/div><\/div><\/li>\n<li class=\"fusion-layout-column fusion_builder_column fusion-builder-column-56 fusion-flex-column post-card fusion-grid-column fusion-post-cards-grid-column lungo-parma fusion-animated\" style=\"--awb-bg-position:center top;--awb-bg-size:cover;--awb-flex-grow:0;--awb-flex-shrink:0;--awb-flex-grow-medium:0;--awb-flex-shrink-medium:0;--awb-flex-grow-small:0;--awb-flex-shrink-small:0;\"><div class=\"fusion-column-wrapper fusion-column-has-shadow fusion-flex-justify-content-flex-start fusion-content-layout-column\"><div class=\"fusion-classic-product-image-wrapper fusion-woo-product-image fusion-post-card-image fusion-post-card-image-1\" data-layout=\"static\" style=\"--awb-margin-bottom:15px;--awb-border-radius-top-left:8px;--awb-border-radius-top-right:8px;--awb-border-radius-bottom-right:8px;--awb-border-radius-bottom-left:8px;\"><div  class=\"fusion-image-wrapper\" aria-haspopup=\"true\">\n\t\t\t\t\t\t\t<a href=\"https:\/\/studentmag.unipr.it\/index.php\/2026\/02\/23\/coccole-e-caffe-espresso\/\" aria-label=\"Coccole e caff\u00e8 espresso\">\n\t\t\t\t\t\t\t<img decoding=\"async\" width=\"802\" height=\"869\" src=\"https:\/\/studentmag.unipr.it\/wp-content\/uploads\/2026\/02\/Fusa-e-Caffe-copertina-e1771371973723.jpg\" class=\"attachment-full size-full lazyload wp-post-image\" alt=\"\" srcset=\"data:image\/svg+xml,%3Csvg%20xmlns%3D%27http%3A%2F%2Fwww.w3.org%2F2000%2Fsvg%27%20width%3D%27802%27%20height%3D%27869%27%20viewBox%3D%270%200%20802%20869%27%3E%3Crect%20width%3D%27802%27%20height%3D%27869%27%20fill-opacity%3D%220%22%2F%3E%3C%2Fsvg%3E\" data-orig-src=\"https:\/\/studentmag.unipr.it\/wp-content\/uploads\/2026\/02\/Fusa-e-Caffe-copertina-e1771371973723.jpg\" data-srcset=\"https:\/\/studentmag.unipr.it\/wp-content\/uploads\/2026\/02\/Fusa-e-Caffe-copertina-e1771371973723-200x217.jpg 200w, https:\/\/studentmag.unipr.it\/wp-content\/uploads\/2026\/02\/Fusa-e-Caffe-copertina-e1771371973723-400x433.jpg 400w, https:\/\/studentmag.unipr.it\/wp-content\/uploads\/2026\/02\/Fusa-e-Caffe-copertina-e1771371973723-600x650.jpg 600w, https:\/\/studentmag.unipr.it\/wp-content\/uploads\/2026\/02\/Fusa-e-Caffe-copertina-e1771371973723-800x867.jpg 800w, https:\/\/studentmag.unipr.it\/wp-content\/uploads\/2026\/02\/Fusa-e-Caffe-copertina-e1771371973723.jpg 802w\" data-sizes=\"auto\" \/>\t\t\t<\/a>\n\t\t\t\t\t\t\t<\/div>\n<\/div><div class=\"fusion-title title fusion-title-56 fusion-sep-none fusion-title-text fusion-title-size-two\" style=\"--awb-margin-right:5%;--awb-margin-bottom:10px;--awb-margin-left:5%;--awb-margin-left-small:5%;--awb-link-color:hsla(var(--awb-color3-h),var(--awb-color3-s),calc(var(--awb-color3-l) + 10%),var(--awb-color3-a));--awb-link-hover-color:var(--awb-color1);--awb-font-size:25px;\"><h2 class=\"fusion-title-heading title-heading-left fusion-responsive-typography-calculated\" style=\"margin:0;font-size:1em;--fontSize:25;--minFontSize:25;line-height:1.4;\"><a href=\"https:\/\/studentmag.unipr.it\/index.php\/2026\/02\/23\/coccole-e-caffe-espresso\/\" class=\"awb-custom-text-color awb-custom-text-hover-color\" target=\"_self\">Coccole e caff\u00e8 espresso<\/a><\/h2><\/div><div class=\"fusion-meta-tb fusion-meta-tb-55 floated\" style=\"--awb-border-bottom:0px;--awb-border-top:0px;--awb-height:36px;--awb-font-size:14px;--awb-margin-bottom:20px;--awb-margin-left:5%;--awb-margin-right:5%;--awb-text-color:var(--awb-color1);--awb-alignment-medium:flex-start;--awb-alignment-small:flex-start;\"><span class=\"fusion-tb-published-date\">Published On: 23 Febbraio 2026<\/span><span class=\"fusion-meta-tb-sep\"><\/span><\/div><div class=\"fusion-text fusion-text-55\" style=\"--awb-text-color:hsla(var(--awb-color1-h),var(--awb-color1-s),var(--awb-color1-l),calc(var(--awb-color1-a) - 20%));--awb-margin-right:5%;--awb-margin-left:5%;\"><p>Scopriamo Fusa & Caff\u00e8, il Primo Cat Caf\u00e8 in Emilia Romagna<\/p>\n<\/div><\/div><\/li>\n<li class=\"fusion-layout-column fusion_builder_column fusion-builder-column-57 fusion-flex-column post-card fusion-grid-column fusion-post-cards-grid-column pov-point-of-view fusion-animated\" style=\"--awb-bg-position:center top;--awb-bg-size:cover;--awb-flex-grow:0;--awb-flex-shrink:0;--awb-flex-grow-medium:0;--awb-flex-shrink-medium:0;--awb-flex-grow-small:0;--awb-flex-shrink-small:0;\"><div class=\"fusion-column-wrapper fusion-column-has-shadow fusion-flex-justify-content-flex-start fusion-content-layout-column\"><div class=\"fusion-classic-product-image-wrapper fusion-woo-product-image fusion-post-card-image fusion-post-card-image-1\" data-layout=\"static\" style=\"--awb-margin-bottom:15px;--awb-border-radius-top-left:8px;--awb-border-radius-top-right:8px;--awb-border-radius-bottom-right:8px;--awb-border-radius-bottom-left:8px;\"><div  class=\"fusion-image-wrapper\" aria-haspopup=\"true\">\n\t\t\t\t\t\t\t<a href=\"https:\/\/studentmag.unipr.it\/index.php\/2026\/02\/22\/alice-in-prague\/\" aria-label=\"Alice in Prague\">\n\t\t\t\t\t\t\t<img decoding=\"async\" width=\"900\" height=\"1200\" src=\"data:image\/svg+xml,%3Csvg%20xmlns%3D%27http%3A%2F%2Fwww.w3.org%2F2000%2Fsvg%27%20width%3D%27900%27%20height%3D%271200%27%20viewBox%3D%270%200%20900%201200%27%3E%3Crect%20width%3D%27900%27%20height%3D%271200%27%20fill-opacity%3D%220%22%2F%3E%3C%2Fsvg%3E\" class=\"attachment-full size-full lazyload wp-post-image\" alt=\"\" data-orig-src=\"https:\/\/studentmag.unipr.it\/wp-content\/uploads\/2026\/02\/Erasmus-Polonia-scaled-e1771691797550.jpeg\" \/>\t\t\t<\/a>\n\t\t\t\t\t\t\t<\/div>\n<\/div><div class=\"fusion-title title fusion-title-57 fusion-sep-none fusion-title-text fusion-title-size-two\" style=\"--awb-margin-right:5%;--awb-margin-bottom:10px;--awb-margin-left:5%;--awb-margin-left-small:5%;--awb-link-color:hsla(var(--awb-color3-h),var(--awb-color3-s),calc(var(--awb-color3-l) + 10%),var(--awb-color3-a));--awb-link-hover-color:var(--awb-color1);--awb-font-size:25px;\"><h2 class=\"fusion-title-heading title-heading-left fusion-responsive-typography-calculated\" style=\"margin:0;font-size:1em;--fontSize:25;--minFontSize:25;line-height:1.4;\"><a href=\"https:\/\/studentmag.unipr.it\/index.php\/2026\/02\/22\/alice-in-prague\/\" class=\"awb-custom-text-color awb-custom-text-hover-color\" target=\"_self\">Alice in Prague<\/a><\/h2><\/div><div class=\"fusion-meta-tb fusion-meta-tb-56 floated\" style=\"--awb-border-bottom:0px;--awb-border-top:0px;--awb-height:36px;--awb-font-size:14px;--awb-margin-bottom:20px;--awb-margin-left:5%;--awb-margin-right:5%;--awb-text-color:var(--awb-color1);--awb-alignment-medium:flex-start;--awb-alignment-small:flex-start;\"><span class=\"fusion-tb-published-date\">Published On: 22 Febbraio 2026<\/span><span class=\"fusion-meta-tb-sep\"><\/span><\/div><div class=\"fusion-text fusion-text-56\" style=\"--awb-text-color:hsla(var(--awb-color1-h),var(--awb-color1-s),var(--awb-color1-l),calc(var(--awb-color1-a) - 20%));--awb-margin-right:5%;--awb-margin-left:5%;\"><p>Una studentessa erasmus UNIPR ci racconta la sua esperienza all\u2019estero<\/p>\n<\/div><\/div><\/li>\n<li class=\"fusion-layout-column fusion_builder_column fusion-builder-column-58 fusion-flex-column post-card fusion-grid-column fusion-post-cards-grid-column cool-tura fusion-animated\" style=\"--awb-bg-position:center top;--awb-bg-size:cover;--awb-flex-grow:0;--awb-flex-shrink:0;--awb-flex-grow-medium:0;--awb-flex-shrink-medium:0;--awb-flex-grow-small:0;--awb-flex-shrink-small:0;\"><div class=\"fusion-column-wrapper fusion-column-has-shadow fusion-flex-justify-content-flex-start fusion-content-layout-column\"><div class=\"fusion-classic-product-image-wrapper fusion-woo-product-image fusion-post-card-image fusion-post-card-image-1\" data-layout=\"static\" style=\"--awb-margin-bottom:15px;--awb-border-radius-top-left:8px;--awb-border-radius-top-right:8px;--awb-border-radius-bottom-right:8px;--awb-border-radius-bottom-left:8px;\"><div  class=\"fusion-image-wrapper\" aria-haspopup=\"true\">\n\t\t\t\t\t\t\t<a href=\"https:\/\/studentmag.unipr.it\/index.php\/2026\/02\/20\/lo-spettro-della-norma\/\" aria-label=\"Lo spettro della Norma\">\n\t\t\t\t\t\t\t<img decoding=\"async\" width=\"2560\" height=\"1691\" src=\"https:\/\/studentmag.unipr.it\/wp-content\/uploads\/2026\/02\/Norma-1-scaled.jpg\" class=\"attachment-full size-full lazyload wp-post-image\" alt=\"\" srcset=\"data:image\/svg+xml,%3Csvg%20xmlns%3D%27http%3A%2F%2Fwww.w3.org%2F2000%2Fsvg%27%20width%3D%272560%27%20height%3D%271691%27%20viewBox%3D%270%200%202560%201691%27%3E%3Crect%20width%3D%272560%27%20height%3D%271691%27%20fill-opacity%3D%220%22%2F%3E%3C%2Fsvg%3E\" data-orig-src=\"https:\/\/studentmag.unipr.it\/wp-content\/uploads\/2026\/02\/Norma-1-scaled.jpg\" data-srcset=\"https:\/\/studentmag.unipr.it\/wp-content\/uploads\/2026\/02\/Norma-1-200x132.jpg 200w, https:\/\/studentmag.unipr.it\/wp-content\/uploads\/2026\/02\/Norma-1-400x264.jpg 400w, https:\/\/studentmag.unipr.it\/wp-content\/uploads\/2026\/02\/Norma-1-600x396.jpg 600w, https:\/\/studentmag.unipr.it\/wp-content\/uploads\/2026\/02\/Norma-1-800x528.jpg 800w, https:\/\/studentmag.unipr.it\/wp-content\/uploads\/2026\/02\/Norma-1-1200x793.jpg 1200w, https:\/\/studentmag.unipr.it\/wp-content\/uploads\/2026\/02\/Norma-1-scaled.jpg 2560w\" data-sizes=\"auto\" \/>\t\t\t<\/a>\n\t\t\t\t\t\t\t<\/div>\n<\/div><div class=\"fusion-title title fusion-title-58 fusion-sep-none fusion-title-text fusion-title-size-two\" style=\"--awb-margin-right:5%;--awb-margin-bottom:10px;--awb-margin-left:5%;--awb-margin-left-small:5%;--awb-link-color:hsla(var(--awb-color3-h),var(--awb-color3-s),calc(var(--awb-color3-l) + 10%),var(--awb-color3-a));--awb-link-hover-color:var(--awb-color1);--awb-font-size:25px;\"><h2 class=\"fusion-title-heading title-heading-left fusion-responsive-typography-calculated\" style=\"margin:0;font-size:1em;--fontSize:25;--minFontSize:25;line-height:1.4;\"><a href=\"https:\/\/studentmag.unipr.it\/index.php\/2026\/02\/20\/lo-spettro-della-norma\/\" class=\"awb-custom-text-color awb-custom-text-hover-color\" target=\"_self\">Lo spettro della Norma<\/a><\/h2><\/div><div class=\"fusion-meta-tb fusion-meta-tb-57 floated\" style=\"--awb-border-bottom:0px;--awb-border-top:0px;--awb-height:36px;--awb-font-size:14px;--awb-margin-bottom:20px;--awb-margin-left:5%;--awb-margin-right:5%;--awb-text-color:var(--awb-color1);--awb-alignment-medium:flex-start;--awb-alignment-small:flex-start;\"><span class=\"fusion-tb-published-date\">Published On: 20 Febbraio 2026<\/span><span class=\"fusion-meta-tb-sep\"><\/span><\/div><div class=\"fusion-text fusion-text-57\" style=\"--awb-text-color:hsla(var(--awb-color1-h),var(--awb-color1-s),var(--awb-color1-l),calc(var(--awb-color1-a) - 20%));--awb-margin-right:5%;--awb-margin-left:5%;\"><p>Posseduti dall\u2019opera: siamo stati a vedere il nuovo allestimento al Regio<\/p>\n<\/div><\/div><\/li>\n<li class=\"fusion-layout-column fusion_builder_column fusion-builder-column-59 fusion-flex-column post-card fusion-grid-column fusion-post-cards-grid-column uni-verso fusion-animated\" style=\"--awb-bg-position:center top;--awb-bg-size:cover;--awb-flex-grow:0;--awb-flex-shrink:0;--awb-flex-grow-medium:0;--awb-flex-shrink-medium:0;--awb-flex-grow-small:0;--awb-flex-shrink-small:0;\"><div class=\"fusion-column-wrapper fusion-column-has-shadow fusion-flex-justify-content-flex-start fusion-content-layout-column\"><div class=\"fusion-classic-product-image-wrapper fusion-woo-product-image fusion-post-card-image fusion-post-card-image-1\" data-layout=\"static\" style=\"--awb-margin-bottom:15px;--awb-border-radius-top-left:8px;--awb-border-radius-top-right:8px;--awb-border-radius-bottom-right:8px;--awb-border-radius-bottom-left:8px;\"><div  class=\"fusion-image-wrapper\" aria-haspopup=\"true\">\n\t\t\t\t\t\t\t<a href=\"https:\/\/studentmag.unipr.it\/index.php\/2026\/02\/19\/montessori-i-suoi-valori-illustrati-su-carta\/\" aria-label=\"Montessori: i suoi valori illustrati su carta\">\n\t\t\t\t\t\t\t<img decoding=\"async\" width=\"1920\" height=\"2317\" src=\"https:\/\/studentmag.unipr.it\/wp-content\/uploads\/2026\/02\/Montessori-1-censored-scaled-e1771367037934.jpg\" class=\"attachment-full size-full lazyload wp-post-image\" alt=\"\" srcset=\"data:image\/svg+xml,%3Csvg%20xmlns%3D%27http%3A%2F%2Fwww.w3.org%2F2000%2Fsvg%27%20width%3D%271920%27%20height%3D%272317%27%20viewBox%3D%270%200%201920%202317%27%3E%3Crect%20width%3D%271920%27%20height%3D%272317%27%20fill-opacity%3D%220%22%2F%3E%3C%2Fsvg%3E\" data-orig-src=\"https:\/\/studentmag.unipr.it\/wp-content\/uploads\/2026\/02\/Montessori-1-censored-scaled-e1771367037934.jpg\" data-srcset=\"https:\/\/studentmag.unipr.it\/wp-content\/uploads\/2026\/02\/Montessori-1-censored-scaled-e1771367037934-200x241.jpg 200w, https:\/\/studentmag.unipr.it\/wp-content\/uploads\/2026\/02\/Montessori-1-censored-scaled-e1771367037934-400x483.jpg 400w, https:\/\/studentmag.unipr.it\/wp-content\/uploads\/2026\/02\/Montessori-1-censored-scaled-e1771367037934-600x724.jpg 600w, https:\/\/studentmag.unipr.it\/wp-content\/uploads\/2026\/02\/Montessori-1-censored-scaled-e1771367037934-800x965.jpg 800w, https:\/\/studentmag.unipr.it\/wp-content\/uploads\/2026\/02\/Montessori-1-censored-scaled-e1771367037934-1200x1448.jpg 1200w, https:\/\/studentmag.unipr.it\/wp-content\/uploads\/2026\/02\/Montessori-1-censored-scaled-e1771367037934.jpg 1920w\" data-sizes=\"auto\" \/>\t\t\t<\/a>\n\t\t\t\t\t\t\t<\/div>\n<\/div><div class=\"fusion-title title fusion-title-59 fusion-sep-none fusion-title-text fusion-title-size-two\" style=\"--awb-margin-right:5%;--awb-margin-bottom:10px;--awb-margin-left:5%;--awb-margin-left-small:5%;--awb-link-color:hsla(var(--awb-color3-h),var(--awb-color3-s),calc(var(--awb-color3-l) + 10%),var(--awb-color3-a));--awb-link-hover-color:var(--awb-color1);--awb-font-size:25px;\"><h2 class=\"fusion-title-heading title-heading-left fusion-responsive-typography-calculated\" style=\"margin:0;font-size:1em;--fontSize:25;--minFontSize:25;line-height:1.4;\"><a href=\"https:\/\/studentmag.unipr.it\/index.php\/2026\/02\/19\/montessori-i-suoi-valori-illustrati-su-carta\/\" class=\"awb-custom-text-color awb-custom-text-hover-color\" target=\"_self\">Montessori: i suoi valori illustrati su carta<\/a><\/h2><\/div><div class=\"fusion-meta-tb fusion-meta-tb-58 floated\" style=\"--awb-border-bottom:0px;--awb-border-top:0px;--awb-height:36px;--awb-font-size:14px;--awb-margin-bottom:20px;--awb-margin-left:5%;--awb-margin-right:5%;--awb-text-color:var(--awb-color1);--awb-alignment-medium:flex-start;--awb-alignment-small:flex-start;\"><span class=\"fusion-tb-published-date\">Published On: 19 Febbraio 2026<\/span><span class=\"fusion-meta-tb-sep\"><\/span><\/div><div class=\"fusion-text fusion-text-58\" style=\"--awb-text-color:hsla(var(--awb-color1-h),var(--awb-color1-s),var(--awb-color1-l),calc(var(--awb-color1-a) - 20%));--awb-margin-right:5%;--awb-margin-left:5%;\"><p>Le opere del disegnatore Gianluca Fogliazza ci suggestionano attivamente lasciare un segno (in pieno spirito montessoriano)<\/p>\n<\/div><\/div><\/li>\n<li class=\"fusion-layout-column fusion_builder_column fusion-builder-column-60 fusion-flex-column post-card fusion-grid-column fusion-post-cards-grid-column pov-point-of-view fusion-animated\" style=\"--awb-bg-position:center top;--awb-bg-size:cover;--awb-flex-grow:0;--awb-flex-shrink:0;--awb-flex-grow-medium:0;--awb-flex-shrink-medium:0;--awb-flex-grow-small:0;--awb-flex-shrink-small:0;\"><div class=\"fusion-column-wrapper fusion-column-has-shadow fusion-flex-justify-content-flex-start fusion-content-layout-column\"><div class=\"fusion-classic-product-image-wrapper fusion-woo-product-image fusion-post-card-image fusion-post-card-image-1\" data-layout=\"static\" style=\"--awb-margin-bottom:15px;--awb-border-radius-top-left:8px;--awb-border-radius-top-right:8px;--awb-border-radius-bottom-right:8px;--awb-border-radius-bottom-left:8px;\"><div  class=\"fusion-image-wrapper\" aria-haspopup=\"true\">\n\t\t\t\t\t\t\t<a href=\"https:\/\/studentmag.unipr.it\/index.php\/2026\/02\/18\/chi-me-lo-ha-fatto-fare\/\" aria-label=\"Chi me lo ha fatto fare?!\">\n\t\t\t\t\t\t\t<img decoding=\"async\" width=\"640\" height=\"753\" src=\"https:\/\/studentmag.unipr.it\/wp-content\/uploads\/2026\/01\/Studiare-la-notte-e1769283298282.jpg\" class=\"attachment-full size-full lazyload wp-post-image\" alt=\"\" srcset=\"data:image\/svg+xml,%3Csvg%20xmlns%3D%27http%3A%2F%2Fwww.w3.org%2F2000%2Fsvg%27%20width%3D%27640%27%20height%3D%27753%27%20viewBox%3D%270%200%20640%20753%27%3E%3Crect%20width%3D%27640%27%20height%3D%27753%27%20fill-opacity%3D%220%22%2F%3E%3C%2Fsvg%3E\" data-orig-src=\"https:\/\/studentmag.unipr.it\/wp-content\/uploads\/2026\/01\/Studiare-la-notte-e1769283298282.jpg\" data-srcset=\"https:\/\/studentmag.unipr.it\/wp-content\/uploads\/2026\/01\/Studiare-la-notte-e1769283298282-200x235.jpg 200w, https:\/\/studentmag.unipr.it\/wp-content\/uploads\/2026\/01\/Studiare-la-notte-e1769283298282-400x471.jpg 400w, https:\/\/studentmag.unipr.it\/wp-content\/uploads\/2026\/01\/Studiare-la-notte-e1769283298282-600x706.jpg 600w, https:\/\/studentmag.unipr.it\/wp-content\/uploads\/2026\/01\/Studiare-la-notte-e1769283298282.jpg 640w\" data-sizes=\"auto\" \/>\t\t\t<\/a>\n\t\t\t\t\t\t\t<\/div>\n<\/div><div class=\"fusion-title title fusion-title-60 fusion-sep-none fusion-title-text fusion-title-size-two\" style=\"--awb-margin-right:5%;--awb-margin-bottom:10px;--awb-margin-left:5%;--awb-margin-left-small:5%;--awb-link-color:hsla(var(--awb-color3-h),var(--awb-color3-s),calc(var(--awb-color3-l) + 10%),var(--awb-color3-a));--awb-link-hover-color:var(--awb-color1);--awb-font-size:25px;\"><h2 class=\"fusion-title-heading title-heading-left fusion-responsive-typography-calculated\" style=\"margin:0;font-size:1em;--fontSize:25;--minFontSize:25;line-height:1.4;\"><a href=\"https:\/\/studentmag.unipr.it\/index.php\/2026\/02\/18\/chi-me-lo-ha-fatto-fare\/\" class=\"awb-custom-text-color awb-custom-text-hover-color\" target=\"_self\">Chi me lo ha fatto fare?!<\/a><\/h2><\/div><div class=\"fusion-meta-tb fusion-meta-tb-59 floated\" style=\"--awb-border-bottom:0px;--awb-border-top:0px;--awb-height:36px;--awb-font-size:14px;--awb-margin-bottom:20px;--awb-margin-left:5%;--awb-margin-right:5%;--awb-text-color:var(--awb-color1);--awb-alignment-medium:flex-start;--awb-alignment-small:flex-start;\"><span class=\"fusion-tb-published-date\">Published On: 18 Febbraio 2026<\/span><span class=\"fusion-meta-tb-sep\"><\/span><\/div><div class=\"fusion-text fusion-text-59\" style=\"--awb-text-color:hsla(var(--awb-color1-h),var(--awb-color1-s),var(--awb-color1-l),calc(var(--awb-color1-a) - 20%));--awb-margin-right:5%;--awb-margin-left:5%;\"><p>Diario tragicomico di un'universitaria over 40<\/p>\n<\/div><\/div><\/li>\n<li class=\"fusion-layout-column fusion_builder_column fusion-builder-column-61 fusion-flex-column post-card fusion-grid-column fusion-post-cards-grid-column uni-verso fusion-animated\" style=\"--awb-bg-position:center top;--awb-bg-size:cover;--awb-flex-grow:0;--awb-flex-shrink:0;--awb-flex-grow-medium:0;--awb-flex-shrink-medium:0;--awb-flex-grow-small:0;--awb-flex-shrink-small:0;\"><div class=\"fusion-column-wrapper fusion-column-has-shadow fusion-flex-justify-content-flex-start fusion-content-layout-column\"><div class=\"fusion-classic-product-image-wrapper fusion-woo-product-image fusion-post-card-image fusion-post-card-image-1\" data-layout=\"static\" style=\"--awb-margin-bottom:15px;--awb-border-radius-top-left:8px;--awb-border-radius-top-right:8px;--awb-border-radius-bottom-right:8px;--awb-border-radius-bottom-left:8px;\"><div  class=\"fusion-image-wrapper\" aria-haspopup=\"true\">\n\t\t\t\t\t\t\t<a href=\"https:\/\/studentmag.unipr.it\/index.php\/2026\/02\/17\/un-colonialismo-buono\/\" aria-label=\"Un colonialismo&#8230; &#8220;buono&#8221;?\">\n\t\t\t\t\t\t\t<img decoding=\"async\" width=\"1200\" height=\"923\" src=\"data:image\/svg+xml,%3Csvg%20xmlns%3D%27http%3A%2F%2Fwww.w3.org%2F2000%2Fsvg%27%20width%3D%271200%27%20height%3D%27923%27%20viewBox%3D%270%200%201200%20923%27%3E%3Crect%20width%3D%271200%27%20height%3D%27923%27%20fill-opacity%3D%220%22%2F%3E%3C%2Fsvg%3E\" class=\"attachment-full size-full lazyload wp-post-image\" alt=\"\" data-orig-src=\"https:\/\/studentmag.unipr.it\/wp-content\/uploads\/2026\/02\/Decostruire-scaled-e1771284221289.jpg\" \/>\t\t\t<\/a>\n\t\t\t\t\t\t\t<\/div>\n<\/div><div class=\"fusion-title title fusion-title-61 fusion-sep-none fusion-title-text fusion-title-size-two\" style=\"--awb-margin-right:5%;--awb-margin-bottom:10px;--awb-margin-left:5%;--awb-margin-left-small:5%;--awb-link-color:hsla(var(--awb-color3-h),var(--awb-color3-s),calc(var(--awb-color3-l) + 10%),var(--awb-color3-a));--awb-link-hover-color:var(--awb-color1);--awb-font-size:25px;\"><h2 class=\"fusion-title-heading title-heading-left fusion-responsive-typography-calculated\" style=\"margin:0;font-size:1em;--fontSize:25;--minFontSize:25;line-height:1.4;\"><a href=\"https:\/\/studentmag.unipr.it\/index.php\/2026\/02\/17\/un-colonialismo-buono\/\" class=\"awb-custom-text-color awb-custom-text-hover-color\" target=\"_self\">Un colonialismo&#8230; &#8220;buono&#8221;?<\/a><\/h2><\/div><div class=\"fusion-meta-tb fusion-meta-tb-60 floated\" style=\"--awb-border-bottom:0px;--awb-border-top:0px;--awb-height:36px;--awb-font-size:14px;--awb-margin-bottom:20px;--awb-margin-left:5%;--awb-margin-right:5%;--awb-text-color:var(--awb-color1);--awb-alignment-medium:flex-start;--awb-alignment-small:flex-start;\"><span class=\"fusion-tb-published-date\">Published On: 17 Febbraio 2026<\/span><span class=\"fusion-meta-tb-sep\"><\/span><\/div><div class=\"fusion-text fusion-text-60\" style=\"--awb-text-color:hsla(var(--awb-color1-h),var(--awb-color1-s),var(--awb-color1-l),calc(var(--awb-color1-a) - 20%));--awb-margin-right:5%;--awb-margin-left:5%;\"><p> Intervista a Martina Giuffr\u00e8 e Andrea Ragusa sulla nuova mostra di decostruzione colonialista nel Chiostro dei Paolotti<\/p>\n<\/div><\/div><\/li>\n<li class=\"fusion-layout-column fusion_builder_column fusion-builder-column-62 fusion-flex-column post-card fusion-grid-column fusion-post-cards-grid-column news fusion-animated\" style=\"--awb-bg-position:center top;--awb-bg-size:cover;--awb-flex-grow:0;--awb-flex-shrink:0;--awb-flex-grow-medium:0;--awb-flex-shrink-medium:0;--awb-flex-grow-small:0;--awb-flex-shrink-small:0;\"><div class=\"fusion-column-wrapper fusion-column-has-shadow fusion-flex-justify-content-flex-start fusion-content-layout-column\"><div class=\"fusion-classic-product-image-wrapper fusion-woo-product-image fusion-post-card-image fusion-post-card-image-1\" data-layout=\"static\" style=\"--awb-margin-bottom:15px;--awb-border-radius-top-left:8px;--awb-border-radius-top-right:8px;--awb-border-radius-bottom-right:8px;--awb-border-radius-bottom-left:8px;\"><div  class=\"fusion-image-wrapper\" aria-haspopup=\"true\">\n\t\t\t\t\t\t\t<a href=\"https:\/\/studentmag.unipr.it\/index.php\/2026\/02\/16\/il-fenomeno-chalamet\/\" aria-label=\"Il fenomeno Chalamet\">\n\t\t\t\t\t\t\t<img decoding=\"async\" width=\"1200\" height=\"630\" src=\"https:\/\/studentmag.unipr.it\/wp-content\/uploads\/2026\/02\/Marty-Supreme.jpg\" class=\"attachment-full size-full lazyload wp-post-image\" alt=\"\" srcset=\"data:image\/svg+xml,%3Csvg%20xmlns%3D%27http%3A%2F%2Fwww.w3.org%2F2000%2Fsvg%27%20width%3D%271200%27%20height%3D%27630%27%20viewBox%3D%270%200%201200%20630%27%3E%3Crect%20width%3D%271200%27%20height%3D%27630%27%20fill-opacity%3D%220%22%2F%3E%3C%2Fsvg%3E\" data-orig-src=\"https:\/\/studentmag.unipr.it\/wp-content\/uploads\/2026\/02\/Marty-Supreme.jpg\" data-srcset=\"https:\/\/studentmag.unipr.it\/wp-content\/uploads\/2026\/02\/Marty-Supreme-200x105.jpg 200w, https:\/\/studentmag.unipr.it\/wp-content\/uploads\/2026\/02\/Marty-Supreme-400x210.jpg 400w, https:\/\/studentmag.unipr.it\/wp-content\/uploads\/2026\/02\/Marty-Supreme-600x315.jpg 600w, https:\/\/studentmag.unipr.it\/wp-content\/uploads\/2026\/02\/Marty-Supreme-800x420.jpg 800w, https:\/\/studentmag.unipr.it\/wp-content\/uploads\/2026\/02\/Marty-Supreme.jpg 1200w\" data-sizes=\"auto\" \/>\t\t\t<\/a>\n\t\t\t\t\t\t\t<\/div>\n<\/div><div class=\"fusion-title title fusion-title-62 fusion-sep-none fusion-title-text fusion-title-size-two\" style=\"--awb-margin-right:5%;--awb-margin-bottom:10px;--awb-margin-left:5%;--awb-margin-left-small:5%;--awb-link-color:hsla(var(--awb-color3-h),var(--awb-color3-s),calc(var(--awb-color3-l) + 10%),var(--awb-color3-a));--awb-link-hover-color:var(--awb-color1);--awb-font-size:25px;\"><h2 class=\"fusion-title-heading title-heading-left fusion-responsive-typography-calculated\" style=\"margin:0;font-size:1em;--fontSize:25;--minFontSize:25;line-height:1.4;\"><a href=\"https:\/\/studentmag.unipr.it\/index.php\/2026\/02\/16\/il-fenomeno-chalamet\/\" class=\"awb-custom-text-color awb-custom-text-hover-color\" target=\"_self\">Il fenomeno Chalamet<\/a><\/h2><\/div><div class=\"fusion-meta-tb fusion-meta-tb-61 floated\" style=\"--awb-border-bottom:0px;--awb-border-top:0px;--awb-height:36px;--awb-font-size:14px;--awb-margin-bottom:20px;--awb-margin-left:5%;--awb-margin-right:5%;--awb-text-color:var(--awb-color1);--awb-alignment-medium:flex-start;--awb-alignment-small:flex-start;\"><span class=\"fusion-tb-published-date\">Published On: 16 Febbraio 2026<\/span><span class=\"fusion-meta-tb-sep\"><\/span><\/div><div class=\"fusion-text fusion-text-61\" style=\"--awb-text-color:hsla(var(--awb-color1-h),var(--awb-color1-s),var(--awb-color1-l),calc(var(--awb-color1-a) - 20%));--awb-margin-right:5%;--awb-margin-left:5%;\"><p>Con \"Marty Supreme\", Timoth\u00e9e Chalamet prosegue la sua corsa per una brillante carriera. E si afferma icona della nostra generazione.<\/p>\n<\/div><\/div><\/li>\n<li class=\"fusion-layout-column fusion_builder_column fusion-builder-column-63 fusion-flex-column post-card fusion-grid-column fusion-post-cards-grid-column cool-tura fusion-animated\" style=\"--awb-bg-position:center top;--awb-bg-size:cover;--awb-flex-grow:0;--awb-flex-shrink:0;--awb-flex-grow-medium:0;--awb-flex-shrink-medium:0;--awb-flex-grow-small:0;--awb-flex-shrink-small:0;\"><div class=\"fusion-column-wrapper fusion-column-has-shadow fusion-flex-justify-content-flex-start fusion-content-layout-column\"><div class=\"fusion-classic-product-image-wrapper fusion-woo-product-image fusion-post-card-image fusion-post-card-image-1\" data-layout=\"static\" style=\"--awb-margin-bottom:15px;--awb-border-radius-top-left:8px;--awb-border-radius-top-right:8px;--awb-border-radius-bottom-right:8px;--awb-border-radius-bottom-left:8px;\"><div  class=\"fusion-image-wrapper\" aria-haspopup=\"true\">\n\t\t\t\t\t\t\t<a href=\"https:\/\/studentmag.unipr.it\/index.php\/2026\/02\/15\/il-battito-di-periferico-indagare-cio-che-stiamo-diventando\/\" aria-label=\"Il battito di &#8220;Periferico&#8221;: indagare ci\u00f2 che stiamo diventando\">\n\t\t\t\t\t\t\t<img decoding=\"async\" width=\"802\" height=\"487\" src=\"https:\/\/studentmag.unipr.it\/wp-content\/uploads\/2026\/02\/Periferico-Festival-grafica-e1771163951855.jpeg\" class=\"attachment-full size-full lazyload wp-post-image\" alt=\"\" srcset=\"data:image\/svg+xml,%3Csvg%20xmlns%3D%27http%3A%2F%2Fwww.w3.org%2F2000%2Fsvg%27%20width%3D%27802%27%20height%3D%27487%27%20viewBox%3D%270%200%20802%20487%27%3E%3Crect%20width%3D%27802%27%20height%3D%27487%27%20fill-opacity%3D%220%22%2F%3E%3C%2Fsvg%3E\" data-orig-src=\"https:\/\/studentmag.unipr.it\/wp-content\/uploads\/2026\/02\/Periferico-Festival-grafica-e1771163951855.jpeg\" data-srcset=\"https:\/\/studentmag.unipr.it\/wp-content\/uploads\/2026\/02\/Periferico-Festival-grafica-e1771163951855-200x121.jpeg 200w, https:\/\/studentmag.unipr.it\/wp-content\/uploads\/2026\/02\/Periferico-Festival-grafica-e1771163951855-400x243.jpeg 400w, https:\/\/studentmag.unipr.it\/wp-content\/uploads\/2026\/02\/Periferico-Festival-grafica-e1771163951855-600x364.jpeg 600w, https:\/\/studentmag.unipr.it\/wp-content\/uploads\/2026\/02\/Periferico-Festival-grafica-e1771163951855-800x486.jpeg 800w, https:\/\/studentmag.unipr.it\/wp-content\/uploads\/2026\/02\/Periferico-Festival-grafica-e1771163951855.jpeg 802w\" data-sizes=\"auto\" \/>\t\t\t<\/a>\n\t\t\t\t\t\t\t<\/div>\n<\/div><div class=\"fusion-title title fusion-title-63 fusion-sep-none fusion-title-text fusion-title-size-two\" style=\"--awb-margin-right:5%;--awb-margin-bottom:10px;--awb-margin-left:5%;--awb-margin-left-small:5%;--awb-link-color:hsla(var(--awb-color3-h),var(--awb-color3-s),calc(var(--awb-color3-l) + 10%),var(--awb-color3-a));--awb-link-hover-color:var(--awb-color1);--awb-font-size:25px;\"><h2 class=\"fusion-title-heading title-heading-left fusion-responsive-typography-calculated\" style=\"margin:0;font-size:1em;--fontSize:25;--minFontSize:25;line-height:1.4;\"><a href=\"https:\/\/studentmag.unipr.it\/index.php\/2026\/02\/15\/il-battito-di-periferico-indagare-cio-che-stiamo-diventando\/\" class=\"awb-custom-text-color awb-custom-text-hover-color\" target=\"_self\">Il battito di &#8220;Periferico&#8221;: indagare ci\u00f2 che stiamo diventando<\/a><\/h2><\/div><div class=\"fusion-meta-tb fusion-meta-tb-62 floated\" style=\"--awb-border-bottom:0px;--awb-border-top:0px;--awb-height:36px;--awb-font-size:14px;--awb-margin-bottom:20px;--awb-margin-left:5%;--awb-margin-right:5%;--awb-text-color:var(--awb-color1);--awb-alignment-medium:flex-start;--awb-alignment-small:flex-start;\"><span class=\"fusion-tb-published-date\">Published On: 15 Febbraio 2026<\/span><span class=\"fusion-meta-tb-sep\"><\/span><\/div><div class=\"fusion-text fusion-text-62\" style=\"--awb-text-color:hsla(var(--awb-color1-h),var(--awb-color1-s),var(--awb-color1-l),calc(var(--awb-color1-a) - 20%));--awb-margin-right:5%;--awb-margin-left:5%;\"><p>Il festival che muove i corpi e connette le lotte nel paesaggio irregolare di Modena Ovest.<\/p>\n<\/div><\/div><\/li>\n<li class=\"fusion-layout-column fusion_builder_column fusion-builder-column-64 fusion-flex-column post-card fusion-grid-column fusion-post-cards-grid-column uni-verso fusion-animated\" style=\"--awb-bg-position:center top;--awb-bg-size:cover;--awb-flex-grow:0;--awb-flex-shrink:0;--awb-flex-grow-medium:0;--awb-flex-shrink-medium:0;--awb-flex-grow-small:0;--awb-flex-shrink-small:0;\"><div class=\"fusion-column-wrapper fusion-column-has-shadow fusion-flex-justify-content-flex-start fusion-content-layout-column\"><div class=\"fusion-classic-product-image-wrapper fusion-woo-product-image fusion-post-card-image fusion-post-card-image-1\" data-layout=\"static\" style=\"--awb-margin-bottom:15px;--awb-border-radius-top-left:8px;--awb-border-radius-top-right:8px;--awb-border-radius-bottom-right:8px;--awb-border-radius-bottom-left:8px;\"><div  class=\"fusion-image-wrapper\" aria-haspopup=\"true\">\n\t\t\t\t\t\t\t<a href=\"https:\/\/studentmag.unipr.it\/index.php\/2026\/02\/13\/gli-universitari-onnivori-per-eccellenza\/\" aria-label=\"Gli universitari: onnivori per eccellenza\">\n\t\t\t\t\t\t\t<img decoding=\"async\" width=\"1707\" height=\"1037\" src=\"https:\/\/studentmag.unipr.it\/wp-content\/uploads\/2026\/02\/Foto-Chef-scaled-e1770938435211.jpg\" class=\"attachment-full size-full lazyload wp-post-image\" alt=\"\" srcset=\"data:image\/svg+xml,%3Csvg%20xmlns%3D%27http%3A%2F%2Fwww.w3.org%2F2000%2Fsvg%27%20width%3D%271707%27%20height%3D%271037%27%20viewBox%3D%270%200%201707%201037%27%3E%3Crect%20width%3D%271707%27%20height%3D%271037%27%20fill-opacity%3D%220%22%2F%3E%3C%2Fsvg%3E\" data-orig-src=\"https:\/\/studentmag.unipr.it\/wp-content\/uploads\/2026\/02\/Foto-Chef-scaled-e1770938435211.jpg\" data-srcset=\"https:\/\/studentmag.unipr.it\/wp-content\/uploads\/2026\/02\/Foto-Chef-scaled-e1770938435211-200x121.jpg 200w, https:\/\/studentmag.unipr.it\/wp-content\/uploads\/2026\/02\/Foto-Chef-scaled-e1770938435211-400x243.jpg 400w, https:\/\/studentmag.unipr.it\/wp-content\/uploads\/2026\/02\/Foto-Chef-scaled-e1770938435211-600x364.jpg 600w, https:\/\/studentmag.unipr.it\/wp-content\/uploads\/2026\/02\/Foto-Chef-scaled-e1770938435211-800x486.jpg 800w, https:\/\/studentmag.unipr.it\/wp-content\/uploads\/2026\/02\/Foto-Chef-scaled-e1770938435211-1200x729.jpg 1200w, https:\/\/studentmag.unipr.it\/wp-content\/uploads\/2026\/02\/Foto-Chef-scaled-e1770938435211.jpg 1707w\" data-sizes=\"auto\" \/>\t\t\t<\/a>\n\t\t\t\t\t\t\t<\/div>\n<\/div><div class=\"fusion-title title fusion-title-64 fusion-sep-none fusion-title-text fusion-title-size-two\" style=\"--awb-margin-right:5%;--awb-margin-bottom:10px;--awb-margin-left:5%;--awb-margin-left-small:5%;--awb-link-color:hsla(var(--awb-color3-h),var(--awb-color3-s),calc(var(--awb-color3-l) + 10%),var(--awb-color3-a));--awb-link-hover-color:var(--awb-color1);--awb-font-size:25px;\"><h2 class=\"fusion-title-heading title-heading-left fusion-responsive-typography-calculated\" style=\"margin:0;font-size:1em;--fontSize:25;--minFontSize:25;line-height:1.4;\"><a href=\"https:\/\/studentmag.unipr.it\/index.php\/2026\/02\/13\/gli-universitari-onnivori-per-eccellenza\/\" class=\"awb-custom-text-color awb-custom-text-hover-color\" target=\"_self\">Gli universitari: onnivori per eccellenza<\/a><\/h2><\/div><div class=\"fusion-meta-tb fusion-meta-tb-63 floated\" style=\"--awb-border-bottom:0px;--awb-border-top:0px;--awb-height:36px;--awb-font-size:14px;--awb-margin-bottom:20px;--awb-margin-left:5%;--awb-margin-right:5%;--awb-text-color:var(--awb-color1);--awb-alignment-medium:flex-start;--awb-alignment-small:flex-start;\"><span class=\"fusion-tb-published-date\">Published On: 13 Febbraio 2026<\/span><span class=\"fusion-meta-tb-sep\"><\/span><\/div><div class=\"fusion-text fusion-text-63\" style=\"--awb-text-color:hsla(var(--awb-color1-h),var(--awb-color1-s),var(--awb-color1-l),calc(var(--awb-color1-a) - 20%));--awb-margin-right:5%;--awb-margin-left:5%;\"><p>L'angolo cottura diventa confessorio (anche anonimo) di peccati culinari<\/p>\n<\/div><\/div><\/li>\n<li class=\"fusion-layout-column fusion_builder_column fusion-builder-column-65 fusion-flex-column post-card fusion-grid-column fusion-post-cards-grid-column cool-tura fusion-animated\" style=\"--awb-bg-position:center top;--awb-bg-size:cover;--awb-flex-grow:0;--awb-flex-shrink:0;--awb-flex-grow-medium:0;--awb-flex-shrink-medium:0;--awb-flex-grow-small:0;--awb-flex-shrink-small:0;\"><div class=\"fusion-column-wrapper fusion-column-has-shadow fusion-flex-justify-content-flex-start fusion-content-layout-column\"><div class=\"fusion-classic-product-image-wrapper fusion-woo-product-image fusion-post-card-image fusion-post-card-image-1\" data-layout=\"static\" style=\"--awb-margin-bottom:15px;--awb-border-radius-top-left:8px;--awb-border-radius-top-right:8px;--awb-border-radius-bottom-right:8px;--awb-border-radius-bottom-left:8px;\"><div  class=\"fusion-image-wrapper\" aria-haspopup=\"true\">\n\t\t\t\t\t\t\t<a href=\"https:\/\/studentmag.unipr.it\/index.php\/2026\/02\/12\/io-mercadini-e-un-caffe-lungo-mezzora\/\" aria-label=\"Io, Mercadini e un caff\u00e8 lungo mezz\u2019ora\">\n\t\t\t\t\t\t\t<img decoding=\"async\" width=\"1200\" height=\"800\" src=\"data:image\/svg+xml,%3Csvg%20xmlns%3D%27http%3A%2F%2Fwww.w3.org%2F2000%2Fsvg%27%20width%3D%271200%27%20height%3D%27800%27%20viewBox%3D%270%200%201200%20800%27%3E%3Crect%20width%3D%271200%27%20height%3D%27800%27%20fill-opacity%3D%220%22%2F%3E%3C%2Fsvg%3E\" class=\"attachment-full size-full lazyload wp-post-image\" alt=\"\" data-orig-src=\"https:\/\/studentmag.unipr.it\/wp-content\/uploads\/2026\/01\/Roberto-Mercadini-1-scaled-e1769522778893.jpg\" \/>\t\t\t<\/a>\n\t\t\t\t\t\t\t<\/div>\n<\/div><div class=\"fusion-title title fusion-title-65 fusion-sep-none fusion-title-text fusion-title-size-two\" style=\"--awb-margin-right:5%;--awb-margin-bottom:10px;--awb-margin-left:5%;--awb-margin-left-small:5%;--awb-link-color:hsla(var(--awb-color3-h),var(--awb-color3-s),calc(var(--awb-color3-l) + 10%),var(--awb-color3-a));--awb-link-hover-color:var(--awb-color1);--awb-font-size:25px;\"><h2 class=\"fusion-title-heading title-heading-left fusion-responsive-typography-calculated\" style=\"margin:0;font-size:1em;--fontSize:25;--minFontSize:25;line-height:1.4;\"><a href=\"https:\/\/studentmag.unipr.it\/index.php\/2026\/02\/12\/io-mercadini-e-un-caffe-lungo-mezzora\/\" class=\"awb-custom-text-color awb-custom-text-hover-color\" target=\"_self\">Io, Mercadini e un caff\u00e8 lungo mezz\u2019ora<\/a><\/h2><\/div><div class=\"fusion-meta-tb fusion-meta-tb-64 floated\" style=\"--awb-border-bottom:0px;--awb-border-top:0px;--awb-height:36px;--awb-font-size:14px;--awb-margin-bottom:20px;--awb-margin-left:5%;--awb-margin-right:5%;--awb-text-color:var(--awb-color1);--awb-alignment-medium:flex-start;--awb-alignment-small:flex-start;\"><span class=\"fusion-tb-published-date\">Published On: 12 Febbraio 2026<\/span><span class=\"fusion-meta-tb-sep\"><\/span><\/div><div class=\"fusion-text fusion-text-64\" style=\"--awb-text-color:hsla(var(--awb-color1-h),var(--awb-color1-s),var(--awb-color1-l),calc(var(--awb-color1-a) - 20%));--awb-margin-right:5%;--awb-margin-left:5%;\"><p>\u00abLa Bibbia \u00e8 un capolavoro che va letto ma\u2026 \u00e8 scritta male\u00bb<\/p>\n<\/div><\/div><\/li>\n<li class=\"fusion-layout-column fusion_builder_column fusion-builder-column-66 fusion-flex-column post-card fusion-grid-column fusion-post-cards-grid-column lungo-parma fusion-animated\" style=\"--awb-bg-position:center top;--awb-bg-size:cover;--awb-flex-grow:0;--awb-flex-shrink:0;--awb-flex-grow-medium:0;--awb-flex-shrink-medium:0;--awb-flex-grow-small:0;--awb-flex-shrink-small:0;\"><div class=\"fusion-column-wrapper fusion-column-has-shadow fusion-flex-justify-content-flex-start fusion-content-layout-column\"><div class=\"fusion-classic-product-image-wrapper fusion-woo-product-image fusion-post-card-image fusion-post-card-image-1\" data-layout=\"static\" style=\"--awb-margin-bottom:15px;--awb-border-radius-top-left:8px;--awb-border-radius-top-right:8px;--awb-border-radius-bottom-right:8px;--awb-border-radius-bottom-left:8px;\"><div  class=\"fusion-image-wrapper\" aria-haspopup=\"true\">\n\t\t\t\t\t\t\t<a href=\"https:\/\/studentmag.unipr.it\/index.php\/2026\/02\/11\/mi-riprendo-la-mia-salute-mentale\/\" aria-label=\"La finestra sul cortile&#8230;condominiale: storie di affitti a Parma\">\n\t\t\t\t\t\t\t<img decoding=\"async\" width=\"1200\" height=\"800\" src=\"data:image\/svg+xml,%3Csvg%20xmlns%3D%27http%3A%2F%2Fwww.w3.org%2F2000%2Fsvg%27%20width%3D%271200%27%20height%3D%27800%27%20viewBox%3D%270%200%201200%20800%27%3E%3Crect%20width%3D%271200%27%20height%3D%27800%27%20fill-opacity%3D%220%22%2F%3E%3C%2Fsvg%3E\" class=\"attachment-full size-full lazyload wp-post-image\" alt=\"\" data-orig-src=\"https:\/\/studentmag.unipr.it\/wp-content\/uploads\/2019\/10\/vista-posteriore-di-compagni-di-stanza-femminile-rilassante-sul-divano-scaled-copia-e1770239591136.webp\" \/>\t\t\t<\/a>\n\t\t\t\t\t\t\t<\/div>\n<\/div><div class=\"fusion-title title fusion-title-66 fusion-sep-none fusion-title-text fusion-title-size-two\" style=\"--awb-margin-right:5%;--awb-margin-bottom:10px;--awb-margin-left:5%;--awb-margin-left-small:5%;--awb-link-color:hsla(var(--awb-color3-h),var(--awb-color3-s),calc(var(--awb-color3-l) + 10%),var(--awb-color3-a));--awb-link-hover-color:var(--awb-color1);--awb-font-size:25px;\"><h2 class=\"fusion-title-heading title-heading-left fusion-responsive-typography-calculated\" style=\"margin:0;font-size:1em;--fontSize:25;--minFontSize:25;line-height:1.4;\"><a href=\"https:\/\/studentmag.unipr.it\/index.php\/2026\/02\/11\/mi-riprendo-la-mia-salute-mentale\/\" class=\"awb-custom-text-color awb-custom-text-hover-color\" target=\"_self\">La finestra sul cortile&#8230;condominiale: storie di affitti a Parma<\/a><\/h2><\/div><div class=\"fusion-meta-tb fusion-meta-tb-65 floated\" style=\"--awb-border-bottom:0px;--awb-border-top:0px;--awb-height:36px;--awb-font-size:14px;--awb-margin-bottom:20px;--awb-margin-left:5%;--awb-margin-right:5%;--awb-text-color:var(--awb-color1);--awb-alignment-medium:flex-start;--awb-alignment-small:flex-start;\"><span class=\"fusion-tb-published-date\">Published On: 11 Febbraio 2026<\/span><span class=\"fusion-meta-tb-sep\"><\/span><\/div><div class=\"fusion-text fusion-text-65\" style=\"--awb-text-color:hsla(var(--awb-color1-h),var(--awb-color1-s),var(--awb-color1-l),calc(var(--awb-color1-a) - 20%));--awb-margin-right:5%;--awb-margin-left:5%;\"><p>Quando la convivenza diventa frame di vita quotidiana<\/p>\n<\/div><\/div><\/li>\n<li class=\"fusion-layout-column fusion_builder_column fusion-builder-column-67 fusion-flex-column post-card fusion-grid-column fusion-post-cards-grid-column cool-tura fusion-animated\" style=\"--awb-bg-position:center top;--awb-bg-size:cover;--awb-flex-grow:0;--awb-flex-shrink:0;--awb-flex-grow-medium:0;--awb-flex-shrink-medium:0;--awb-flex-grow-small:0;--awb-flex-shrink-small:0;\"><div class=\"fusion-column-wrapper fusion-column-has-shadow fusion-flex-justify-content-flex-start fusion-content-layout-column\"><div class=\"fusion-classic-product-image-wrapper fusion-woo-product-image fusion-post-card-image fusion-post-card-image-1\" data-layout=\"static\" style=\"--awb-margin-bottom:15px;--awb-border-radius-top-left:8px;--awb-border-radius-top-right:8px;--awb-border-radius-bottom-right:8px;--awb-border-radius-bottom-left:8px;\"><div  class=\"fusion-image-wrapper\" aria-haspopup=\"true\">\n\t\t\t\t\t\t\t<a href=\"https:\/\/studentmag.unipr.it\/index.php\/2026\/02\/10\/anna-negri-una-catarsi-lunga-trentanni\/\" aria-label=\"Anna Negri: \u00abUna catarsi lunga trent\u2019anni\u00bb\">\n\t\t\t\t\t\t\t<img decoding=\"async\" width=\"700\" height=\"441\" src=\"https:\/\/studentmag.unipr.it\/wp-content\/uploads\/2026\/02\/WhatsApp-Image-2026-02-04-at-13.59.50.webp\" class=\"attachment-full size-full lazyload wp-post-image\" alt=\"\" srcset=\"data:image\/svg+xml,%3Csvg%20xmlns%3D%27http%3A%2F%2Fwww.w3.org%2F2000%2Fsvg%27%20width%3D%27700%27%20height%3D%27441%27%20viewBox%3D%270%200%20700%20441%27%3E%3Crect%20width%3D%27700%27%20height%3D%27441%27%20fill-opacity%3D%220%22%2F%3E%3C%2Fsvg%3E\" data-orig-src=\"https:\/\/studentmag.unipr.it\/wp-content\/uploads\/2026\/02\/WhatsApp-Image-2026-02-04-at-13.59.50.webp\" data-srcset=\"https:\/\/studentmag.unipr.it\/wp-content\/uploads\/2026\/02\/WhatsApp-Image-2026-02-04-at-13.59.50-200x126.webp 200w, https:\/\/studentmag.unipr.it\/wp-content\/uploads\/2026\/02\/WhatsApp-Image-2026-02-04-at-13.59.50-300x189.webp 300w, https:\/\/studentmag.unipr.it\/wp-content\/uploads\/2026\/02\/WhatsApp-Image-2026-02-04-at-13.59.50-320x202.webp 320w, https:\/\/studentmag.unipr.it\/wp-content\/uploads\/2026\/02\/WhatsApp-Image-2026-02-04-at-13.59.50-400x252.webp 400w, https:\/\/studentmag.unipr.it\/wp-content\/uploads\/2026\/02\/WhatsApp-Image-2026-02-04-at-13.59.50-600x378.webp 600w, https:\/\/studentmag.unipr.it\/wp-content\/uploads\/2026\/02\/WhatsApp-Image-2026-02-04-at-13.59.50.webp 700w\" data-sizes=\"auto\" \/>\t\t\t<\/a>\n\t\t\t\t\t\t\t<\/div>\n<\/div><div class=\"fusion-title title fusion-title-67 fusion-sep-none fusion-title-text fusion-title-size-two\" style=\"--awb-margin-right:5%;--awb-margin-bottom:10px;--awb-margin-left:5%;--awb-margin-left-small:5%;--awb-link-color:hsla(var(--awb-color3-h),var(--awb-color3-s),calc(var(--awb-color3-l) + 10%),var(--awb-color3-a));--awb-link-hover-color:var(--awb-color1);--awb-font-size:25px;\"><h2 class=\"fusion-title-heading title-heading-left fusion-responsive-typography-calculated\" style=\"margin:0;font-size:1em;--fontSize:25;--minFontSize:25;line-height:1.4;\"><a href=\"https:\/\/studentmag.unipr.it\/index.php\/2026\/02\/10\/anna-negri-una-catarsi-lunga-trentanni\/\" class=\"awb-custom-text-color awb-custom-text-hover-color\" target=\"_self\">Anna Negri: \u00abUna catarsi lunga trent\u2019anni\u00bb<\/a><\/h2><\/div><div class=\"fusion-meta-tb fusion-meta-tb-66 floated\" style=\"--awb-border-bottom:0px;--awb-border-top:0px;--awb-height:36px;--awb-font-size:14px;--awb-margin-bottom:20px;--awb-margin-left:5%;--awb-margin-right:5%;--awb-text-color:var(--awb-color1);--awb-alignment-medium:flex-start;--awb-alignment-small:flex-start;\"><span class=\"fusion-tb-published-date\">Published On: 10 Febbraio 2026<\/span><span class=\"fusion-meta-tb-sep\"><\/span><\/div><div class=\"fusion-text fusion-text-66\" style=\"--awb-text-color:hsla(var(--awb-color1-h),var(--awb-color1-s),var(--awb-color1-l),calc(var(--awb-color1-a) - 20%));--awb-margin-right:5%;--awb-margin-left:5%;\"><p>La regista ha presentato all\u2019Astra il suo ultimo lavoro, un documentario vivido e toccante sul padre Toni<\/p>\n<\/div><\/div><\/li>\n<li class=\"fusion-layout-column fusion_builder_column fusion-builder-column-68 fusion-flex-column post-card fusion-grid-column fusion-post-cards-grid-column cool-tura fusion-animated\" style=\"--awb-bg-position:center top;--awb-bg-size:cover;--awb-flex-grow:0;--awb-flex-shrink:0;--awb-flex-grow-medium:0;--awb-flex-shrink-medium:0;--awb-flex-grow-small:0;--awb-flex-shrink-small:0;\"><div class=\"fusion-column-wrapper fusion-column-has-shadow fusion-flex-justify-content-flex-start fusion-content-layout-column\"><div class=\"fusion-classic-product-image-wrapper fusion-woo-product-image fusion-post-card-image fusion-post-card-image-1\" data-layout=\"static\" style=\"--awb-margin-bottom:15px;--awb-border-radius-top-left:8px;--awb-border-radius-top-right:8px;--awb-border-radius-bottom-right:8px;--awb-border-radius-bottom-left:8px;\"><div  class=\"fusion-image-wrapper\" aria-haspopup=\"true\">\n\t\t\t\t\t\t\t<a href=\"https:\/\/studentmag.unipr.it\/index.php\/2026\/02\/09\/di-chi-e-la-sua-verita\/\" aria-label=\"Di chi \u00e8 \u201cLa sua verit\u00e0?\u201d\">\n\t\t\t\t\t\t\t<img decoding=\"async\" width=\"2048\" height=\"1152\" src=\"https:\/\/studentmag.unipr.it\/wp-content\/uploads\/2026\/02\/La-sua-verita.jpg\" class=\"attachment-full size-full lazyload wp-post-image\" alt=\"\" srcset=\"data:image\/svg+xml,%3Csvg%20xmlns%3D%27http%3A%2F%2Fwww.w3.org%2F2000%2Fsvg%27%20width%3D%272048%27%20height%3D%271152%27%20viewBox%3D%270%200%202048%201152%27%3E%3Crect%20width%3D%272048%27%20height%3D%271152%27%20fill-opacity%3D%220%22%2F%3E%3C%2Fsvg%3E\" data-orig-src=\"https:\/\/studentmag.unipr.it\/wp-content\/uploads\/2026\/02\/La-sua-verita.jpg\" data-srcset=\"https:\/\/studentmag.unipr.it\/wp-content\/uploads\/2026\/02\/La-sua-verita-200x113.jpg 200w, https:\/\/studentmag.unipr.it\/wp-content\/uploads\/2026\/02\/La-sua-verita-400x225.jpg 400w, https:\/\/studentmag.unipr.it\/wp-content\/uploads\/2026\/02\/La-sua-verita-600x338.jpg 600w, https:\/\/studentmag.unipr.it\/wp-content\/uploads\/2026\/02\/La-sua-verita-800x450.jpg 800w, https:\/\/studentmag.unipr.it\/wp-content\/uploads\/2026\/02\/La-sua-verita-1200x675.jpg 1200w, https:\/\/studentmag.unipr.it\/wp-content\/uploads\/2026\/02\/La-sua-verita.jpg 2048w\" data-sizes=\"auto\" \/>\t\t\t<\/a>\n\t\t\t\t\t\t\t<\/div>\n<\/div><div class=\"fusion-title title fusion-title-68 fusion-sep-none fusion-title-text fusion-title-size-two\" style=\"--awb-margin-right:5%;--awb-margin-bottom:10px;--awb-margin-left:5%;--awb-margin-left-small:5%;--awb-link-color:hsla(var(--awb-color3-h),var(--awb-color3-s),calc(var(--awb-color3-l) + 10%),var(--awb-color3-a));--awb-link-hover-color:var(--awb-color1);--awb-font-size:25px;\"><h2 class=\"fusion-title-heading title-heading-left fusion-responsive-typography-calculated\" style=\"margin:0;font-size:1em;--fontSize:25;--minFontSize:25;line-height:1.4;\"><a href=\"https:\/\/studentmag.unipr.it\/index.php\/2026\/02\/09\/di-chi-e-la-sua-verita\/\" class=\"awb-custom-text-color awb-custom-text-hover-color\" target=\"_self\">Di chi \u00e8 \u201cLa sua verit\u00e0?\u201d<\/a><\/h2><\/div><div class=\"fusion-meta-tb fusion-meta-tb-67 floated\" style=\"--awb-border-bottom:0px;--awb-border-top:0px;--awb-height:36px;--awb-font-size:14px;--awb-margin-bottom:20px;--awb-margin-left:5%;--awb-margin-right:5%;--awb-text-color:var(--awb-color1);--awb-alignment-medium:flex-start;--awb-alignment-small:flex-start;\"><span class=\"fusion-tb-published-date\">Published On: 9 Febbraio 2026<\/span><span class=\"fusion-meta-tb-sep\"><\/span><\/div><div class=\"fusion-text fusion-text-67\" style=\"--awb-text-color:hsla(var(--awb-color1-h),var(--awb-color1-s),var(--awb-color1-l),calc(var(--awb-color1-a) - 20%));--awb-margin-right:5%;--awb-margin-left:5%;\"><p>'La sua verit\u00e0': la nostra \"versione\" della miniserie di 6 episodi su Netflix  tratta dall'omonimo libro<\/p>\n<\/div><\/div><\/li>\n<li class=\"fusion-layout-column fusion_builder_column fusion-builder-column-69 fusion-flex-column post-card fusion-grid-column fusion-post-cards-grid-column cool-tura fusion-animated\" style=\"--awb-bg-position:center top;--awb-bg-size:cover;--awb-flex-grow:0;--awb-flex-shrink:0;--awb-flex-grow-medium:0;--awb-flex-shrink-medium:0;--awb-flex-grow-small:0;--awb-flex-shrink-small:0;\"><div class=\"fusion-column-wrapper fusion-column-has-shadow fusion-flex-justify-content-flex-start fusion-content-layout-column\"><div class=\"fusion-classic-product-image-wrapper fusion-woo-product-image fusion-post-card-image fusion-post-card-image-1\" data-layout=\"static\" style=\"--awb-margin-bottom:15px;--awb-border-radius-top-left:8px;--awb-border-radius-top-right:8px;--awb-border-radius-bottom-right:8px;--awb-border-radius-bottom-left:8px;\"><div  class=\"fusion-image-wrapper\" aria-haspopup=\"true\">\n\t\t\t\t\t\t\t<a href=\"https:\/\/studentmag.unipr.it\/index.php\/2026\/02\/08\/verdi-off-dieci-anni-di-opera-fuori-dal-teatro\/\" aria-label=\"Verdi Off: Dieci anni di Opera fuori dal teatro\">\n\t\t\t\t\t\t\t<img decoding=\"async\" width=\"2560\" height=\"1691\" src=\"https:\/\/studentmag.unipr.it\/wp-content\/uploads\/2026\/02\/Verdi-Street-Parade-1-scaled.jpg\" class=\"attachment-full size-full lazyload wp-post-image\" alt=\"\" srcset=\"data:image\/svg+xml,%3Csvg%20xmlns%3D%27http%3A%2F%2Fwww.w3.org%2F2000%2Fsvg%27%20width%3D%272560%27%20height%3D%271691%27%20viewBox%3D%270%200%202560%201691%27%3E%3Crect%20width%3D%272560%27%20height%3D%271691%27%20fill-opacity%3D%220%22%2F%3E%3C%2Fsvg%3E\" data-orig-src=\"https:\/\/studentmag.unipr.it\/wp-content\/uploads\/2026\/02\/Verdi-Street-Parade-1-scaled.jpg\" data-srcset=\"https:\/\/studentmag.unipr.it\/wp-content\/uploads\/2026\/02\/Verdi-Street-Parade-1-200x132.jpg 200w, https:\/\/studentmag.unipr.it\/wp-content\/uploads\/2026\/02\/Verdi-Street-Parade-1-400x264.jpg 400w, https:\/\/studentmag.unipr.it\/wp-content\/uploads\/2026\/02\/Verdi-Street-Parade-1-600x396.jpg 600w, https:\/\/studentmag.unipr.it\/wp-content\/uploads\/2026\/02\/Verdi-Street-Parade-1-800x528.jpg 800w, https:\/\/studentmag.unipr.it\/wp-content\/uploads\/2026\/02\/Verdi-Street-Parade-1-1200x793.jpg 1200w, https:\/\/studentmag.unipr.it\/wp-content\/uploads\/2026\/02\/Verdi-Street-Parade-1-scaled.jpg 2560w\" data-sizes=\"auto\" \/>\t\t\t<\/a>\n\t\t\t\t\t\t\t<\/div>\n<\/div><div class=\"fusion-title title fusion-title-69 fusion-sep-none fusion-title-text fusion-title-size-two\" style=\"--awb-margin-right:5%;--awb-margin-bottom:10px;--awb-margin-left:5%;--awb-margin-left-small:5%;--awb-link-color:hsla(var(--awb-color3-h),var(--awb-color3-s),calc(var(--awb-color3-l) + 10%),var(--awb-color3-a));--awb-link-hover-color:var(--awb-color1);--awb-font-size:25px;\"><h2 class=\"fusion-title-heading title-heading-left fusion-responsive-typography-calculated\" style=\"margin:0;font-size:1em;--fontSize:25;--minFontSize:25;line-height:1.4;\"><a href=\"https:\/\/studentmag.unipr.it\/index.php\/2026\/02\/08\/verdi-off-dieci-anni-di-opera-fuori-dal-teatro\/\" class=\"awb-custom-text-color awb-custom-text-hover-color\" target=\"_self\">Verdi Off: Dieci anni di Opera fuori dal teatro<\/a><\/h2><\/div><div class=\"fusion-meta-tb fusion-meta-tb-68 floated\" style=\"--awb-border-bottom:0px;--awb-border-top:0px;--awb-height:36px;--awb-font-size:14px;--awb-margin-bottom:20px;--awb-margin-left:5%;--awb-margin-right:5%;--awb-text-color:var(--awb-color1);--awb-alignment-medium:flex-start;--awb-alignment-small:flex-start;\"><span class=\"fusion-tb-published-date\">Published On: 8 Febbraio 2026<\/span><span class=\"fusion-meta-tb-sep\"><\/span><\/div><div class=\"fusion-text fusion-text-68\" style=\"--awb-text-color:hsla(var(--awb-color1-h),var(--awb-color1-s),var(--awb-color1-l),calc(var(--awb-color1-a) - 20%));--awb-margin-right:5%;--awb-margin-left:5%;\"><p>Restituzione progetto del corso di Teatro e Informazione<\/p>\n<\/div><\/div><\/li>\n<li class=\"fusion-layout-column fusion_builder_column fusion-builder-column-70 fusion-flex-column post-card fusion-grid-column fusion-post-cards-grid-column lungo-parma fusion-animated\" style=\"--awb-bg-position:center top;--awb-bg-size:cover;--awb-flex-grow:0;--awb-flex-shrink:0;--awb-flex-grow-medium:0;--awb-flex-shrink-medium:0;--awb-flex-grow-small:0;--awb-flex-shrink-small:0;\"><div class=\"fusion-column-wrapper fusion-column-has-shadow fusion-flex-justify-content-flex-start fusion-content-layout-column\"><div class=\"fusion-classic-product-image-wrapper fusion-woo-product-image fusion-post-card-image fusion-post-card-image-1\" data-layout=\"static\" style=\"--awb-margin-bottom:15px;--awb-border-radius-top-left:8px;--awb-border-radius-top-right:8px;--awb-border-radius-bottom-right:8px;--awb-border-radius-bottom-left:8px;\"><div  class=\"fusion-image-wrapper\" aria-haspopup=\"true\">\n\t\t\t\t\t\t\t<a href=\"https:\/\/studentmag.unipr.it\/index.php\/2026\/02\/07\/i-dieci-anni-del-labirinto-della-masone\/\" aria-label=\"I dieci anni del Labirinto della Masone\">\n\t\t\t\t\t\t\t<img decoding=\"async\" width=\"800\" height=\"800\" src=\"data:image\/svg+xml,%3Csvg%20xmlns%3D%27http%3A%2F%2Fwww.w3.org%2F2000%2Fsvg%27%20width%3D%27800%27%20height%3D%27800%27%20viewBox%3D%270%200%20800%20800%27%3E%3Crect%20width%3D%27800%27%20height%3D%27800%27%20fill-opacity%3D%220%22%2F%3E%3C%2Fsvg%3E\" class=\"attachment-full size-full lazyload wp-post-image\" alt=\"\" data-orig-src=\"https:\/\/studentmag.unipr.it\/wp-content\/uploads\/2026\/02\/Labirinto-masone-e1770497114348.jpg\" \/>\t\t\t<\/a>\n\t\t\t\t\t\t\t<\/div>\n<\/div><div class=\"fusion-title title fusion-title-70 fusion-sep-none fusion-title-text fusion-title-size-two\" style=\"--awb-margin-right:5%;--awb-margin-bottom:10px;--awb-margin-left:5%;--awb-margin-left-small:5%;--awb-link-color:hsla(var(--awb-color3-h),var(--awb-color3-s),calc(var(--awb-color3-l) + 10%),var(--awb-color3-a));--awb-link-hover-color:var(--awb-color1);--awb-font-size:25px;\"><h2 class=\"fusion-title-heading title-heading-left fusion-responsive-typography-calculated\" style=\"margin:0;font-size:1em;--fontSize:25;--minFontSize:25;line-height:1.4;\"><a href=\"https:\/\/studentmag.unipr.it\/index.php\/2026\/02\/07\/i-dieci-anni-del-labirinto-della-masone\/\" class=\"awb-custom-text-color awb-custom-text-hover-color\" target=\"_self\">I dieci anni del Labirinto della Masone<\/a><\/h2><\/div><div class=\"fusion-meta-tb fusion-meta-tb-69 floated\" style=\"--awb-border-bottom:0px;--awb-border-top:0px;--awb-height:36px;--awb-font-size:14px;--awb-margin-bottom:20px;--awb-margin-left:5%;--awb-margin-right:5%;--awb-text-color:var(--awb-color1);--awb-alignment-medium:flex-start;--awb-alignment-small:flex-start;\"><span class=\"fusion-tb-published-date\">Published On: 7 Febbraio 2026<\/span><span class=\"fusion-meta-tb-sep\"><\/span><\/div><div class=\"fusion-text fusion-text-69\" style=\"--awb-text-color:hsla(var(--awb-color1-h),var(--awb-color1-s),var(--awb-color1-l),calc(var(--awb-color1-a) - 20%));--awb-margin-right:5%;--awb-margin-left:5%;\"><p>Costruito a Fontanellato, il sogno realizzato di Franco Maria Ricci, scomparso nel 2020 custodisce il suo patrimonio<\/p>\n<\/div><\/div><\/li>\n<li class=\"fusion-layout-column fusion_builder_column fusion-builder-column-71 fusion-flex-column post-card fusion-grid-column fusion-post-cards-grid-column pov-point-of-view fusion-animated\" style=\"--awb-bg-position:center top;--awb-bg-size:cover;--awb-flex-grow:0;--awb-flex-shrink:0;--awb-flex-grow-medium:0;--awb-flex-shrink-medium:0;--awb-flex-grow-small:0;--awb-flex-shrink-small:0;\"><div class=\"fusion-column-wrapper fusion-column-has-shadow fusion-flex-justify-content-flex-start fusion-content-layout-column\"><div class=\"fusion-classic-product-image-wrapper fusion-woo-product-image fusion-post-card-image fusion-post-card-image-1\" data-layout=\"static\" style=\"--awb-margin-bottom:15px;--awb-border-radius-top-left:8px;--awb-border-radius-top-right:8px;--awb-border-radius-bottom-right:8px;--awb-border-radius-bottom-left:8px;\"><div  class=\"fusion-image-wrapper\" aria-haspopup=\"true\">\n\t\t\t\t\t\t\t<a href=\"https:\/\/studentmag.unipr.it\/index.php\/2026\/02\/06\/il-desiderio-di-essere-qualcun-altro\/\" aria-label=\"Il desiderio di essere qualcun altro\">\n\t\t\t\t\t\t\t<img decoding=\"async\" width=\"537\" height=\"537\" src=\"https:\/\/studentmag.unipr.it\/wp-content\/uploads\/2026\/01\/Cover-John-Mayer.png\" class=\"attachment-full size-full lazyload wp-post-image\" alt=\"\" srcset=\"data:image\/svg+xml,%3Csvg%20xmlns%3D%27http%3A%2F%2Fwww.w3.org%2F2000%2Fsvg%27%20width%3D%27537%27%20height%3D%27537%27%20viewBox%3D%270%200%20537%20537%27%3E%3Crect%20width%3D%27537%27%20height%3D%27537%27%20fill-opacity%3D%220%22%2F%3E%3C%2Fsvg%3E\" data-orig-src=\"https:\/\/studentmag.unipr.it\/wp-content\/uploads\/2026\/01\/Cover-John-Mayer.png\" data-srcset=\"https:\/\/studentmag.unipr.it\/wp-content\/uploads\/2026\/01\/Cover-John-Mayer-200x200.png 200w, https:\/\/studentmag.unipr.it\/wp-content\/uploads\/2026\/01\/Cover-John-Mayer-400x400.png 400w, https:\/\/studentmag.unipr.it\/wp-content\/uploads\/2026\/01\/Cover-John-Mayer.png 537w\" data-sizes=\"auto\" \/>\t\t\t<\/a>\n\t\t\t\t\t\t\t<\/div>\n<\/div><div class=\"fusion-title title fusion-title-71 fusion-sep-none fusion-title-text fusion-title-size-two\" style=\"--awb-margin-right:5%;--awb-margin-bottom:10px;--awb-margin-left:5%;--awb-margin-left-small:5%;--awb-link-color:hsla(var(--awb-color3-h),var(--awb-color3-s),calc(var(--awb-color3-l) + 10%),var(--awb-color3-a));--awb-link-hover-color:var(--awb-color1);--awb-font-size:25px;\"><h2 class=\"fusion-title-heading title-heading-left fusion-responsive-typography-calculated\" style=\"margin:0;font-size:1em;--fontSize:25;--minFontSize:25;line-height:1.4;\"><a href=\"https:\/\/studentmag.unipr.it\/index.php\/2026\/02\/06\/il-desiderio-di-essere-qualcun-altro\/\" class=\"awb-custom-text-color awb-custom-text-hover-color\" target=\"_self\">Il desiderio di essere qualcun altro<\/a><\/h2><\/div><div class=\"fusion-meta-tb fusion-meta-tb-70 floated\" style=\"--awb-border-bottom:0px;--awb-border-top:0px;--awb-height:36px;--awb-font-size:14px;--awb-margin-bottom:20px;--awb-margin-left:5%;--awb-margin-right:5%;--awb-text-color:var(--awb-color1);--awb-alignment-medium:flex-start;--awb-alignment-small:flex-start;\"><span class=\"fusion-tb-published-date\">Published On: 6 Febbraio 2026<\/span><span class=\"fusion-meta-tb-sep\"><\/span><\/div><div class=\"fusion-text fusion-text-70\" style=\"--awb-text-color:hsla(var(--awb-color1-h),var(--awb-color1-s),var(--awb-color1-l),calc(var(--awb-color1-a) - 20%));--awb-margin-right:5%;--awb-margin-left:5%;\"><p>Sognare a occhi aperti di essere fighi e famosi come John Mayer<\/p>\n<\/div><\/div><\/li>\n<li class=\"fusion-layout-column fusion_builder_column fusion-builder-column-72 fusion-flex-column post-card fusion-grid-column fusion-post-cards-grid-column cool-tura fusion-animated\" style=\"--awb-bg-position:center top;--awb-bg-size:cover;--awb-flex-grow:0;--awb-flex-shrink:0;--awb-flex-grow-medium:0;--awb-flex-shrink-medium:0;--awb-flex-grow-small:0;--awb-flex-shrink-small:0;\"><div class=\"fusion-column-wrapper fusion-column-has-shadow fusion-flex-justify-content-flex-start fusion-content-layout-column\"><div class=\"fusion-classic-product-image-wrapper fusion-woo-product-image fusion-post-card-image fusion-post-card-image-1\" data-layout=\"static\" style=\"--awb-margin-bottom:15px;--awb-border-radius-top-left:8px;--awb-border-radius-top-right:8px;--awb-border-radius-bottom-right:8px;--awb-border-radius-bottom-left:8px;\"><div  class=\"fusion-image-wrapper\" aria-haspopup=\"true\">\n\t\t\t\t\t\t\t<a href=\"https:\/\/studentmag.unipr.it\/index.php\/2026\/02\/04\/mi-riprendo-la-mia-salute-mentale-2\/\" aria-label=\"Mi (ri)prendo\u2026 la mia salute mentale\">\n\t\t\t\t\t\t\t<img decoding=\"async\" width=\"2560\" height=\"1706\" src=\"https:\/\/studentmag.unipr.it\/wp-content\/uploads\/2026\/02\/Ok-sto-male-e-adesso-scaled.jpg\" class=\"attachment-full size-full lazyload wp-post-image\" alt=\"\" srcset=\"data:image\/svg+xml,%3Csvg%20xmlns%3D%27http%3A%2F%2Fwww.w3.org%2F2000%2Fsvg%27%20width%3D%272560%27%20height%3D%271706%27%20viewBox%3D%270%200%202560%201706%27%3E%3Crect%20width%3D%272560%27%20height%3D%271706%27%20fill-opacity%3D%220%22%2F%3E%3C%2Fsvg%3E\" data-orig-src=\"https:\/\/studentmag.unipr.it\/wp-content\/uploads\/2026\/02\/Ok-sto-male-e-adesso-scaled.jpg\" data-srcset=\"https:\/\/studentmag.unipr.it\/wp-content\/uploads\/2026\/02\/Ok-sto-male-e-adesso-200x133.jpg 200w, https:\/\/studentmag.unipr.it\/wp-content\/uploads\/2026\/02\/Ok-sto-male-e-adesso-400x267.jpg 400w, https:\/\/studentmag.unipr.it\/wp-content\/uploads\/2026\/02\/Ok-sto-male-e-adesso-600x400.jpg 600w, https:\/\/studentmag.unipr.it\/wp-content\/uploads\/2026\/02\/Ok-sto-male-e-adesso-800x533.jpg 800w, https:\/\/studentmag.unipr.it\/wp-content\/uploads\/2026\/02\/Ok-sto-male-e-adesso-1200x800.jpg 1200w, https:\/\/studentmag.unipr.it\/wp-content\/uploads\/2026\/02\/Ok-sto-male-e-adesso-scaled.jpg 2560w\" data-sizes=\"auto\" \/>\t\t\t<\/a>\n\t\t\t\t\t\t\t<\/div>\n<\/div><div class=\"fusion-title title fusion-title-72 fusion-sep-none fusion-title-text fusion-title-size-two\" style=\"--awb-margin-right:5%;--awb-margin-bottom:10px;--awb-margin-left:5%;--awb-margin-left-small:5%;--awb-link-color:hsla(var(--awb-color3-h),var(--awb-color3-s),calc(var(--awb-color3-l) + 10%),var(--awb-color3-a));--awb-link-hover-color:var(--awb-color1);--awb-font-size:25px;\"><h2 class=\"fusion-title-heading title-heading-left fusion-responsive-typography-calculated\" style=\"margin:0;font-size:1em;--fontSize:25;--minFontSize:25;line-height:1.4;\"><a href=\"https:\/\/studentmag.unipr.it\/index.php\/2026\/02\/04\/mi-riprendo-la-mia-salute-mentale-2\/\" class=\"awb-custom-text-color awb-custom-text-hover-color\" target=\"_self\">Mi (ri)prendo\u2026 la mia salute mentale<\/a><\/h2><\/div><div class=\"fusion-meta-tb fusion-meta-tb-71 floated\" style=\"--awb-border-bottom:0px;--awb-border-top:0px;--awb-height:36px;--awb-font-size:14px;--awb-margin-bottom:20px;--awb-margin-left:5%;--awb-margin-right:5%;--awb-text-color:var(--awb-color1);--awb-alignment-medium:flex-start;--awb-alignment-small:flex-start;\"><span class=\"fusion-tb-published-date\">Published On: 4 Febbraio 2026<\/span><span class=\"fusion-meta-tb-sep\"><\/span><\/div><div class=\"fusion-text fusion-text-71\" style=\"--awb-text-color:hsla(var(--awb-color1-h),var(--awb-color1-s),var(--awb-color1-l),calc(var(--awb-color1-a) - 20%));--awb-margin-right:5%;--awb-margin-left:5%;\"><p>Chiedere aiuto diventa un atto di coraggio: una testimonianza che rompe il silenzio<\/p>\n<\/div><\/div><\/li>\n<li class=\"fusion-layout-column fusion_builder_column fusion-builder-column-73 fusion-flex-column post-card fusion-grid-column fusion-post-cards-grid-column uni-verso fusion-animated\" style=\"--awb-bg-position:center top;--awb-bg-size:cover;--awb-flex-grow:0;--awb-flex-shrink:0;--awb-flex-grow-medium:0;--awb-flex-shrink-medium:0;--awb-flex-grow-small:0;--awb-flex-shrink-small:0;\"><div class=\"fusion-column-wrapper fusion-column-has-shadow fusion-flex-justify-content-flex-start fusion-content-layout-column\"><div class=\"fusion-classic-product-image-wrapper fusion-woo-product-image fusion-post-card-image fusion-post-card-image-1\" data-layout=\"static\" style=\"--awb-margin-bottom:15px;--awb-border-radius-top-left:8px;--awb-border-radius-top-right:8px;--awb-border-radius-bottom-right:8px;--awb-border-radius-bottom-left:8px;\"><div  class=\"fusion-image-wrapper\" aria-haspopup=\"true\">\n\t\t\t\t\t\t\t<a href=\"https:\/\/studentmag.unipr.it\/index.php\/2026\/02\/03\/notte-prima-degli-esami\/\" aria-label=\"Notte prima degli esami\">\n\t\t\t\t\t\t\t<img decoding=\"async\" width=\"2560\" height=\"1707\" src=\"https:\/\/studentmag.unipr.it\/wp-content\/uploads\/2026\/01\/patrick-fore-b_SHPU5M3nk-unsplash-1_11zon-scaled.webp\" class=\"attachment-full size-full lazyload wp-post-image\" alt=\"\" srcset=\"data:image\/svg+xml,%3Csvg%20xmlns%3D%27http%3A%2F%2Fwww.w3.org%2F2000%2Fsvg%27%20width%3D%272560%27%20height%3D%271707%27%20viewBox%3D%270%200%202560%201707%27%3E%3Crect%20width%3D%272560%27%20height%3D%271707%27%20fill-opacity%3D%220%22%2F%3E%3C%2Fsvg%3E\" data-orig-src=\"https:\/\/studentmag.unipr.it\/wp-content\/uploads\/2026\/01\/patrick-fore-b_SHPU5M3nk-unsplash-1_11zon-scaled.webp\" data-srcset=\"https:\/\/studentmag.unipr.it\/wp-content\/uploads\/2026\/01\/patrick-fore-b_SHPU5M3nk-unsplash-1_11zon-200x133.webp 200w, https:\/\/studentmag.unipr.it\/wp-content\/uploads\/2026\/01\/patrick-fore-b_SHPU5M3nk-unsplash-1_11zon-300x200.webp 300w, https:\/\/studentmag.unipr.it\/wp-content\/uploads\/2026\/01\/patrick-fore-b_SHPU5M3nk-unsplash-1_11zon-400x267.webp 400w, https:\/\/studentmag.unipr.it\/wp-content\/uploads\/2026\/01\/patrick-fore-b_SHPU5M3nk-unsplash-1_11zon-600x400.webp 600w, https:\/\/studentmag.unipr.it\/wp-content\/uploads\/2026\/01\/patrick-fore-b_SHPU5M3nk-unsplash-1_11zon-768x512.webp 768w, https:\/\/studentmag.unipr.it\/wp-content\/uploads\/2026\/01\/patrick-fore-b_SHPU5M3nk-unsplash-1_11zon-800x533.webp 800w, https:\/\/studentmag.unipr.it\/wp-content\/uploads\/2026\/01\/patrick-fore-b_SHPU5M3nk-unsplash-1_11zon-1024x683.webp 1024w, https:\/\/studentmag.unipr.it\/wp-content\/uploads\/2026\/01\/patrick-fore-b_SHPU5M3nk-unsplash-1_11zon-1200x800.webp 1200w, https:\/\/studentmag.unipr.it\/wp-content\/uploads\/2026\/01\/patrick-fore-b_SHPU5M3nk-unsplash-1_11zon-1536x1024.webp 1536w, https:\/\/studentmag.unipr.it\/wp-content\/uploads\/2026\/01\/patrick-fore-b_SHPU5M3nk-unsplash-1_11zon-scaled.webp 2560w\" data-sizes=\"auto\" \/>\t\t\t<\/a>\n\t\t\t\t\t\t\t<\/div>\n<\/div><div class=\"fusion-title title fusion-title-73 fusion-sep-none fusion-title-text fusion-title-size-two\" style=\"--awb-margin-right:5%;--awb-margin-bottom:10px;--awb-margin-left:5%;--awb-margin-left-small:5%;--awb-link-color:hsla(var(--awb-color3-h),var(--awb-color3-s),calc(var(--awb-color3-l) + 10%),var(--awb-color3-a));--awb-link-hover-color:var(--awb-color1);--awb-font-size:25px;\"><h2 class=\"fusion-title-heading title-heading-left fusion-responsive-typography-calculated\" style=\"margin:0;font-size:1em;--fontSize:25;--minFontSize:25;line-height:1.4;\"><a href=\"https:\/\/studentmag.unipr.it\/index.php\/2026\/02\/03\/notte-prima-degli-esami\/\" class=\"awb-custom-text-color awb-custom-text-hover-color\" target=\"_self\">Notte prima degli esami<\/a><\/h2><\/div><div class=\"fusion-meta-tb fusion-meta-tb-72 floated\" style=\"--awb-border-bottom:0px;--awb-border-top:0px;--awb-height:36px;--awb-font-size:14px;--awb-margin-bottom:20px;--awb-margin-left:5%;--awb-margin-right:5%;--awb-text-color:var(--awb-color1);--awb-alignment-medium:flex-start;--awb-alignment-small:flex-start;\"><span class=\"fusion-tb-published-date\">Published On: 3 Febbraio 2026<\/span><span class=\"fusion-meta-tb-sep\"><\/span><\/div><div class=\"fusion-text fusion-text-72\" style=\"--awb-text-color:hsla(var(--awb-color1-h),var(--awb-color1-s),var(--awb-color1-l),calc(var(--awb-color1-a) - 20%));--awb-margin-right:5%;--awb-margin-left:5%;\"><p>Riti e abitudini degli studenti universitari prima degli appelli<\/p>\n<\/div><\/div><\/li>\n<li class=\"fusion-layout-column fusion_builder_column fusion-builder-column-74 fusion-flex-column post-card fusion-grid-column fusion-post-cards-grid-column cool-tura fusion-animated\" style=\"--awb-bg-position:center top;--awb-bg-size:cover;--awb-flex-grow:0;--awb-flex-shrink:0;--awb-flex-grow-medium:0;--awb-flex-shrink-medium:0;--awb-flex-grow-small:0;--awb-flex-shrink-small:0;\"><div class=\"fusion-column-wrapper fusion-column-has-shadow fusion-flex-justify-content-flex-start fusion-content-layout-column\"><div class=\"fusion-classic-product-image-wrapper fusion-woo-product-image fusion-post-card-image fusion-post-card-image-1\" data-layout=\"static\" style=\"--awb-margin-bottom:15px;--awb-border-radius-top-left:8px;--awb-border-radius-top-right:8px;--awb-border-radius-bottom-right:8px;--awb-border-radius-bottom-left:8px;\"><div  class=\"fusion-image-wrapper\" aria-haspopup=\"true\">\n\t\t\t\t\t\t\t<a href=\"https:\/\/studentmag.unipr.it\/index.php\/2026\/02\/02\/antonella-lattanzi-non-esiste-la-letteratura-femminile\/\" aria-label=\"Antonella Lattanzi: \u00abNon esiste la \u201cletteratura femminile\u201d\u00bb\">\n\t\t\t\t\t\t\t<img decoding=\"async\" width=\"1200\" height=\"800\" src=\"data:image\/svg+xml,%3Csvg%20xmlns%3D%27http%3A%2F%2Fwww.w3.org%2F2000%2Fsvg%27%20width%3D%271200%27%20height%3D%27800%27%20viewBox%3D%270%200%201200%20800%27%3E%3Crect%20width%3D%271200%27%20height%3D%27800%27%20fill-opacity%3D%220%22%2F%3E%3C%2Fsvg%3E\" class=\"attachment-full size-full lazyload wp-post-image\" alt=\"\" data-orig-src=\"https:\/\/studentmag.unipr.it\/wp-content\/uploads\/2026\/01\/Antonella-Lattanzi-3-scaled-e1769522985821.jpg\" \/>\t\t\t<\/a>\n\t\t\t\t\t\t\t<\/div>\n<\/div><div class=\"fusion-title title fusion-title-74 fusion-sep-none fusion-title-text fusion-title-size-two\" style=\"--awb-margin-right:5%;--awb-margin-bottom:10px;--awb-margin-left:5%;--awb-margin-left-small:5%;--awb-link-color:hsla(var(--awb-color3-h),var(--awb-color3-s),calc(var(--awb-color3-l) + 10%),var(--awb-color3-a));--awb-link-hover-color:var(--awb-color1);--awb-font-size:25px;\"><h2 class=\"fusion-title-heading title-heading-left fusion-responsive-typography-calculated\" style=\"margin:0;font-size:1em;--fontSize:25;--minFontSize:25;line-height:1.4;\"><a href=\"https:\/\/studentmag.unipr.it\/index.php\/2026\/02\/02\/antonella-lattanzi-non-esiste-la-letteratura-femminile\/\" class=\"awb-custom-text-color awb-custom-text-hover-color\" target=\"_self\">Antonella Lattanzi: \u00abNon esiste la \u201cletteratura femminile\u201d\u00bb<\/a><\/h2><\/div><div class=\"fusion-meta-tb fusion-meta-tb-73 floated\" style=\"--awb-border-bottom:0px;--awb-border-top:0px;--awb-height:36px;--awb-font-size:14px;--awb-margin-bottom:20px;--awb-margin-left:5%;--awb-margin-right:5%;--awb-text-color:var(--awb-color1);--awb-alignment-medium:flex-start;--awb-alignment-small:flex-start;\"><span class=\"fusion-tb-published-date\">Published On: 2 Febbraio 2026<\/span><span class=\"fusion-meta-tb-sep\"><\/span><\/div><div class=\"fusion-text fusion-text-73\" style=\"--awb-text-color:hsla(var(--awb-color1-h),var(--awb-color1-s),var(--awb-color1-l),calc(var(--awb-color1-a) - 20%));--awb-margin-right:5%;--awb-margin-left:5%;\"><p>Nel suo nuovo libro 'Chiara' la scrittrice racconta l\u2019amicizia che salva dalla violenza<\/p>\n<\/div><\/div><\/li>\n<li class=\"fusion-layout-column fusion_builder_column fusion-builder-column-75 fusion-flex-column post-card fusion-grid-column fusion-post-cards-grid-column cool-tura fusion-animated\" style=\"--awb-bg-position:center top;--awb-bg-size:cover;--awb-flex-grow:0;--awb-flex-shrink:0;--awb-flex-grow-medium:0;--awb-flex-shrink-medium:0;--awb-flex-grow-small:0;--awb-flex-shrink-small:0;\"><div class=\"fusion-column-wrapper fusion-column-has-shadow fusion-flex-justify-content-flex-start fusion-content-layout-column\"><div class=\"fusion-classic-product-image-wrapper fusion-woo-product-image fusion-post-card-image fusion-post-card-image-1\" data-layout=\"static\" style=\"--awb-margin-bottom:15px;--awb-border-radius-top-left:8px;--awb-border-radius-top-right:8px;--awb-border-radius-bottom-right:8px;--awb-border-radius-bottom-left:8px;\"><div  class=\"fusion-image-wrapper\" aria-haspopup=\"true\">\n\t\t\t\t\t\t\t<a href=\"https:\/\/studentmag.unipr.it\/index.php\/2026\/02\/01\/su-una-vespa-rosa-per-le-strade-di-teheran\/\" aria-label=\"Su una Vespa (rosa!) per le strade di Teheran\">\n\t\t\t\t\t\t\t<img decoding=\"async\" width=\"1200\" height=\"649\" src=\"https:\/\/studentmag.unipr.it\/wp-content\/uploads\/2026\/01\/Divine-Comedy-frame.jpg\" class=\"attachment-full size-full lazyload wp-post-image\" alt=\"\" srcset=\"data:image\/svg+xml,%3Csvg%20xmlns%3D%27http%3A%2F%2Fwww.w3.org%2F2000%2Fsvg%27%20width%3D%271200%27%20height%3D%27649%27%20viewBox%3D%270%200%201200%20649%27%3E%3Crect%20width%3D%271200%27%20height%3D%27649%27%20fill-opacity%3D%220%22%2F%3E%3C%2Fsvg%3E\" data-orig-src=\"https:\/\/studentmag.unipr.it\/wp-content\/uploads\/2026\/01\/Divine-Comedy-frame.jpg\" data-srcset=\"https:\/\/studentmag.unipr.it\/wp-content\/uploads\/2026\/01\/Divine-Comedy-frame-200x108.jpg 200w, https:\/\/studentmag.unipr.it\/wp-content\/uploads\/2026\/01\/Divine-Comedy-frame-400x216.jpg 400w, https:\/\/studentmag.unipr.it\/wp-content\/uploads\/2026\/01\/Divine-Comedy-frame-600x325.jpg 600w, https:\/\/studentmag.unipr.it\/wp-content\/uploads\/2026\/01\/Divine-Comedy-frame-800x433.jpg 800w, https:\/\/studentmag.unipr.it\/wp-content\/uploads\/2026\/01\/Divine-Comedy-frame.jpg 1200w\" data-sizes=\"auto\" \/>\t\t\t<\/a>\n\t\t\t\t\t\t\t<\/div>\n<\/div><div class=\"fusion-title title fusion-title-75 fusion-sep-none fusion-title-text fusion-title-size-two\" style=\"--awb-margin-right:5%;--awb-margin-bottom:10px;--awb-margin-left:5%;--awb-margin-left-small:5%;--awb-link-color:hsla(var(--awb-color3-h),var(--awb-color3-s),calc(var(--awb-color3-l) + 10%),var(--awb-color3-a));--awb-link-hover-color:var(--awb-color1);--awb-font-size:25px;\"><h2 class=\"fusion-title-heading title-heading-left fusion-responsive-typography-calculated\" style=\"margin:0;font-size:1em;--fontSize:25;--minFontSize:25;line-height:1.4;\"><a href=\"https:\/\/studentmag.unipr.it\/index.php\/2026\/02\/01\/su-una-vespa-rosa-per-le-strade-di-teheran\/\" class=\"awb-custom-text-color awb-custom-text-hover-color\" target=\"_self\">Su una Vespa (rosa!) per le strade di Teheran<\/a><\/h2><\/div><div class=\"fusion-meta-tb fusion-meta-tb-74 floated\" style=\"--awb-border-bottom:0px;--awb-border-top:0px;--awb-height:36px;--awb-font-size:14px;--awb-margin-bottom:20px;--awb-margin-left:5%;--awb-margin-right:5%;--awb-text-color:var(--awb-color1);--awb-alignment-medium:flex-start;--awb-alignment-small:flex-start;\"><span class=\"fusion-tb-published-date\">Published On: 1 Febbraio 2026<\/span><span class=\"fusion-meta-tb-sep\"><\/span><\/div><div class=\"fusion-text fusion-text-74\" style=\"--awb-text-color:hsla(var(--awb-color1-h),var(--awb-color1-s),var(--awb-color1-l),calc(var(--awb-color1-a) - 20%));--awb-margin-right:5%;--awb-margin-left:5%;\"><p>La commedia di Ali Asgari sbugiarda le bizzarrie di un sistema tentacolare, gretto e asfissiante<\/p>\n<\/div><\/div><\/li>\n<li class=\"fusion-layout-column fusion_builder_column fusion-builder-column-76 fusion-flex-column post-card fusion-grid-column fusion-post-cards-grid-column cool-tura fusion-animated\" style=\"--awb-bg-position:center top;--awb-bg-size:cover;--awb-flex-grow:0;--awb-flex-shrink:0;--awb-flex-grow-medium:0;--awb-flex-shrink-medium:0;--awb-flex-grow-small:0;--awb-flex-shrink-small:0;\"><div class=\"fusion-column-wrapper fusion-column-has-shadow fusion-flex-justify-content-flex-start fusion-content-layout-column\"><div class=\"fusion-classic-product-image-wrapper fusion-woo-product-image fusion-post-card-image fusion-post-card-image-1\" data-layout=\"static\" style=\"--awb-margin-bottom:15px;--awb-border-radius-top-left:8px;--awb-border-radius-top-right:8px;--awb-border-radius-bottom-right:8px;--awb-border-radius-bottom-left:8px;\"><div  class=\"fusion-image-wrapper\" aria-haspopup=\"true\">\n\t\t\t\t\t\t\t<a href=\"https:\/\/studentmag.unipr.it\/index.php\/2026\/01\/30\/daniel-lumera-cosa-la-vita-vuole-da-te\/\" aria-label=\"Daniel Lumera: \u00abCosa la vita vuole da te\u00bb\">\n\t\t\t\t\t\t\t<img decoding=\"async\" width=\"1200\" height=\"800\" src=\"data:image\/svg+xml,%3Csvg%20xmlns%3D%27http%3A%2F%2Fwww.w3.org%2F2000%2Fsvg%27%20width%3D%271200%27%20height%3D%27800%27%20viewBox%3D%270%200%201200%20800%27%3E%3Crect%20width%3D%271200%27%20height%3D%27800%27%20fill-opacity%3D%220%22%2F%3E%3C%2Fsvg%3E\" class=\"attachment-full size-full lazyload wp-post-image\" alt=\"\" data-orig-src=\"https:\/\/studentmag.unipr.it\/wp-content\/uploads\/2026\/01\/Daniel-Lumera-2-scaled-e1769554732451.jpg\" \/>\t\t\t<\/a>\n\t\t\t\t\t\t\t<\/div>\n<\/div><div class=\"fusion-title title fusion-title-76 fusion-sep-none fusion-title-text fusion-title-size-two\" style=\"--awb-margin-right:5%;--awb-margin-bottom:10px;--awb-margin-left:5%;--awb-margin-left-small:5%;--awb-link-color:hsla(var(--awb-color3-h),var(--awb-color3-s),calc(var(--awb-color3-l) + 10%),var(--awb-color3-a));--awb-link-hover-color:var(--awb-color1);--awb-font-size:25px;\"><h2 class=\"fusion-title-heading title-heading-left fusion-responsive-typography-calculated\" style=\"margin:0;font-size:1em;--fontSize:25;--minFontSize:25;line-height:1.4;\"><a href=\"https:\/\/studentmag.unipr.it\/index.php\/2026\/01\/30\/daniel-lumera-cosa-la-vita-vuole-da-te\/\" class=\"awb-custom-text-color awb-custom-text-hover-color\" target=\"_self\">Daniel Lumera: \u00abCosa la vita vuole da te\u00bb<\/a><\/h2><\/div><div class=\"fusion-meta-tb fusion-meta-tb-75 floated\" style=\"--awb-border-bottom:0px;--awb-border-top:0px;--awb-height:36px;--awb-font-size:14px;--awb-margin-bottom:20px;--awb-margin-left:5%;--awb-margin-right:5%;--awb-text-color:var(--awb-color1);--awb-alignment-medium:flex-start;--awb-alignment-small:flex-start;\"><span class=\"fusion-tb-published-date\">Published On: 30 Gennaio 2026<\/span><span class=\"fusion-meta-tb-sep\"><\/span><\/div><div class=\"fusion-text fusion-text-75\" style=\"--awb-text-color:hsla(var(--awb-color1-h),var(--awb-color1-s),var(--awb-color1-l),calc(var(--awb-color1-a) - 20%));--awb-margin-right:5%;--awb-margin-left:5%;\"><p>Invitato a Mi Prendo il Mondo dai ragazzi di Direzione Futura, lo studioso ha parlato dell\u2019importanza della conoscenza di s\u00e9<\/p>\n<\/div><\/div><\/li>\n<li class=\"fusion-layout-column fusion_builder_column fusion-builder-column-77 fusion-flex-column post-card fusion-grid-column fusion-post-cards-grid-column cool-tura fusion-animated\" style=\"--awb-bg-position:center top;--awb-bg-size:cover;--awb-flex-grow:0;--awb-flex-shrink:0;--awb-flex-grow-medium:0;--awb-flex-shrink-medium:0;--awb-flex-grow-small:0;--awb-flex-shrink-small:0;\"><div class=\"fusion-column-wrapper fusion-column-has-shadow fusion-flex-justify-content-flex-start fusion-content-layout-column\"><div class=\"fusion-classic-product-image-wrapper fusion-woo-product-image fusion-post-card-image fusion-post-card-image-1\" data-layout=\"static\" style=\"--awb-margin-bottom:15px;--awb-border-radius-top-left:8px;--awb-border-radius-top-right:8px;--awb-border-radius-bottom-right:8px;--awb-border-radius-bottom-left:8px;\"><div  class=\"fusion-image-wrapper\" aria-haspopup=\"true\">\n\t\t\t\t\t\t\t<a href=\"https:\/\/studentmag.unipr.it\/index.php\/2026\/01\/29\/allalba-meno-5-minuti-intervista-con-mario-calabresi\/\" aria-label=\"All\u2019alba meno 5 minuti: intervista con Mario Calabresi\">\n\t\t\t\t\t\t\t<img decoding=\"async\" width=\"1200\" height=\"800\" src=\"data:image\/svg+xml,%3Csvg%20xmlns%3D%27http%3A%2F%2Fwww.w3.org%2F2000%2Fsvg%27%20width%3D%271200%27%20height%3D%27800%27%20viewBox%3D%270%200%201200%20800%27%3E%3Crect%20width%3D%271200%27%20height%3D%27800%27%20fill-opacity%3D%220%22%2F%3E%3C%2Fsvg%3E\" class=\"attachment-full size-full lazyload wp-post-image\" alt=\"\" data-orig-src=\"https:\/\/studentmag.unipr.it\/wp-content\/uploads\/2026\/01\/Mario-Calabresi-1-scaled-e1769522706487.jpg\" \/>\t\t\t<\/a>\n\t\t\t\t\t\t\t<\/div>\n<\/div><div class=\"fusion-title title fusion-title-77 fusion-sep-none fusion-title-text fusion-title-size-two\" style=\"--awb-margin-right:5%;--awb-margin-bottom:10px;--awb-margin-left:5%;--awb-margin-left-small:5%;--awb-link-color:hsla(var(--awb-color3-h),var(--awb-color3-s),calc(var(--awb-color3-l) + 10%),var(--awb-color3-a));--awb-link-hover-color:var(--awb-color1);--awb-font-size:25px;\"><h2 class=\"fusion-title-heading title-heading-left fusion-responsive-typography-calculated\" style=\"margin:0;font-size:1em;--fontSize:25;--minFontSize:25;line-height:1.4;\"><a href=\"https:\/\/studentmag.unipr.it\/index.php\/2026\/01\/29\/allalba-meno-5-minuti-intervista-con-mario-calabresi\/\" class=\"awb-custom-text-color awb-custom-text-hover-color\" target=\"_self\">All\u2019alba meno 5 minuti: intervista con Mario Calabresi<\/a><\/h2><\/div><div class=\"fusion-meta-tb fusion-meta-tb-76 floated\" style=\"--awb-border-bottom:0px;--awb-border-top:0px;--awb-height:36px;--awb-font-size:14px;--awb-margin-bottom:20px;--awb-margin-left:5%;--awb-margin-right:5%;--awb-text-color:var(--awb-color1);--awb-alignment-medium:flex-start;--awb-alignment-small:flex-start;\"><span class=\"fusion-tb-published-date\">Published On: 29 Gennaio 2026<\/span><span class=\"fusion-meta-tb-sep\"><\/span><\/div><div class=\"fusion-text fusion-text-76\" style=\"--awb-text-color:hsla(var(--awb-color1-h),var(--awb-color1-s),var(--awb-color1-l),calc(var(--awb-color1-a) - 20%));--awb-margin-right:5%;--awb-margin-left:5%;\"><p>Cronaca di un incontro inaspettato a Mi prendo il Mondo<\/p>\n<\/div><\/div><\/li>\n<li class=\"fusion-layout-column fusion_builder_column fusion-builder-column-78 fusion-flex-column post-card fusion-grid-column fusion-post-cards-grid-column cool-tura fusion-animated\" style=\"--awb-bg-position:center top;--awb-bg-size:cover;--awb-flex-grow:0;--awb-flex-shrink:0;--awb-flex-grow-medium:0;--awb-flex-shrink-medium:0;--awb-flex-grow-small:0;--awb-flex-shrink-small:0;\"><div class=\"fusion-column-wrapper fusion-column-has-shadow fusion-flex-justify-content-flex-start fusion-content-layout-column\"><div class=\"fusion-classic-product-image-wrapper fusion-woo-product-image fusion-post-card-image fusion-post-card-image-1\" data-layout=\"static\" style=\"--awb-margin-bottom:15px;--awb-border-radius-top-left:8px;--awb-border-radius-top-right:8px;--awb-border-radius-bottom-right:8px;--awb-border-radius-bottom-left:8px;\"><div  class=\"fusion-image-wrapper\" aria-haspopup=\"true\">\n\t\t\t\t\t\t\t<a href=\"https:\/\/studentmag.unipr.it\/index.php\/2026\/01\/28\/vera-gheno-conoscere-la-lingua-per-preservare-la-democrazia\/\" aria-label=\"Vera Gheno: \u201cConoscere la lingua per preservare la democrazia\u201d\">\n\t\t\t\t\t\t\t<img decoding=\"async\" width=\"1200\" height=\"800\" src=\"data:image\/svg+xml,%3Csvg%20xmlns%3D%27http%3A%2F%2Fwww.w3.org%2F2000%2Fsvg%27%20width%3D%271200%27%20height%3D%27800%27%20viewBox%3D%270%200%201200%20800%27%3E%3Crect%20width%3D%271200%27%20height%3D%27800%27%20fill-opacity%3D%220%22%2F%3E%3C%2Fsvg%3E\" class=\"attachment-full size-full lazyload wp-post-image\" alt=\"\" data-orig-src=\"https:\/\/studentmag.unipr.it\/wp-content\/uploads\/2026\/01\/Vera-Gheno-2-e1769553789756.jpeg\" \/>\t\t\t<\/a>\n\t\t\t\t\t\t\t<\/div>\n<\/div><div class=\"fusion-title title fusion-title-78 fusion-sep-none fusion-title-text fusion-title-size-two\" style=\"--awb-margin-right:5%;--awb-margin-bottom:10px;--awb-margin-left:5%;--awb-margin-left-small:5%;--awb-link-color:hsla(var(--awb-color3-h),var(--awb-color3-s),calc(var(--awb-color3-l) + 10%),var(--awb-color3-a));--awb-link-hover-color:var(--awb-color1);--awb-font-size:25px;\"><h2 class=\"fusion-title-heading title-heading-left fusion-responsive-typography-calculated\" style=\"margin:0;font-size:1em;--fontSize:25;--minFontSize:25;line-height:1.4;\"><a href=\"https:\/\/studentmag.unipr.it\/index.php\/2026\/01\/28\/vera-gheno-conoscere-la-lingua-per-preservare-la-democrazia\/\" class=\"awb-custom-text-color awb-custom-text-hover-color\" target=\"_self\">Vera Gheno: \u201cConoscere la lingua per preservare la democrazia\u201d<\/a><\/h2><\/div><div class=\"fusion-meta-tb fusion-meta-tb-77 floated\" style=\"--awb-border-bottom:0px;--awb-border-top:0px;--awb-height:36px;--awb-font-size:14px;--awb-margin-bottom:20px;--awb-margin-left:5%;--awb-margin-right:5%;--awb-text-color:var(--awb-color1);--awb-alignment-medium:flex-start;--awb-alignment-small:flex-start;\"><span class=\"fusion-tb-published-date\">Published On: 28 Gennaio 2026<\/span><span class=\"fusion-meta-tb-sep\"><\/span><\/div><div class=\"fusion-text fusion-text-77\" style=\"--awb-text-color:hsla(var(--awb-color1-h),var(--awb-color1-s),var(--awb-color1-l),calc(var(--awb-color1-a) - 20%));--awb-margin-right:5%;--awb-margin-left:5%;\"><p>Normali e diversi, \u201csniffare\u201d libri e dire \u201cgrazie\u201d in coreano: la studiosa a \"Mi prendo il mondo\"<\/p>\n<\/div><\/div><\/li>\n<li class=\"fusion-layout-column fusion_builder_column fusion-builder-column-79 fusion-flex-column post-card fusion-grid-column fusion-post-cards-grid-column pov-point-of-view fusion-animated\" style=\"--awb-bg-position:center top;--awb-bg-size:cover;--awb-flex-grow:0;--awb-flex-shrink:0;--awb-flex-grow-medium:0;--awb-flex-shrink-medium:0;--awb-flex-grow-small:0;--awb-flex-shrink-small:0;\"><div class=\"fusion-column-wrapper fusion-column-has-shadow fusion-flex-justify-content-flex-start fusion-content-layout-column\"><div class=\"fusion-classic-product-image-wrapper fusion-woo-product-image fusion-post-card-image fusion-post-card-image-1\" data-layout=\"static\" style=\"--awb-margin-bottom:15px;--awb-border-radius-top-left:8px;--awb-border-radius-top-right:8px;--awb-border-radius-bottom-right:8px;--awb-border-radius-bottom-left:8px;\"><div  class=\"fusion-image-wrapper\" aria-haspopup=\"true\">\n\t\t\t\t\t\t\t<a href=\"https:\/\/studentmag.unipr.it\/index.php\/2026\/01\/26\/opera-al-regio-per-la-mia-prima-volta\/\" aria-label=\"Opera: al Regio per la mia &#8220;Prima&#8221;&#8230; volta!\">\n\t\t\t\t\t\t\t<img decoding=\"async\" width=\"1000\" height=\"1000\" src=\"data:image\/svg+xml,%3Csvg%20xmlns%3D%27http%3A%2F%2Fwww.w3.org%2F2000%2Fsvg%27%20width%3D%271000%27%20height%3D%271000%27%20viewBox%3D%270%200%201000%201000%27%3E%3Crect%20width%3D%271000%27%20height%3D%271000%27%20fill-opacity%3D%220%22%2F%3E%3C%2Fsvg%3E\" class=\"attachment-full size-full lazyload wp-post-image\" alt=\"\" data-orig-src=\"https:\/\/studentmag.unipr.it\/wp-content\/uploads\/2026\/01\/Prova-Under30-Orfeo-ed-Euridice-scaled-e1769507708265.jpg\" \/>\t\t\t<\/a>\n\t\t\t\t\t\t\t<\/div>\n<\/div><div class=\"fusion-title title fusion-title-79 fusion-sep-none fusion-title-text fusion-title-size-two\" style=\"--awb-margin-right:5%;--awb-margin-bottom:10px;--awb-margin-left:5%;--awb-margin-left-small:5%;--awb-link-color:hsla(var(--awb-color3-h),var(--awb-color3-s),calc(var(--awb-color3-l) + 10%),var(--awb-color3-a));--awb-link-hover-color:var(--awb-color1);--awb-font-size:25px;\"><h2 class=\"fusion-title-heading title-heading-left fusion-responsive-typography-calculated\" style=\"margin:0;font-size:1em;--fontSize:25;--minFontSize:25;line-height:1.4;\"><a href=\"https:\/\/studentmag.unipr.it\/index.php\/2026\/01\/26\/opera-al-regio-per-la-mia-prima-volta\/\" class=\"awb-custom-text-color awb-custom-text-hover-color\" target=\"_self\">Opera: al Regio per la mia &#8220;Prima&#8221;&#8230; volta!<\/a><\/h2><\/div><div class=\"fusion-meta-tb fusion-meta-tb-78 floated\" style=\"--awb-border-bottom:0px;--awb-border-top:0px;--awb-height:36px;--awb-font-size:14px;--awb-margin-bottom:20px;--awb-margin-left:5%;--awb-margin-right:5%;--awb-text-color:var(--awb-color1);--awb-alignment-medium:flex-start;--awb-alignment-small:flex-start;\"><span class=\"fusion-tb-published-date\">Published On: 26 Gennaio 2026<\/span><span class=\"fusion-meta-tb-sep\"><\/span><\/div><div class=\"fusion-text fusion-text-78\" style=\"--awb-text-color:hsla(var(--awb-color1-h),var(--awb-color1-s),var(--awb-color1-l),calc(var(--awb-color1-a) - 20%));--awb-margin-right:5%;--awb-margin-left:5%;\"><p>Alla serata Under30 di \"Orfeo ed Euridice\" ho messo alla prova le mie aspettative <\/p>\n<\/div><\/div><\/li>\n<li class=\"fusion-layout-column fusion_builder_column fusion-builder-column-80 fusion-flex-column post-card fusion-grid-column fusion-post-cards-grid-column cool-tura fusion-animated\" style=\"--awb-bg-position:center top;--awb-bg-size:cover;--awb-flex-grow:0;--awb-flex-shrink:0;--awb-flex-grow-medium:0;--awb-flex-shrink-medium:0;--awb-flex-grow-small:0;--awb-flex-shrink-small:0;\"><div class=\"fusion-column-wrapper fusion-column-has-shadow fusion-flex-justify-content-flex-start fusion-content-layout-column\"><div class=\"fusion-classic-product-image-wrapper fusion-woo-product-image fusion-post-card-image fusion-post-card-image-1\" data-layout=\"static\" style=\"--awb-margin-bottom:15px;--awb-border-radius-top-left:8px;--awb-border-radius-top-right:8px;--awb-border-radius-bottom-right:8px;--awb-border-radius-bottom-left:8px;\"><div  class=\"fusion-image-wrapper\" aria-haspopup=\"true\">\n\t\t\t\t\t\t\t<a href=\"https:\/\/studentmag.unipr.it\/index.php\/2026\/01\/24\/shirin-neshat-il-mio-iran-in-bianco-e-nero\/\" aria-label=\"Shirin Neshat: \u00abIl mio Iran in bianco e nero\u00bb\">\n\t\t\t\t\t\t\t<img decoding=\"async\" width=\"538\" height=\"553\" src=\"https:\/\/studentmag.unipr.it\/wp-content\/uploads\/2026\/01\/WhatsApp-Image-2026-01-23-at-18.52.37.webp\" class=\"attachment-full size-full lazyload wp-post-image\" alt=\"\" srcset=\"data:image\/svg+xml,%3Csvg%20xmlns%3D%27http%3A%2F%2Fwww.w3.org%2F2000%2Fsvg%27%20width%3D%27538%27%20height%3D%27553%27%20viewBox%3D%270%200%20538%20553%27%3E%3Crect%20width%3D%27538%27%20height%3D%27553%27%20fill-opacity%3D%220%22%2F%3E%3C%2Fsvg%3E\" data-orig-src=\"https:\/\/studentmag.unipr.it\/wp-content\/uploads\/2026\/01\/WhatsApp-Image-2026-01-23-at-18.52.37.webp\" data-srcset=\"https:\/\/studentmag.unipr.it\/wp-content\/uploads\/2026\/01\/WhatsApp-Image-2026-01-23-at-18.52.37-200x206.webp 200w, https:\/\/studentmag.unipr.it\/wp-content\/uploads\/2026\/01\/WhatsApp-Image-2026-01-23-at-18.52.37-292x300.webp 292w, https:\/\/studentmag.unipr.it\/wp-content\/uploads\/2026\/01\/WhatsApp-Image-2026-01-23-at-18.52.37-400x411.webp 400w, https:\/\/studentmag.unipr.it\/wp-content\/uploads\/2026\/01\/WhatsApp-Image-2026-01-23-at-18.52.37.webp 538w\" data-sizes=\"auto\" \/>\t\t\t<\/a>\n\t\t\t\t\t\t\t<\/div>\n<\/div><div class=\"fusion-title title fusion-title-80 fusion-sep-none fusion-title-text fusion-title-size-two\" style=\"--awb-margin-right:5%;--awb-margin-bottom:10px;--awb-margin-left:5%;--awb-margin-left-small:5%;--awb-link-color:hsla(var(--awb-color3-h),var(--awb-color3-s),calc(var(--awb-color3-l) + 10%),var(--awb-color3-a));--awb-link-hover-color:var(--awb-color1);--awb-font-size:25px;\"><h2 class=\"fusion-title-heading title-heading-left fusion-responsive-typography-calculated\" style=\"margin:0;font-size:1em;--fontSize:25;--minFontSize:25;line-height:1.4;\"><a href=\"https:\/\/studentmag.unipr.it\/index.php\/2026\/01\/24\/shirin-neshat-il-mio-iran-in-bianco-e-nero\/\" class=\"awb-custom-text-color awb-custom-text-hover-color\" target=\"_self\">Shirin Neshat: \u00abIl mio Iran in bianco e nero\u00bb<\/a><\/h2><\/div><div class=\"fusion-meta-tb fusion-meta-tb-79 floated\" style=\"--awb-border-bottom:0px;--awb-border-top:0px;--awb-height:36px;--awb-font-size:14px;--awb-margin-bottom:20px;--awb-margin-left:5%;--awb-margin-right:5%;--awb-text-color:var(--awb-color1);--awb-alignment-medium:flex-start;--awb-alignment-small:flex-start;\"><span class=\"fusion-tb-published-date\">Published On: 24 Gennaio 2026<\/span><span class=\"fusion-meta-tb-sep\"><\/span><\/div><div class=\"fusion-text fusion-text-79\" style=\"--awb-text-color:hsla(var(--awb-color1-h),var(--awb-color1-s),var(--awb-color1-l),calc(var(--awb-color1-a) - 20%));--awb-margin-right:5%;--awb-margin-left:5%;\"><p>Ritratto dell'artista iraniana al Regio con il suo \"Orfeo ed Euridice\": \u00abIl colore \u00e8 troppo bello per raccontare il dolore\u00bb<\/p>\n<\/div><\/div><\/li>\n<li class=\"fusion-layout-column fusion_builder_column fusion-builder-column-81 fusion-flex-column post-card fusion-grid-column fusion-post-cards-grid-column cool-tura fusion-animated\" style=\"--awb-bg-position:center top;--awb-bg-size:cover;--awb-flex-grow:0;--awb-flex-shrink:0;--awb-flex-grow-medium:0;--awb-flex-shrink-medium:0;--awb-flex-grow-small:0;--awb-flex-shrink-small:0;\"><div class=\"fusion-column-wrapper fusion-column-has-shadow fusion-flex-justify-content-flex-start fusion-content-layout-column\"><div class=\"fusion-classic-product-image-wrapper fusion-woo-product-image fusion-post-card-image fusion-post-card-image-1\" data-layout=\"static\" style=\"--awb-margin-bottom:15px;--awb-border-radius-top-left:8px;--awb-border-radius-top-right:8px;--awb-border-radius-bottom-right:8px;--awb-border-radius-bottom-left:8px;\"><div  class=\"fusion-image-wrapper\" aria-haspopup=\"true\">\n\t\t\t\t\t\t\t<a href=\"https:\/\/studentmag.unipr.it\/index.php\/2026\/01\/22\/oltre-il-futurismo-limprevedibile-universo-di-giacomo-balla\/\" aria-label=\"Oltre il futurismo: l&#8217;imprevedibile universo di Giacomo Balla\">\n\t\t\t\t\t\t\t<img decoding=\"async\" width=\"2048\" height=\"1152\" src=\"https:\/\/studentmag.unipr.it\/wp-content\/uploads\/2026\/01\/locandina-G.-Balla-SM.jpeg\" class=\"attachment-full size-full lazyload wp-post-image\" alt=\"\" srcset=\"data:image\/svg+xml,%3Csvg%20xmlns%3D%27http%3A%2F%2Fwww.w3.org%2F2000%2Fsvg%27%20width%3D%272048%27%20height%3D%271152%27%20viewBox%3D%270%200%202048%201152%27%3E%3Crect%20width%3D%272048%27%20height%3D%271152%27%20fill-opacity%3D%220%22%2F%3E%3C%2Fsvg%3E\" data-orig-src=\"https:\/\/studentmag.unipr.it\/wp-content\/uploads\/2026\/01\/locandina-G.-Balla-SM.jpeg\" data-srcset=\"https:\/\/studentmag.unipr.it\/wp-content\/uploads\/2026\/01\/locandina-G.-Balla-SM-200x113.jpeg 200w, https:\/\/studentmag.unipr.it\/wp-content\/uploads\/2026\/01\/locandina-G.-Balla-SM-400x225.jpeg 400w, https:\/\/studentmag.unipr.it\/wp-content\/uploads\/2026\/01\/locandina-G.-Balla-SM-600x338.jpeg 600w, https:\/\/studentmag.unipr.it\/wp-content\/uploads\/2026\/01\/locandina-G.-Balla-SM-800x450.jpeg 800w, https:\/\/studentmag.unipr.it\/wp-content\/uploads\/2026\/01\/locandina-G.-Balla-SM-1200x675.jpeg 1200w, https:\/\/studentmag.unipr.it\/wp-content\/uploads\/2026\/01\/locandina-G.-Balla-SM.jpeg 2048w\" data-sizes=\"auto\" \/>\t\t\t<\/a>\n\t\t\t\t\t\t\t<\/div>\n<\/div><div class=\"fusion-title title fusion-title-81 fusion-sep-none fusion-title-text fusion-title-size-two\" style=\"--awb-margin-right:5%;--awb-margin-bottom:10px;--awb-margin-left:5%;--awb-margin-left-small:5%;--awb-link-color:hsla(var(--awb-color3-h),var(--awb-color3-s),calc(var(--awb-color3-l) + 10%),var(--awb-color3-a));--awb-link-hover-color:var(--awb-color1);--awb-font-size:25px;\"><h2 class=\"fusion-title-heading title-heading-left fusion-responsive-typography-calculated\" style=\"margin:0;font-size:1em;--fontSize:25;--minFontSize:25;line-height:1.4;\"><a href=\"https:\/\/studentmag.unipr.it\/index.php\/2026\/01\/22\/oltre-il-futurismo-limprevedibile-universo-di-giacomo-balla\/\" class=\"awb-custom-text-color awb-custom-text-hover-color\" target=\"_self\">Oltre il futurismo: l&#8217;imprevedibile universo di Giacomo Balla<\/a><\/h2><\/div><div class=\"fusion-meta-tb fusion-meta-tb-80 floated\" style=\"--awb-border-bottom:0px;--awb-border-top:0px;--awb-height:36px;--awb-font-size:14px;--awb-margin-bottom:20px;--awb-margin-left:5%;--awb-margin-right:5%;--awb-text-color:var(--awb-color1);--awb-alignment-medium:flex-start;--awb-alignment-small:flex-start;\"><span class=\"fusion-tb-published-date\">Published On: 22 Gennaio 2026<\/span><span class=\"fusion-meta-tb-sep\"><\/span><\/div><div class=\"fusion-text fusion-text-80\" style=\"--awb-text-color:hsla(var(--awb-color1-h),var(--awb-color1-s),var(--awb-color1-l),calc(var(--awb-color1-a) - 20%));--awb-margin-right:5%;--awb-margin-left:5%;\"><p>Giacomo Balla, pittore futurista, ci si dischiude al Palazzo del Governatore<\/p>\n<\/div><\/div><\/li>\n<li class=\"fusion-layout-column fusion_builder_column fusion-builder-column-82 fusion-flex-column post-card fusion-grid-column fusion-post-cards-grid-column pov-point-of-view fusion-animated\" style=\"--awb-bg-position:center top;--awb-bg-size:cover;--awb-flex-grow:0;--awb-flex-shrink:0;--awb-flex-grow-medium:0;--awb-flex-shrink-medium:0;--awb-flex-grow-small:0;--awb-flex-shrink-small:0;\"><div class=\"fusion-column-wrapper fusion-column-has-shadow fusion-flex-justify-content-flex-start fusion-content-layout-column\"><div class=\"fusion-classic-product-image-wrapper fusion-woo-product-image fusion-post-card-image fusion-post-card-image-1\" data-layout=\"static\" style=\"--awb-margin-bottom:15px;--awb-border-radius-top-left:8px;--awb-border-radius-top-right:8px;--awb-border-radius-bottom-right:8px;--awb-border-radius-bottom-left:8px;\"><div  class=\"fusion-image-wrapper\" aria-haspopup=\"true\">\n\t\t\t\t\t\t\t<a href=\"https:\/\/studentmag.unipr.it\/index.php\/2026\/01\/21\/this-is-franca-coin\/\" aria-label=\"This is Franca Coin\">\n\t\t\t\t\t\t\t<img decoding=\"async\" width=\"1200\" height=\"800\" src=\"data:image\/svg+xml,%3Csvg%20xmlns%3D%27http%3A%2F%2Fwww.w3.org%2F2000%2Fsvg%27%20width%3D%271200%27%20height%3D%27800%27%20viewBox%3D%270%200%201200%20800%27%3E%3Crect%20width%3D%271200%27%20height%3D%27800%27%20fill-opacity%3D%220%22%2F%3E%3C%2Fsvg%3E\" class=\"attachment-full size-full lazyload wp-post-image\" alt=\"\" data-orig-src=\"https:\/\/studentmag.unipr.it\/wp-content\/uploads\/2019\/10\/Franca-Coin-compressa-scaled-e1768496459254.jpg\" \/>\t\t\t<\/a>\n\t\t\t\t\t\t\t<\/div>\n<\/div><div class=\"fusion-title title fusion-title-82 fusion-sep-none fusion-title-text fusion-title-size-two\" style=\"--awb-margin-right:5%;--awb-margin-bottom:10px;--awb-margin-left:5%;--awb-margin-left-small:5%;--awb-link-color:hsla(var(--awb-color3-h),var(--awb-color3-s),calc(var(--awb-color3-l) + 10%),var(--awb-color3-a));--awb-link-hover-color:var(--awb-color1);--awb-font-size:25px;\"><h2 class=\"fusion-title-heading title-heading-left fusion-responsive-typography-calculated\" style=\"margin:0;font-size:1em;--fontSize:25;--minFontSize:25;line-height:1.4;\"><a href=\"https:\/\/studentmag.unipr.it\/index.php\/2026\/01\/21\/this-is-franca-coin\/\" class=\"awb-custom-text-color awb-custom-text-hover-color\" target=\"_self\">This is Franca Coin<\/a><\/h2><\/div><div class=\"fusion-meta-tb fusion-meta-tb-81 floated\" style=\"--awb-border-bottom:0px;--awb-border-top:0px;--awb-height:36px;--awb-font-size:14px;--awb-margin-bottom:20px;--awb-margin-left:5%;--awb-margin-right:5%;--awb-text-color:var(--awb-color1);--awb-alignment-medium:flex-start;--awb-alignment-small:flex-start;\"><span class=\"fusion-tb-published-date\">Published On: 21 Gennaio 2026<\/span><span class=\"fusion-meta-tb-sep\"><\/span><\/div><div class=\"fusion-text fusion-text-81\" style=\"--awb-text-color:hsla(var(--awb-color1-h),var(--awb-color1-s),var(--awb-color1-l),calc(var(--awb-color1-a) - 20%));--awb-margin-right:5%;--awb-margin-left:5%;\"><p>Uno spirito rock nell'alta moda e nella comunicazione istituzionale<\/p>\n<\/div><\/div><\/li>\n<li class=\"fusion-layout-column fusion_builder_column fusion-builder-column-83 fusion-flex-column post-card fusion-grid-column fusion-post-cards-grid-column pov-point-of-view fusion-animated\" style=\"--awb-bg-position:center top;--awb-bg-size:cover;--awb-flex-grow:0;--awb-flex-shrink:0;--awb-flex-grow-medium:0;--awb-flex-shrink-medium:0;--awb-flex-grow-small:0;--awb-flex-shrink-small:0;\"><div class=\"fusion-column-wrapper fusion-column-has-shadow fusion-flex-justify-content-flex-start fusion-content-layout-column\"><div class=\"fusion-classic-product-image-wrapper fusion-woo-product-image fusion-post-card-image fusion-post-card-image-1\" data-layout=\"static\" style=\"--awb-margin-bottom:15px;--awb-border-radius-top-left:8px;--awb-border-radius-top-right:8px;--awb-border-radius-bottom-right:8px;--awb-border-radius-bottom-left:8px;\"><div  class=\"fusion-image-wrapper\" aria-haspopup=\"true\">\n\t\t\t\t\t\t\t<a href=\"https:\/\/studentmag.unipr.it\/index.php\/2026\/01\/20\/cosimo-gigante-un-faro-per-i-bambini\/\" aria-label=\"Cosimo Gigante: un faro per i bambini\">\n\t\t\t\t\t\t\t<img decoding=\"async\" width=\"1200\" height=\"800\" src=\"data:image\/svg+xml,%3Csvg%20xmlns%3D%27http%3A%2F%2Fwww.w3.org%2F2000%2Fsvg%27%20width%3D%271200%27%20height%3D%27800%27%20viewBox%3D%270%200%201200%20800%27%3E%3Crect%20width%3D%271200%27%20height%3D%27800%27%20fill-opacity%3D%220%22%2F%3E%3C%2Fsvg%3E\" class=\"attachment-full size-full lazyload wp-post-image\" alt=\"\" data-orig-src=\"https:\/\/studentmag.unipr.it\/wp-content\/uploads\/2026\/01\/Cosimo-Gigante-e1768557365555.jpeg\" \/>\t\t\t<\/a>\n\t\t\t\t\t\t\t<\/div>\n<\/div><div class=\"fusion-title title fusion-title-83 fusion-sep-none fusion-title-text fusion-title-size-two\" style=\"--awb-margin-right:5%;--awb-margin-bottom:10px;--awb-margin-left:5%;--awb-margin-left-small:5%;--awb-link-color:hsla(var(--awb-color3-h),var(--awb-color3-s),calc(var(--awb-color3-l) + 10%),var(--awb-color3-a));--awb-link-hover-color:var(--awb-color1);--awb-font-size:25px;\"><h2 class=\"fusion-title-heading title-heading-left fusion-responsive-typography-calculated\" style=\"margin:0;font-size:1em;--fontSize:25;--minFontSize:25;line-height:1.4;\"><a href=\"https:\/\/studentmag.unipr.it\/index.php\/2026\/01\/20\/cosimo-gigante-un-faro-per-i-bambini\/\" class=\"awb-custom-text-color awb-custom-text-hover-color\" target=\"_self\">Cosimo Gigante: un faro per i bambini<\/a><\/h2><\/div><div class=\"fusion-meta-tb fusion-meta-tb-82 floated\" style=\"--awb-border-bottom:0px;--awb-border-top:0px;--awb-height:36px;--awb-font-size:14px;--awb-margin-bottom:20px;--awb-margin-left:5%;--awb-margin-right:5%;--awb-text-color:var(--awb-color1);--awb-alignment-medium:flex-start;--awb-alignment-small:flex-start;\"><span class=\"fusion-tb-published-date\">Published On: 20 Gennaio 2026<\/span><span class=\"fusion-meta-tb-sep\"><\/span><\/div><div class=\"fusion-text fusion-text-82\" style=\"--awb-text-color:hsla(var(--awb-color1-h),var(--awb-color1-s),var(--awb-color1-l),calc(var(--awb-color1-a) - 20%));--awb-margin-right:5%;--awb-margin-left:5%;\"><p>L'infanzia: quel mondo dove tutto \u00e8 possibile raccontare<\/p>\n<\/div><\/div><\/li>\n<li class=\"fusion-layout-column fusion_builder_column fusion-builder-column-84 fusion-flex-column post-card fusion-grid-column fusion-post-cards-grid-column pov-point-of-view fusion-animated\" style=\"--awb-bg-position:center top;--awb-bg-size:cover;--awb-flex-grow:0;--awb-flex-shrink:0;--awb-flex-grow-medium:0;--awb-flex-shrink-medium:0;--awb-flex-grow-small:0;--awb-flex-shrink-small:0;\"><div class=\"fusion-column-wrapper fusion-column-has-shadow fusion-flex-justify-content-flex-start fusion-content-layout-column\"><div class=\"fusion-classic-product-image-wrapper fusion-woo-product-image fusion-post-card-image fusion-post-card-image-1\" data-layout=\"static\" style=\"--awb-margin-bottom:15px;--awb-border-radius-top-left:8px;--awb-border-radius-top-right:8px;--awb-border-radius-bottom-right:8px;--awb-border-radius-bottom-left:8px;\"><div  class=\"fusion-image-wrapper\" aria-haspopup=\"true\">\n\t\t\t\t\t\t\t<a href=\"https:\/\/studentmag.unipr.it\/index.php\/2026\/01\/19\/oltre-la-soglia-luniversita-a-50-anni-2\/\" aria-label=\"Oltre la soglia: l\u2019universit\u00e0 a 50 anni\">\n\t\t\t\t\t\t\t<img decoding=\"async\" width=\"2560\" height=\"1707\" src=\"https:\/\/studentmag.unipr.it\/wp-content\/uploads\/2019\/10\/pexels-carolina-basi-2450719-13538107-scaled-1.webp\" class=\"attachment-full size-full lazyload wp-post-image\" alt=\"\" srcset=\"data:image\/svg+xml,%3Csvg%20xmlns%3D%27http%3A%2F%2Fwww.w3.org%2F2000%2Fsvg%27%20width%3D%272560%27%20height%3D%271707%27%20viewBox%3D%270%200%202560%201707%27%3E%3Crect%20width%3D%272560%27%20height%3D%271707%27%20fill-opacity%3D%220%22%2F%3E%3C%2Fsvg%3E\" data-orig-src=\"https:\/\/studentmag.unipr.it\/wp-content\/uploads\/2019\/10\/pexels-carolina-basi-2450719-13538107-scaled-1.webp\" data-srcset=\"https:\/\/studentmag.unipr.it\/wp-content\/uploads\/2019\/10\/pexels-carolina-basi-2450719-13538107-scaled-1-200x133.webp 200w, https:\/\/studentmag.unipr.it\/wp-content\/uploads\/2019\/10\/pexels-carolina-basi-2450719-13538107-scaled-1-300x200.webp 300w, https:\/\/studentmag.unipr.it\/wp-content\/uploads\/2019\/10\/pexels-carolina-basi-2450719-13538107-scaled-1-400x267.webp 400w, https:\/\/studentmag.unipr.it\/wp-content\/uploads\/2019\/10\/pexels-carolina-basi-2450719-13538107-scaled-1-600x400.webp 600w, https:\/\/studentmag.unipr.it\/wp-content\/uploads\/2019\/10\/pexels-carolina-basi-2450719-13538107-scaled-1-768x512.webp 768w, https:\/\/studentmag.unipr.it\/wp-content\/uploads\/2019\/10\/pexels-carolina-basi-2450719-13538107-scaled-1-800x533.webp 800w, https:\/\/studentmag.unipr.it\/wp-content\/uploads\/2019\/10\/pexels-carolina-basi-2450719-13538107-scaled-1-1024x683.webp 1024w, https:\/\/studentmag.unipr.it\/wp-content\/uploads\/2019\/10\/pexels-carolina-basi-2450719-13538107-scaled-1-1200x800.webp 1200w, https:\/\/studentmag.unipr.it\/wp-content\/uploads\/2019\/10\/pexels-carolina-basi-2450719-13538107-scaled-1-1536x1024.webp 1536w, https:\/\/studentmag.unipr.it\/wp-content\/uploads\/2019\/10\/pexels-carolina-basi-2450719-13538107-scaled-1.webp 2560w\" data-sizes=\"auto\" \/>\t\t\t<\/a>\n\t\t\t\t\t\t\t<\/div>\n<\/div><div class=\"fusion-title title fusion-title-84 fusion-sep-none fusion-title-text fusion-title-size-two\" style=\"--awb-margin-right:5%;--awb-margin-bottom:10px;--awb-margin-left:5%;--awb-margin-left-small:5%;--awb-link-color:hsla(var(--awb-color3-h),var(--awb-color3-s),calc(var(--awb-color3-l) + 10%),var(--awb-color3-a));--awb-link-hover-color:var(--awb-color1);--awb-font-size:25px;\"><h2 class=\"fusion-title-heading title-heading-left fusion-responsive-typography-calculated\" style=\"margin:0;font-size:1em;--fontSize:25;--minFontSize:25;line-height:1.4;\"><a href=\"https:\/\/studentmag.unipr.it\/index.php\/2026\/01\/19\/oltre-la-soglia-luniversita-a-50-anni-2\/\" class=\"awb-custom-text-color awb-custom-text-hover-color\" target=\"_self\">Oltre la soglia: l\u2019universit\u00e0 a 50 anni<\/a><\/h2><\/div><div class=\"fusion-meta-tb fusion-meta-tb-83 floated\" style=\"--awb-border-bottom:0px;--awb-border-top:0px;--awb-height:36px;--awb-font-size:14px;--awb-margin-bottom:20px;--awb-margin-left:5%;--awb-margin-right:5%;--awb-text-color:var(--awb-color1);--awb-alignment-medium:flex-start;--awb-alignment-small:flex-start;\"><span class=\"fusion-tb-published-date\">Published On: 19 Gennaio 2026<\/span><span class=\"fusion-meta-tb-sep\"><\/span><\/div><div class=\"fusion-text fusion-text-83\" style=\"--awb-text-color:hsla(var(--awb-color1-h),var(--awb-color1-s),var(--awb-color1-l),calc(var(--awb-color1-a) - 20%));--awb-margin-right:5%;--awb-margin-left:5%;\"><p>Il percorso di Mara in un tempo che ha smesso di chiedere permesso<\/p>\n<\/div><\/div><\/li>\n<li class=\"fusion-layout-column fusion_builder_column fusion-builder-column-85 fusion-flex-column post-card fusion-grid-column fusion-post-cards-grid-column cool-tura fusion-animated\" style=\"--awb-bg-position:center top;--awb-bg-size:cover;--awb-flex-grow:0;--awb-flex-shrink:0;--awb-flex-grow-medium:0;--awb-flex-shrink-medium:0;--awb-flex-grow-small:0;--awb-flex-shrink-small:0;\"><div class=\"fusion-column-wrapper fusion-column-has-shadow fusion-flex-justify-content-flex-start fusion-content-layout-column\"><div class=\"fusion-classic-product-image-wrapper fusion-woo-product-image fusion-post-card-image fusion-post-card-image-1\" data-layout=\"static\" style=\"--awb-margin-bottom:15px;--awb-border-radius-top-left:8px;--awb-border-radius-top-right:8px;--awb-border-radius-bottom-right:8px;--awb-border-radius-bottom-left:8px;\"><div  class=\"fusion-image-wrapper\" aria-haspopup=\"true\">\n\t\t\t\t\t\t\t<a href=\"https:\/\/studentmag.unipr.it\/index.php\/2026\/01\/18\/buen-camino-il-nuovo-film-record-di-checco-zalone-che-lascia-un-significato-profondo\/\" aria-label=\"&#8220;Buen Camino&#8221;: il nuovo film record di Checco Zalone che lascia un significato profondo\">\n\t\t\t\t\t\t\t<img decoding=\"async\" width=\"1080\" height=\"721\" src=\"https:\/\/studentmag.unipr.it\/wp-content\/uploads\/2026\/01\/WhatsApp-Image-2026-01-08-at-20.04.05.jpeg\" class=\"attachment-full size-full lazyload wp-post-image\" alt=\"\" srcset=\"data:image\/svg+xml,%3Csvg%20xmlns%3D%27http%3A%2F%2Fwww.w3.org%2F2000%2Fsvg%27%20width%3D%271080%27%20height%3D%27721%27%20viewBox%3D%270%200%201080%20721%27%3E%3Crect%20width%3D%271080%27%20height%3D%27721%27%20fill-opacity%3D%220%22%2F%3E%3C%2Fsvg%3E\" data-orig-src=\"https:\/\/studentmag.unipr.it\/wp-content\/uploads\/2026\/01\/WhatsApp-Image-2026-01-08-at-20.04.05.jpeg\" data-srcset=\"https:\/\/studentmag.unipr.it\/wp-content\/uploads\/2026\/01\/WhatsApp-Image-2026-01-08-at-20.04.05-200x134.jpeg 200w, https:\/\/studentmag.unipr.it\/wp-content\/uploads\/2026\/01\/WhatsApp-Image-2026-01-08-at-20.04.05-400x267.jpeg 400w, https:\/\/studentmag.unipr.it\/wp-content\/uploads\/2026\/01\/WhatsApp-Image-2026-01-08-at-20.04.05-600x401.jpeg 600w, https:\/\/studentmag.unipr.it\/wp-content\/uploads\/2026\/01\/WhatsApp-Image-2026-01-08-at-20.04.05-800x534.jpeg 800w, https:\/\/studentmag.unipr.it\/wp-content\/uploads\/2026\/01\/WhatsApp-Image-2026-01-08-at-20.04.05.jpeg 1080w\" data-sizes=\"auto\" \/>\t\t\t<\/a>\n\t\t\t\t\t\t\t<\/div>\n<\/div><div class=\"fusion-title title fusion-title-85 fusion-sep-none fusion-title-text fusion-title-size-two\" style=\"--awb-margin-right:5%;--awb-margin-bottom:10px;--awb-margin-left:5%;--awb-margin-left-small:5%;--awb-link-color:hsla(var(--awb-color3-h),var(--awb-color3-s),calc(var(--awb-color3-l) + 10%),var(--awb-color3-a));--awb-link-hover-color:var(--awb-color1);--awb-font-size:25px;\"><h2 class=\"fusion-title-heading title-heading-left fusion-responsive-typography-calculated\" style=\"margin:0;font-size:1em;--fontSize:25;--minFontSize:25;line-height:1.4;\"><a href=\"https:\/\/studentmag.unipr.it\/index.php\/2026\/01\/18\/buen-camino-il-nuovo-film-record-di-checco-zalone-che-lascia-un-significato-profondo\/\" class=\"awb-custom-text-color awb-custom-text-hover-color\" target=\"_self\">&#8220;Buen Camino&#8221;: il nuovo film record di Checco Zalone che lascia un significato profondo<\/a><\/h2><\/div><div class=\"fusion-meta-tb fusion-meta-tb-84 floated\" style=\"--awb-border-bottom:0px;--awb-border-top:0px;--awb-height:36px;--awb-font-size:14px;--awb-margin-bottom:20px;--awb-margin-left:5%;--awb-margin-right:5%;--awb-text-color:var(--awb-color1);--awb-alignment-medium:flex-start;--awb-alignment-small:flex-start;\"><span class=\"fusion-tb-published-date\">Published On: 18 Gennaio 2026<\/span><span class=\"fusion-meta-tb-sep\"><\/span><\/div><div class=\"fusion-text fusion-text-84\" style=\"--awb-text-color:hsla(var(--awb-color1-h),var(--awb-color1-s),var(--awb-color1-l),calc(var(--awb-color1-a) - 20%));--awb-margin-right:5%;--awb-margin-left:5%;\"><\/div><\/div><\/li>\n<li class=\"fusion-layout-column fusion_builder_column fusion-builder-column-86 fusion-flex-column post-card fusion-grid-column fusion-post-cards-grid-column uni-verso fusion-animated\" style=\"--awb-bg-position:center top;--awb-bg-size:cover;--awb-flex-grow:0;--awb-flex-shrink:0;--awb-flex-grow-medium:0;--awb-flex-shrink-medium:0;--awb-flex-grow-small:0;--awb-flex-shrink-small:0;\"><div class=\"fusion-column-wrapper fusion-column-has-shadow fusion-flex-justify-content-flex-start fusion-content-layout-column\"><div class=\"fusion-classic-product-image-wrapper fusion-woo-product-image fusion-post-card-image fusion-post-card-image-1\" data-layout=\"static\" style=\"--awb-margin-bottom:15px;--awb-border-radius-top-left:8px;--awb-border-radius-top-right:8px;--awb-border-radius-bottom-right:8px;--awb-border-radius-bottom-left:8px;\"><div  class=\"fusion-image-wrapper\" aria-haspopup=\"true\">\n\t\t\t\t\t\t\t<a href=\"https:\/\/studentmag.unipr.it\/index.php\/2026\/01\/18\/il-csac-mette-in-mostra-i-doni-di-re-giorgio\/\" aria-label=\"Il CSAC mette in mostra i doni di re Giorgio\">\n\t\t\t\t\t\t\t<img decoding=\"async\" width=\"453\" height=\"605\" src=\"https:\/\/studentmag.unipr.it\/wp-content\/uploads\/2026\/01\/20251213_173338-scaled-e1768728855655.jpg\" class=\"attachment-full size-full lazyload wp-post-image\" alt=\"\" srcset=\"data:image\/svg+xml,%3Csvg%20xmlns%3D%27http%3A%2F%2Fwww.w3.org%2F2000%2Fsvg%27%20width%3D%27453%27%20height%3D%27605%27%20viewBox%3D%270%200%20453%20605%27%3E%3Crect%20width%3D%27453%27%20height%3D%27605%27%20fill-opacity%3D%220%22%2F%3E%3C%2Fsvg%3E\" data-orig-src=\"https:\/\/studentmag.unipr.it\/wp-content\/uploads\/2026\/01\/20251213_173338-scaled-e1768728855655.jpg\" data-srcset=\"https:\/\/studentmag.unipr.it\/wp-content\/uploads\/2026\/01\/20251213_173338-scaled-e1768728855655-200x267.jpg 200w, https:\/\/studentmag.unipr.it\/wp-content\/uploads\/2026\/01\/20251213_173338-scaled-e1768728855655-400x534.jpg 400w, https:\/\/studentmag.unipr.it\/wp-content\/uploads\/2026\/01\/20251213_173338-scaled-e1768728855655.jpg 453w\" data-sizes=\"auto\" \/>\t\t\t<\/a>\n\t\t\t\t\t\t\t<\/div>\n<\/div><div class=\"fusion-title title fusion-title-86 fusion-sep-none fusion-title-text fusion-title-size-two\" style=\"--awb-margin-right:5%;--awb-margin-bottom:10px;--awb-margin-left:5%;--awb-margin-left-small:5%;--awb-link-color:hsla(var(--awb-color3-h),var(--awb-color3-s),calc(var(--awb-color3-l) + 10%),var(--awb-color3-a));--awb-link-hover-color:var(--awb-color1);--awb-font-size:25px;\"><h2 class=\"fusion-title-heading title-heading-left fusion-responsive-typography-calculated\" style=\"margin:0;font-size:1em;--fontSize:25;--minFontSize:25;line-height:1.4;\"><a href=\"https:\/\/studentmag.unipr.it\/index.php\/2026\/01\/18\/il-csac-mette-in-mostra-i-doni-di-re-giorgio\/\" class=\"awb-custom-text-color awb-custom-text-hover-color\" target=\"_self\">Il CSAC mette in mostra i doni di re Giorgio<\/a><\/h2><\/div><div class=\"fusion-meta-tb fusion-meta-tb-85 floated\" style=\"--awb-border-bottom:0px;--awb-border-top:0px;--awb-height:36px;--awb-font-size:14px;--awb-margin-bottom:20px;--awb-margin-left:5%;--awb-margin-right:5%;--awb-text-color:var(--awb-color1);--awb-alignment-medium:flex-start;--awb-alignment-small:flex-start;\"><span class=\"fusion-tb-published-date\">Published On: 18 Gennaio 2026<\/span><span class=\"fusion-meta-tb-sep\"><\/span><\/div><div class=\"fusion-text fusion-text-85\" style=\"--awb-text-color:hsla(var(--awb-color1-h),var(--awb-color1-s),var(--awb-color1-l),calc(var(--awb-color1-a) - 20%));--awb-margin-right:5%;--awb-margin-left:5%;\"><p>La mostra \"Giorgio Armani: il genio in mostra a Parma\" \u00e8 aperta fino a domenica 8 febbraio<\/p>\n<\/div><\/div><\/li>\n<li class=\"fusion-layout-column fusion_builder_column fusion-builder-column-87 fusion-flex-column post-card fusion-grid-column fusion-post-cards-grid-column uni-verso fusion-animated\" style=\"--awb-bg-position:center top;--awb-bg-size:cover;--awb-flex-grow:0;--awb-flex-shrink:0;--awb-flex-grow-medium:0;--awb-flex-shrink-medium:0;--awb-flex-grow-small:0;--awb-flex-shrink-small:0;\"><div class=\"fusion-column-wrapper fusion-column-has-shadow fusion-flex-justify-content-flex-start fusion-content-layout-column\"><div class=\"fusion-classic-product-image-wrapper fusion-woo-product-image fusion-post-card-image fusion-post-card-image-1\" data-layout=\"static\" style=\"--awb-margin-bottom:15px;--awb-border-radius-top-left:8px;--awb-border-radius-top-right:8px;--awb-border-radius-bottom-right:8px;--awb-border-radius-bottom-left:8px;\"><div  class=\"fusion-image-wrapper\" aria-haspopup=\"true\">\n\t\t\t\t\t\t\t<a href=\"https:\/\/studentmag.unipr.it\/index.php\/2026\/01\/16\/ho-cominciato-a-sentire-la-scala-qui-a-parma\/\" aria-label=\"\u00abHo cominciato a sentire La Scala qui a Parma\u00bb\">\n\t\t\t\t\t\t\t<img decoding=\"async\" width=\"1200\" height=\"1001\" src=\"data:image\/svg+xml,%3Csvg%20xmlns%3D%27http%3A%2F%2Fwww.w3.org%2F2000%2Fsvg%27%20width%3D%271200%27%20height%3D%271001%27%20viewBox%3D%270%200%201200%201001%27%3E%3Crect%20width%3D%271200%27%20height%3D%271001%27%20fill-opacity%3D%220%22%2F%3E%3C%2Fsvg%3E\" class=\"attachment-full size-full lazyload wp-post-image\" alt=\"\" data-orig-src=\"https:\/\/studentmag.unipr.it\/wp-content\/uploads\/2026\/01\/Fortunato-Ortombina-compresso-1-scaled-e1768520181594.jpg\" \/>\t\t\t<\/a>\n\t\t\t\t\t\t\t<\/div>\n<\/div><div class=\"fusion-title title fusion-title-87 fusion-sep-none fusion-title-text fusion-title-size-two\" style=\"--awb-margin-right:5%;--awb-margin-bottom:10px;--awb-margin-left:5%;--awb-margin-left-small:5%;--awb-link-color:hsla(var(--awb-color3-h),var(--awb-color3-s),calc(var(--awb-color3-l) + 10%),var(--awb-color3-a));--awb-link-hover-color:var(--awb-color1);--awb-font-size:25px;\"><h2 class=\"fusion-title-heading title-heading-left fusion-responsive-typography-calculated\" style=\"margin:0;font-size:1em;--fontSize:25;--minFontSize:25;line-height:1.4;\"><a href=\"https:\/\/studentmag.unipr.it\/index.php\/2026\/01\/16\/ho-cominciato-a-sentire-la-scala-qui-a-parma\/\" class=\"awb-custom-text-color awb-custom-text-hover-color\" target=\"_self\">\u00abHo cominciato a sentire La Scala qui a Parma\u00bb<\/a><\/h2><\/div><div class=\"fusion-meta-tb fusion-meta-tb-86 floated\" style=\"--awb-border-bottom:0px;--awb-border-top:0px;--awb-height:36px;--awb-font-size:14px;--awb-margin-bottom:20px;--awb-margin-left:5%;--awb-margin-right:5%;--awb-text-color:var(--awb-color1);--awb-alignment-medium:flex-start;--awb-alignment-small:flex-start;\"><span class=\"fusion-tb-published-date\">Published On: 16 Gennaio 2026<\/span><span class=\"fusion-meta-tb-sep\"><\/span><\/div><div class=\"fusion-text fusion-text-86\" style=\"--awb-text-color:hsla(var(--awb-color1-h),var(--awb-color1-s),var(--awb-color1-l),calc(var(--awb-color1-a) - 20%));--awb-margin-right:5%;--awb-margin-left:5%;\"><p>Fortunato Ortombina, nuovo Sovrintendente de La Scala di Milano, \u00e8 l'Alumnus dell'Anno 2025 dell'UNIPR<\/p>\n<\/div><\/div><\/li>\n<li class=\"fusion-layout-column fusion_builder_column fusion-builder-column-88 fusion-flex-column post-card fusion-grid-column fusion-post-cards-grid-column zona-calda fusion-animated\" style=\"--awb-bg-position:center top;--awb-bg-size:cover;--awb-flex-grow:0;--awb-flex-shrink:0;--awb-flex-grow-medium:0;--awb-flex-shrink-medium:0;--awb-flex-grow-small:0;--awb-flex-shrink-small:0;\"><div class=\"fusion-column-wrapper fusion-column-has-shadow fusion-flex-justify-content-flex-start fusion-content-layout-column\"><div class=\"fusion-classic-product-image-wrapper fusion-woo-product-image fusion-post-card-image fusion-post-card-image-1\" data-layout=\"static\" style=\"--awb-margin-bottom:15px;--awb-border-radius-top-left:8px;--awb-border-radius-top-right:8px;--awb-border-radius-bottom-right:8px;--awb-border-radius-bottom-left:8px;\"><div  class=\"fusion-image-wrapper\" aria-haspopup=\"true\">\n\t\t\t\t\t\t\t<a href=\"https:\/\/studentmag.unipr.it\/index.php\/2026\/01\/13\/no-man-is-an-island\/\" aria-label=\"\u2018No man is an island\u2019\">\n\t\t\t\t\t\t\t<img decoding=\"async\" width=\"2560\" height=\"1705\" src=\"https:\/\/studentmag.unipr.it\/wp-content\/uploads\/2026\/01\/clement-mabula-0j12xNJRRwQ-unsplash-_1__11zon-2-scaled.webp\" class=\"attachment-full size-full lazyload wp-post-image\" alt=\"\" srcset=\"data:image\/svg+xml,%3Csvg%20xmlns%3D%27http%3A%2F%2Fwww.w3.org%2F2000%2Fsvg%27%20width%3D%272560%27%20height%3D%271705%27%20viewBox%3D%270%200%202560%201705%27%3E%3Crect%20width%3D%272560%27%20height%3D%271705%27%20fill-opacity%3D%220%22%2F%3E%3C%2Fsvg%3E\" data-orig-src=\"https:\/\/studentmag.unipr.it\/wp-content\/uploads\/2026\/01\/clement-mabula-0j12xNJRRwQ-unsplash-_1__11zon-2-scaled.webp\" data-srcset=\"https:\/\/studentmag.unipr.it\/wp-content\/uploads\/2026\/01\/clement-mabula-0j12xNJRRwQ-unsplash-_1__11zon-2-200x133.webp 200w, https:\/\/studentmag.unipr.it\/wp-content\/uploads\/2026\/01\/clement-mabula-0j12xNJRRwQ-unsplash-_1__11zon-2-300x200.webp 300w, https:\/\/studentmag.unipr.it\/wp-content\/uploads\/2026\/01\/clement-mabula-0j12xNJRRwQ-unsplash-_1__11zon-2-400x266.webp 400w, https:\/\/studentmag.unipr.it\/wp-content\/uploads\/2026\/01\/clement-mabula-0j12xNJRRwQ-unsplash-_1__11zon-2-600x400.webp 600w, https:\/\/studentmag.unipr.it\/wp-content\/uploads\/2026\/01\/clement-mabula-0j12xNJRRwQ-unsplash-_1__11zon-2-768x512.webp 768w, https:\/\/studentmag.unipr.it\/wp-content\/uploads\/2026\/01\/clement-mabula-0j12xNJRRwQ-unsplash-_1__11zon-2-800x533.webp 800w, https:\/\/studentmag.unipr.it\/wp-content\/uploads\/2026\/01\/clement-mabula-0j12xNJRRwQ-unsplash-_1__11zon-2-1024x682.webp 1024w, https:\/\/studentmag.unipr.it\/wp-content\/uploads\/2026\/01\/clement-mabula-0j12xNJRRwQ-unsplash-_1__11zon-2-1200x799.webp 1200w, https:\/\/studentmag.unipr.it\/wp-content\/uploads\/2026\/01\/clement-mabula-0j12xNJRRwQ-unsplash-_1__11zon-2-1536x1023.webp 1536w, https:\/\/studentmag.unipr.it\/wp-content\/uploads\/2026\/01\/clement-mabula-0j12xNJRRwQ-unsplash-_1__11zon-2-scaled.webp 2560w\" data-sizes=\"auto\" \/>\t\t\t<\/a>\n\t\t\t\t\t\t\t<\/div>\n<\/div><div class=\"fusion-title title fusion-title-88 fusion-sep-none fusion-title-text fusion-title-size-two\" style=\"--awb-margin-right:5%;--awb-margin-bottom:10px;--awb-margin-left:5%;--awb-margin-left-small:5%;--awb-link-color:hsla(var(--awb-color3-h),var(--awb-color3-s),calc(var(--awb-color3-l) + 10%),var(--awb-color3-a));--awb-link-hover-color:var(--awb-color1);--awb-font-size:25px;\"><h2 class=\"fusion-title-heading title-heading-left fusion-responsive-typography-calculated\" style=\"margin:0;font-size:1em;--fontSize:25;--minFontSize:25;line-height:1.4;\"><a href=\"https:\/\/studentmag.unipr.it\/index.php\/2026\/01\/13\/no-man-is-an-island\/\" class=\"awb-custom-text-color awb-custom-text-hover-color\" target=\"_self\">\u2018No man is an island\u2019<\/a><\/h2><\/div><div class=\"fusion-meta-tb fusion-meta-tb-87 floated\" style=\"--awb-border-bottom:0px;--awb-border-top:0px;--awb-height:36px;--awb-font-size:14px;--awb-margin-bottom:20px;--awb-margin-left:5%;--awb-margin-right:5%;--awb-text-color:var(--awb-color1);--awb-alignment-medium:flex-start;--awb-alignment-small:flex-start;\"><span class=\"fusion-tb-published-date\">Published On: 13 Gennaio 2026<\/span><span class=\"fusion-meta-tb-sep\"><\/span><\/div><div class=\"fusion-text fusion-text-87\" style=\"--awb-text-color:hsla(var(--awb-color1-h),var(--awb-color1-s),var(--awb-color1-l),calc(var(--awb-color1-a) - 20%));--awb-margin-right:5%;--awb-margin-left:5%;\"><p>Il laboratorio \u201cF-Lottiamo\u201d interroga sulla potenza delle parole, per offrire una contronarrazione dei movimenti migratori<\/p>\n<\/div><\/div><\/li>\n<li class=\"fusion-layout-column fusion_builder_column fusion-builder-column-89 fusion-flex-column post-card fusion-grid-column fusion-post-cards-grid-column cool-tura fusion-animated\" style=\"--awb-bg-position:center top;--awb-bg-size:cover;--awb-flex-grow:0;--awb-flex-shrink:0;--awb-flex-grow-medium:0;--awb-flex-shrink-medium:0;--awb-flex-grow-small:0;--awb-flex-shrink-small:0;\"><div class=\"fusion-column-wrapper fusion-column-has-shadow fusion-flex-justify-content-flex-start fusion-content-layout-column\"><div class=\"fusion-classic-product-image-wrapper fusion-woo-product-image fusion-post-card-image fusion-post-card-image-1\" data-layout=\"static\" style=\"--awb-margin-bottom:15px;--awb-border-radius-top-left:8px;--awb-border-radius-top-right:8px;--awb-border-radius-bottom-right:8px;--awb-border-radius-bottom-left:8px;\"><div  class=\"fusion-image-wrapper\" aria-haspopup=\"true\">\n\t\t\t\t\t\t\t<a href=\"https:\/\/studentmag.unipr.it\/index.php\/2026\/01\/07\/rosalia-e-lux-quando-la-musica-diventa-un-viaggio-interiore\/\" aria-label=\"Rosal\u00eda e LUX: quando la musica diventa un viaggio interiore\">\n\t\t\t\t\t\t\t<img decoding=\"async\" width=\"1000\" height=\"1000\" src=\"data:image\/svg+xml,%3Csvg%20xmlns%3D%27http%3A%2F%2Fwww.w3.org%2F2000%2Fsvg%27%20width%3D%271000%27%20height%3D%271000%27%20viewBox%3D%270%200%201000%201000%27%3E%3Crect%20width%3D%271000%27%20height%3D%271000%27%20fill-opacity%3D%220%22%2F%3E%3C%2Fsvg%3E\" class=\"attachment-full size-full lazyload wp-post-image\" alt=\"\" data-orig-src=\"https:\/\/studentmag.unipr.it\/wp-content\/uploads\/2026\/01\/Rosalia-LUX-e1768555251443.jpg\" \/>\t\t\t<\/a>\n\t\t\t\t\t\t\t<\/div>\n<\/div><div class=\"fusion-title title fusion-title-89 fusion-sep-none fusion-title-text fusion-title-size-two\" style=\"--awb-margin-right:5%;--awb-margin-bottom:10px;--awb-margin-left:5%;--awb-margin-left-small:5%;--awb-link-color:hsla(var(--awb-color3-h),var(--awb-color3-s),calc(var(--awb-color3-l) + 10%),var(--awb-color3-a));--awb-link-hover-color:var(--awb-color1);--awb-font-size:25px;\"><h2 class=\"fusion-title-heading title-heading-left fusion-responsive-typography-calculated\" style=\"margin:0;font-size:1em;--fontSize:25;--minFontSize:25;line-height:1.4;\"><a href=\"https:\/\/studentmag.unipr.it\/index.php\/2026\/01\/07\/rosalia-e-lux-quando-la-musica-diventa-un-viaggio-interiore\/\" class=\"awb-custom-text-color awb-custom-text-hover-color\" target=\"_self\">Rosal\u00eda e LUX: quando la musica diventa un viaggio interiore<\/a><\/h2><\/div><div class=\"fusion-meta-tb fusion-meta-tb-88 floated\" style=\"--awb-border-bottom:0px;--awb-border-top:0px;--awb-height:36px;--awb-font-size:14px;--awb-margin-bottom:20px;--awb-margin-left:5%;--awb-margin-right:5%;--awb-text-color:var(--awb-color1);--awb-alignment-medium:flex-start;--awb-alignment-small:flex-start;\"><span class=\"fusion-tb-published-date\">Published On: 7 Gennaio 2026<\/span><span class=\"fusion-meta-tb-sep\"><\/span><\/div><div class=\"fusion-text fusion-text-88\" style=\"--awb-text-color:hsla(var(--awb-color1-h),var(--awb-color1-s),var(--awb-color1-l),calc(var(--awb-color1-a) - 20%));--awb-margin-right:5%;--awb-margin-left:5%;\"><p>La nostra recensione di uno dei dischi pi\u00f9 belli del 2025<\/p>\n<\/div><\/div><\/li>\n<li class=\"fusion-layout-column fusion_builder_column fusion-builder-column-90 fusion-flex-column post-card fusion-grid-column fusion-post-cards-grid-column uni-verso fusion-animated\" style=\"--awb-bg-position:center top;--awb-bg-size:cover;--awb-flex-grow:0;--awb-flex-shrink:0;--awb-flex-grow-medium:0;--awb-flex-shrink-medium:0;--awb-flex-grow-small:0;--awb-flex-shrink-small:0;\"><div class=\"fusion-column-wrapper fusion-column-has-shadow fusion-flex-justify-content-flex-start fusion-content-layout-column\"><div class=\"fusion-classic-product-image-wrapper fusion-woo-product-image fusion-post-card-image fusion-post-card-image-1\" data-layout=\"static\" style=\"--awb-margin-bottom:15px;--awb-border-radius-top-left:8px;--awb-border-radius-top-right:8px;--awb-border-radius-bottom-right:8px;--awb-border-radius-bottom-left:8px;\"><div  class=\"fusion-image-wrapper\" aria-haspopup=\"true\">\n\t\t\t\t\t\t\t<a href=\"https:\/\/studentmag.unipr.it\/index.php\/2026\/01\/03\/cosa-ho-imparato-lo-scorso-anno\/\" aria-label=\"Cosa ho imparato lo scorso anno\">\n\t\t\t\t\t\t\t\t\t\t<div class=\"fusion-placeholder-image\" data-origheight=\"150\" data-origwidth=\"100%\" style=\"width:100%;height:150px;\"><\/div>\n\t\t\t\t\t<\/a>\n\t\t\t\t\t\t\t<\/div>\n<\/div><div class=\"fusion-title title fusion-title-90 fusion-sep-none fusion-title-text fusion-title-size-two\" style=\"--awb-margin-right:5%;--awb-margin-bottom:10px;--awb-margin-left:5%;--awb-margin-left-small:5%;--awb-link-color:hsla(var(--awb-color3-h),var(--awb-color3-s),calc(var(--awb-color3-l) + 10%),var(--awb-color3-a));--awb-link-hover-color:var(--awb-color1);--awb-font-size:25px;\"><h2 class=\"fusion-title-heading title-heading-left fusion-responsive-typography-calculated\" style=\"margin:0;font-size:1em;--fontSize:25;--minFontSize:25;line-height:1.4;\"><a href=\"https:\/\/studentmag.unipr.it\/index.php\/2026\/01\/03\/cosa-ho-imparato-lo-scorso-anno\/\" class=\"awb-custom-text-color awb-custom-text-hover-color\" target=\"_self\">Cosa ho imparato lo scorso anno<\/a><\/h2><\/div><div class=\"fusion-meta-tb fusion-meta-tb-89 floated\" style=\"--awb-border-bottom:0px;--awb-border-top:0px;--awb-height:36px;--awb-font-size:14px;--awb-margin-bottom:20px;--awb-margin-left:5%;--awb-margin-right:5%;--awb-text-color:var(--awb-color1);--awb-alignment-medium:flex-start;--awb-alignment-small:flex-start;\"><span class=\"fusion-tb-published-date\">Published On: 3 Gennaio 2026<\/span><span class=\"fusion-meta-tb-sep\"><\/span><\/div><div class=\"fusion-text fusion-text-89\" style=\"--awb-text-color:hsla(var(--awb-color1-h),var(--awb-color1-s),var(--awb-color1-l),calc(var(--awb-color1-a) - 20%));--awb-margin-right:5%;--awb-margin-left:5%;\"><p>Voci dal Dipartimento di Ingegneria e Architettura<\/p>\n<\/div><\/div><\/li>\n<li class=\"fusion-layout-column fusion_builder_column fusion-builder-column-91 fusion-flex-column post-card fusion-grid-column fusion-post-cards-grid-column cool-tura fusion-animated\" style=\"--awb-bg-position:center top;--awb-bg-size:cover;--awb-flex-grow:0;--awb-flex-shrink:0;--awb-flex-grow-medium:0;--awb-flex-shrink-medium:0;--awb-flex-grow-small:0;--awb-flex-shrink-small:0;\"><div class=\"fusion-column-wrapper fusion-column-has-shadow fusion-flex-justify-content-flex-start fusion-content-layout-column\"><div class=\"fusion-classic-product-image-wrapper fusion-woo-product-image fusion-post-card-image fusion-post-card-image-1\" data-layout=\"static\" style=\"--awb-margin-bottom:15px;--awb-border-radius-top-left:8px;--awb-border-radius-top-right:8px;--awb-border-radius-bottom-right:8px;--awb-border-radius-bottom-left:8px;\"><div  class=\"fusion-image-wrapper\" aria-haspopup=\"true\">\n\t\t\t\t\t\t\t<a href=\"https:\/\/studentmag.unipr.it\/index.php\/2025\/12\/31\/dietro-le-luci-del-natale\/\" aria-label=\"Dietro le luci del Natale\">\n\t\t\t\t\t\t\t<img decoding=\"async\" width=\"1200\" height=\"800\" src=\"https:\/\/studentmag.unipr.it\/wp-content\/uploads\/2025\/12\/jonathan-borba-vcX5AhBwk6s-unsplash-1_11zon-scaled-e1767186272176.webp\" class=\"attachment-full size-full lazyload wp-post-image\" alt=\"\" srcset=\"data:image\/svg+xml,%3Csvg%20xmlns%3D%27http%3A%2F%2Fwww.w3.org%2F2000%2Fsvg%27%20width%3D%271200%27%20height%3D%27800%27%20viewBox%3D%270%200%201200%20800%27%3E%3Crect%20width%3D%271200%27%20height%3D%27800%27%20fill-opacity%3D%220%22%2F%3E%3C%2Fsvg%3E\" data-orig-src=\"https:\/\/studentmag.unipr.it\/wp-content\/uploads\/2025\/12\/jonathan-borba-vcX5AhBwk6s-unsplash-1_11zon-scaled-e1767186272176.webp\" data-srcset=\"https:\/\/studentmag.unipr.it\/wp-content\/uploads\/2025\/12\/jonathan-borba-vcX5AhBwk6s-unsplash-1_11zon-scaled-e1767186272176-200x133.webp 200w, https:\/\/studentmag.unipr.it\/wp-content\/uploads\/2025\/12\/jonathan-borba-vcX5AhBwk6s-unsplash-1_11zon-scaled-e1767186272176-300x200.webp 300w, https:\/\/studentmag.unipr.it\/wp-content\/uploads\/2025\/12\/jonathan-borba-vcX5AhBwk6s-unsplash-1_11zon-scaled-e1767186272176-400x267.webp 400w, https:\/\/studentmag.unipr.it\/wp-content\/uploads\/2025\/12\/jonathan-borba-vcX5AhBwk6s-unsplash-1_11zon-scaled-e1767186272176-600x400.webp 600w, https:\/\/studentmag.unipr.it\/wp-content\/uploads\/2025\/12\/jonathan-borba-vcX5AhBwk6s-unsplash-1_11zon-scaled-e1767186272176-768x512.webp 768w, https:\/\/studentmag.unipr.it\/wp-content\/uploads\/2025\/12\/jonathan-borba-vcX5AhBwk6s-unsplash-1_11zon-scaled-e1767186272176-800x533.webp 800w, https:\/\/studentmag.unipr.it\/wp-content\/uploads\/2025\/12\/jonathan-borba-vcX5AhBwk6s-unsplash-1_11zon-scaled-e1767186272176-1024x683.webp 1024w, https:\/\/studentmag.unipr.it\/wp-content\/uploads\/2025\/12\/jonathan-borba-vcX5AhBwk6s-unsplash-1_11zon-scaled-e1767186272176.webp 1200w\" data-sizes=\"auto\" \/>\t\t\t<\/a>\n\t\t\t\t\t\t\t<\/div>\n<\/div><div class=\"fusion-title title fusion-title-91 fusion-sep-none fusion-title-text fusion-title-size-two\" style=\"--awb-margin-right:5%;--awb-margin-bottom:10px;--awb-margin-left:5%;--awb-margin-left-small:5%;--awb-link-color:hsla(var(--awb-color3-h),var(--awb-color3-s),calc(var(--awb-color3-l) + 10%),var(--awb-color3-a));--awb-link-hover-color:var(--awb-color1);--awb-font-size:25px;\"><h2 class=\"fusion-title-heading title-heading-left fusion-responsive-typography-calculated\" style=\"margin:0;font-size:1em;--fontSize:25;--minFontSize:25;line-height:1.4;\"><a href=\"https:\/\/studentmag.unipr.it\/index.php\/2025\/12\/31\/dietro-le-luci-del-natale\/\" class=\"awb-custom-text-color awb-custom-text-hover-color\" target=\"_self\">Dietro le luci del Natale<\/a><\/h2><\/div><div class=\"fusion-meta-tb fusion-meta-tb-90 floated\" style=\"--awb-border-bottom:0px;--awb-border-top:0px;--awb-height:36px;--awb-font-size:14px;--awb-margin-bottom:20px;--awb-margin-left:5%;--awb-margin-right:5%;--awb-text-color:var(--awb-color1);--awb-alignment-medium:flex-start;--awb-alignment-small:flex-start;\"><span class=\"fusion-tb-published-date\">Published On: 31 Dicembre 2025<\/span><span class=\"fusion-meta-tb-sep\"><\/span><\/div><div class=\"fusion-text fusion-text-90\" style=\"--awb-text-color:hsla(var(--awb-color1-h),var(--awb-color1-s),var(--awb-color1-l),calc(var(--awb-color1-a) - 20%));--awb-margin-right:5%;--awb-margin-left:5%;\"><p>Dai Saturnali romani agli anolini: viaggio alle origini del 25 dicembre<\/p>\n<\/div><\/div><\/li>\n<li class=\"fusion-layout-column fusion_builder_column fusion-builder-column-92 fusion-flex-column post-card fusion-grid-column fusion-post-cards-grid-column cool-tura fusion-animated\" style=\"--awb-bg-position:center top;--awb-bg-size:cover;--awb-flex-grow:0;--awb-flex-shrink:0;--awb-flex-grow-medium:0;--awb-flex-shrink-medium:0;--awb-flex-grow-small:0;--awb-flex-shrink-small:0;\"><div class=\"fusion-column-wrapper fusion-column-has-shadow fusion-flex-justify-content-flex-start fusion-content-layout-column\"><div class=\"fusion-classic-product-image-wrapper fusion-woo-product-image fusion-post-card-image fusion-post-card-image-1\" data-layout=\"static\" style=\"--awb-margin-bottom:15px;--awb-border-radius-top-left:8px;--awb-border-radius-top-right:8px;--awb-border-radius-bottom-right:8px;--awb-border-radius-bottom-left:8px;\"><div  class=\"fusion-image-wrapper\" aria-haspopup=\"true\">\n\t\t\t\t\t\t\t<a href=\"https:\/\/studentmag.unipr.it\/index.php\/2025\/12\/30\/lumanita-del-mostro-attraverso-frankenstein-e-dracula-demergenza-cloned-cloned\/\" aria-label=\"L\u2019umanit\u00e0 del mostro attraverso Frankenstein e Dracula\">\n\t\t\t\t\t\t\t<img decoding=\"async\" width=\"1600\" height=\"1066\" src=\"https:\/\/studentmag.unipr.it\/wp-content\/uploads\/2026\/01\/WhatsApp-Image-2025-12-27-at-16.33.32.jpeg\" class=\"attachment-full size-full lazyload wp-post-image\" alt=\"\" srcset=\"data:image\/svg+xml,%3Csvg%20xmlns%3D%27http%3A%2F%2Fwww.w3.org%2F2000%2Fsvg%27%20width%3D%271600%27%20height%3D%271066%27%20viewBox%3D%270%200%201600%201066%27%3E%3Crect%20width%3D%271600%27%20height%3D%271066%27%20fill-opacity%3D%220%22%2F%3E%3C%2Fsvg%3E\" data-orig-src=\"https:\/\/studentmag.unipr.it\/wp-content\/uploads\/2026\/01\/WhatsApp-Image-2025-12-27-at-16.33.32.jpeg\" data-srcset=\"https:\/\/studentmag.unipr.it\/wp-content\/uploads\/2026\/01\/WhatsApp-Image-2025-12-27-at-16.33.32-200x133.jpeg 200w, https:\/\/studentmag.unipr.it\/wp-content\/uploads\/2026\/01\/WhatsApp-Image-2025-12-27-at-16.33.32-400x267.jpeg 400w, https:\/\/studentmag.unipr.it\/wp-content\/uploads\/2026\/01\/WhatsApp-Image-2025-12-27-at-16.33.32-600x400.jpeg 600w, https:\/\/studentmag.unipr.it\/wp-content\/uploads\/2026\/01\/WhatsApp-Image-2025-12-27-at-16.33.32-800x533.jpeg 800w, https:\/\/studentmag.unipr.it\/wp-content\/uploads\/2026\/01\/WhatsApp-Image-2025-12-27-at-16.33.32-1200x800.jpeg 1200w, https:\/\/studentmag.unipr.it\/wp-content\/uploads\/2026\/01\/WhatsApp-Image-2025-12-27-at-16.33.32.jpeg 1600w\" data-sizes=\"auto\" \/>\t\t\t<\/a>\n\t\t\t\t\t\t\t<\/div>\n<\/div><div class=\"fusion-title title fusion-title-92 fusion-sep-none fusion-title-text fusion-title-size-two\" style=\"--awb-margin-right:5%;--awb-margin-bottom:10px;--awb-margin-left:5%;--awb-margin-left-small:5%;--awb-link-color:hsla(var(--awb-color3-h),var(--awb-color3-s),calc(var(--awb-color3-l) + 10%),var(--awb-color3-a));--awb-link-hover-color:var(--awb-color1);--awb-font-size:25px;\"><h2 class=\"fusion-title-heading title-heading-left fusion-responsive-typography-calculated\" style=\"margin:0;font-size:1em;--fontSize:25;--minFontSize:25;line-height:1.4;\"><a href=\"https:\/\/studentmag.unipr.it\/index.php\/2025\/12\/30\/lumanita-del-mostro-attraverso-frankenstein-e-dracula-demergenza-cloned-cloned\/\" class=\"awb-custom-text-color awb-custom-text-hover-color\" target=\"_self\">L\u2019umanit\u00e0 del mostro attraverso Frankenstein e Dracula<\/a><\/h2><\/div><div class=\"fusion-meta-tb fusion-meta-tb-91 floated\" style=\"--awb-border-bottom:0px;--awb-border-top:0px;--awb-height:36px;--awb-font-size:14px;--awb-margin-bottom:20px;--awb-margin-left:5%;--awb-margin-right:5%;--awb-text-color:var(--awb-color1);--awb-alignment-medium:flex-start;--awb-alignment-small:flex-start;\"><span class=\"fusion-tb-published-date\">Published On: 30 Dicembre 2025<\/span><span class=\"fusion-meta-tb-sep\"><\/span><\/div><div class=\"fusion-text fusion-text-91\" style=\"--awb-text-color:hsla(var(--awb-color1-h),var(--awb-color1-s),var(--awb-color1-l),calc(var(--awb-color1-a) - 20%));--awb-margin-right:5%;--awb-margin-left:5%;\"><p>Un viaggio nel mito cinematografico per rileggere il mostro come specchio dell\u2019uomo tra identit\u00e0, emarginazione e desiderio d\u2019amore<\/p>\n<\/div><\/div><\/li>\n<li class=\"fusion-layout-column fusion_builder_column fusion-builder-column-93 fusion-flex-column post-card fusion-grid-column fusion-post-cards-grid-column cool-tura lungo-parma fusion-animated\" style=\"--awb-bg-position:center top;--awb-bg-size:cover;--awb-flex-grow:0;--awb-flex-shrink:0;--awb-flex-grow-medium:0;--awb-flex-shrink-medium:0;--awb-flex-grow-small:0;--awb-flex-shrink-small:0;\"><div class=\"fusion-column-wrapper fusion-column-has-shadow fusion-flex-justify-content-flex-start fusion-content-layout-column\"><div class=\"fusion-classic-product-image-wrapper fusion-woo-product-image fusion-post-card-image fusion-post-card-image-1\" data-layout=\"static\" style=\"--awb-margin-bottom:15px;--awb-border-radius-top-left:8px;--awb-border-radius-top-right:8px;--awb-border-radius-bottom-right:8px;--awb-border-radius-bottom-left:8px;\"><div  class=\"fusion-image-wrapper\" aria-haspopup=\"true\">\n\t\t\t\t\t\t\t<a href=\"https:\/\/studentmag.unipr.it\/index.php\/2025\/12\/29\/piombo-nel-sangue-diritti-sulla-carta\/\" aria-label=\"Piombo nel sangue, diritti sulla carta\">\n\t\t\t\t\t\t\t<img decoding=\"async\" width=\"800\" height=\"987\" src=\"data:image\/svg+xml,%3Csvg%20xmlns%3D%27http%3A%2F%2Fwww.w3.org%2F2000%2Fsvg%27%20width%3D%27800%27%20height%3D%27987%27%20viewBox%3D%270%200%20800%20987%27%3E%3Crect%20width%3D%27800%27%20height%3D%27987%27%20fill-opacity%3D%220%22%2F%3E%3C%2Fsvg%3E\" class=\"attachment-full size-full lazyload wp-post-image\" alt=\"\" data-orig-src=\"https:\/\/studentmag.unipr.it\/wp-content\/uploads\/2025\/12\/Anni-Settanta-locandina-grande-compressa-scaled-e1768294222912.jpg\" \/>\t\t\t<\/a>\n\t\t\t\t\t\t\t<\/div>\n<\/div><div class=\"fusion-title title fusion-title-93 fusion-sep-none fusion-title-text fusion-title-size-two\" style=\"--awb-margin-right:5%;--awb-margin-bottom:10px;--awb-margin-left:5%;--awb-margin-left-small:5%;--awb-link-color:hsla(var(--awb-color3-h),var(--awb-color3-s),calc(var(--awb-color3-l) + 10%),var(--awb-color3-a));--awb-link-hover-color:var(--awb-color1);--awb-font-size:25px;\"><h2 class=\"fusion-title-heading title-heading-left fusion-responsive-typography-calculated\" style=\"margin:0;font-size:1em;--fontSize:25;--minFontSize:25;line-height:1.4;\"><a href=\"https:\/\/studentmag.unipr.it\/index.php\/2025\/12\/29\/piombo-nel-sangue-diritti-sulla-carta\/\" class=\"awb-custom-text-color awb-custom-text-hover-color\" target=\"_self\">Piombo nel sangue, diritti sulla carta<\/a><\/h2><\/div><div class=\"fusion-meta-tb fusion-meta-tb-92 floated\" style=\"--awb-border-bottom:0px;--awb-border-top:0px;--awb-height:36px;--awb-font-size:14px;--awb-margin-bottom:20px;--awb-margin-left:5%;--awb-margin-right:5%;--awb-text-color:var(--awb-color1);--awb-alignment-medium:flex-start;--awb-alignment-small:flex-start;\"><span class=\"fusion-tb-published-date\">Published On: 29 Dicembre 2025<\/span><span class=\"fusion-meta-tb-sep\"><\/span><\/div><div class=\"fusion-text fusion-text-92\" style=\"--awb-text-color:hsla(var(--awb-color1-h),var(--awb-color1-s),var(--awb-color1-l),calc(var(--awb-color1-a) - 20%));--awb-margin-right:5%;--awb-margin-left:5%;\"><p>Gli anni 70 raccontati da Mario Calabresi e Benedetta Tobagi<\/p>\n<\/div><\/div><\/li>\n<li class=\"fusion-layout-column fusion_builder_column fusion-builder-column-94 fusion-flex-column post-card fusion-grid-column fusion-post-cards-grid-column cool-tura lungo-parma fusion-animated\" style=\"--awb-bg-position:center top;--awb-bg-size:cover;--awb-flex-grow:0;--awb-flex-shrink:0;--awb-flex-grow-medium:0;--awb-flex-shrink-medium:0;--awb-flex-grow-small:0;--awb-flex-shrink-small:0;\"><div class=\"fusion-column-wrapper fusion-column-has-shadow fusion-flex-justify-content-flex-start fusion-content-layout-column\"><div class=\"fusion-classic-product-image-wrapper fusion-woo-product-image fusion-post-card-image fusion-post-card-image-1\" data-layout=\"static\" style=\"--awb-margin-bottom:15px;--awb-border-radius-top-left:8px;--awb-border-radius-top-right:8px;--awb-border-radius-bottom-right:8px;--awb-border-radius-bottom-left:8px;\"><div  class=\"fusion-image-wrapper\" aria-haspopup=\"true\">\n\t\t\t\t\t\t\t<a href=\"https:\/\/studentmag.unipr.it\/index.php\/2025\/12\/27\/quando-la-moda-incontra-la-pubblicita-lorigine-del-made-in-italy\/\" aria-label=\"Moda e pubblicit\u00e0: l\u2019origine del Made in Italy\">\n\t\t\t\t\t\t\t<img decoding=\"async\" width=\"374\" height=\"534\" src=\"https:\/\/studentmag.unipr.it\/wp-content\/uploads\/2025\/12\/Jeans-Jesus.jpeg\" class=\"attachment-full size-full lazyload wp-post-image\" alt=\"\" srcset=\"data:image\/svg+xml,%3Csvg%20xmlns%3D%27http%3A%2F%2Fwww.w3.org%2F2000%2Fsvg%27%20width%3D%27374%27%20height%3D%27534%27%20viewBox%3D%270%200%20374%20534%27%3E%3Crect%20width%3D%27374%27%20height%3D%27534%27%20fill-opacity%3D%220%22%2F%3E%3C%2Fsvg%3E\" data-orig-src=\"https:\/\/studentmag.unipr.it\/wp-content\/uploads\/2025\/12\/Jeans-Jesus.jpeg\" data-srcset=\"https:\/\/studentmag.unipr.it\/wp-content\/uploads\/2025\/12\/Jeans-Jesus-200x286.jpeg 200w, https:\/\/studentmag.unipr.it\/wp-content\/uploads\/2025\/12\/Jeans-Jesus.jpeg 374w\" data-sizes=\"auto\" \/>\t\t\t<\/a>\n\t\t\t\t\t\t\t<\/div>\n<\/div><div class=\"fusion-title title fusion-title-94 fusion-sep-none fusion-title-text fusion-title-size-two\" style=\"--awb-margin-right:5%;--awb-margin-bottom:10px;--awb-margin-left:5%;--awb-margin-left-small:5%;--awb-link-color:hsla(var(--awb-color3-h),var(--awb-color3-s),calc(var(--awb-color3-l) + 10%),var(--awb-color3-a));--awb-link-hover-color:var(--awb-color1);--awb-font-size:25px;\"><h2 class=\"fusion-title-heading title-heading-left fusion-responsive-typography-calculated\" style=\"margin:0;font-size:1em;--fontSize:25;--minFontSize:25;line-height:1.4;\"><a href=\"https:\/\/studentmag.unipr.it\/index.php\/2025\/12\/27\/quando-la-moda-incontra-la-pubblicita-lorigine-del-made-in-italy\/\" class=\"awb-custom-text-color awb-custom-text-hover-color\" target=\"_self\">Moda e pubblicit\u00e0: l\u2019origine del Made in Italy<\/a><\/h2><\/div><div class=\"fusion-meta-tb fusion-meta-tb-93 floated\" style=\"--awb-border-bottom:0px;--awb-border-top:0px;--awb-height:36px;--awb-font-size:14px;--awb-margin-bottom:20px;--awb-margin-left:5%;--awb-margin-right:5%;--awb-text-color:var(--awb-color1);--awb-alignment-medium:flex-start;--awb-alignment-small:flex-start;\"><span class=\"fusion-tb-published-date\">Published On: 27 Dicembre 2025<\/span><span class=\"fusion-meta-tb-sep\"><\/span><\/div><div class=\"fusion-text fusion-text-93\" style=\"--awb-text-color:hsla(var(--awb-color1-h),var(--awb-color1-s),var(--awb-color1-l),calc(var(--awb-color1-a) - 20%));--awb-margin-right:5%;--awb-margin-left:5%;\"><p>Uno sguardo alla mostra d'arte \"Moda e Pubblicit\u00e0 in Italia 1950-2000\" alla Fondazione Magnani Rocca <\/p>\n<\/div><\/div><\/li>\n<li class=\"fusion-layout-column fusion_builder_column fusion-builder-column-95 fusion-flex-column post-card fusion-grid-column fusion-post-cards-grid-column cool-tura lungo-parma fusion-animated\" style=\"--awb-bg-position:center top;--awb-bg-size:cover;--awb-flex-grow:0;--awb-flex-shrink:0;--awb-flex-grow-medium:0;--awb-flex-shrink-medium:0;--awb-flex-grow-small:0;--awb-flex-shrink-small:0;\"><div class=\"fusion-column-wrapper fusion-column-has-shadow fusion-flex-justify-content-flex-start fusion-content-layout-column\"><div class=\"fusion-classic-product-image-wrapper fusion-woo-product-image fusion-post-card-image fusion-post-card-image-1\" data-layout=\"static\" style=\"--awb-margin-bottom:15px;--awb-border-radius-top-left:8px;--awb-border-radius-top-right:8px;--awb-border-radius-bottom-right:8px;--awb-border-radius-bottom-left:8px;\"><div  class=\"fusion-image-wrapper\" aria-haspopup=\"true\">\n\t\t\t\t\t\t\t<a href=\"https:\/\/studentmag.unipr.it\/index.php\/2025\/12\/26\/cinque-libri-sotto-lalbero-di-natale\/\" aria-label=\"In Kayak tra le rapide del sogno\">\n\t\t\t\t\t\t\t<img decoding=\"async\" width=\"1200\" height=\"800\" src=\"https:\/\/studentmag.unipr.it\/wp-content\/uploads\/2025\/12\/IMG-20251223-WA0003-e1766498821962.webp\" class=\"attachment-full size-full lazyload wp-post-image\" alt=\"\" srcset=\"data:image\/svg+xml,%3Csvg%20xmlns%3D%27http%3A%2F%2Fwww.w3.org%2F2000%2Fsvg%27%20width%3D%271200%27%20height%3D%27800%27%20viewBox%3D%270%200%201200%20800%27%3E%3Crect%20width%3D%271200%27%20height%3D%27800%27%20fill-opacity%3D%220%22%2F%3E%3C%2Fsvg%3E\" data-orig-src=\"https:\/\/studentmag.unipr.it\/wp-content\/uploads\/2025\/12\/IMG-20251223-WA0003-e1766498821962.webp\" data-srcset=\"https:\/\/studentmag.unipr.it\/wp-content\/uploads\/2025\/12\/IMG-20251223-WA0003-e1766498821962-200x133.webp 200w, https:\/\/studentmag.unipr.it\/wp-content\/uploads\/2025\/12\/IMG-20251223-WA0003-e1766498821962-300x200.webp 300w, https:\/\/studentmag.unipr.it\/wp-content\/uploads\/2025\/12\/IMG-20251223-WA0003-e1766498821962-400x267.webp 400w, https:\/\/studentmag.unipr.it\/wp-content\/uploads\/2025\/12\/IMG-20251223-WA0003-e1766498821962-600x400.webp 600w, https:\/\/studentmag.unipr.it\/wp-content\/uploads\/2025\/12\/IMG-20251223-WA0003-e1766498821962-768x512.webp 768w, https:\/\/studentmag.unipr.it\/wp-content\/uploads\/2025\/12\/IMG-20251223-WA0003-e1766498821962-800x533.webp 800w, https:\/\/studentmag.unipr.it\/wp-content\/uploads\/2025\/12\/IMG-20251223-WA0003-e1766498821962-1024x683.webp 1024w, https:\/\/studentmag.unipr.it\/wp-content\/uploads\/2025\/12\/IMG-20251223-WA0003-e1766498821962.webp 1200w\" data-sizes=\"auto\" \/>\t\t\t<\/a>\n\t\t\t\t\t\t\t<\/div>\n<\/div><div class=\"fusion-title title fusion-title-95 fusion-sep-none fusion-title-text fusion-title-size-two\" style=\"--awb-margin-right:5%;--awb-margin-bottom:10px;--awb-margin-left:5%;--awb-margin-left-small:5%;--awb-link-color:hsla(var(--awb-color3-h),var(--awb-color3-s),calc(var(--awb-color3-l) + 10%),var(--awb-color3-a));--awb-link-hover-color:var(--awb-color1);--awb-font-size:25px;\"><h2 class=\"fusion-title-heading title-heading-left fusion-responsive-typography-calculated\" style=\"margin:0;font-size:1em;--fontSize:25;--minFontSize:25;line-height:1.4;\"><a href=\"https:\/\/studentmag.unipr.it\/index.php\/2025\/12\/26\/cinque-libri-sotto-lalbero-di-natale\/\" class=\"awb-custom-text-color awb-custom-text-hover-color\" target=\"_self\">In Kayak tra le rapide del sogno<\/a><\/h2><\/div><div class=\"fusion-meta-tb fusion-meta-tb-94 floated\" style=\"--awb-border-bottom:0px;--awb-border-top:0px;--awb-height:36px;--awb-font-size:14px;--awb-margin-bottom:20px;--awb-margin-left:5%;--awb-margin-right:5%;--awb-text-color:var(--awb-color1);--awb-alignment-medium:flex-start;--awb-alignment-small:flex-start;\"><span class=\"fusion-tb-published-date\">Published On: 26 Dicembre 2025<\/span><span class=\"fusion-meta-tb-sep\"><\/span><\/div><div class=\"fusion-text fusion-text-94\" style=\"--awb-text-color:hsla(var(--awb-color1-h),var(--awb-color1-s),var(--awb-color1-l),calc(var(--awb-color1-a) - 20%));--awb-margin-right:5%;--awb-margin-left:5%;\"><p>Siamo stati allo spettacolo di Over Leonora Carrington<\/p>\n<\/div><\/div><\/li>\n<li class=\"fusion-layout-column fusion_builder_column fusion-builder-column-96 fusion-flex-column post-card fusion-grid-column fusion-post-cards-grid-column cool-tura fusion-animated\" style=\"--awb-bg-position:center top;--awb-bg-size:cover;--awb-flex-grow:0;--awb-flex-shrink:0;--awb-flex-grow-medium:0;--awb-flex-shrink-medium:0;--awb-flex-grow-small:0;--awb-flex-shrink-small:0;\"><div class=\"fusion-column-wrapper fusion-column-has-shadow fusion-flex-justify-content-flex-start fusion-content-layout-column\"><div class=\"fusion-classic-product-image-wrapper fusion-woo-product-image fusion-post-card-image fusion-post-card-image-1\" data-layout=\"static\" style=\"--awb-margin-bottom:15px;--awb-border-radius-top-left:8px;--awb-border-radius-top-right:8px;--awb-border-radius-bottom-right:8px;--awb-border-radius-bottom-left:8px;\"><div  class=\"fusion-image-wrapper\" aria-haspopup=\"true\">\n\t\t\t\t\t\t\t<a href=\"https:\/\/studentmag.unipr.it\/index.php\/2025\/12\/25\/sopravvivere-al-natale-senza-mariah-carey-guida-alle-canzoni-alternative-per-le-feste\/\" aria-label=\"Sopravvivere al Natale senza Mariah Carey\">\n\t\t\t\t\t\t\t<img decoding=\"async\" width=\"800\" height=\"800\" src=\"data:image\/svg+xml,%3Csvg%20xmlns%3D%27http%3A%2F%2Fwww.w3.org%2F2000%2Fsvg%27%20width%3D%27800%27%20height%3D%27800%27%20viewBox%3D%270%200%20800%20800%27%3E%3Crect%20width%3D%27800%27%20height%3D%27800%27%20fill-opacity%3D%220%22%2F%3E%3C%2Fsvg%3E\" class=\"attachment-full size-full lazyload wp-post-image\" alt=\"\" data-orig-src=\"https:\/\/studentmag.unipr.it\/wp-content\/uploads\/2026\/01\/A-VERY-SPECIAL-C-e1768491763450.jpg\" \/>\t\t\t<\/a>\n\t\t\t\t\t\t\t<\/div>\n<\/div><div class=\"fusion-title title fusion-title-96 fusion-sep-none fusion-title-text fusion-title-size-two\" style=\"--awb-margin-right:5%;--awb-margin-bottom:10px;--awb-margin-left:5%;--awb-margin-left-small:5%;--awb-link-color:hsla(var(--awb-color3-h),var(--awb-color3-s),calc(var(--awb-color3-l) + 10%),var(--awb-color3-a));--awb-link-hover-color:var(--awb-color1);--awb-font-size:25px;\"><h2 class=\"fusion-title-heading title-heading-left fusion-responsive-typography-calculated\" style=\"margin:0;font-size:1em;--fontSize:25;--minFontSize:25;line-height:1.4;\"><a href=\"https:\/\/studentmag.unipr.it\/index.php\/2025\/12\/25\/sopravvivere-al-natale-senza-mariah-carey-guida-alle-canzoni-alternative-per-le-feste\/\" class=\"awb-custom-text-color awb-custom-text-hover-color\" target=\"_self\">Sopravvivere al Natale senza Mariah Carey<\/a><\/h2><\/div><div class=\"fusion-meta-tb fusion-meta-tb-95 floated\" style=\"--awb-border-bottom:0px;--awb-border-top:0px;--awb-height:36px;--awb-font-size:14px;--awb-margin-bottom:20px;--awb-margin-left:5%;--awb-margin-right:5%;--awb-text-color:var(--awb-color1);--awb-alignment-medium:flex-start;--awb-alignment-small:flex-start;\"><span class=\"fusion-tb-published-date\">Published On: 25 Dicembre 2025<\/span><span class=\"fusion-meta-tb-sep\"><\/span><\/div><div class=\"fusion-text fusion-text-95\" style=\"--awb-text-color:hsla(var(--awb-color1-h),var(--awb-color1-s),var(--awb-color1-l),calc(var(--awb-color1-a) - 20%));--awb-margin-right:5%;--awb-margin-left:5%;\"><p>Guida alle canzoni alternative per le feste<\/p>\n<\/div><\/div><\/li>\n<li class=\"fusion-layout-column fusion_builder_column fusion-builder-column-97 fusion-flex-column post-card fusion-grid-column fusion-post-cards-grid-column cool-tura fusion-animated\" style=\"--awb-bg-position:center top;--awb-bg-size:cover;--awb-flex-grow:0;--awb-flex-shrink:0;--awb-flex-grow-medium:0;--awb-flex-shrink-medium:0;--awb-flex-grow-small:0;--awb-flex-shrink-small:0;\"><div class=\"fusion-column-wrapper fusion-column-has-shadow fusion-flex-justify-content-flex-start fusion-content-layout-column\"><div class=\"fusion-classic-product-image-wrapper fusion-woo-product-image fusion-post-card-image fusion-post-card-image-1\" data-layout=\"static\" style=\"--awb-margin-bottom:15px;--awb-border-radius-top-left:8px;--awb-border-radius-top-right:8px;--awb-border-radius-bottom-right:8px;--awb-border-radius-bottom-left:8px;\"><div  class=\"fusion-image-wrapper\" aria-haspopup=\"true\">\n\t\t\t\t\t\t\t<a href=\"https:\/\/studentmag.unipr.it\/index.php\/2025\/12\/24\/cinque-libri-sotto-lalbero-di-natale-2\/\" aria-label=\"Cinque libri sotto l\u2019albero di Natale\">\n\t\t\t\t\t\t\t<img decoding=\"async\" width=\"2560\" height=\"1709\" src=\"https:\/\/studentmag.unipr.it\/wp-content\/uploads\/2025\/12\/vlad-vasnetsov-uaVBddDuv7U-unsplash_11zon-scaled.webp\" class=\"attachment-full size-full lazyload wp-post-image\" alt=\"\" srcset=\"data:image\/svg+xml,%3Csvg%20xmlns%3D%27http%3A%2F%2Fwww.w3.org%2F2000%2Fsvg%27%20width%3D%272560%27%20height%3D%271709%27%20viewBox%3D%270%200%202560%201709%27%3E%3Crect%20width%3D%272560%27%20height%3D%271709%27%20fill-opacity%3D%220%22%2F%3E%3C%2Fsvg%3E\" data-orig-src=\"https:\/\/studentmag.unipr.it\/wp-content\/uploads\/2025\/12\/vlad-vasnetsov-uaVBddDuv7U-unsplash_11zon-scaled.webp\" data-srcset=\"https:\/\/studentmag.unipr.it\/wp-content\/uploads\/2025\/12\/vlad-vasnetsov-uaVBddDuv7U-unsplash_11zon-200x134.webp 200w, https:\/\/studentmag.unipr.it\/wp-content\/uploads\/2025\/12\/vlad-vasnetsov-uaVBddDuv7U-unsplash_11zon-300x200.webp 300w, https:\/\/studentmag.unipr.it\/wp-content\/uploads\/2025\/12\/vlad-vasnetsov-uaVBddDuv7U-unsplash_11zon-400x267.webp 400w, https:\/\/studentmag.unipr.it\/wp-content\/uploads\/2025\/12\/vlad-vasnetsov-uaVBddDuv7U-unsplash_11zon-600x401.webp 600w, https:\/\/studentmag.unipr.it\/wp-content\/uploads\/2025\/12\/vlad-vasnetsov-uaVBddDuv7U-unsplash_11zon-768x513.webp 768w, https:\/\/studentmag.unipr.it\/wp-content\/uploads\/2025\/12\/vlad-vasnetsov-uaVBddDuv7U-unsplash_11zon-800x534.webp 800w, https:\/\/studentmag.unipr.it\/wp-content\/uploads\/2025\/12\/vlad-vasnetsov-uaVBddDuv7U-unsplash_11zon-1024x684.webp 1024w, https:\/\/studentmag.unipr.it\/wp-content\/uploads\/2025\/12\/vlad-vasnetsov-uaVBddDuv7U-unsplash_11zon-1200x801.webp 1200w, https:\/\/studentmag.unipr.it\/wp-content\/uploads\/2025\/12\/vlad-vasnetsov-uaVBddDuv7U-unsplash_11zon-1536x1025.webp 1536w, https:\/\/studentmag.unipr.it\/wp-content\/uploads\/2025\/12\/vlad-vasnetsov-uaVBddDuv7U-unsplash_11zon-scaled.webp 2560w\" data-sizes=\"auto\" \/>\t\t\t<\/a>\n\t\t\t\t\t\t\t<\/div>\n<\/div><div class=\"fusion-title title fusion-title-97 fusion-sep-none fusion-title-text fusion-title-size-two\" style=\"--awb-margin-right:5%;--awb-margin-bottom:10px;--awb-margin-left:5%;--awb-margin-left-small:5%;--awb-link-color:hsla(var(--awb-color3-h),var(--awb-color3-s),calc(var(--awb-color3-l) + 10%),var(--awb-color3-a));--awb-link-hover-color:var(--awb-color1);--awb-font-size:25px;\"><h2 class=\"fusion-title-heading title-heading-left fusion-responsive-typography-calculated\" style=\"margin:0;font-size:1em;--fontSize:25;--minFontSize:25;line-height:1.4;\"><a href=\"https:\/\/studentmag.unipr.it\/index.php\/2025\/12\/24\/cinque-libri-sotto-lalbero-di-natale-2\/\" class=\"awb-custom-text-color awb-custom-text-hover-color\" target=\"_self\">Cinque libri sotto l\u2019albero di Natale<\/a><\/h2><\/div><div class=\"fusion-meta-tb fusion-meta-tb-96 floated\" style=\"--awb-border-bottom:0px;--awb-border-top:0px;--awb-height:36px;--awb-font-size:14px;--awb-margin-bottom:20px;--awb-margin-left:5%;--awb-margin-right:5%;--awb-text-color:var(--awb-color1);--awb-alignment-medium:flex-start;--awb-alignment-small:flex-start;\"><span class=\"fusion-tb-published-date\">Published On: 24 Dicembre 2025<\/span><span class=\"fusion-meta-tb-sep\"><\/span><\/div><div class=\"fusion-text fusion-text-96\" style=\"--awb-text-color:hsla(var(--awb-color1-h),var(--awb-color1-s),var(--awb-color1-l),calc(var(--awb-color1-a) - 20%));--awb-margin-right:5%;--awb-margin-left:5%;\"><p>Una scelta di titoli dalla narrativa alla saggistica, con un\u2019incursione nel mondo dei pi\u00f9 piccoli<\/p>\n<\/div><\/div><\/li>\n<li class=\"fusion-layout-column fusion_builder_column fusion-builder-column-98 fusion-flex-column post-card fusion-grid-column fusion-post-cards-grid-column uni-verso fusion-animated\" style=\"--awb-bg-position:center top;--awb-bg-size:cover;--awb-flex-grow:0;--awb-flex-shrink:0;--awb-flex-grow-medium:0;--awb-flex-shrink-medium:0;--awb-flex-grow-small:0;--awb-flex-shrink-small:0;\"><div class=\"fusion-column-wrapper fusion-column-has-shadow fusion-flex-justify-content-flex-start fusion-content-layout-column\"><div class=\"fusion-classic-product-image-wrapper fusion-woo-product-image fusion-post-card-image fusion-post-card-image-1\" data-layout=\"static\" style=\"--awb-margin-bottom:15px;--awb-border-radius-top-left:8px;--awb-border-radius-top-right:8px;--awb-border-radius-bottom-right:8px;--awb-border-radius-bottom-left:8px;\"><div  class=\"fusion-image-wrapper\" aria-haspopup=\"true\">\n\t\t\t\t\t\t\t<a href=\"https:\/\/studentmag.unipr.it\/index.php\/2025\/12\/23\/quando-il-sapere-incontra-la-responsabilita\/\" aria-label=\"Quando il sapere incontra la responsabilit\u00e0\">\n\t\t\t\t\t\t\t<img decoding=\"async\" width=\"2560\" height=\"1920\" src=\"https:\/\/studentmag.unipr.it\/wp-content\/uploads\/2025\/12\/IMG_2957_11zon-scaled.webp\" class=\"attachment-full size-full lazyload wp-post-image\" alt=\"\" srcset=\"data:image\/svg+xml,%3Csvg%20xmlns%3D%27http%3A%2F%2Fwww.w3.org%2F2000%2Fsvg%27%20width%3D%272560%27%20height%3D%271920%27%20viewBox%3D%270%200%202560%201920%27%3E%3Crect%20width%3D%272560%27%20height%3D%271920%27%20fill-opacity%3D%220%22%2F%3E%3C%2Fsvg%3E\" data-orig-src=\"https:\/\/studentmag.unipr.it\/wp-content\/uploads\/2025\/12\/IMG_2957_11zon-scaled.webp\" data-srcset=\"https:\/\/studentmag.unipr.it\/wp-content\/uploads\/2025\/12\/IMG_2957_11zon-200x150.webp 200w, https:\/\/studentmag.unipr.it\/wp-content\/uploads\/2025\/12\/IMG_2957_11zon-300x225.webp 300w, https:\/\/studentmag.unipr.it\/wp-content\/uploads\/2025\/12\/IMG_2957_11zon-400x300.webp 400w, https:\/\/studentmag.unipr.it\/wp-content\/uploads\/2025\/12\/IMG_2957_11zon-600x450.webp 600w, https:\/\/studentmag.unipr.it\/wp-content\/uploads\/2025\/12\/IMG_2957_11zon-768x576.webp 768w, https:\/\/studentmag.unipr.it\/wp-content\/uploads\/2025\/12\/IMG_2957_11zon-800x600.webp 800w, https:\/\/studentmag.unipr.it\/wp-content\/uploads\/2025\/12\/IMG_2957_11zon-1024x768.webp 1024w, https:\/\/studentmag.unipr.it\/wp-content\/uploads\/2025\/12\/IMG_2957_11zon-1200x900.webp 1200w, https:\/\/studentmag.unipr.it\/wp-content\/uploads\/2025\/12\/IMG_2957_11zon-1536x1152.webp 1536w, https:\/\/studentmag.unipr.it\/wp-content\/uploads\/2025\/12\/IMG_2957_11zon-scaled.webp 2560w\" data-sizes=\"auto\" \/>\t\t\t<\/a>\n\t\t\t\t\t\t\t<\/div>\n<\/div><div class=\"fusion-title title fusion-title-98 fusion-sep-none fusion-title-text fusion-title-size-two\" style=\"--awb-margin-right:5%;--awb-margin-bottom:10px;--awb-margin-left:5%;--awb-margin-left-small:5%;--awb-link-color:hsla(var(--awb-color3-h),var(--awb-color3-s),calc(var(--awb-color3-l) + 10%),var(--awb-color3-a));--awb-link-hover-color:var(--awb-color1);--awb-font-size:25px;\"><h2 class=\"fusion-title-heading title-heading-left fusion-responsive-typography-calculated\" style=\"margin:0;font-size:1em;--fontSize:25;--minFontSize:25;line-height:1.4;\"><a href=\"https:\/\/studentmag.unipr.it\/index.php\/2025\/12\/23\/quando-il-sapere-incontra-la-responsabilita\/\" class=\"awb-custom-text-color awb-custom-text-hover-color\" target=\"_self\">Quando il sapere incontra la responsabilit\u00e0<\/a><\/h2><\/div><div class=\"fusion-meta-tb fusion-meta-tb-97 floated\" style=\"--awb-border-bottom:0px;--awb-border-top:0px;--awb-height:36px;--awb-font-size:14px;--awb-margin-bottom:20px;--awb-margin-left:5%;--awb-margin-right:5%;--awb-text-color:var(--awb-color1);--awb-alignment-medium:flex-start;--awb-alignment-small:flex-start;\"><span class=\"fusion-tb-published-date\">Published On: 23 Dicembre 2025<\/span><span class=\"fusion-meta-tb-sep\"><\/span><\/div><div class=\"fusion-text fusion-text-97\" style=\"--awb-text-color:hsla(var(--awb-color1-h),var(--awb-color1-s),var(--awb-color1-l),calc(var(--awb-color1-a) - 20%));--awb-margin-right:5%;--awb-margin-left:5%;\"><p>L'Unipr attiva nel cambiamento sociale per l\u2019eliminazione della violenza contro le donne<\/p>\n<\/div><\/div><\/li>\n<li class=\"fusion-layout-column fusion_builder_column fusion-builder-column-99 fusion-flex-column post-card fusion-grid-column fusion-post-cards-grid-column cool-tura fusion-animated\" style=\"--awb-bg-position:center top;--awb-bg-size:cover;--awb-flex-grow:0;--awb-flex-shrink:0;--awb-flex-grow-medium:0;--awb-flex-shrink-medium:0;--awb-flex-grow-small:0;--awb-flex-shrink-small:0;\"><div class=\"fusion-column-wrapper fusion-column-has-shadow fusion-flex-justify-content-flex-start fusion-content-layout-column\"><div class=\"fusion-classic-product-image-wrapper fusion-woo-product-image fusion-post-card-image fusion-post-card-image-1\" data-layout=\"static\" style=\"--awb-margin-bottom:15px;--awb-border-radius-top-left:8px;--awb-border-radius-top-right:8px;--awb-border-radius-bottom-right:8px;--awb-border-radius-bottom-left:8px;\"><div  class=\"fusion-image-wrapper\" aria-haspopup=\"true\">\n\t\t\t\t\t\t\t<a href=\"https:\/\/studentmag.unipr.it\/index.php\/2025\/12\/21\/fermarsi-per-farsi-sentire-portuali-il-documentario-che-da-voce-a-chi-lavora\/\" aria-label=\"Fermarsi per farsi sentire: &#8216;Portuali&#8217;\">\n\t\t\t\t\t\t\t<img decoding=\"async\" width=\"420\" height=\"594\" src=\"https:\/\/studentmag.unipr.it\/wp-content\/uploads\/2026\/01\/PORTUALI-FOTO.jpg\" class=\"attachment-full size-full lazyload wp-post-image\" alt=\"\" srcset=\"data:image\/svg+xml,%3Csvg%20xmlns%3D%27http%3A%2F%2Fwww.w3.org%2F2000%2Fsvg%27%20width%3D%27420%27%20height%3D%27594%27%20viewBox%3D%270%200%20420%20594%27%3E%3Crect%20width%3D%27420%27%20height%3D%27594%27%20fill-opacity%3D%220%22%2F%3E%3C%2Fsvg%3E\" data-orig-src=\"https:\/\/studentmag.unipr.it\/wp-content\/uploads\/2026\/01\/PORTUALI-FOTO.jpg\" data-srcset=\"https:\/\/studentmag.unipr.it\/wp-content\/uploads\/2026\/01\/PORTUALI-FOTO-200x283.jpg 200w, https:\/\/studentmag.unipr.it\/wp-content\/uploads\/2026\/01\/PORTUALI-FOTO-400x566.jpg 400w, https:\/\/studentmag.unipr.it\/wp-content\/uploads\/2026\/01\/PORTUALI-FOTO.jpg 420w\" data-sizes=\"auto\" \/>\t\t\t<\/a>\n\t\t\t\t\t\t\t<\/div>\n<\/div><div class=\"fusion-title title fusion-title-99 fusion-sep-none fusion-title-text fusion-title-size-two\" style=\"--awb-margin-right:5%;--awb-margin-bottom:10px;--awb-margin-left:5%;--awb-margin-left-small:5%;--awb-link-color:hsla(var(--awb-color3-h),var(--awb-color3-s),calc(var(--awb-color3-l) + 10%),var(--awb-color3-a));--awb-link-hover-color:var(--awb-color1);--awb-font-size:25px;\"><h2 class=\"fusion-title-heading title-heading-left fusion-responsive-typography-calculated\" style=\"margin:0;font-size:1em;--fontSize:25;--minFontSize:25;line-height:1.4;\"><a href=\"https:\/\/studentmag.unipr.it\/index.php\/2025\/12\/21\/fermarsi-per-farsi-sentire-portuali-il-documentario-che-da-voce-a-chi-lavora\/\" class=\"awb-custom-text-color awb-custom-text-hover-color\" target=\"_self\">Fermarsi per farsi sentire: &#8216;Portuali&#8217;<\/a><\/h2><\/div><div class=\"fusion-meta-tb fusion-meta-tb-98 floated\" style=\"--awb-border-bottom:0px;--awb-border-top:0px;--awb-height:36px;--awb-font-size:14px;--awb-margin-bottom:20px;--awb-margin-left:5%;--awb-margin-right:5%;--awb-text-color:var(--awb-color1);--awb-alignment-medium:flex-start;--awb-alignment-small:flex-start;\"><span class=\"fusion-tb-published-date\">Published On: 21 Dicembre 2025<\/span><span class=\"fusion-meta-tb-sep\"><\/span><\/div><div class=\"fusion-text fusion-text-98\" style=\"--awb-text-color:hsla(var(--awb-color1-h),var(--awb-color1-s),var(--awb-color1-l),calc(var(--awb-color1-a) - 20%));--awb-margin-right:5%;--awb-margin-left:5%;\"><p>il documentario che d\u00e0 voce a chi lavora<\/p>\n<\/div><\/div><\/li>\n<li class=\"fusion-layout-column fusion_builder_column fusion-builder-column-100 fusion-flex-column post-card fusion-grid-column fusion-post-cards-grid-column lungo-parma fusion-animated\" style=\"--awb-bg-position:center top;--awb-bg-size:cover;--awb-flex-grow:0;--awb-flex-shrink:0;--awb-flex-grow-medium:0;--awb-flex-shrink-medium:0;--awb-flex-grow-small:0;--awb-flex-shrink-small:0;\"><div class=\"fusion-column-wrapper fusion-column-has-shadow fusion-flex-justify-content-flex-start fusion-content-layout-column\"><div class=\"fusion-classic-product-image-wrapper fusion-woo-product-image fusion-post-card-image fusion-post-card-image-1\" data-layout=\"static\" style=\"--awb-margin-bottom:15px;--awb-border-radius-top-left:8px;--awb-border-radius-top-right:8px;--awb-border-radius-bottom-right:8px;--awb-border-radius-bottom-left:8px;\"><div  class=\"fusion-image-wrapper\" aria-haspopup=\"true\">\n\t\t\t\t\t\t\t<a href=\"https:\/\/studentmag.unipr.it\/index.php\/2025\/12\/19\/cronache-dal-barezzi-festival-soapskin-e-gli-spiritualized\/\" aria-label=\"Cronache dal Barezzi Festival: Soap&#038;Skin e gli Spiritualized\">\n\t\t\t\t\t\t\t<img decoding=\"async\" width=\"747\" height=\"540\" src=\"https:\/\/studentmag.unipr.it\/wp-content\/uploads\/2025\/12\/Barezzi-doppia-2-contorno-bianco.jpg\" class=\"attachment-full size-full lazyload wp-post-image\" alt=\"\" srcset=\"data:image\/svg+xml,%3Csvg%20xmlns%3D%27http%3A%2F%2Fwww.w3.org%2F2000%2Fsvg%27%20width%3D%27747%27%20height%3D%27540%27%20viewBox%3D%270%200%20747%20540%27%3E%3Crect%20width%3D%27747%27%20height%3D%27540%27%20fill-opacity%3D%220%22%2F%3E%3C%2Fsvg%3E\" data-orig-src=\"https:\/\/studentmag.unipr.it\/wp-content\/uploads\/2025\/12\/Barezzi-doppia-2-contorno-bianco.jpg\" data-srcset=\"https:\/\/studentmag.unipr.it\/wp-content\/uploads\/2025\/12\/Barezzi-doppia-2-contorno-bianco-200x145.jpg 200w, https:\/\/studentmag.unipr.it\/wp-content\/uploads\/2025\/12\/Barezzi-doppia-2-contorno-bianco-400x289.jpg 400w, https:\/\/studentmag.unipr.it\/wp-content\/uploads\/2025\/12\/Barezzi-doppia-2-contorno-bianco-600x434.jpg 600w, https:\/\/studentmag.unipr.it\/wp-content\/uploads\/2025\/12\/Barezzi-doppia-2-contorno-bianco.jpg 747w\" data-sizes=\"auto\" \/>\t\t\t<\/a>\n\t\t\t\t\t\t\t<\/div>\n<\/div><div class=\"fusion-title title fusion-title-100 fusion-sep-none fusion-title-text fusion-title-size-two\" style=\"--awb-margin-right:5%;--awb-margin-bottom:10px;--awb-margin-left:5%;--awb-margin-left-small:5%;--awb-link-color:hsla(var(--awb-color3-h),var(--awb-color3-s),calc(var(--awb-color3-l) + 10%),var(--awb-color3-a));--awb-link-hover-color:var(--awb-color1);--awb-font-size:25px;\"><h2 class=\"fusion-title-heading title-heading-left fusion-responsive-typography-calculated\" style=\"margin:0;font-size:1em;--fontSize:25;--minFontSize:25;line-height:1.4;\"><a href=\"https:\/\/studentmag.unipr.it\/index.php\/2025\/12\/19\/cronache-dal-barezzi-festival-soapskin-e-gli-spiritualized\/\" class=\"awb-custom-text-color awb-custom-text-hover-color\" target=\"_self\">Cronache dal Barezzi Festival: Soap&#038;Skin e gli Spiritualized<\/a><\/h2><\/div><div class=\"fusion-meta-tb fusion-meta-tb-99 floated\" style=\"--awb-border-bottom:0px;--awb-border-top:0px;--awb-height:36px;--awb-font-size:14px;--awb-margin-bottom:20px;--awb-margin-left:5%;--awb-margin-right:5%;--awb-text-color:var(--awb-color1);--awb-alignment-medium:flex-start;--awb-alignment-small:flex-start;\"><span class=\"fusion-tb-published-date\">Published On: 19 Dicembre 2025<\/span><span class=\"fusion-meta-tb-sep\"><\/span><\/div><div class=\"fusion-text fusion-text-99\" style=\"--awb-text-color:hsla(var(--awb-color1-h),var(--awb-color1-s),var(--awb-color1-l),calc(var(--awb-color1-a) - 20%));--awb-margin-right:5%;--awb-margin-left:5%;\"><p>Al Teatro Regio si viaggia dalle profondit\u00e0 pi\u00f9 intime dell'animo umano a quelle sconfinate del cosmo<\/p>\n<\/div><\/div><\/li>\n<li class=\"fusion-layout-column fusion_builder_column fusion-builder-column-101 fusion-flex-column post-card fusion-grid-column fusion-post-cards-grid-column cool-tura fusion-animated\" style=\"--awb-bg-position:center top;--awb-bg-size:cover;--awb-flex-grow:0;--awb-flex-shrink:0;--awb-flex-grow-medium:0;--awb-flex-shrink-medium:0;--awb-flex-grow-small:0;--awb-flex-shrink-small:0;\"><div class=\"fusion-column-wrapper fusion-column-has-shadow fusion-flex-justify-content-flex-start fusion-content-layout-column\"><div class=\"fusion-classic-product-image-wrapper fusion-woo-product-image fusion-post-card-image fusion-post-card-image-1\" data-layout=\"static\" style=\"--awb-margin-bottom:15px;--awb-border-radius-top-left:8px;--awb-border-radius-top-right:8px;--awb-border-radius-bottom-right:8px;--awb-border-radius-bottom-left:8px;\"><div  class=\"fusion-image-wrapper\" aria-haspopup=\"true\">\n\t\t\t\t\t\t\t<a href=\"https:\/\/studentmag.unipr.it\/index.php\/2025\/12\/18\/davanti-agli-sguardi-di-steve-mccurry-2\/\" aria-label=\"Davanti agli sguardi di Steve McCurry\">\n\t\t\t\t\t\t\t<img decoding=\"async\" width=\"1600\" height=\"1200\" src=\"data:image\/svg+xml,%3Csvg%20xmlns%3D%27http%3A%2F%2Fwww.w3.org%2F2000%2Fsvg%27%20width%3D%271600%27%20height%3D%271200%27%20viewBox%3D%270%200%201600%201200%27%3E%3Crect%20width%3D%271600%27%20height%3D%271200%27%20fill-opacity%3D%220%22%2F%3E%3C%2Fsvg%3E\" class=\"attachment-full size-full lazyload wp-post-image\" alt=\"\" data-orig-src=\"https:\/\/studentmag.unipr.it\/wp-content\/uploads\/2025\/12\/Immagine-WhatsApp-2025-12-01-ore-14.44.33_5fca53e0.jpg\" \/>\t\t\t<\/a>\n\t\t\t\t\t\t\t<\/div>\n<\/div><div class=\"fusion-title title fusion-title-101 fusion-sep-none fusion-title-text fusion-title-size-two\" style=\"--awb-margin-right:5%;--awb-margin-bottom:10px;--awb-margin-left:5%;--awb-margin-left-small:5%;--awb-link-color:hsla(var(--awb-color3-h),var(--awb-color3-s),calc(var(--awb-color3-l) + 10%),var(--awb-color3-a));--awb-link-hover-color:var(--awb-color1);--awb-font-size:25px;\"><h2 class=\"fusion-title-heading title-heading-left fusion-responsive-typography-calculated\" style=\"margin:0;font-size:1em;--fontSize:25;--minFontSize:25;line-height:1.4;\"><a href=\"https:\/\/studentmag.unipr.it\/index.php\/2025\/12\/18\/davanti-agli-sguardi-di-steve-mccurry-2\/\" class=\"awb-custom-text-color awb-custom-text-hover-color\" target=\"_self\">Davanti agli sguardi di Steve McCurry<\/a><\/h2><\/div><div class=\"fusion-meta-tb fusion-meta-tb-100 floated\" style=\"--awb-border-bottom:0px;--awb-border-top:0px;--awb-height:36px;--awb-font-size:14px;--awb-margin-bottom:20px;--awb-margin-left:5%;--awb-margin-right:5%;--awb-text-color:var(--awb-color1);--awb-alignment-medium:flex-start;--awb-alignment-small:flex-start;\"><span class=\"fusion-tb-published-date\">Published On: 18 Dicembre 2025<\/span><span class=\"fusion-meta-tb-sep\"><\/span><\/div><div class=\"fusion-text fusion-text-100\" style=\"--awb-text-color:hsla(var(--awb-color1-h),var(--awb-color1-s),var(--awb-color1-l),calc(var(--awb-color1-a) - 20%));--awb-margin-right:5%;--awb-margin-left:5%;\"><p>A Palazzo Pigorini, la nuova mostra del fotografo statunitense suggella quarant\u2019anni di reportage tra Afghanistan, Cina e India<\/p>\n<\/div><\/div><\/li>\n<li class=\"fusion-layout-column fusion_builder_column fusion-builder-column-102 fusion-flex-column post-card fusion-grid-column fusion-post-cards-grid-column lungo-parma fusion-animated\" style=\"--awb-bg-position:center top;--awb-bg-size:cover;--awb-flex-grow:0;--awb-flex-shrink:0;--awb-flex-grow-medium:0;--awb-flex-shrink-medium:0;--awb-flex-grow-small:0;--awb-flex-shrink-small:0;\"><div class=\"fusion-column-wrapper fusion-column-has-shadow fusion-flex-justify-content-flex-start fusion-content-layout-column\"><div class=\"fusion-classic-product-image-wrapper fusion-woo-product-image fusion-post-card-image fusion-post-card-image-1\" data-layout=\"static\" style=\"--awb-margin-bottom:15px;--awb-border-radius-top-left:8px;--awb-border-radius-top-right:8px;--awb-border-radius-bottom-right:8px;--awb-border-radius-bottom-left:8px;\"><div  class=\"fusion-image-wrapper\" aria-haspopup=\"true\">\n\t\t\t\t\t\t\t<a href=\"https:\/\/studentmag.unipr.it\/index.php\/2025\/12\/17\/cronache-dal-barezzi-festival-la-musica-subacquea-dei-mum\/\" aria-label=\"Cronache dal Barezzi Festival: la musica subacquea dei M\u00fam\">\n\t\t\t\t\t\t\t<img decoding=\"async\" width=\"1500\" height=\"1071\" src=\"data:image\/svg+xml,%3Csvg%20xmlns%3D%27http%3A%2F%2Fwww.w3.org%2F2000%2Fsvg%27%20width%3D%271500%27%20height%3D%271071%27%20viewBox%3D%270%200%201500%201071%27%3E%3Crect%20width%3D%271500%27%20height%3D%271071%27%20fill-opacity%3D%220%22%2F%3E%3C%2Fsvg%3E\" class=\"attachment-full size-full lazyload wp-post-image\" alt=\"\" data-orig-src=\"https:\/\/studentmag.unipr.it\/wp-content\/uploads\/2025\/12\/Mum-subacqua.jpg\" \/>\t\t\t<\/a>\n\t\t\t\t\t\t\t<\/div>\n<\/div><div class=\"fusion-title title fusion-title-102 fusion-sep-none fusion-title-text fusion-title-size-two\" style=\"--awb-margin-right:5%;--awb-margin-bottom:10px;--awb-margin-left:5%;--awb-margin-left-small:5%;--awb-link-color:hsla(var(--awb-color3-h),var(--awb-color3-s),calc(var(--awb-color3-l) + 10%),var(--awb-color3-a));--awb-link-hover-color:var(--awb-color1);--awb-font-size:25px;\"><h2 class=\"fusion-title-heading title-heading-left fusion-responsive-typography-calculated\" style=\"margin:0;font-size:1em;--fontSize:25;--minFontSize:25;line-height:1.4;\"><a href=\"https:\/\/studentmag.unipr.it\/index.php\/2025\/12\/17\/cronache-dal-barezzi-festival-la-musica-subacquea-dei-mum\/\" class=\"awb-custom-text-color awb-custom-text-hover-color\" target=\"_self\">Cronache dal Barezzi Festival: la musica subacquea dei M\u00fam<\/a><\/h2><\/div><div class=\"fusion-meta-tb fusion-meta-tb-101 floated\" style=\"--awb-border-bottom:0px;--awb-border-top:0px;--awb-height:36px;--awb-font-size:14px;--awb-margin-bottom:20px;--awb-margin-left:5%;--awb-margin-right:5%;--awb-text-color:var(--awb-color1);--awb-alignment-medium:flex-start;--awb-alignment-small:flex-start;\"><span class=\"fusion-tb-published-date\">Published On: 17 Dicembre 2025<\/span><span class=\"fusion-meta-tb-sep\"><\/span><\/div><div class=\"fusion-text fusion-text-101\" style=\"--awb-text-color:hsla(var(--awb-color1-h),var(--awb-color1-s),var(--awb-color1-l),calc(var(--awb-color1-a) - 20%));--awb-margin-right:5%;--awb-margin-left:5%;\"><p>Al Teatro Verdi di Busseto l'inaugurazione del Barezzi Festival 2025<\/p>\n<\/div><\/div><\/li>\n<li class=\"fusion-layout-column fusion_builder_column fusion-builder-column-103 fusion-flex-column post-card fusion-grid-column fusion-post-cards-grid-column cool-tura pov-point-of-view fusion-animated\" style=\"--awb-bg-position:center top;--awb-bg-size:cover;--awb-flex-grow:0;--awb-flex-shrink:0;--awb-flex-grow-medium:0;--awb-flex-shrink-medium:0;--awb-flex-grow-small:0;--awb-flex-shrink-small:0;\"><div class=\"fusion-column-wrapper fusion-column-has-shadow fusion-flex-justify-content-flex-start fusion-content-layout-column\"><div class=\"fusion-classic-product-image-wrapper fusion-woo-product-image fusion-post-card-image fusion-post-card-image-1\" data-layout=\"static\" style=\"--awb-margin-bottom:15px;--awb-border-radius-top-left:8px;--awb-border-radius-top-right:8px;--awb-border-radius-bottom-right:8px;--awb-border-radius-bottom-left:8px;\"><div  class=\"fusion-image-wrapper\" aria-haspopup=\"true\">\n\t\t\t\t\t\t\t<a href=\"https:\/\/studentmag.unipr.it\/index.php\/2025\/12\/16\/la-rivoluzione-di-blanca-cloned\/\" aria-label=\"Tutto non benissimo? Spollon dimostra il contrario\">\n\t\t\t\t\t\t\t<img decoding=\"async\" width=\"724\" height=\"1000\" src=\"https:\/\/studentmag.unipr.it\/wp-content\/uploads\/2025\/12\/copertina-Pierpaolo-Spollon-Tutto-non-benissimo-2.webp\" class=\"attachment-full size-full lazyload wp-post-image\" alt=\"\" srcset=\"data:image\/svg+xml,%3Csvg%20xmlns%3D%27http%3A%2F%2Fwww.w3.org%2F2000%2Fsvg%27%20width%3D%27724%27%20height%3D%271000%27%20viewBox%3D%270%200%20724%201000%27%3E%3Crect%20width%3D%27724%27%20height%3D%271000%27%20fill-opacity%3D%220%22%2F%3E%3C%2Fsvg%3E\" data-orig-src=\"https:\/\/studentmag.unipr.it\/wp-content\/uploads\/2025\/12\/copertina-Pierpaolo-Spollon-Tutto-non-benissimo-2.webp\" data-srcset=\"https:\/\/studentmag.unipr.it\/wp-content\/uploads\/2025\/12\/copertina-Pierpaolo-Spollon-Tutto-non-benissimo-2-200x276.webp 200w, https:\/\/studentmag.unipr.it\/wp-content\/uploads\/2025\/12\/copertina-Pierpaolo-Spollon-Tutto-non-benissimo-2-217x300.webp 217w, https:\/\/studentmag.unipr.it\/wp-content\/uploads\/2025\/12\/copertina-Pierpaolo-Spollon-Tutto-non-benissimo-2-400x552.webp 400w, https:\/\/studentmag.unipr.it\/wp-content\/uploads\/2025\/12\/copertina-Pierpaolo-Spollon-Tutto-non-benissimo-2-600x829.webp 600w, https:\/\/studentmag.unipr.it\/wp-content\/uploads\/2025\/12\/copertina-Pierpaolo-Spollon-Tutto-non-benissimo-2.webp 724w\" data-sizes=\"auto\" \/>\t\t\t<\/a>\n\t\t\t\t\t\t\t<\/div>\n<\/div><div class=\"fusion-title title fusion-title-103 fusion-sep-none fusion-title-text fusion-title-size-two\" style=\"--awb-margin-right:5%;--awb-margin-bottom:10px;--awb-margin-left:5%;--awb-margin-left-small:5%;--awb-link-color:hsla(var(--awb-color3-h),var(--awb-color3-s),calc(var(--awb-color3-l) + 10%),var(--awb-color3-a));--awb-link-hover-color:var(--awb-color1);--awb-font-size:25px;\"><h2 class=\"fusion-title-heading title-heading-left fusion-responsive-typography-calculated\" style=\"margin:0;font-size:1em;--fontSize:25;--minFontSize:25;line-height:1.4;\"><a href=\"https:\/\/studentmag.unipr.it\/index.php\/2025\/12\/16\/la-rivoluzione-di-blanca-cloned\/\" class=\"awb-custom-text-color awb-custom-text-hover-color\" target=\"_self\">Tutto non benissimo? Spollon dimostra il contrario<\/a><\/h2><\/div><div class=\"fusion-meta-tb fusion-meta-tb-102 floated\" style=\"--awb-border-bottom:0px;--awb-border-top:0px;--awb-height:36px;--awb-font-size:14px;--awb-margin-bottom:20px;--awb-margin-left:5%;--awb-margin-right:5%;--awb-text-color:var(--awb-color1);--awb-alignment-medium:flex-start;--awb-alignment-small:flex-start;\"><span class=\"fusion-tb-published-date\">Published On: 16 Dicembre 2025<\/span><span class=\"fusion-meta-tb-sep\"><\/span><\/div><div class=\"fusion-text fusion-text-102\" style=\"--awb-text-color:hsla(var(--awb-color1-h),var(--awb-color1-s),var(--awb-color1-l),calc(var(--awb-color1-a) - 20%));--awb-margin-right:5%;--awb-margin-left:5%;\"><p>Parma accoglie l'attore tra slanci improvvisi, viaggi introspettivi e progetti sempre in divenire <\/p>\n<\/div><\/div><\/li>\n<li class=\"fusion-layout-column fusion_builder_column fusion-builder-column-104 fusion-flex-column post-card fusion-grid-column fusion-post-cards-grid-column lungo-parma fusion-animated\" style=\"--awb-bg-position:center top;--awb-bg-size:cover;--awb-flex-grow:0;--awb-flex-shrink:0;--awb-flex-grow-medium:0;--awb-flex-shrink-medium:0;--awb-flex-grow-small:0;--awb-flex-shrink-small:0;\"><div class=\"fusion-column-wrapper fusion-column-has-shadow fusion-flex-justify-content-flex-start fusion-content-layout-column\"><div class=\"fusion-classic-product-image-wrapper fusion-woo-product-image fusion-post-card-image fusion-post-card-image-1\" data-layout=\"static\" style=\"--awb-margin-bottom:15px;--awb-border-radius-top-left:8px;--awb-border-radius-top-right:8px;--awb-border-radius-bottom-right:8px;--awb-border-radius-bottom-left:8px;\"><div  class=\"fusion-image-wrapper\" aria-haspopup=\"true\">\n\t\t\t\t\t\t\t<a href=\"https:\/\/studentmag.unipr.it\/index.php\/2025\/12\/15\/sulle-orme-di-barezzi-dietro-le-quinte-del-festival\/\" aria-label=\"Sulle orme di Barezzi, dietro le quinte del festival\">\n\t\t\t\t\t\t\t<img decoding=\"async\" width=\"358\" height=\"445\" src=\"https:\/\/studentmag.unipr.it\/wp-content\/uploads\/2025\/12\/sparano_solaro-e1765380378219.jpg\" class=\"attachment-full size-full lazyload wp-post-image\" alt=\"\" srcset=\"data:image\/svg+xml,%3Csvg%20xmlns%3D%27http%3A%2F%2Fwww.w3.org%2F2000%2Fsvg%27%20width%3D%27358%27%20height%3D%27445%27%20viewBox%3D%270%200%20358%20445%27%3E%3Crect%20width%3D%27358%27%20height%3D%27445%27%20fill-opacity%3D%220%22%2F%3E%3C%2Fsvg%3E\" data-orig-src=\"https:\/\/studentmag.unipr.it\/wp-content\/uploads\/2025\/12\/sparano_solaro-e1765380378219.jpg\" data-srcset=\"https:\/\/studentmag.unipr.it\/wp-content\/uploads\/2025\/12\/sparano_solaro-e1765380378219-200x249.jpg 200w, https:\/\/studentmag.unipr.it\/wp-content\/uploads\/2025\/12\/sparano_solaro-e1765380378219.jpg 358w\" data-sizes=\"auto\" \/>\t\t\t<\/a>\n\t\t\t\t\t\t\t<\/div>\n<\/div><div class=\"fusion-title title fusion-title-104 fusion-sep-none fusion-title-text fusion-title-size-two\" style=\"--awb-margin-right:5%;--awb-margin-bottom:10px;--awb-margin-left:5%;--awb-margin-left-small:5%;--awb-link-color:hsla(var(--awb-color3-h),var(--awb-color3-s),calc(var(--awb-color3-l) + 10%),var(--awb-color3-a));--awb-link-hover-color:var(--awb-color1);--awb-font-size:25px;\"><h2 class=\"fusion-title-heading title-heading-left fusion-responsive-typography-calculated\" style=\"margin:0;font-size:1em;--fontSize:25;--minFontSize:25;line-height:1.4;\"><a href=\"https:\/\/studentmag.unipr.it\/index.php\/2025\/12\/15\/sulle-orme-di-barezzi-dietro-le-quinte-del-festival\/\" class=\"awb-custom-text-color awb-custom-text-hover-color\" target=\"_self\">Sulle orme di Barezzi, dietro le quinte del festival<\/a><\/h2><\/div><div class=\"fusion-meta-tb fusion-meta-tb-103 floated\" style=\"--awb-border-bottom:0px;--awb-border-top:0px;--awb-height:36px;--awb-font-size:14px;--awb-margin-bottom:20px;--awb-margin-left:5%;--awb-margin-right:5%;--awb-text-color:var(--awb-color1);--awb-alignment-medium:flex-start;--awb-alignment-small:flex-start;\"><span class=\"fusion-tb-published-date\">Published On: 15 Dicembre 2025<\/span><span class=\"fusion-meta-tb-sep\"><\/span><\/div><div class=\"fusion-text fusion-text-103\" style=\"--awb-text-color:hsla(var(--awb-color1-h),var(--awb-color1-s),var(--awb-color1-l),calc(var(--awb-color1-a) - 20%));--awb-margin-right:5%;--awb-margin-left:5%;\"><p>L'incontro con il direttore artistico Giovanni Sparano: \u00abBarezzi Festival \u00e8 un\u2019esperienza appagante e coraggiosa\u00bb<\/p>\n<\/div><\/div><\/li>\n<li class=\"fusion-layout-column fusion_builder_column fusion-builder-column-105 fusion-flex-column post-card fusion-grid-column fusion-post-cards-grid-column cool-tura fusion-animated\" style=\"--awb-bg-position:center top;--awb-bg-size:cover;--awb-flex-grow:0;--awb-flex-shrink:0;--awb-flex-grow-medium:0;--awb-flex-shrink-medium:0;--awb-flex-grow-small:0;--awb-flex-shrink-small:0;\"><div class=\"fusion-column-wrapper fusion-column-has-shadow fusion-flex-justify-content-flex-start fusion-content-layout-column\"><div class=\"fusion-classic-product-image-wrapper fusion-woo-product-image fusion-post-card-image fusion-post-card-image-1\" data-layout=\"static\" style=\"--awb-margin-bottom:15px;--awb-border-radius-top-left:8px;--awb-border-radius-top-right:8px;--awb-border-radius-bottom-right:8px;--awb-border-radius-bottom-left:8px;\"><div  class=\"fusion-image-wrapper\" aria-haspopup=\"true\">\n\t\t\t\t\t\t\t<a href=\"https:\/\/studentmag.unipr.it\/index.php\/2025\/12\/14\/la-rivoluzione-di-blanca\/\" aria-label=\"La rivoluzione di Blanca\">\n\t\t\t\t\t\t\t<img decoding=\"async\" width=\"2000\" height=\"1334\" src=\"https:\/\/studentmag.unipr.it\/wp-content\/uploads\/2025\/12\/Blanca3_PhVirginiaBettoja_1774_EP2_GIANNETTA-copia-2.webp\" class=\"attachment-full size-full lazyload wp-post-image\" alt=\"\" srcset=\"data:image\/svg+xml,%3Csvg%20xmlns%3D%27http%3A%2F%2Fwww.w3.org%2F2000%2Fsvg%27%20width%3D%272000%27%20height%3D%271334%27%20viewBox%3D%270%200%202000%201334%27%3E%3Crect%20width%3D%272000%27%20height%3D%271334%27%20fill-opacity%3D%220%22%2F%3E%3C%2Fsvg%3E\" data-orig-src=\"https:\/\/studentmag.unipr.it\/wp-content\/uploads\/2025\/12\/Blanca3_PhVirginiaBettoja_1774_EP2_GIANNETTA-copia-2.webp\" data-srcset=\"https:\/\/studentmag.unipr.it\/wp-content\/uploads\/2025\/12\/Blanca3_PhVirginiaBettoja_1774_EP2_GIANNETTA-copia-2-200x133.webp 200w, https:\/\/studentmag.unipr.it\/wp-content\/uploads\/2025\/12\/Blanca3_PhVirginiaBettoja_1774_EP2_GIANNETTA-copia-2-300x200.webp 300w, https:\/\/studentmag.unipr.it\/wp-content\/uploads\/2025\/12\/Blanca3_PhVirginiaBettoja_1774_EP2_GIANNETTA-copia-2-400x267.webp 400w, https:\/\/studentmag.unipr.it\/wp-content\/uploads\/2025\/12\/Blanca3_PhVirginiaBettoja_1774_EP2_GIANNETTA-copia-2-600x400.webp 600w, https:\/\/studentmag.unipr.it\/wp-content\/uploads\/2025\/12\/Blanca3_PhVirginiaBettoja_1774_EP2_GIANNETTA-copia-2-768x512.webp 768w, https:\/\/studentmag.unipr.it\/wp-content\/uploads\/2025\/12\/Blanca3_PhVirginiaBettoja_1774_EP2_GIANNETTA-copia-2-800x534.webp 800w, https:\/\/studentmag.unipr.it\/wp-content\/uploads\/2025\/12\/Blanca3_PhVirginiaBettoja_1774_EP2_GIANNETTA-copia-2-1024x683.webp 1024w, https:\/\/studentmag.unipr.it\/wp-content\/uploads\/2025\/12\/Blanca3_PhVirginiaBettoja_1774_EP2_GIANNETTA-copia-2-1200x800.webp 1200w, https:\/\/studentmag.unipr.it\/wp-content\/uploads\/2025\/12\/Blanca3_PhVirginiaBettoja_1774_EP2_GIANNETTA-copia-2-1536x1025.webp 1536w, https:\/\/studentmag.unipr.it\/wp-content\/uploads\/2025\/12\/Blanca3_PhVirginiaBettoja_1774_EP2_GIANNETTA-copia-2.webp 2000w\" data-sizes=\"auto\" \/>\t\t\t<\/a>\n\t\t\t\t\t\t\t<\/div>\n<\/div><div class=\"fusion-title title fusion-title-105 fusion-sep-none fusion-title-text fusion-title-size-two\" style=\"--awb-margin-right:5%;--awb-margin-bottom:10px;--awb-margin-left:5%;--awb-margin-left-small:5%;--awb-link-color:hsla(var(--awb-color3-h),var(--awb-color3-s),calc(var(--awb-color3-l) + 10%),var(--awb-color3-a));--awb-link-hover-color:var(--awb-color1);--awb-font-size:25px;\"><h2 class=\"fusion-title-heading title-heading-left fusion-responsive-typography-calculated\" style=\"margin:0;font-size:1em;--fontSize:25;--minFontSize:25;line-height:1.4;\"><a href=\"https:\/\/studentmag.unipr.it\/index.php\/2025\/12\/14\/la-rivoluzione-di-blanca\/\" class=\"awb-custom-text-color awb-custom-text-hover-color\" target=\"_self\">La rivoluzione di Blanca<\/a><\/h2><\/div><div class=\"fusion-meta-tb fusion-meta-tb-104 floated\" style=\"--awb-border-bottom:0px;--awb-border-top:0px;--awb-height:36px;--awb-font-size:14px;--awb-margin-bottom:20px;--awb-margin-left:5%;--awb-margin-right:5%;--awb-text-color:var(--awb-color1);--awb-alignment-medium:flex-start;--awb-alignment-small:flex-start;\"><span class=\"fusion-tb-published-date\">Published On: 14 Dicembre 2025<\/span><span class=\"fusion-meta-tb-sep\"><\/span><\/div><div class=\"fusion-text fusion-text-104\" style=\"--awb-text-color:hsla(var(--awb-color1-h),var(--awb-color1-s),var(--awb-color1-l),calc(var(--awb-color1-a) - 20%));--awb-margin-right:5%;--awb-margin-left:5%;\"><p>Maria Chiara Giannetta e Pierpaolo Spollon raccontano l\u2019anomalia di un successo \u201cacid funk\u201d premiata al Parma Film Festival 2025<\/p>\n<\/div><\/div><\/li>\n<li class=\"fusion-layout-column fusion_builder_column fusion-builder-column-106 fusion-flex-column post-card fusion-grid-column fusion-post-cards-grid-column lungo-parma fusion-animated\" style=\"--awb-bg-position:center top;--awb-bg-size:cover;--awb-flex-grow:0;--awb-flex-shrink:0;--awb-flex-grow-medium:0;--awb-flex-shrink-medium:0;--awb-flex-grow-small:0;--awb-flex-shrink-small:0;\"><div class=\"fusion-column-wrapper fusion-column-has-shadow fusion-flex-justify-content-flex-start fusion-content-layout-column\"><div class=\"fusion-classic-product-image-wrapper fusion-woo-product-image fusion-post-card-image fusion-post-card-image-1\" data-layout=\"static\" style=\"--awb-margin-bottom:15px;--awb-border-radius-top-left:8px;--awb-border-radius-top-right:8px;--awb-border-radius-bottom-right:8px;--awb-border-radius-bottom-left:8px;\"><div  class=\"fusion-image-wrapper\" aria-haspopup=\"true\">\n\t\t\t\t\t\t\t<a href=\"https:\/\/studentmag.unipr.it\/index.php\/2025\/12\/12\/e-stata-la-mano-di-filippo-scotti\/\" aria-label=\"\u00c8 stata la mano di Filippo Scotti\">\n\t\t\t\t\t\t\t<img decoding=\"async\" width=\"939\" height=\"1320\" src=\"data:image\/svg+xml,%3Csvg%20xmlns%3D%27http%3A%2F%2Fwww.w3.org%2F2000%2Fsvg%27%20width%3D%27939%27%20height%3D%271320%27%20viewBox%3D%270%200%20939%201320%27%3E%3Crect%20width%3D%27939%27%20height%3D%271320%27%20fill-opacity%3D%220%22%2F%3E%3C%2Fsvg%3E\" class=\"attachment-full size-full lazyload wp-post-image\" alt=\"\" data-orig-src=\"https:\/\/studentmag.unipr.it\/wp-content\/uploads\/2025\/12\/Il-premio-Schiaretti-a-Filippo-Scotti-e1765550131170.jpeg\" \/>\t\t\t<\/a>\n\t\t\t\t\t\t\t<\/div>\n<\/div><div class=\"fusion-title title fusion-title-106 fusion-sep-none fusion-title-text fusion-title-size-two\" style=\"--awb-margin-right:5%;--awb-margin-bottom:10px;--awb-margin-left:5%;--awb-margin-left-small:5%;--awb-link-color:hsla(var(--awb-color3-h),var(--awb-color3-s),calc(var(--awb-color3-l) + 10%),var(--awb-color3-a));--awb-link-hover-color:var(--awb-color1);--awb-font-size:25px;\"><h2 class=\"fusion-title-heading title-heading-left fusion-responsive-typography-calculated\" style=\"margin:0;font-size:1em;--fontSize:25;--minFontSize:25;line-height:1.4;\"><a href=\"https:\/\/studentmag.unipr.it\/index.php\/2025\/12\/12\/e-stata-la-mano-di-filippo-scotti\/\" class=\"awb-custom-text-color awb-custom-text-hover-color\" target=\"_self\">\u00c8 stata la mano di Filippo Scotti<\/a><\/h2><\/div><div class=\"fusion-meta-tb fusion-meta-tb-105 floated\" style=\"--awb-border-bottom:0px;--awb-border-top:0px;--awb-height:36px;--awb-font-size:14px;--awb-margin-bottom:20px;--awb-margin-left:5%;--awb-margin-right:5%;--awb-text-color:var(--awb-color1);--awb-alignment-medium:flex-start;--awb-alignment-small:flex-start;\"><span class=\"fusion-tb-published-date\">Published On: 12 Dicembre 2025<\/span><span class=\"fusion-meta-tb-sep\"><\/span><\/div><div class=\"fusion-text fusion-text-105\" style=\"--awb-text-color:hsla(var(--awb-color1-h),var(--awb-color1-s),var(--awb-color1-l),calc(var(--awb-color1-a) - 20%));--awb-margin-right:5%;--awb-margin-left:5%;\"><p>Io, la mia prima volta da giornalista e quei treni che non passano per 'Le citt\u00e0 di pianura'<\/p>\n<\/div><\/div><\/li>\n<li class=\"fusion-layout-column fusion_builder_column fusion-builder-column-107 fusion-flex-column post-card fusion-grid-column fusion-post-cards-grid-column uni-verso fusion-animated\" style=\"--awb-bg-position:center top;--awb-bg-size:cover;--awb-flex-grow:0;--awb-flex-shrink:0;--awb-flex-grow-medium:0;--awb-flex-shrink-medium:0;--awb-flex-grow-small:0;--awb-flex-shrink-small:0;\"><div class=\"fusion-column-wrapper fusion-column-has-shadow fusion-flex-justify-content-flex-start fusion-content-layout-column\"><div class=\"fusion-classic-product-image-wrapper fusion-woo-product-image fusion-post-card-image fusion-post-card-image-1\" data-layout=\"static\" style=\"--awb-margin-bottom:15px;--awb-border-radius-top-left:8px;--awb-border-radius-top-right:8px;--awb-border-radius-bottom-right:8px;--awb-border-radius-bottom-left:8px;\"><div  class=\"fusion-image-wrapper\" aria-haspopup=\"true\">\n\t\t\t\t\t\t\t<a href=\"https:\/\/studentmag.unipr.it\/index.php\/2025\/12\/11\/fuori-dallaula-oltre-la-citta\/\" aria-label=\"Fuori dall&#8217;aula, oltre la citt\u00e0\">\n\t\t\t\t\t\t\t<img decoding=\"async\" width=\"1610\" height=\"1034\" src=\"https:\/\/studentmag.unipr.it\/wp-content\/uploads\/2025\/11\/Redazione_Studentmag_02-e1765449638854.webp\" class=\"attachment-full size-full lazyload wp-post-image\" alt=\"\" srcset=\"data:image\/svg+xml,%3Csvg%20xmlns%3D%27http%3A%2F%2Fwww.w3.org%2F2000%2Fsvg%27%20width%3D%271610%27%20height%3D%271034%27%20viewBox%3D%270%200%201610%201034%27%3E%3Crect%20width%3D%271610%27%20height%3D%271034%27%20fill-opacity%3D%220%22%2F%3E%3C%2Fsvg%3E\" data-orig-src=\"https:\/\/studentmag.unipr.it\/wp-content\/uploads\/2025\/11\/Redazione_Studentmag_02-e1765449638854.webp\" data-srcset=\"https:\/\/studentmag.unipr.it\/wp-content\/uploads\/2025\/11\/Redazione_Studentmag_02-e1765449638854-200x128.webp 200w, https:\/\/studentmag.unipr.it\/wp-content\/uploads\/2025\/11\/Redazione_Studentmag_02-e1765449638854-300x193.webp 300w, https:\/\/studentmag.unipr.it\/wp-content\/uploads\/2025\/11\/Redazione_Studentmag_02-e1765449638854-400x257.webp 400w, https:\/\/studentmag.unipr.it\/wp-content\/uploads\/2025\/11\/Redazione_Studentmag_02-e1765449638854-460x295.webp 460w, https:\/\/studentmag.unipr.it\/wp-content\/uploads\/2025\/11\/Redazione_Studentmag_02-e1765449638854-600x385.webp 600w, https:\/\/studentmag.unipr.it\/wp-content\/uploads\/2025\/11\/Redazione_Studentmag_02-e1765449638854-768x493.webp 768w, https:\/\/studentmag.unipr.it\/wp-content\/uploads\/2025\/11\/Redazione_Studentmag_02-e1765449638854-800x514.webp 800w, https:\/\/studentmag.unipr.it\/wp-content\/uploads\/2025\/11\/Redazione_Studentmag_02-e1765449638854-1024x658.webp 1024w, https:\/\/studentmag.unipr.it\/wp-content\/uploads\/2025\/11\/Redazione_Studentmag_02-e1765449638854-1200x771.webp 1200w, https:\/\/studentmag.unipr.it\/wp-content\/uploads\/2025\/11\/Redazione_Studentmag_02-e1765449638854-1536x986.webp 1536w, https:\/\/studentmag.unipr.it\/wp-content\/uploads\/2025\/11\/Redazione_Studentmag_02-e1765449638854.webp 1610w\" data-sizes=\"auto\" \/>\t\t\t<\/a>\n\t\t\t\t\t\t\t<\/div>\n<\/div><div class=\"fusion-title title fusion-title-107 fusion-sep-none fusion-title-text fusion-title-size-two\" style=\"--awb-margin-right:5%;--awb-margin-bottom:10px;--awb-margin-left:5%;--awb-margin-left-small:5%;--awb-link-color:hsla(var(--awb-color3-h),var(--awb-color3-s),calc(var(--awb-color3-l) + 10%),var(--awb-color3-a));--awb-link-hover-color:var(--awb-color1);--awb-font-size:25px;\"><h2 class=\"fusion-title-heading title-heading-left fusion-responsive-typography-calculated\" style=\"margin:0;font-size:1em;--fontSize:25;--minFontSize:25;line-height:1.4;\"><a href=\"https:\/\/studentmag.unipr.it\/index.php\/2025\/12\/11\/fuori-dallaula-oltre-la-citta\/\" class=\"awb-custom-text-color awb-custom-text-hover-color\" target=\"_self\">Fuori dall&#8217;aula, oltre la citt\u00e0<\/a><\/h2><\/div><div class=\"fusion-meta-tb fusion-meta-tb-106 floated\" style=\"--awb-border-bottom:0px;--awb-border-top:0px;--awb-height:36px;--awb-font-size:14px;--awb-margin-bottom:20px;--awb-margin-left:5%;--awb-margin-right:5%;--awb-text-color:var(--awb-color1);--awb-alignment-medium:flex-start;--awb-alignment-small:flex-start;\"><span class=\"fusion-tb-published-date\">Published On: 11 Dicembre 2025<\/span><span class=\"fusion-meta-tb-sep\"><\/span><\/div><div class=\"fusion-text fusion-text-106\" style=\"--awb-text-color:hsla(var(--awb-color1-h),var(--awb-color1-s),var(--awb-color1-l),calc(var(--awb-color1-a) - 20%));--awb-margin-right:5%;--awb-margin-left:5%;\"><\/div><\/div><\/li>\n<li class=\"fusion-layout-column fusion_builder_column fusion-builder-column-108 fusion-flex-column post-card fusion-grid-column fusion-post-cards-grid-column pov-point-of-view fusion-animated\" style=\"--awb-bg-position:center top;--awb-bg-size:cover;--awb-flex-grow:0;--awb-flex-shrink:0;--awb-flex-grow-medium:0;--awb-flex-shrink-medium:0;--awb-flex-grow-small:0;--awb-flex-shrink-small:0;\"><div class=\"fusion-column-wrapper fusion-column-has-shadow fusion-flex-justify-content-flex-start fusion-content-layout-column\"><div class=\"fusion-classic-product-image-wrapper fusion-woo-product-image fusion-post-card-image fusion-post-card-image-1\" data-layout=\"static\" style=\"--awb-margin-bottom:15px;--awb-border-radius-top-left:8px;--awb-border-radius-top-right:8px;--awb-border-radius-bottom-right:8px;--awb-border-radius-bottom-left:8px;\"><div  class=\"fusion-image-wrapper\" aria-haspopup=\"true\">\n\t\t\t\t\t\t\t<a href=\"https:\/\/studentmag.unipr.it\/index.php\/2025\/12\/11\/trovo-la-mia-comfort-zone-nello-stare-fuori-posto-cloned\/\" aria-label=\"\u00abTrovo la mia comfort zone nello stare fuori posto\u00bb\">\n\t\t\t\t\t\t\t<img decoding=\"async\" width=\"1563\" height=\"1007\" src=\"data:image\/svg+xml,%3Csvg%20xmlns%3D%27http%3A%2F%2Fwww.w3.org%2F2000%2Fsvg%27%20width%3D%271563%27%20height%3D%271007%27%20viewBox%3D%270%200%201563%201007%27%3E%3Crect%20width%3D%271563%27%20height%3D%271007%27%20fill-opacity%3D%220%22%2F%3E%3C%2Fsvg%3E\" class=\"attachment-full size-full lazyload wp-post-image\" alt=\"\" data-orig-src=\"https:\/\/studentmag.unipr.it\/wp-content\/uploads\/2019\/10\/pexels-annakester-15456470-scaled-e1758275669104.webp\" \/>\t\t\t<\/a>\n\t\t\t\t\t\t\t<\/div>\n<\/div><div class=\"fusion-title title fusion-title-108 fusion-sep-none fusion-title-text fusion-title-size-two\" style=\"--awb-margin-right:5%;--awb-margin-bottom:10px;--awb-margin-left:5%;--awb-margin-left-small:5%;--awb-link-color:hsla(var(--awb-color3-h),var(--awb-color3-s),calc(var(--awb-color3-l) + 10%),var(--awb-color3-a));--awb-link-hover-color:var(--awb-color1);--awb-font-size:25px;\"><h2 class=\"fusion-title-heading title-heading-left fusion-responsive-typography-calculated\" style=\"margin:0;font-size:1em;--fontSize:25;--minFontSize:25;line-height:1.4;\"><a href=\"https:\/\/studentmag.unipr.it\/index.php\/2025\/12\/11\/trovo-la-mia-comfort-zone-nello-stare-fuori-posto-cloned\/\" class=\"awb-custom-text-color awb-custom-text-hover-color\" target=\"_self\">\u00abTrovo la mia comfort zone nello stare fuori posto\u00bb<\/a><\/h2><\/div><div class=\"fusion-meta-tb fusion-meta-tb-107 floated\" style=\"--awb-border-bottom:0px;--awb-border-top:0px;--awb-height:36px;--awb-font-size:14px;--awb-margin-bottom:20px;--awb-margin-left:5%;--awb-margin-right:5%;--awb-text-color:var(--awb-color1);--awb-alignment-medium:flex-start;--awb-alignment-small:flex-start;\"><span class=\"fusion-tb-published-date\">Published On: 11 Dicembre 2025<\/span><span class=\"fusion-meta-tb-sep\"><\/span><\/div><div class=\"fusion-text fusion-text-107\" style=\"--awb-text-color:hsla(var(--awb-color1-h),var(--awb-color1-s),var(--awb-color1-l),calc(var(--awb-color1-a) - 20%));--awb-margin-right:5%;--awb-margin-left:5%;\"><p>In viaggio con Nicolas, verso la diplomazia<\/p>\n<\/div><\/div><\/li>\n<li class=\"fusion-layout-column fusion_builder_column fusion-builder-column-109 fusion-flex-column post-card fusion-grid-column fusion-post-cards-grid-column uni-verso fusion-animated\" style=\"--awb-bg-position:center top;--awb-bg-size:cover;--awb-flex-grow:0;--awb-flex-shrink:0;--awb-flex-grow-medium:0;--awb-flex-shrink-medium:0;--awb-flex-grow-small:0;--awb-flex-shrink-small:0;\"><div class=\"fusion-column-wrapper fusion-column-has-shadow fusion-flex-justify-content-flex-start fusion-content-layout-column\"><div class=\"fusion-classic-product-image-wrapper fusion-woo-product-image fusion-post-card-image fusion-post-card-image-1\" data-layout=\"static\" style=\"--awb-margin-bottom:15px;--awb-border-radius-top-left:8px;--awb-border-radius-top-right:8px;--awb-border-radius-bottom-right:8px;--awb-border-radius-bottom-left:8px;\"><div  class=\"fusion-image-wrapper\" aria-haspopup=\"true\">\n\t\t\t\t\t\t\t<a href=\"https:\/\/studentmag.unipr.it\/index.php\/2025\/12\/11\/punto-zero-nuove-rotte-da-tracciare\/\" aria-label=\"Punto zero, nuove rotte da tracciare\">\n\t\t\t\t\t\t\t<img decoding=\"async\" width=\"2560\" height=\"1696\" src=\"https:\/\/studentmag.unipr.it\/wp-content\/uploads\/2025\/12\/Bussola-1-min-min-scaled.jpg\" class=\"attachment-full size-full lazyload wp-post-image\" alt=\"\" srcset=\"data:image\/svg+xml,%3Csvg%20xmlns%3D%27http%3A%2F%2Fwww.w3.org%2F2000%2Fsvg%27%20width%3D%272560%27%20height%3D%271696%27%20viewBox%3D%270%200%202560%201696%27%3E%3Crect%20width%3D%272560%27%20height%3D%271696%27%20fill-opacity%3D%220%22%2F%3E%3C%2Fsvg%3E\" data-orig-src=\"https:\/\/studentmag.unipr.it\/wp-content\/uploads\/2025\/12\/Bussola-1-min-min-scaled.jpg\" data-srcset=\"https:\/\/studentmag.unipr.it\/wp-content\/uploads\/2025\/12\/Bussola-1-min-min-200x132.jpg 200w, https:\/\/studentmag.unipr.it\/wp-content\/uploads\/2025\/12\/Bussola-1-min-min-400x265.jpg 400w, https:\/\/studentmag.unipr.it\/wp-content\/uploads\/2025\/12\/Bussola-1-min-min-600x397.jpg 600w, https:\/\/studentmag.unipr.it\/wp-content\/uploads\/2025\/12\/Bussola-1-min-min-800x530.jpg 800w, https:\/\/studentmag.unipr.it\/wp-content\/uploads\/2025\/12\/Bussola-1-min-min-1200x795.jpg 1200w, https:\/\/studentmag.unipr.it\/wp-content\/uploads\/2025\/12\/Bussola-1-min-min-scaled.jpg 2560w\" data-sizes=\"auto\" \/>\t\t\t<\/a>\n\t\t\t\t\t\t\t<\/div>\n<\/div><div class=\"fusion-title title fusion-title-109 fusion-sep-none fusion-title-text fusion-title-size-two\" style=\"--awb-margin-right:5%;--awb-margin-bottom:10px;--awb-margin-left:5%;--awb-margin-left-small:5%;--awb-link-color:hsla(var(--awb-color3-h),var(--awb-color3-s),calc(var(--awb-color3-l) + 10%),var(--awb-color3-a));--awb-link-hover-color:var(--awb-color1);--awb-font-size:25px;\"><h2 class=\"fusion-title-heading title-heading-left fusion-responsive-typography-calculated\" style=\"margin:0;font-size:1em;--fontSize:25;--minFontSize:25;line-height:1.4;\"><a href=\"https:\/\/studentmag.unipr.it\/index.php\/2025\/12\/11\/punto-zero-nuove-rotte-da-tracciare\/\" class=\"awb-custom-text-color awb-custom-text-hover-color\" target=\"_self\">Punto zero, nuove rotte da tracciare<\/a><\/h2><\/div><div class=\"fusion-meta-tb fusion-meta-tb-108 floated\" style=\"--awb-border-bottom:0px;--awb-border-top:0px;--awb-height:36px;--awb-font-size:14px;--awb-margin-bottom:20px;--awb-margin-left:5%;--awb-margin-right:5%;--awb-text-color:var(--awb-color1);--awb-alignment-medium:flex-start;--awb-alignment-small:flex-start;\"><span class=\"fusion-tb-published-date\">Published On: 11 Dicembre 2025<\/span><span class=\"fusion-meta-tb-sep\"><\/span><\/div><div class=\"fusion-text fusion-text-108\" style=\"--awb-text-color:hsla(var(--awb-color1-h),var(--awb-color1-s),var(--awb-color1-l),calc(var(--awb-color1-a) - 20%));--awb-margin-right:5%;--awb-margin-left:5%;\"><\/div><\/div><\/li>\n<li class=\"fusion-layout-column fusion_builder_column fusion-builder-column-110 fusion-flex-column post-card fusion-grid-column fusion-post-cards-grid-column cool-tura fusion-animated\" style=\"--awb-bg-position:center top;--awb-bg-size:cover;--awb-flex-grow:0;--awb-flex-shrink:0;--awb-flex-grow-medium:0;--awb-flex-shrink-medium:0;--awb-flex-grow-small:0;--awb-flex-shrink-small:0;\"><div class=\"fusion-column-wrapper fusion-column-has-shadow fusion-flex-justify-content-flex-start fusion-content-layout-column\"><div class=\"fusion-classic-product-image-wrapper fusion-woo-product-image fusion-post-card-image fusion-post-card-image-1\" data-layout=\"static\" style=\"--awb-margin-bottom:15px;--awb-border-radius-top-left:8px;--awb-border-radius-top-right:8px;--awb-border-radius-bottom-right:8px;--awb-border-radius-bottom-left:8px;\"><div  class=\"fusion-image-wrapper\" aria-haspopup=\"true\">\n\t\t\t\t\t\t\t<a href=\"https:\/\/studentmag.unipr.it\/index.php\/2025\/12\/09\/francesco-bocchi-ritratti-che-parlano\/\" aria-label=\"Francesco Bocchi, ritratti che parlano\">\n\t\t\t\t\t\t\t<img decoding=\"async\" width=\"1517\" height=\"728\" src=\"https:\/\/studentmag.unipr.it\/wp-content\/uploads\/2025\/12\/Giulia-Ghiretti-Mauro-Coruzzi-Ayomide-Folorunso.jpg\" class=\"attachment-full size-full lazyload wp-post-image\" alt=\"\" srcset=\"data:image\/svg+xml,%3Csvg%20xmlns%3D%27http%3A%2F%2Fwww.w3.org%2F2000%2Fsvg%27%20width%3D%271517%27%20height%3D%27728%27%20viewBox%3D%270%200%201517%20728%27%3E%3Crect%20width%3D%271517%27%20height%3D%27728%27%20fill-opacity%3D%220%22%2F%3E%3C%2Fsvg%3E\" data-orig-src=\"https:\/\/studentmag.unipr.it\/wp-content\/uploads\/2025\/12\/Giulia-Ghiretti-Mauro-Coruzzi-Ayomide-Folorunso.jpg\" data-srcset=\"https:\/\/studentmag.unipr.it\/wp-content\/uploads\/2025\/12\/Giulia-Ghiretti-Mauro-Coruzzi-Ayomide-Folorunso-200x96.jpg 200w, https:\/\/studentmag.unipr.it\/wp-content\/uploads\/2025\/12\/Giulia-Ghiretti-Mauro-Coruzzi-Ayomide-Folorunso-400x192.jpg 400w, https:\/\/studentmag.unipr.it\/wp-content\/uploads\/2025\/12\/Giulia-Ghiretti-Mauro-Coruzzi-Ayomide-Folorunso-600x288.jpg 600w, https:\/\/studentmag.unipr.it\/wp-content\/uploads\/2025\/12\/Giulia-Ghiretti-Mauro-Coruzzi-Ayomide-Folorunso-800x384.jpg 800w, https:\/\/studentmag.unipr.it\/wp-content\/uploads\/2025\/12\/Giulia-Ghiretti-Mauro-Coruzzi-Ayomide-Folorunso-1200x576.jpg 1200w, https:\/\/studentmag.unipr.it\/wp-content\/uploads\/2025\/12\/Giulia-Ghiretti-Mauro-Coruzzi-Ayomide-Folorunso.jpg 1517w\" data-sizes=\"auto\" \/>\t\t\t<\/a>\n\t\t\t\t\t\t\t<\/div>\n<\/div><div class=\"fusion-title title fusion-title-110 fusion-sep-none fusion-title-text fusion-title-size-two\" style=\"--awb-margin-right:5%;--awb-margin-bottom:10px;--awb-margin-left:5%;--awb-margin-left-small:5%;--awb-link-color:hsla(var(--awb-color3-h),var(--awb-color3-s),calc(var(--awb-color3-l) + 10%),var(--awb-color3-a));--awb-link-hover-color:var(--awb-color1);--awb-font-size:25px;\"><h2 class=\"fusion-title-heading title-heading-left fusion-responsive-typography-calculated\" style=\"margin:0;font-size:1em;--fontSize:25;--minFontSize:25;line-height:1.4;\"><a href=\"https:\/\/studentmag.unipr.it\/index.php\/2025\/12\/09\/francesco-bocchi-ritratti-che-parlano\/\" class=\"awb-custom-text-color awb-custom-text-hover-color\" target=\"_self\">Francesco Bocchi, ritratti che parlano<\/a><\/h2><\/div><div class=\"fusion-meta-tb fusion-meta-tb-109 floated\" style=\"--awb-border-bottom:0px;--awb-border-top:0px;--awb-height:36px;--awb-font-size:14px;--awb-margin-bottom:20px;--awb-margin-left:5%;--awb-margin-right:5%;--awb-text-color:var(--awb-color1);--awb-alignment-medium:flex-start;--awb-alignment-small:flex-start;\"><span class=\"fusion-tb-published-date\">Published On: 9 Dicembre 2025<\/span><span class=\"fusion-meta-tb-sep\"><\/span><\/div><div class=\"fusion-text fusion-text-109\" style=\"--awb-text-color:hsla(var(--awb-color1-h),var(--awb-color1-s),var(--awb-color1-l),calc(var(--awb-color1-a) - 20%));--awb-margin-right:5%;--awb-margin-left:5%;\"><p>Siamo stati alla presentazione del libro Parma in posa 2025 alla Corale Verdi<\/p>\n<\/div><\/div><\/li>\n<li class=\"fusion-layout-column fusion_builder_column fusion-builder-column-111 fusion-flex-column post-card fusion-grid-column fusion-post-cards-grid-column cool-tura fusion-animated\" style=\"--awb-bg-position:center top;--awb-bg-size:cover;--awb-flex-grow:0;--awb-flex-shrink:0;--awb-flex-grow-medium:0;--awb-flex-shrink-medium:0;--awb-flex-grow-small:0;--awb-flex-shrink-small:0;\"><div class=\"fusion-column-wrapper fusion-column-has-shadow fusion-flex-justify-content-flex-start fusion-content-layout-column\"><div class=\"fusion-classic-product-image-wrapper fusion-woo-product-image fusion-post-card-image fusion-post-card-image-1\" data-layout=\"static\" style=\"--awb-margin-bottom:15px;--awb-border-radius-top-left:8px;--awb-border-radius-top-right:8px;--awb-border-radius-bottom-right:8px;--awb-border-radius-bottom-left:8px;\"><div  class=\"fusion-image-wrapper\" aria-haspopup=\"true\">\n\t\t\t\t\t\t\t<a href=\"https:\/\/studentmag.unipr.it\/index.php\/2025\/12\/03\/dalla-divina-commedia-ai-chupa-chups-dali-tra-arte-e-mito-e-marketing\/\" aria-label=\"Dalla Divina Commedia ai Chupa Chups: Dal\u00ec tra arte e mito (e marketing)\">\n\t\t\t\t\t\t\t<img decoding=\"async\" width=\"2560\" height=\"1306\" src=\"https:\/\/studentmag.unipr.it\/wp-content\/uploads\/2025\/12\/Dali-copertina-2-scaled-e1764591743696.jpeg\" class=\"attachment-full size-full lazyload wp-post-image\" alt=\"Dal\u00ec copertina 2\" srcset=\"data:image\/svg+xml,%3Csvg%20xmlns%3D%27http%3A%2F%2Fwww.w3.org%2F2000%2Fsvg%27%20width%3D%272560%27%20height%3D%271306%27%20viewBox%3D%270%200%202560%201306%27%3E%3Crect%20width%3D%272560%27%20height%3D%271306%27%20fill-opacity%3D%220%22%2F%3E%3C%2Fsvg%3E\" data-orig-src=\"https:\/\/studentmag.unipr.it\/wp-content\/uploads\/2025\/12\/Dali-copertina-2-scaled-e1764591743696.jpeg\" data-srcset=\"https:\/\/studentmag.unipr.it\/wp-content\/uploads\/2025\/12\/Dali-copertina-2-scaled-e1764591743696-200x102.jpeg 200w, https:\/\/studentmag.unipr.it\/wp-content\/uploads\/2025\/12\/Dali-copertina-2-scaled-e1764591743696-400x204.jpeg 400w, https:\/\/studentmag.unipr.it\/wp-content\/uploads\/2025\/12\/Dali-copertina-2-scaled-e1764591743696-600x306.jpeg 600w, https:\/\/studentmag.unipr.it\/wp-content\/uploads\/2025\/12\/Dali-copertina-2-scaled-e1764591743696-800x408.jpeg 800w, https:\/\/studentmag.unipr.it\/wp-content\/uploads\/2025\/12\/Dali-copertina-2-scaled-e1764591743696-1200x612.jpeg 1200w, https:\/\/studentmag.unipr.it\/wp-content\/uploads\/2025\/12\/Dali-copertina-2-scaled-e1764591743696.jpeg 2560w\" data-sizes=\"auto\" \/>\t\t\t<\/a>\n\t\t\t\t\t\t\t<\/div>\n<\/div><div class=\"fusion-title title fusion-title-111 fusion-sep-none fusion-title-text fusion-title-size-two\" style=\"--awb-margin-right:5%;--awb-margin-bottom:10px;--awb-margin-left:5%;--awb-margin-left-small:5%;--awb-link-color:hsla(var(--awb-color3-h),var(--awb-color3-s),calc(var(--awb-color3-l) + 10%),var(--awb-color3-a));--awb-link-hover-color:var(--awb-color1);--awb-font-size:25px;\"><h2 class=\"fusion-title-heading title-heading-left fusion-responsive-typography-calculated\" style=\"margin:0;font-size:1em;--fontSize:25;--minFontSize:25;line-height:1.4;\"><a href=\"https:\/\/studentmag.unipr.it\/index.php\/2025\/12\/03\/dalla-divina-commedia-ai-chupa-chups-dali-tra-arte-e-mito-e-marketing\/\" class=\"awb-custom-text-color awb-custom-text-hover-color\" target=\"_self\">Dalla Divina Commedia ai Chupa Chups: Dal\u00ec tra arte e mito (e marketing)<\/a><\/h2><\/div><div class=\"fusion-meta-tb fusion-meta-tb-110 floated\" style=\"--awb-border-bottom:0px;--awb-border-top:0px;--awb-height:36px;--awb-font-size:14px;--awb-margin-bottom:20px;--awb-margin-left:5%;--awb-margin-right:5%;--awb-text-color:var(--awb-color1);--awb-alignment-medium:flex-start;--awb-alignment-small:flex-start;\"><span class=\"fusion-tb-published-date\">Published On: 3 Dicembre 2025<\/span><span class=\"fusion-meta-tb-sep\"><\/span><\/div><div class=\"fusion-text fusion-text-110\" style=\"--awb-text-color:hsla(var(--awb-color1-h),var(--awb-color1-s),var(--awb-color1-l),calc(var(--awb-color1-a) - 20%));--awb-margin-right:5%;--awb-margin-left:5%;\"><p>In mostra a Palazzo Tarasconi, le illustrazioni dei cento canti di Dante, Romeo e Giulietta\u2026 ma lo sapevate chi ha disegnato il logo dei lecca lecca?!<\/p>\n<\/div><\/div><\/li>\n<li class=\"fusion-layout-column fusion_builder_column fusion-builder-column-112 fusion-flex-column post-card fusion-grid-column fusion-post-cards-grid-column lungo-parma uni-verso fusion-animated\" style=\"--awb-bg-position:center top;--awb-bg-size:cover;--awb-flex-grow:0;--awb-flex-shrink:0;--awb-flex-grow-medium:0;--awb-flex-shrink-medium:0;--awb-flex-grow-small:0;--awb-flex-shrink-small:0;\"><div class=\"fusion-column-wrapper fusion-column-has-shadow fusion-flex-justify-content-flex-start fusion-content-layout-column\"><div class=\"fusion-classic-product-image-wrapper fusion-woo-product-image fusion-post-card-image fusion-post-card-image-1\" data-layout=\"static\" style=\"--awb-margin-bottom:15px;--awb-border-radius-top-left:8px;--awb-border-radius-top-right:8px;--awb-border-radius-bottom-right:8px;--awb-border-radius-bottom-left:8px;\"><div  class=\"fusion-image-wrapper\" aria-haspopup=\"true\">\n\t\t\t\t\t\t\t<a href=\"https:\/\/studentmag.unipr.it\/index.php\/2025\/12\/01\/i-fratelli-dardenne-a-parma-il-nostro-segreto-mettere-la-telecamera-nel-posto-sbagliato\/\" aria-label=\"I fratelli Dardenne a Parma:  \u00abIl nostro segreto? Mettere la telecamera nel posto sbagliato\u00bb\">\n\t\t\t\t\t\t\t<img decoding=\"async\" width=\"1160\" height=\"734\" src=\"https:\/\/studentmag.unipr.it\/wp-content\/uploads\/2025\/11\/Il-pubblico-della-masterclass-con-Jean-Pierre-e-Luc-Dardenne-e1765489293831.jpeg\" class=\"attachment-full size-full lazyload wp-post-image\" alt=\"Il pubblico della masterclass con Jean-Pierre e Luc Dardenne\" srcset=\"data:image\/svg+xml,%3Csvg%20xmlns%3D%27http%3A%2F%2Fwww.w3.org%2F2000%2Fsvg%27%20width%3D%271160%27%20height%3D%27734%27%20viewBox%3D%270%200%201160%20734%27%3E%3Crect%20width%3D%271160%27%20height%3D%27734%27%20fill-opacity%3D%220%22%2F%3E%3C%2Fsvg%3E\" data-orig-src=\"https:\/\/studentmag.unipr.it\/wp-content\/uploads\/2025\/11\/Il-pubblico-della-masterclass-con-Jean-Pierre-e-Luc-Dardenne-e1765489293831.jpeg\" data-srcset=\"https:\/\/studentmag.unipr.it\/wp-content\/uploads\/2025\/11\/Il-pubblico-della-masterclass-con-Jean-Pierre-e-Luc-Dardenne-e1765489293831-200x127.jpeg 200w, https:\/\/studentmag.unipr.it\/wp-content\/uploads\/2025\/11\/Il-pubblico-della-masterclass-con-Jean-Pierre-e-Luc-Dardenne-e1765489293831-400x253.jpeg 400w, https:\/\/studentmag.unipr.it\/wp-content\/uploads\/2025\/11\/Il-pubblico-della-masterclass-con-Jean-Pierre-e-Luc-Dardenne-e1765489293831-600x380.jpeg 600w, https:\/\/studentmag.unipr.it\/wp-content\/uploads\/2025\/11\/Il-pubblico-della-masterclass-con-Jean-Pierre-e-Luc-Dardenne-e1765489293831-800x506.jpeg 800w, https:\/\/studentmag.unipr.it\/wp-content\/uploads\/2025\/11\/Il-pubblico-della-masterclass-con-Jean-Pierre-e-Luc-Dardenne-e1765489293831.jpeg 1160w\" data-sizes=\"auto\" \/>\t\t\t<\/a>\n\t\t\t\t\t\t\t<\/div>\n<\/div><div class=\"fusion-title title fusion-title-112 fusion-sep-none fusion-title-text fusion-title-size-two\" style=\"--awb-margin-right:5%;--awb-margin-bottom:10px;--awb-margin-left:5%;--awb-margin-left-small:5%;--awb-link-color:hsla(var(--awb-color3-h),var(--awb-color3-s),calc(var(--awb-color3-l) + 10%),var(--awb-color3-a));--awb-link-hover-color:var(--awb-color1);--awb-font-size:25px;\"><h2 class=\"fusion-title-heading title-heading-left fusion-responsive-typography-calculated\" style=\"margin:0;font-size:1em;--fontSize:25;--minFontSize:25;line-height:1.4;\"><a href=\"https:\/\/studentmag.unipr.it\/index.php\/2025\/12\/01\/i-fratelli-dardenne-a-parma-il-nostro-segreto-mettere-la-telecamera-nel-posto-sbagliato\/\" class=\"awb-custom-text-color awb-custom-text-hover-color\" target=\"_self\">I fratelli Dardenne a Parma:  \u00abIl nostro segreto? Mettere la telecamera nel posto sbagliato\u00bb<\/a><\/h2><\/div><div class=\"fusion-meta-tb fusion-meta-tb-111 floated\" style=\"--awb-border-bottom:0px;--awb-border-top:0px;--awb-height:36px;--awb-font-size:14px;--awb-margin-bottom:20px;--awb-margin-left:5%;--awb-margin-right:5%;--awb-text-color:var(--awb-color1);--awb-alignment-medium:flex-start;--awb-alignment-small:flex-start;\"><span class=\"fusion-tb-published-date\">Published On: 1 Dicembre 2025<\/span><span class=\"fusion-meta-tb-sep\"><\/span><\/div><div class=\"fusion-text fusion-text-111\" style=\"--awb-text-color:hsla(var(--awb-color1-h),var(--awb-color1-s),var(--awb-color1-l),calc(var(--awb-color1-a) - 20%));--awb-margin-right:5%;--awb-margin-left:5%;\"><p>Il 18 novembre il Cinema Astra ha accolto il pubblico delle grandi occasioni per l\u2019arrivo di Jean-Pierre e Luc Dardenne<\/p>\n<\/div><\/div><\/li>\n<li class=\"fusion-layout-column fusion_builder_column fusion-builder-column-113 fusion-flex-column post-card fusion-grid-column fusion-post-cards-grid-column lungo-parma fusion-animated\" style=\"--awb-bg-position:center top;--awb-bg-size:cover;--awb-flex-grow:0;--awb-flex-shrink:0;--awb-flex-grow-medium:0;--awb-flex-shrink-medium:0;--awb-flex-grow-small:0;--awb-flex-shrink-small:0;\"><div class=\"fusion-column-wrapper fusion-column-has-shadow fusion-flex-justify-content-flex-start fusion-content-layout-column\"><div class=\"fusion-classic-product-image-wrapper fusion-woo-product-image fusion-post-card-image fusion-post-card-image-1\" data-layout=\"static\" style=\"--awb-margin-bottom:15px;--awb-border-radius-top-left:8px;--awb-border-radius-top-right:8px;--awb-border-radius-bottom-right:8px;--awb-border-radius-bottom-left:8px;\"><div  class=\"fusion-image-wrapper\" aria-haspopup=\"true\">\n\t\t\t\t\t\t\t<a href=\"https:\/\/studentmag.unipr.it\/index.php\/2025\/11\/30\/pillole-di-resistenza-parmigiana-strada-cavestro\/\" aria-label=\"Pillole di Resistenza parmigiana: strada Cavestro\">\n\t\t\t\t\t\t\t<img decoding=\"async\" width=\"447\" height=\"684\" src=\"data:image\/svg+xml,%3Csvg%20xmlns%3D%27http%3A%2F%2Fwww.w3.org%2F2000%2Fsvg%27%20width%3D%27447%27%20height%3D%27684%27%20viewBox%3D%270%200%20447%20684%27%3E%3Crect%20width%3D%27447%27%20height%3D%27684%27%20fill-opacity%3D%220%22%2F%3E%3C%2Fsvg%3E\" class=\"attachment-full size-full lazyload wp-post-image\" alt=\"Giordano Cavestro\" data-orig-src=\"https:\/\/studentmag.unipr.it\/wp-content\/uploads\/2025\/11\/foto-G-Cavestro-e1764280897981.jpg\" \/>\t\t\t<\/a>\n\t\t\t\t\t\t\t<\/div>\n<\/div><div class=\"fusion-title title fusion-title-113 fusion-sep-none fusion-title-text fusion-title-size-two\" style=\"--awb-margin-right:5%;--awb-margin-bottom:10px;--awb-margin-left:5%;--awb-margin-left-small:5%;--awb-link-color:hsla(var(--awb-color3-h),var(--awb-color3-s),calc(var(--awb-color3-l) + 10%),var(--awb-color3-a));--awb-link-hover-color:var(--awb-color1);--awb-font-size:25px;\"><h2 class=\"fusion-title-heading title-heading-left fusion-responsive-typography-calculated\" style=\"margin:0;font-size:1em;--fontSize:25;--minFontSize:25;line-height:1.4;\"><a href=\"https:\/\/studentmag.unipr.it\/index.php\/2025\/11\/30\/pillole-di-resistenza-parmigiana-strada-cavestro\/\" class=\"awb-custom-text-color awb-custom-text-hover-color\" target=\"_self\">Pillole di Resistenza parmigiana: strada Cavestro<\/a><\/h2><\/div><div class=\"fusion-meta-tb fusion-meta-tb-112 floated\" style=\"--awb-border-bottom:0px;--awb-border-top:0px;--awb-height:36px;--awb-font-size:14px;--awb-margin-bottom:20px;--awb-margin-left:5%;--awb-margin-right:5%;--awb-text-color:var(--awb-color1);--awb-alignment-medium:flex-start;--awb-alignment-small:flex-start;\"><span class=\"fusion-tb-published-date\">Published On: 30 Novembre 2025<\/span><span class=\"fusion-meta-tb-sep\"><\/span><\/div><div class=\"fusion-text fusion-text-112\" style=\"--awb-text-color:hsla(var(--awb-color1-h),var(--awb-color1-s),var(--awb-color1-l),calc(var(--awb-color1-a) - 20%));--awb-margin-right:5%;--awb-margin-left:5%;\"><\/div><\/div><\/li>\n<li class=\"fusion-layout-column fusion_builder_column fusion-builder-column-114 fusion-flex-column post-card fusion-grid-column fusion-post-cards-grid-column cool-tura fusion-animated\" style=\"--awb-bg-position:center top;--awb-bg-size:cover;--awb-flex-grow:0;--awb-flex-shrink:0;--awb-flex-grow-medium:0;--awb-flex-shrink-medium:0;--awb-flex-grow-small:0;--awb-flex-shrink-small:0;\"><div class=\"fusion-column-wrapper fusion-column-has-shadow fusion-flex-justify-content-flex-start fusion-content-layout-column\"><div class=\"fusion-classic-product-image-wrapper fusion-woo-product-image fusion-post-card-image fusion-post-card-image-1\" data-layout=\"static\" style=\"--awb-margin-bottom:15px;--awb-border-radius-top-left:8px;--awb-border-radius-top-right:8px;--awb-border-radius-bottom-right:8px;--awb-border-radius-bottom-left:8px;\"><div  class=\"fusion-image-wrapper\" aria-haspopup=\"true\">\n\t\t\t\t\t\t\t<a href=\"https:\/\/studentmag.unipr.it\/index.php\/2025\/11\/28\/lo-sbilico-alcide-pierantozzi-indaga-con-lucidita-le-fragilita-della-psiche\/\" aria-label=\"&#8220;Lo Sbilico&#8221;. Alcide Pierantozzi indaga con lucidit\u00e0 le fragilit\u00e0 della psiche\">\n\t\t\t\t\t\t\t<img decoding=\"async\" width=\"820\" height=\"745\" src=\"https:\/\/studentmag.unipr.it\/wp-content\/uploads\/2025\/11\/Lo-sbilico-e1764279556742.jpeg\" class=\"attachment-full size-full lazyload wp-post-image\" alt=\"Lo sbilico\" srcset=\"data:image\/svg+xml,%3Csvg%20xmlns%3D%27http%3A%2F%2Fwww.w3.org%2F2000%2Fsvg%27%20width%3D%27820%27%20height%3D%27745%27%20viewBox%3D%270%200%20820%20745%27%3E%3Crect%20width%3D%27820%27%20height%3D%27745%27%20fill-opacity%3D%220%22%2F%3E%3C%2Fsvg%3E\" data-orig-src=\"https:\/\/studentmag.unipr.it\/wp-content\/uploads\/2025\/11\/Lo-sbilico-e1764279556742.jpeg\" data-srcset=\"https:\/\/studentmag.unipr.it\/wp-content\/uploads\/2025\/11\/Lo-sbilico-e1764279556742-200x182.jpeg 200w, https:\/\/studentmag.unipr.it\/wp-content\/uploads\/2025\/11\/Lo-sbilico-e1764279556742-400x363.jpeg 400w, https:\/\/studentmag.unipr.it\/wp-content\/uploads\/2025\/11\/Lo-sbilico-e1764279556742-600x545.jpeg 600w, https:\/\/studentmag.unipr.it\/wp-content\/uploads\/2025\/11\/Lo-sbilico-e1764279556742-800x727.jpeg 800w, https:\/\/studentmag.unipr.it\/wp-content\/uploads\/2025\/11\/Lo-sbilico-e1764279556742.jpeg 820w\" data-sizes=\"auto\" \/>\t\t\t<\/a>\n\t\t\t\t\t\t\t<\/div>\n<\/div><div class=\"fusion-title title fusion-title-114 fusion-sep-none fusion-title-text fusion-title-size-two\" style=\"--awb-margin-right:5%;--awb-margin-bottom:10px;--awb-margin-left:5%;--awb-margin-left-small:5%;--awb-link-color:hsla(var(--awb-color3-h),var(--awb-color3-s),calc(var(--awb-color3-l) + 10%),var(--awb-color3-a));--awb-link-hover-color:var(--awb-color1);--awb-font-size:25px;\"><h2 class=\"fusion-title-heading title-heading-left fusion-responsive-typography-calculated\" style=\"margin:0;font-size:1em;--fontSize:25;--minFontSize:25;line-height:1.4;\"><a href=\"https:\/\/studentmag.unipr.it\/index.php\/2025\/11\/28\/lo-sbilico-alcide-pierantozzi-indaga-con-lucidita-le-fragilita-della-psiche\/\" class=\"awb-custom-text-color awb-custom-text-hover-color\" target=\"_self\">&#8220;Lo Sbilico&#8221;. Alcide Pierantozzi indaga con lucidit\u00e0 le fragilit\u00e0 della psiche<\/a><\/h2><\/div><div class=\"fusion-meta-tb fusion-meta-tb-113 floated\" style=\"--awb-border-bottom:0px;--awb-border-top:0px;--awb-height:36px;--awb-font-size:14px;--awb-margin-bottom:20px;--awb-margin-left:5%;--awb-margin-right:5%;--awb-text-color:var(--awb-color1);--awb-alignment-medium:flex-start;--awb-alignment-small:flex-start;\"><span class=\"fusion-tb-published-date\">Published On: 28 Novembre 2025<\/span><span class=\"fusion-meta-tb-sep\"><\/span><\/div><div class=\"fusion-text fusion-text-113\" style=\"--awb-text-color:hsla(var(--awb-color1-h),var(--awb-color1-s),var(--awb-color1-l),calc(var(--awb-color1-a) - 20%));--awb-margin-right:5%;--awb-margin-left:5%;\"><p>Un prodotto culturale che descrive la malattia per ci\u00f2 che \u00e8, senza inutili lirismi<\/p>\n<\/div><\/div><\/li>\n<li class=\"fusion-layout-column fusion_builder_column fusion-builder-column-115 fusion-flex-column post-card fusion-grid-column fusion-post-cards-grid-column cool-tura lungo-parma uni-verso zona-calda fusion-animated\" style=\"--awb-bg-position:center top;--awb-bg-size:cover;--awb-flex-grow:0;--awb-flex-shrink:0;--awb-flex-grow-medium:0;--awb-flex-shrink-medium:0;--awb-flex-grow-small:0;--awb-flex-shrink-small:0;\"><div class=\"fusion-column-wrapper fusion-column-has-shadow fusion-flex-justify-content-flex-start fusion-content-layout-column\"><div class=\"fusion-classic-product-image-wrapper fusion-woo-product-image fusion-post-card-image fusion-post-card-image-1\" data-layout=\"static\" style=\"--awb-margin-bottom:15px;--awb-border-radius-top-left:8px;--awb-border-radius-top-right:8px;--awb-border-radius-bottom-right:8px;--awb-border-radius-bottom-left:8px;\"><div  class=\"fusion-image-wrapper\" aria-haspopup=\"true\">\n\t\t\t\t\t\t\t<a href=\"https:\/\/studentmag.unipr.it\/index.php\/2025\/11\/25\/desdemona-in-citta-quando-un-teatro-universitario-scende-in-strada-con-la-voce-di-lei\/\" aria-label=\"&#8220;Desdemona in citt\u00e0&#8221;. Quando un teatro universitario scende in strada con la voce di lei\">\n\t\t\t\t\t\t\t<img decoding=\"async\" width=\"1024\" height=\"835\" src=\"https:\/\/studentmag.unipr.it\/wp-content\/uploads\/2025\/11\/Desdemona-in-citta-e1764237188929.jpg\" class=\"attachment-full size-full lazyload wp-post-image\" alt=\"Desdemona in citt\u00e0\" srcset=\"data:image\/svg+xml,%3Csvg%20xmlns%3D%27http%3A%2F%2Fwww.w3.org%2F2000%2Fsvg%27%20width%3D%271024%27%20height%3D%27835%27%20viewBox%3D%270%200%201024%20835%27%3E%3Crect%20width%3D%271024%27%20height%3D%27835%27%20fill-opacity%3D%220%22%2F%3E%3C%2Fsvg%3E\" data-orig-src=\"https:\/\/studentmag.unipr.it\/wp-content\/uploads\/2025\/11\/Desdemona-in-citta-e1764237188929.jpg\" data-srcset=\"https:\/\/studentmag.unipr.it\/wp-content\/uploads\/2025\/11\/Desdemona-in-citta-e1764237188929-200x163.jpg 200w, https:\/\/studentmag.unipr.it\/wp-content\/uploads\/2025\/11\/Desdemona-in-citta-e1764237188929-400x326.jpg 400w, https:\/\/studentmag.unipr.it\/wp-content\/uploads\/2025\/11\/Desdemona-in-citta-e1764237188929-600x489.jpg 600w, https:\/\/studentmag.unipr.it\/wp-content\/uploads\/2025\/11\/Desdemona-in-citta-e1764237188929-800x652.jpg 800w, https:\/\/studentmag.unipr.it\/wp-content\/uploads\/2025\/11\/Desdemona-in-citta-e1764237188929.jpg 1024w\" data-sizes=\"auto\" \/>\t\t\t<\/a>\n\t\t\t\t\t\t\t<\/div>\n<\/div><div class=\"fusion-title title fusion-title-115 fusion-sep-none fusion-title-text fusion-title-size-two\" style=\"--awb-margin-right:5%;--awb-margin-bottom:10px;--awb-margin-left:5%;--awb-margin-left-small:5%;--awb-link-color:hsla(var(--awb-color3-h),var(--awb-color3-s),calc(var(--awb-color3-l) + 10%),var(--awb-color3-a));--awb-link-hover-color:var(--awb-color1);--awb-font-size:25px;\"><h2 class=\"fusion-title-heading title-heading-left fusion-responsive-typography-calculated\" style=\"margin:0;font-size:1em;--fontSize:25;--minFontSize:25;line-height:1.4;\"><a href=\"https:\/\/studentmag.unipr.it\/index.php\/2025\/11\/25\/desdemona-in-citta-quando-un-teatro-universitario-scende-in-strada-con-la-voce-di-lei\/\" class=\"awb-custom-text-color awb-custom-text-hover-color\" target=\"_self\">&#8220;Desdemona in citt\u00e0&#8221;. Quando un teatro universitario scende in strada con la voce di lei<\/a><\/h2><\/div><div class=\"fusion-meta-tb fusion-meta-tb-114 floated\" style=\"--awb-border-bottom:0px;--awb-border-top:0px;--awb-height:36px;--awb-font-size:14px;--awb-margin-bottom:20px;--awb-margin-left:5%;--awb-margin-right:5%;--awb-text-color:var(--awb-color1);--awb-alignment-medium:flex-start;--awb-alignment-small:flex-start;\"><span class=\"fusion-tb-published-date\">Published On: 25 Novembre 2025<\/span><span class=\"fusion-meta-tb-sep\"><\/span><\/div><div class=\"fusion-text fusion-text-114\" style=\"--awb-text-color:hsla(var(--awb-color1-h),var(--awb-color1-s),var(--awb-color1-l),calc(var(--awb-color1-a) - 20%));--awb-margin-right:5%;--awb-margin-left:5%;\"><p>Stefania Babboni e Roberta Gandolfi ci raccontano lo sviluppo del progetto teatrale atto a sensibilizzare sui femminicidi<\/p>\n<\/div><\/div><\/li>\n<li class=\"fusion-layout-column fusion_builder_column fusion-builder-column-116 fusion-flex-column post-card fusion-grid-column fusion-post-cards-grid-column uni-verso fusion-animated\" style=\"--awb-bg-position:center top;--awb-bg-size:cover;--awb-flex-grow:0;--awb-flex-shrink:0;--awb-flex-grow-medium:0;--awb-flex-shrink-medium:0;--awb-flex-grow-small:0;--awb-flex-shrink-small:0;\"><div class=\"fusion-column-wrapper fusion-column-has-shadow fusion-flex-justify-content-flex-start fusion-content-layout-column\"><div class=\"fusion-classic-product-image-wrapper fusion-woo-product-image fusion-post-card-image fusion-post-card-image-1\" data-layout=\"static\" style=\"--awb-margin-bottom:15px;--awb-border-radius-top-left:8px;--awb-border-radius-top-right:8px;--awb-border-radius-bottom-right:8px;--awb-border-radius-bottom-left:8px;\"><div  class=\"fusion-image-wrapper\" aria-haspopup=\"true\">\n\t\t\t\t\t\t\t<a href=\"https:\/\/studentmag.unipr.it\/index.php\/2025\/11\/24\/tasse-alloggi-borse-di-studio-niente-panico-ce-er-go\/\" aria-label=\"Tasse? Alloggi? Borse di studio? Niente panico: c&#8217;\u00e8 ER.GO!\">\n\t\t\t\t\t\t\t<img decoding=\"async\" width=\"376\" height=\"376\" src=\"https:\/\/studentmag.unipr.it\/wp-content\/uploads\/2019\/10\/Foto-martina.webp\" class=\"attachment-full size-full lazyload wp-post-image\" alt=\"\" srcset=\"data:image\/svg+xml,%3Csvg%20xmlns%3D%27http%3A%2F%2Fwww.w3.org%2F2000%2Fsvg%27%20width%3D%27376%27%20height%3D%27376%27%20viewBox%3D%270%200%20376%20376%27%3E%3Crect%20width%3D%27376%27%20height%3D%27376%27%20fill-opacity%3D%220%22%2F%3E%3C%2Fsvg%3E\" data-orig-src=\"https:\/\/studentmag.unipr.it\/wp-content\/uploads\/2019\/10\/Foto-martina.webp\" data-srcset=\"https:\/\/studentmag.unipr.it\/wp-content\/uploads\/2019\/10\/Foto-martina-66x66.webp 66w, https:\/\/studentmag.unipr.it\/wp-content\/uploads\/2019\/10\/Foto-martina-150x150.webp 150w, https:\/\/studentmag.unipr.it\/wp-content\/uploads\/2019\/10\/Foto-martina-200x200.webp 200w, https:\/\/studentmag.unipr.it\/wp-content\/uploads\/2019\/10\/Foto-martina-300x300.webp 300w, https:\/\/studentmag.unipr.it\/wp-content\/uploads\/2019\/10\/Foto-martina.webp 376w\" data-sizes=\"auto\" \/>\t\t\t<\/a>\n\t\t\t\t\t\t\t<\/div>\n<\/div><div class=\"fusion-title title fusion-title-116 fusion-sep-none fusion-title-text fusion-title-size-two\" style=\"--awb-margin-right:5%;--awb-margin-bottom:10px;--awb-margin-left:5%;--awb-margin-left-small:5%;--awb-link-color:hsla(var(--awb-color3-h),var(--awb-color3-s),calc(var(--awb-color3-l) + 10%),var(--awb-color3-a));--awb-link-hover-color:var(--awb-color1);--awb-font-size:25px;\"><h2 class=\"fusion-title-heading title-heading-left fusion-responsive-typography-calculated\" style=\"margin:0;font-size:1em;--fontSize:25;--minFontSize:25;line-height:1.4;\"><a href=\"https:\/\/studentmag.unipr.it\/index.php\/2025\/11\/24\/tasse-alloggi-borse-di-studio-niente-panico-ce-er-go\/\" class=\"awb-custom-text-color awb-custom-text-hover-color\" target=\"_self\">Tasse? Alloggi? Borse di studio? Niente panico: c&#8217;\u00e8 ER.GO!<\/a><\/h2><\/div><div class=\"fusion-meta-tb fusion-meta-tb-115 floated\" style=\"--awb-border-bottom:0px;--awb-border-top:0px;--awb-height:36px;--awb-font-size:14px;--awb-margin-bottom:20px;--awb-margin-left:5%;--awb-margin-right:5%;--awb-text-color:var(--awb-color1);--awb-alignment-medium:flex-start;--awb-alignment-small:flex-start;\"><span class=\"fusion-tb-published-date\">Published On: 24 Novembre 2025<\/span><span class=\"fusion-meta-tb-sep\"><\/span><\/div><div class=\"fusion-text fusion-text-115\" style=\"--awb-text-color:hsla(var(--awb-color1-h),var(--awb-color1-s),var(--awb-color1-l),calc(var(--awb-color1-a) - 20%));--awb-margin-right:5%;--awb-margin-left:5%;\"><p>Martina Saadi, funzionaria ad Elevata Qualificazione per il Servizio Comunicazione di ER.GO, risponde a tutte le nostre domande<\/p>\n<\/div><\/div><\/li>\n<li class=\"fusion-layout-column fusion_builder_column fusion-builder-column-117 fusion-flex-column post-card fusion-grid-column fusion-post-cards-grid-column uni-verso fusion-animated\" style=\"--awb-bg-position:center top;--awb-bg-size:cover;--awb-flex-grow:0;--awb-flex-shrink:0;--awb-flex-grow-medium:0;--awb-flex-shrink-medium:0;--awb-flex-grow-small:0;--awb-flex-shrink-small:0;\"><div class=\"fusion-column-wrapper fusion-column-has-shadow fusion-flex-justify-content-flex-start fusion-content-layout-column\"><div class=\"fusion-classic-product-image-wrapper fusion-woo-product-image fusion-post-card-image fusion-post-card-image-1\" data-layout=\"static\" style=\"--awb-margin-bottom:15px;--awb-border-radius-top-left:8px;--awb-border-radius-top-right:8px;--awb-border-radius-bottom-right:8px;--awb-border-radius-bottom-left:8px;\"><div  class=\"fusion-image-wrapper\" aria-haspopup=\"true\">\n\t\t\t\t\t\t\t<a href=\"https:\/\/studentmag.unipr.it\/index.php\/2025\/11\/23\/fausto-desalu-godersi-il-percorso-imparare-da-ogni-attimo-essere-una-tartaruga\/\" aria-label=\"Fausto Desalu: \u00abGodersi il percorso, imparare da ogni attimo: essere una tartaruga\u00bb\">\n\t\t\t\t\t\t\t<img decoding=\"async\" width=\"2560\" height=\"1707\" src=\"https:\/\/studentmag.unipr.it\/wp-content\/uploads\/2025\/11\/Fausto-Desalu-Dual-Career-compressa-scaled.jpg\" class=\"attachment-full size-full lazyload wp-post-image\" alt=\"Fausto Desalu - Dual Career - compressa\" srcset=\"data:image\/svg+xml,%3Csvg%20xmlns%3D%27http%3A%2F%2Fwww.w3.org%2F2000%2Fsvg%27%20width%3D%272560%27%20height%3D%271707%27%20viewBox%3D%270%200%202560%201707%27%3E%3Crect%20width%3D%272560%27%20height%3D%271707%27%20fill-opacity%3D%220%22%2F%3E%3C%2Fsvg%3E\" data-orig-src=\"https:\/\/studentmag.unipr.it\/wp-content\/uploads\/2025\/11\/Fausto-Desalu-Dual-Career-compressa-scaled.jpg\" data-srcset=\"https:\/\/studentmag.unipr.it\/wp-content\/uploads\/2025\/11\/Fausto-Desalu-Dual-Career-compressa-200x133.jpg 200w, https:\/\/studentmag.unipr.it\/wp-content\/uploads\/2025\/11\/Fausto-Desalu-Dual-Career-compressa-400x267.jpg 400w, https:\/\/studentmag.unipr.it\/wp-content\/uploads\/2025\/11\/Fausto-Desalu-Dual-Career-compressa-600x400.jpg 600w, https:\/\/studentmag.unipr.it\/wp-content\/uploads\/2025\/11\/Fausto-Desalu-Dual-Career-compressa-800x533.jpg 800w, https:\/\/studentmag.unipr.it\/wp-content\/uploads\/2025\/11\/Fausto-Desalu-Dual-Career-compressa-1200x800.jpg 1200w, https:\/\/studentmag.unipr.it\/wp-content\/uploads\/2025\/11\/Fausto-Desalu-Dual-Career-compressa-scaled.jpg 2560w\" data-sizes=\"auto\" \/>\t\t\t<\/a>\n\t\t\t\t\t\t\t<\/div>\n<\/div><div class=\"fusion-title title fusion-title-117 fusion-sep-none fusion-title-text fusion-title-size-two\" style=\"--awb-margin-right:5%;--awb-margin-bottom:10px;--awb-margin-left:5%;--awb-margin-left-small:5%;--awb-link-color:hsla(var(--awb-color3-h),var(--awb-color3-s),calc(var(--awb-color3-l) + 10%),var(--awb-color3-a));--awb-link-hover-color:var(--awb-color1);--awb-font-size:25px;\"><h2 class=\"fusion-title-heading title-heading-left fusion-responsive-typography-calculated\" style=\"margin:0;font-size:1em;--fontSize:25;--minFontSize:25;line-height:1.4;\"><a href=\"https:\/\/studentmag.unipr.it\/index.php\/2025\/11\/23\/fausto-desalu-godersi-il-percorso-imparare-da-ogni-attimo-essere-una-tartaruga\/\" class=\"awb-custom-text-color awb-custom-text-hover-color\" target=\"_self\">Fausto Desalu: \u00abGodersi il percorso, imparare da ogni attimo: essere una tartaruga\u00bb<\/a><\/h2><\/div><div class=\"fusion-meta-tb fusion-meta-tb-116 floated\" style=\"--awb-border-bottom:0px;--awb-border-top:0px;--awb-height:36px;--awb-font-size:14px;--awb-margin-bottom:20px;--awb-margin-left:5%;--awb-margin-right:5%;--awb-text-color:var(--awb-color1);--awb-alignment-medium:flex-start;--awb-alignment-small:flex-start;\"><span class=\"fusion-tb-published-date\">Published On: 23 Novembre 2025<\/span><span class=\"fusion-meta-tb-sep\"><\/span><\/div><div class=\"fusion-text fusion-text-116\" style=\"--awb-text-color:hsla(var(--awb-color1-h),var(--awb-color1-s),var(--awb-color1-l),calc(var(--awb-color1-a) - 20%));--awb-margin-right:5%;--awb-margin-left:5%;\"><p>Fausto Desalu ci racconta il suo approccio alla pista e allo studio<\/p>\n<\/div><\/div><\/li>\n<li class=\"fusion-layout-column fusion_builder_column fusion-builder-column-118 fusion-flex-column post-card fusion-grid-column fusion-post-cards-grid-column lungo-parma fusion-animated\" style=\"--awb-bg-position:center top;--awb-bg-size:cover;--awb-flex-grow:0;--awb-flex-shrink:0;--awb-flex-grow-medium:0;--awb-flex-shrink-medium:0;--awb-flex-grow-small:0;--awb-flex-shrink-small:0;\"><div class=\"fusion-column-wrapper fusion-column-has-shadow fusion-flex-justify-content-flex-start fusion-content-layout-column\"><div class=\"fusion-classic-product-image-wrapper fusion-woo-product-image fusion-post-card-image fusion-post-card-image-1\" data-layout=\"static\" style=\"--awb-margin-bottom:15px;--awb-border-radius-top-left:8px;--awb-border-radius-top-right:8px;--awb-border-radius-bottom-right:8px;--awb-border-radius-bottom-left:8px;\"><div  class=\"fusion-image-wrapper\" aria-haspopup=\"true\">\n\t\t\t\t\t\t\t<a href=\"https:\/\/studentmag.unipr.it\/index.php\/2025\/11\/22\/continuum-la-tr_ama\/\" aria-label=\"CONTINUUM \u2013 La TR_AMA: quando l\u2019arte cuce la memoria\">\n\t\t\t\t\t\t\t<img decoding=\"async\" width=\"776\" height=\"549\" src=\"https:\/\/studentmag.unipr.it\/wp-content\/uploads\/2025\/11\/Rosetta-Termenini-Cucito.jpg\" class=\"attachment-full size-full lazyload wp-post-image\" alt=\"\" srcset=\"data:image\/svg+xml,%3Csvg%20xmlns%3D%27http%3A%2F%2Fwww.w3.org%2F2000%2Fsvg%27%20width%3D%27776%27%20height%3D%27549%27%20viewBox%3D%270%200%20776%20549%27%3E%3Crect%20width%3D%27776%27%20height%3D%27549%27%20fill-opacity%3D%220%22%2F%3E%3C%2Fsvg%3E\" data-orig-src=\"https:\/\/studentmag.unipr.it\/wp-content\/uploads\/2025\/11\/Rosetta-Termenini-Cucito.jpg\" data-srcset=\"https:\/\/studentmag.unipr.it\/wp-content\/uploads\/2025\/11\/Rosetta-Termenini-Cucito-200x141.jpg 200w, https:\/\/studentmag.unipr.it\/wp-content\/uploads\/2025\/11\/Rosetta-Termenini-Cucito-400x283.jpg 400w, https:\/\/studentmag.unipr.it\/wp-content\/uploads\/2025\/11\/Rosetta-Termenini-Cucito-600x424.jpg 600w, https:\/\/studentmag.unipr.it\/wp-content\/uploads\/2025\/11\/Rosetta-Termenini-Cucito.jpg 776w\" data-sizes=\"auto\" \/>\t\t\t<\/a>\n\t\t\t\t\t\t\t<\/div>\n<\/div><div class=\"fusion-title title fusion-title-118 fusion-sep-none fusion-title-text fusion-title-size-two\" style=\"--awb-margin-right:5%;--awb-margin-bottom:10px;--awb-margin-left:5%;--awb-margin-left-small:5%;--awb-link-color:hsla(var(--awb-color3-h),var(--awb-color3-s),calc(var(--awb-color3-l) + 10%),var(--awb-color3-a));--awb-link-hover-color:var(--awb-color1);--awb-font-size:25px;\"><h2 class=\"fusion-title-heading title-heading-left fusion-responsive-typography-calculated\" style=\"margin:0;font-size:1em;--fontSize:25;--minFontSize:25;line-height:1.4;\"><a href=\"https:\/\/studentmag.unipr.it\/index.php\/2025\/11\/22\/continuum-la-tr_ama\/\" class=\"awb-custom-text-color awb-custom-text-hover-color\" target=\"_self\">CONTINUUM \u2013 La TR_AMA: quando l\u2019arte cuce la memoria<\/a><\/h2><\/div><div class=\"fusion-meta-tb fusion-meta-tb-117 floated\" style=\"--awb-border-bottom:0px;--awb-border-top:0px;--awb-height:36px;--awb-font-size:14px;--awb-margin-bottom:20px;--awb-margin-left:5%;--awb-margin-right:5%;--awb-text-color:var(--awb-color1);--awb-alignment-medium:flex-start;--awb-alignment-small:flex-start;\"><span class=\"fusion-tb-published-date\">Published On: 22 Novembre 2025<\/span><span class=\"fusion-meta-tb-sep\"><\/span><\/div><div class=\"fusion-text fusion-text-117\" style=\"--awb-text-color:hsla(var(--awb-color1-h),var(--awb-color1-s),var(--awb-color1-l),calc(var(--awb-color1-a) - 20%));--awb-margin-right:5%;--awb-margin-left:5%;\"><p>Una performance narrativa che riunisce quattro artisti in un progetto corale<\/p>\n<\/div><\/div><\/li>\n<li class=\"fusion-layout-column fusion_builder_column fusion-builder-column-119 fusion-flex-column post-card fusion-grid-column fusion-post-cards-grid-column uni-verso fusion-animated\" style=\"--awb-bg-position:center top;--awb-bg-size:cover;--awb-flex-grow:0;--awb-flex-shrink:0;--awb-flex-grow-medium:0;--awb-flex-shrink-medium:0;--awb-flex-grow-small:0;--awb-flex-shrink-small:0;\"><div class=\"fusion-column-wrapper fusion-column-has-shadow fusion-flex-justify-content-flex-start fusion-content-layout-column\"><div class=\"fusion-classic-product-image-wrapper fusion-woo-product-image fusion-post-card-image fusion-post-card-image-1\" data-layout=\"static\" style=\"--awb-margin-bottom:15px;--awb-border-radius-top-left:8px;--awb-border-radius-top-right:8px;--awb-border-radius-bottom-right:8px;--awb-border-radius-bottom-left:8px;\"><div  class=\"fusion-image-wrapper\" aria-haspopup=\"true\">\n\t\t\t\t\t\t\t<a href=\"https:\/\/studentmag.unipr.it\/index.php\/2025\/11\/21\/dual-career-il-convegno-di-presentazione-della-carriera-studente-atleta\/\" aria-label=\"Dual Career: il convegno di presentazione della carriera studente-atleta\">\n\t\t\t\t\t\t\t<img decoding=\"async\" width=\"2560\" height=\"1840\" src=\"data:image\/svg+xml,%3Csvg%20xmlns%3D%27http%3A%2F%2Fwww.w3.org%2F2000%2Fsvg%27%20width%3D%272560%27%20height%3D%271840%27%20viewBox%3D%270%200%202560%201840%27%3E%3Crect%20width%3D%272560%27%20height%3D%271840%27%20fill-opacity%3D%220%22%2F%3E%3C%2Fsvg%3E\" class=\"attachment-full size-full lazyload wp-post-image\" alt=\"\" data-orig-src=\"https:\/\/studentmag.unipr.it\/wp-content\/uploads\/2025\/11\/Sara-Nestola-Dual-Career-compressa-scaled.jpg\" \/>\t\t\t<\/a>\n\t\t\t\t\t\t\t<\/div>\n<\/div><div class=\"fusion-title title fusion-title-119 fusion-sep-none fusion-title-text fusion-title-size-two\" style=\"--awb-margin-right:5%;--awb-margin-bottom:10px;--awb-margin-left:5%;--awb-margin-left-small:5%;--awb-link-color:hsla(var(--awb-color3-h),var(--awb-color3-s),calc(var(--awb-color3-l) + 10%),var(--awb-color3-a));--awb-link-hover-color:var(--awb-color1);--awb-font-size:25px;\"><h2 class=\"fusion-title-heading title-heading-left fusion-responsive-typography-calculated\" style=\"margin:0;font-size:1em;--fontSize:25;--minFontSize:25;line-height:1.4;\"><a href=\"https:\/\/studentmag.unipr.it\/index.php\/2025\/11\/21\/dual-career-il-convegno-di-presentazione-della-carriera-studente-atleta\/\" class=\"awb-custom-text-color awb-custom-text-hover-color\" target=\"_self\">Dual Career: il convegno di presentazione della carriera studente-atleta<\/a><\/h2><\/div><div class=\"fusion-meta-tb fusion-meta-tb-118 floated\" style=\"--awb-border-bottom:0px;--awb-border-top:0px;--awb-height:36px;--awb-font-size:14px;--awb-margin-bottom:20px;--awb-margin-left:5%;--awb-margin-right:5%;--awb-text-color:var(--awb-color1);--awb-alignment-medium:flex-start;--awb-alignment-small:flex-start;\"><span class=\"fusion-tb-published-date\">Published On: 21 Novembre 2025<\/span><span class=\"fusion-meta-tb-sep\"><\/span><\/div><div class=\"fusion-text fusion-text-118\" style=\"--awb-text-color:hsla(var(--awb-color1-h),var(--awb-color1-s),var(--awb-color1-l),calc(var(--awb-color1-a) - 20%));--awb-margin-right:5%;--awb-margin-left:5%;\"><p>Fausto Desalu e Sara Nestola testimoni di un percorso non facile da intraprendere<\/p>\n<\/div><\/div><\/li>\n<li class=\"fusion-layout-column fusion_builder_column fusion-builder-column-120 fusion-flex-column post-card fusion-grid-column fusion-post-cards-grid-column uni-verso fusion-animated\" style=\"--awb-bg-position:center top;--awb-bg-size:cover;--awb-flex-grow:0;--awb-flex-shrink:0;--awb-flex-grow-medium:0;--awb-flex-shrink-medium:0;--awb-flex-grow-small:0;--awb-flex-shrink-small:0;\"><div class=\"fusion-column-wrapper fusion-column-has-shadow fusion-flex-justify-content-flex-start fusion-content-layout-column\"><div class=\"fusion-classic-product-image-wrapper fusion-woo-product-image fusion-post-card-image fusion-post-card-image-1\" data-layout=\"static\" style=\"--awb-margin-bottom:15px;--awb-border-radius-top-left:8px;--awb-border-radius-top-right:8px;--awb-border-radius-bottom-right:8px;--awb-border-radius-bottom-left:8px;\"><div  class=\"fusion-image-wrapper\" aria-haspopup=\"true\">\n\t\t\t\t\t\t\t<a href=\"https:\/\/studentmag.unipr.it\/index.php\/2025\/11\/20\/persi-ma-in-buona-compagnia\/\" aria-label=\"Persi, ma in buona compagnia\">\n\t\t\t\t\t\t\t<img decoding=\"async\" width=\"2338\" height=\"1290\" src=\"https:\/\/studentmag.unipr.it\/wp-content\/uploads\/2019\/10\/thanos-pal-_zR9P_H2UV8-unsplash-1-scaled-e1757006276792.webp\" class=\"attachment-full size-full lazyload wp-post-image\" alt=\"\" srcset=\"data:image\/svg+xml,%3Csvg%20xmlns%3D%27http%3A%2F%2Fwww.w3.org%2F2000%2Fsvg%27%20width%3D%272338%27%20height%3D%271290%27%20viewBox%3D%270%200%202338%201290%27%3E%3Crect%20width%3D%272338%27%20height%3D%271290%27%20fill-opacity%3D%220%22%2F%3E%3C%2Fsvg%3E\" data-orig-src=\"https:\/\/studentmag.unipr.it\/wp-content\/uploads\/2019\/10\/thanos-pal-_zR9P_H2UV8-unsplash-1-scaled-e1757006276792.webp\" data-srcset=\"https:\/\/studentmag.unipr.it\/wp-content\/uploads\/2019\/10\/thanos-pal-_zR9P_H2UV8-unsplash-1-scaled-e1757006276792-200x110.webp 200w, https:\/\/studentmag.unipr.it\/wp-content\/uploads\/2019\/10\/thanos-pal-_zR9P_H2UV8-unsplash-1-scaled-e1757006276792-300x166.webp 300w, https:\/\/studentmag.unipr.it\/wp-content\/uploads\/2019\/10\/thanos-pal-_zR9P_H2UV8-unsplash-1-scaled-e1757006276792-400x221.webp 400w, https:\/\/studentmag.unipr.it\/wp-content\/uploads\/2019\/10\/thanos-pal-_zR9P_H2UV8-unsplash-1-scaled-e1757006276792-600x331.webp 600w, https:\/\/studentmag.unipr.it\/wp-content\/uploads\/2019\/10\/thanos-pal-_zR9P_H2UV8-unsplash-1-scaled-e1757006276792-768x424.webp 768w, https:\/\/studentmag.unipr.it\/wp-content\/uploads\/2019\/10\/thanos-pal-_zR9P_H2UV8-unsplash-1-scaled-e1757006276792-800x441.webp 800w, https:\/\/studentmag.unipr.it\/wp-content\/uploads\/2019\/10\/thanos-pal-_zR9P_H2UV8-unsplash-1-scaled-e1757006276792-1024x565.webp 1024w, https:\/\/studentmag.unipr.it\/wp-content\/uploads\/2019\/10\/thanos-pal-_zR9P_H2UV8-unsplash-1-scaled-e1757006276792-1200x662.webp 1200w, https:\/\/studentmag.unipr.it\/wp-content\/uploads\/2019\/10\/thanos-pal-_zR9P_H2UV8-unsplash-1-scaled-e1757006276792-1536x847.webp 1536w, https:\/\/studentmag.unipr.it\/wp-content\/uploads\/2019\/10\/thanos-pal-_zR9P_H2UV8-unsplash-1-scaled-e1757006276792.webp 2338w\" data-sizes=\"auto\" \/>\t\t\t<\/a>\n\t\t\t\t\t\t\t<\/div>\n<\/div><div class=\"fusion-title title fusion-title-120 fusion-sep-none fusion-title-text fusion-title-size-two\" style=\"--awb-margin-right:5%;--awb-margin-bottom:10px;--awb-margin-left:5%;--awb-margin-left-small:5%;--awb-link-color:hsla(var(--awb-color3-h),var(--awb-color3-s),calc(var(--awb-color3-l) + 10%),var(--awb-color3-a));--awb-link-hover-color:var(--awb-color1);--awb-font-size:25px;\"><h2 class=\"fusion-title-heading title-heading-left fusion-responsive-typography-calculated\" style=\"margin:0;font-size:1em;--fontSize:25;--minFontSize:25;line-height:1.4;\"><a href=\"https:\/\/studentmag.unipr.it\/index.php\/2025\/11\/20\/persi-ma-in-buona-compagnia\/\" class=\"awb-custom-text-color awb-custom-text-hover-color\" target=\"_self\">Persi, ma in buona compagnia<\/a><\/h2><\/div><div class=\"fusion-meta-tb fusion-meta-tb-119 floated\" style=\"--awb-border-bottom:0px;--awb-border-top:0px;--awb-height:36px;--awb-font-size:14px;--awb-margin-bottom:20px;--awb-margin-left:5%;--awb-margin-right:5%;--awb-text-color:var(--awb-color1);--awb-alignment-medium:flex-start;--awb-alignment-small:flex-start;\"><span class=\"fusion-tb-published-date\">Published On: 20 Novembre 2025<\/span><span class=\"fusion-meta-tb-sep\"><\/span><\/div><div class=\"fusion-text fusion-text-119\" style=\"--awb-text-color:hsla(var(--awb-color1-h),var(--awb-color1-s),var(--awb-color1-l),calc(var(--awb-color1-a) - 20%));--awb-margin-right:5%;--awb-margin-left:5%;\"><p>Pressioni sociali, scelte invadenti e paure invisibili: diventare adulti sembra una sfida impossibile. Ma cosa succede quando smettiamo di seguire il copione che ci \u00e8 stato imposto?<\/p>\n<\/div><\/div><\/li>\n<li class=\"fusion-layout-column fusion_builder_column fusion-builder-column-121 fusion-flex-column post-card fusion-grid-column fusion-post-cards-grid-column lungo-parma fusion-animated\" style=\"--awb-bg-position:center top;--awb-bg-size:cover;--awb-flex-grow:0;--awb-flex-shrink:0;--awb-flex-grow-medium:0;--awb-flex-shrink-medium:0;--awb-flex-grow-small:0;--awb-flex-shrink-small:0;\"><div class=\"fusion-column-wrapper fusion-column-has-shadow fusion-flex-justify-content-flex-start fusion-content-layout-column\"><div class=\"fusion-classic-product-image-wrapper fusion-woo-product-image fusion-post-card-image fusion-post-card-image-1\" data-layout=\"static\" style=\"--awb-margin-bottom:15px;--awb-border-radius-top-left:8px;--awb-border-radius-top-right:8px;--awb-border-radius-bottom-right:8px;--awb-border-radius-bottom-left:8px;\"><div  class=\"fusion-image-wrapper\" aria-haspopup=\"true\">\n\t\t\t\t\t\t\t<a href=\"https:\/\/studentmag.unipr.it\/index.php\/2025\/11\/20\/dazeglio-chi-cronache-di-una-citta-ribattezzata\/\" aria-label=\"D\u2019Azeglio, chi? Cronache di una citt\u00e0 ribattezzata\">\n\t\t\t\t\t\t\t<img decoding=\"async\" width=\"698\" height=\"796\" src=\"https:\/\/studentmag.unipr.it\/wp-content\/uploads\/2019\/10\/pexels-hardial-singh-917941769-19963148-copia-e1765488535222.webp\" class=\"attachment-full size-full lazyload wp-post-image\" alt=\"\" srcset=\"data:image\/svg+xml,%3Csvg%20xmlns%3D%27http%3A%2F%2Fwww.w3.org%2F2000%2Fsvg%27%20width%3D%27698%27%20height%3D%27796%27%20viewBox%3D%270%200%20698%20796%27%3E%3Crect%20width%3D%27698%27%20height%3D%27796%27%20fill-opacity%3D%220%22%2F%3E%3C%2Fsvg%3E\" data-orig-src=\"https:\/\/studentmag.unipr.it\/wp-content\/uploads\/2019\/10\/pexels-hardial-singh-917941769-19963148-copia-e1765488535222.webp\" data-srcset=\"https:\/\/studentmag.unipr.it\/wp-content\/uploads\/2019\/10\/pexels-hardial-singh-917941769-19963148-copia-e1765488535222-200x228.webp 200w, https:\/\/studentmag.unipr.it\/wp-content\/uploads\/2019\/10\/pexels-hardial-singh-917941769-19963148-copia-e1765488535222-263x300.webp 263w, https:\/\/studentmag.unipr.it\/wp-content\/uploads\/2019\/10\/pexels-hardial-singh-917941769-19963148-copia-e1765488535222-400x456.webp 400w, https:\/\/studentmag.unipr.it\/wp-content\/uploads\/2019\/10\/pexels-hardial-singh-917941769-19963148-copia-e1765488535222-600x684.webp 600w, https:\/\/studentmag.unipr.it\/wp-content\/uploads\/2019\/10\/pexels-hardial-singh-917941769-19963148-copia-e1765488535222.webp 698w\" data-sizes=\"auto\" \/>\t\t\t<\/a>\n\t\t\t\t\t\t\t<\/div>\n<\/div><div class=\"fusion-title title fusion-title-121 fusion-sep-none fusion-title-text fusion-title-size-two\" style=\"--awb-margin-right:5%;--awb-margin-bottom:10px;--awb-margin-left:5%;--awb-margin-left-small:5%;--awb-link-color:hsla(var(--awb-color3-h),var(--awb-color3-s),calc(var(--awb-color3-l) + 10%),var(--awb-color3-a));--awb-link-hover-color:var(--awb-color1);--awb-font-size:25px;\"><h2 class=\"fusion-title-heading title-heading-left fusion-responsive-typography-calculated\" style=\"margin:0;font-size:1em;--fontSize:25;--minFontSize:25;line-height:1.4;\"><a href=\"https:\/\/studentmag.unipr.it\/index.php\/2025\/11\/20\/dazeglio-chi-cronache-di-una-citta-ribattezzata\/\" class=\"awb-custom-text-color awb-custom-text-hover-color\" target=\"_self\">D\u2019Azeglio, chi? Cronache di una citt\u00e0 ribattezzata<\/a><\/h2><\/div><div class=\"fusion-meta-tb fusion-meta-tb-120 floated\" style=\"--awb-border-bottom:0px;--awb-border-top:0px;--awb-height:36px;--awb-font-size:14px;--awb-margin-bottom:20px;--awb-margin-left:5%;--awb-margin-right:5%;--awb-text-color:var(--awb-color1);--awb-alignment-medium:flex-start;--awb-alignment-small:flex-start;\"><span class=\"fusion-tb-published-date\">Published On: 20 Novembre 2025<\/span><span class=\"fusion-meta-tb-sep\"><\/span><\/div><div class=\"fusion-text fusion-text-120\" style=\"--awb-text-color:hsla(var(--awb-color1-h),var(--awb-color1-s),var(--awb-color1-l),calc(var(--awb-color1-a) - 20%));--awb-margin-right:5%;--awb-margin-left:5%;\"><p>Also Available On Podcast Transcript.<\/p>\n<\/div><\/div><\/li>\n<li class=\"fusion-layout-column fusion_builder_column fusion-builder-column-122 fusion-flex-column post-card fusion-grid-column fusion-post-cards-grid-column zona-calda fusion-animated\" style=\"--awb-bg-position:center top;--awb-bg-size:cover;--awb-flex-grow:0;--awb-flex-shrink:0;--awb-flex-grow-medium:0;--awb-flex-shrink-medium:0;--awb-flex-grow-small:0;--awb-flex-shrink-small:0;\"><div class=\"fusion-column-wrapper fusion-column-has-shadow fusion-flex-justify-content-flex-start fusion-content-layout-column\"><div class=\"fusion-classic-product-image-wrapper fusion-woo-product-image fusion-post-card-image fusion-post-card-image-1\" data-layout=\"static\" style=\"--awb-margin-bottom:15px;--awb-border-radius-top-left:8px;--awb-border-radius-top-right:8px;--awb-border-radius-bottom-right:8px;--awb-border-radius-bottom-left:8px;\"><div  class=\"fusion-image-wrapper\" aria-haspopup=\"true\">\n\t\t\t\t\t\t\t<a href=\"https:\/\/studentmag.unipr.it\/index.php\/2025\/11\/19\/i-grant-you-refuge-le-immagini-che-si-fanno-storia-2\/\" aria-label=\"\u201cI Grant You Refuge\u201d: le immagini che si fanno storia\">\n\t\t\t\t\t\t\t<img decoding=\"async\" width=\"2048\" height=\"1366\" src=\"https:\/\/studentmag.unipr.it\/wp-content\/uploads\/2019\/10\/Omar-Ashtawy.webp\" class=\"attachment-full size-full lazyload wp-post-image\" alt=\"\" srcset=\"data:image\/svg+xml,%3Csvg%20xmlns%3D%27http%3A%2F%2Fwww.w3.org%2F2000%2Fsvg%27%20width%3D%272048%27%20height%3D%271366%27%20viewBox%3D%270%200%202048%201366%27%3E%3Crect%20width%3D%272048%27%20height%3D%271366%27%20fill-opacity%3D%220%22%2F%3E%3C%2Fsvg%3E\" data-orig-src=\"https:\/\/studentmag.unipr.it\/wp-content\/uploads\/2019\/10\/Omar-Ashtawy.webp\" data-srcset=\"https:\/\/studentmag.unipr.it\/wp-content\/uploads\/2019\/10\/Omar-Ashtawy-200x133.webp 200w, https:\/\/studentmag.unipr.it\/wp-content\/uploads\/2019\/10\/Omar-Ashtawy-300x200.webp 300w, https:\/\/studentmag.unipr.it\/wp-content\/uploads\/2019\/10\/Omar-Ashtawy-400x267.webp 400w, https:\/\/studentmag.unipr.it\/wp-content\/uploads\/2019\/10\/Omar-Ashtawy-600x400.webp 600w, https:\/\/studentmag.unipr.it\/wp-content\/uploads\/2019\/10\/Omar-Ashtawy-768x512.webp 768w, https:\/\/studentmag.unipr.it\/wp-content\/uploads\/2019\/10\/Omar-Ashtawy-800x534.webp 800w, https:\/\/studentmag.unipr.it\/wp-content\/uploads\/2019\/10\/Omar-Ashtawy-1024x683.webp 1024w, https:\/\/studentmag.unipr.it\/wp-content\/uploads\/2019\/10\/Omar-Ashtawy-1200x800.webp 1200w, https:\/\/studentmag.unipr.it\/wp-content\/uploads\/2019\/10\/Omar-Ashtawy-1536x1025.webp 1536w, https:\/\/studentmag.unipr.it\/wp-content\/uploads\/2019\/10\/Omar-Ashtawy.webp 2048w\" data-sizes=\"auto\" \/>\t\t\t<\/a>\n\t\t\t\t\t\t\t<\/div>\n<\/div><div class=\"fusion-title title fusion-title-122 fusion-sep-none fusion-title-text fusion-title-size-two\" style=\"--awb-margin-right:5%;--awb-margin-bottom:10px;--awb-margin-left:5%;--awb-margin-left-small:5%;--awb-link-color:hsla(var(--awb-color3-h),var(--awb-color3-s),calc(var(--awb-color3-l) + 10%),var(--awb-color3-a));--awb-link-hover-color:var(--awb-color1);--awb-font-size:25px;\"><h2 class=\"fusion-title-heading title-heading-left fusion-responsive-typography-calculated\" style=\"margin:0;font-size:1em;--fontSize:25;--minFontSize:25;line-height:1.4;\"><a href=\"https:\/\/studentmag.unipr.it\/index.php\/2025\/11\/19\/i-grant-you-refuge-le-immagini-che-si-fanno-storia-2\/\" class=\"awb-custom-text-color awb-custom-text-hover-color\" target=\"_self\">\u201cI Grant You Refuge\u201d: le immagini che si fanno storia<\/a><\/h2><\/div><div class=\"fusion-meta-tb fusion-meta-tb-121 floated\" style=\"--awb-border-bottom:0px;--awb-border-top:0px;--awb-height:36px;--awb-font-size:14px;--awb-margin-bottom:20px;--awb-margin-left:5%;--awb-margin-right:5%;--awb-text-color:var(--awb-color1);--awb-alignment-medium:flex-start;--awb-alignment-small:flex-start;\"><span class=\"fusion-tb-published-date\">Published On: 19 Novembre 2025<\/span><span class=\"fusion-meta-tb-sep\"><\/span><\/div><div class=\"fusion-text fusion-text-121\" style=\"--awb-text-color:hsla(var(--awb-color1-h),var(--awb-color1-s),var(--awb-color1-l),calc(var(--awb-color1-a) - 20%));--awb-margin-right:5%;--awb-margin-left:5%;\"><\/div><\/div><\/li>\n<\/ul><div class=\"fusion-infinite-scroll-trigger\"><\/div><div class=\"pagination infinite-scroll clearfix\" style=\"display:none;\"><\/div><div class=\"fusion-clearfix\"><\/div><\/div><\/div><\/div><div class=\"fusion-layout-column fusion_builder_column fusion-builder-column-123 fusion_builder_column_1_1 1_1 fusion-flex-column\" style=\"--awb-padding-top:60px;--awb-bg-blend:overlay;--awb-bg-size:cover;--awb-width-large:100%;--awb-flex-grow:0;--awb-flex-shrink:0;--awb-margin-top-large:0px;--awb-spacing-right-large:1.92%;--awb-margin-bottom-large:0px;--awb-spacing-left-large:1.92%;--awb-width-medium:100%;--awb-flex-grow-medium:0;--awb-flex-shrink-medium:0;--awb-spacing-right-medium:1.92%;--awb-spacing-left-medium:1.92%;--awb-width-small:100%;--awb-flex-grow-small:0;--awb-flex-shrink-small:0;--awb-spacing-right-small:1.92%;--awb-spacing-left-small:1.92%;\"><div class=\"fusion-column-wrapper fusion-column-has-shadow fusion-flex-justify-content-flex-start fusion-content-layout-column\"><div class=\"fusion-section-separator section-separator hills-opacity fusion-section-separator-1\" style=\"--awb-spacer-padding-top:17.7734375%;--awb-svg-margin-left:1.92%;--awb-svg-margin-right:1.92%;--awb-svg-margin-left-medium:1.92%;--awb-svg-margin-right-medium:1.92%;--awb-svg-margin-left-small:1.92%;--awb-svg-margin-right-small:1.92%;--awb-sep-font-size:0;--awb-sep-line-height:0;\"><div class=\"fusion-section-separator-svg\"><svg class=\"fusion-hills-opacity-candy\" xmlns=\"http:\/\/www.w3.org\/2000\/svg\" version=\"1.1\" width=\"100%\" viewBox=\"0 -0.5 1024 182\" preserveAspectRatio=\"none\" fill=\"rgba(0,0,0,1)\"><path class=\"st0\" d=\"M0 182.086h1024V41.593c-28.058-21.504-60.109-37.581-97.075-37.581-112.845 0-198.144 93.798-289.792 93.798S437.658 6.777 351.846 6.777s-142.234 82.125-238.49 82.125c-63.078 0-75.776-31.744-113.357-53.658L0 182.086z\"\/>\n\t\t\t\t\t\t\t\t\t<path class=\"st1\" d=\"M1024 181.062v-75.878c-39.731 15.872-80.794 27.341-117.658 25.805-110.387-4.506-191.795-109.773-325.53-116.224-109.158-5.12-344.166 120.115-429.466 166.298H1024v-.001z\"\/>\n\t\t\t\t\t\t\t\t\t<path class=\"st2\" d=\"M0 182.086h1024V90.028C966.451 59.103 907.059 16.3 824.115 15.071 690.278 13.023 665.19 102.93 482.099 102.93S202.138-1.62 74.24.019C46.49.326 21.811 4.217 0 9.849v172.237z\"\/>\n\t\t\t\t\t\t\t\t\t<path class=\"st3\" d=\"M0 182.086h1024V80.505c-37.171 19.558-80.691 35.328-139.571 36.25-151.142 2.355-141.619-28.57-298.496-29.184s-138.854 47.002-305.459 43.725C132.813 128.428 91.238 44.563 0 28.179v153.907z\"\/>\n\t\t\t\t\t\t\t\t\t<path class=\"st4\" d=\"M0 182.086h1024v-77.312c-49.05 20.07-120.525 42.394-193.229 42.086-128.922-.512-159.846-72.294-255.795-72.294-89.088 0-134.656 80.179-245.043 82.022S169.063 99.346 49.971 97.401C32.768 97.094 16.077 99.244 0 103.135v78.951z\"\/>\n\t\t\t\t\t\t\t\t<\/svg><\/div><div class=\"fusion-section-separator-spacer\"><div class=\"fusion-section-separator-spacer-height\"><\/div><\/div><\/div><\/div><\/div><\/div><\/div>\n","protected":false},"excerpt":{"rendered":"","protected":false},"author":1,"featured_media":0,"parent":0,"menu_order":0,"comment_status":"closed","ping_status":"closed","template":"100-width.php","meta":{"_acf_changed":false,"footnotes":""},"class_list":["post-19","page","type-page","status-publish","hentry"],"acf":[],"_links":{"self":[{"href":"https:\/\/studentmag.unipr.it\/index.php\/wp-json\/wp\/v2\/pages\/19","targetHints":{"allow":["GET"]}}],"collection":[{"href":"https:\/\/studentmag.unipr.it\/index.php\/wp-json\/wp\/v2\/pages"}],"about":[{"href":"https:\/\/studentmag.unipr.it\/index.php\/wp-json\/wp\/v2\/types\/page"}],"author":[{"embeddable":true,"href":"https:\/\/studentmag.unipr.it\/index.php\/wp-json\/wp\/v2\/users\/1"}],"replies":[{"embeddable":true,"href":"https:\/\/studentmag.unipr.it\/index.php\/wp-json\/wp\/v2\/comments?post=19"}],"version-history":[{"count":8,"href":"https:\/\/studentmag.unipr.it\/index.php\/wp-json\/wp\/v2\/pages\/19\/revisions"}],"predecessor-version":[{"id":2268,"href":"https:\/\/studentmag.unipr.it\/index.php\/wp-json\/wp\/v2\/pages\/19\/revisions\/2268"}],"wp:attachment":[{"href":"https:\/\/studentmag.unipr.it\/index.php\/wp-json\/wp\/v2\/media?parent=19"}],"curies":[{"name":"wp","href":"https:\/\/api.w.org\/{rel}","templated":true}]}}